{"id":134,"date":"2026-06-27T14:45:48","date_gmt":"2026-06-27T14:45:48","guid":{"rendered":"https:\/\/nouveau.taxis-conventionnes-cpam-idf.fr\/?page_id=134"},"modified":"2026-06-27T14:49:12","modified_gmt":"2026-06-27T14:49:12","slug":"taxi-conventionne-cpam-pour-linstitut-curie","status":"publish","type":"page","link":"https:\/\/nouveau.taxis-conventionnes-cpam-idf.fr\/index.php\/taxi-conventionne-cpam-pour-linstitut-curie\/","title":{"rendered":"Taxi conventionn\u00e9 CPAM pour l&rsquo;Institut Curie"},"content":{"rendered":"\t\t<div data-elementor-type=\"wp-page\" data-elementor-id=\"134\" class=\"elementor elementor-134\">\n\t\t\t\t<div class=\"elementor-element elementor-element-124667c e-flex e-con-boxed e-con e-parent\" data-id=\"124667c\" data-element_type=\"container\" data-e-type=\"container\">\n\t\t\t\t\t<div class=\"e-con-inner\">\n\t\t\t\t<div class=\"elementor-element elementor-element-7f5ad10 elementor-widget elementor-widget-text-editor\" data-id=\"7f5ad10\" data-element_type=\"widget\" data-e-type=\"widget\" data-widget_type=\"text-editor.default\">\n\t\t\t\t\t\t\t\t\t<p>Vous avez un rendez-vous \u00e0 l\u2019Institut Curie et vous recherchez un taxi conventionn\u00e9 CPAM ?<\/p><p>Nous assurons le transport de patients vers les diff\u00e9rents sites de l\u2019Institut Curie dans le respect des prescriptions m\u00e9dicales de transport.<\/p><p>Que votre prise en charge concerne une consultation, une chimioth\u00e9rapie, une radioth\u00e9rapie ou un suivi sp\u00e9cialis\u00e9, nous vous accompagnons dans vos d\u00e9placements vers l\u2019h\u00f4pital dans les meilleures conditions de confort.<\/p>\t\t\t\t\t\t\t\t<\/div>\n\t\t\t\t\t<\/div>\n\t\t\t\t<\/div>\n\t\t<div class=\"elementor-element elementor-element-af07c64 e-con e-atomic-element e-flexbox-base \" data-id=\"af07c64\" data-element_type=\"e-flexbox\" data-e-type=\"e-flexbox\" data-interaction-id=\"af07c64\">\n    \t\t\t<h2 data-interaction-id=\"2f00dd2\" class=\"e-heading-base\">L\u2019essentiel \u00e0 savoir<\/h2>\n\t\t\n<\/div>\n<div class=\"elementor-element elementor-element-f6b4ee2 e-flex e-con-boxed e-con e-parent\" data-id=\"f6b4ee2\" data-element_type=\"container\" data-e-type=\"container\">\n\t\t\t\t\t<div class=\"e-con-inner\">\n\t\t\t\t<div class=\"elementor-element elementor-element-7b43bfc elementor-widget elementor-widget-text-editor\" data-id=\"7b43bfc\" data-element_type=\"widget\" data-e-type=\"widget\" data-widget_type=\"text-editor.default\">\n\t\t\t\t\t\t\t\t\t<p>\u2713 Transport r\u00e9alis\u00e9 par un taxi conventionn\u00e9 CPAM<\/p><p>\u2713 D\u00e9placements vers l\u2019Institut Curie selon prescription m\u00e9dicale<\/p><p>\u2713 Accompagnement pour les traitements et consultations<\/p><p>\u2713 V\u00e9hicules confortables adapt\u00e9s aux trajets r\u00e9guliers<\/p><p>\u2713 R\u00e9servation simple par t\u00e9l\u00e9phone ou formulaire<\/p>\t\t\t\t\t\t\t\t<\/div>\n\t\t\t\t\t<\/div>\n\t\t\t\t<\/div>\n\t\t<div class=\"elementor-element elementor-element-b350540 e-con e-atomic-element e-flexbox-base \" data-id=\"b350540\" data-element_type=\"e-flexbox\" data-e-type=\"e-flexbox\" data-interaction-id=\"b350540\">\n    \t\t\t<h2 data-interaction-id=\"483229f\" class=\"e-heading-base\">Comment se rendre \u00e0 l\u2019Institut Curie avec un taxi conventionn\u00e9 ?<\/h2>\n\t\t\n<\/div>\n<div class=\"elementor-element elementor-element-00e7144 e-flex e-con-boxed e-con e-parent\" data-id=\"00e7144\" data-element_type=\"container\" data-e-type=\"container\">\n\t\t\t\t\t<div class=\"e-con-inner\">\n\t\t\t\t<div class=\"elementor-element elementor-element-eb08960 elementor-widget elementor-widget-text-editor\" data-id=\"eb08960\" data-element_type=\"widget\" data-e-type=\"widget\" data-widget_type=\"text-editor.default\">\n\t\t\t\t\t\t\t\t\t<p>Pour b\u00e9n\u00e9ficier d\u2019un transport en taxi conventionn\u00e9 CPAM vers l\u2019Institut Curie, votre m\u00e9decin doit \u00e9tablir une prescription m\u00e9dicale de transport lorsque votre \u00e9tat de sant\u00e9 le justifie.<\/p><p>Une fois la prescription obtenue, vous pouvez r\u00e9server votre trajet \u00e0 l\u2019avance. Le jour du rendez-vous, le chauffeur vient vous chercher \u00e0 votre domicile et vous conduit directement \u00e0 l\u2019Institut Curie.<\/p><p>Apr\u00e8s votre consultation ou votre traitement, nous pouvons \u00e9galement assurer votre retour \u00e0 domicile selon les modalit\u00e9s pr\u00e9vues sur votre prescription.<\/p>\t\t\t\t\t\t\t\t<\/div>\n\t\t\t\t\t<\/div>\n\t\t\t\t<\/div>\n\t\t<div class=\"elementor-element elementor-element-ab6a11d e-con e-atomic-element e-flexbox-base \" data-id=\"ab6a11d\" data-element_type=\"e-flexbox\" data-e-type=\"e-flexbox\" data-interaction-id=\"ab6a11d\">\n    \t\t\t<h2 data-interaction-id=\"9f3d8f8\" class=\"e-heading-base\">Quels rendez-vous \u00e0 l\u2019Institut Curie peuvent n\u00e9cessiter un transport conventionn\u00e9 ?<\/h2>\n\t\t\n<\/div>\n<div class=\"elementor-element elementor-element-9a79abd e-flex e-con-boxed e-con e-parent\" data-id=\"9a79abd\" data-element_type=\"container\" data-e-type=\"container\">\n\t\t\t\t\t<div class=\"e-con-inner\">\n\t\t\t\t<div class=\"elementor-element elementor-element-c5abcbf elementor-widget elementor-widget-text-editor\" data-id=\"c5abcbf\" data-element_type=\"widget\" data-e-type=\"widget\" data-widget_type=\"text-editor.default\">\n\t\t\t\t\t\t\t\t\t<p>\u2022 S\u00e9ances de chimioth\u00e9rapie<\/p><p>\u2022 S\u00e9ances de radioth\u00e9rapie<\/p><p>\u2022 Consultations en canc\u00e9rologie<\/p><p>\u2022 Examens m\u00e9dicaux sp\u00e9cialis\u00e9s<\/p><p>\u2022 Bilans de suivi<\/p><p>\u2022 Hospitalisations programm\u00e9es<\/p><p>\u2022 Traitements r\u00e9p\u00e9t\u00e9s n\u00e9cessitant des d\u00e9placements r\u00e9guliers<\/p>\t\t\t\t\t\t\t\t<\/div>\n\t\t\t\t\t<\/div>\n\t\t\t\t<\/div>\n\t\t<div class=\"elementor-element elementor-element-4e6a7d5 e-con e-atomic-element e-flexbox-base \" data-id=\"4e6a7d5\" data-element_type=\"e-flexbox\" data-e-type=\"e-flexbox\" data-interaction-id=\"4e6a7d5\">\n    \t\t\t<h2 data-interaction-id=\"aa5fda3\" class=\"e-heading-base\">Questions fr\u00e9quentes sur le taxi conventionn\u00e9 Institut Curie<\/h2>\n\t\t\n<\/div>\n<div class=\"elementor-element elementor-element-a2474d6 e-flex e-con-boxed e-con e-parent\" data-id=\"a2474d6\" data-element_type=\"container\" data-e-type=\"container\">\n\t\t\t\t\t<div class=\"e-con-inner\">\n\t\t\t\t<div class=\"elementor-element elementor-element-5daa385 elementor-widget elementor-widget-text-editor\" data-id=\"5daa385\" data-element_type=\"widget\" data-e-type=\"widget\" data-widget_type=\"text-editor.default\">\n\t\t\t\t\t\t\t\t\t<h3 class=\"PDq2pG_selectionAnchorContainer\" data-section-id=\"14h6nar\" data-start=\"287\" data-end=\"355\">Puis-je me rendre \u00e0 l\u2019Institut Curie en taxi conventionn\u00e9 CPAM ?<\/h3><p data-start=\"357\" data-end=\"517\">Oui, lorsqu&rsquo;une prescription m\u00e9dicale de transport a \u00e9t\u00e9 \u00e9tablie par votre m\u00e9decin et que votre situation r\u00e9pond aux conditions pr\u00e9vues par l&rsquo;Assurance Maladie.<\/p><hr data-start=\"519\" data-end=\"522\" \/><h3 data-section-id=\"pvus8h\" data-start=\"524\" data-end=\"576\">Quels documents dois-je pr\u00e9senter au chauffeur ?<\/h3><p data-start=\"578\" data-end=\"695\">Dans la plupart des cas, vous devrez pr\u00e9senter votre carte Vitale ainsi que votre prescription m\u00e9dicale de transport.<\/p><hr data-start=\"697\" data-end=\"700\" \/><h3 data-section-id=\"1109tk4\" data-start=\"702\" data-end=\"750\">Le transport est-il pris en charge \u00e0 100 % ?<\/h3><p data-start=\"752\" data-end=\"971\">La prise en charge d\u00e9pend de votre situation m\u00e9dicale et administrative. Certaines situations permettent une prise en charge \u00e0 100 %, tandis que d&rsquo;autres peuvent \u00eatre rembours\u00e9es selon les r\u00e8gles de l&rsquo;Assurance Maladie.<\/p><hr data-start=\"973\" data-end=\"976\" \/><h3 data-section-id=\"1n4pwcs\" data-start=\"978\" data-end=\"1042\">Assurez-vous les transports r\u00e9guliers pour les traitements ?<\/h3><p data-start=\"1044\" data-end=\"1217\">Oui. De nombreux patients se rendent \u00e0 l&rsquo;Institut Curie plusieurs fois par semaine pour leurs traitements. Nous pouvons organiser des transports r\u00e9guliers selon vos besoins.<\/p><hr data-start=\"1219\" data-end=\"1222\" \/><h3 data-section-id=\"adw2dx\" data-start=\"1224\" data-end=\"1264\">Intervenez-vous uniquement \u00e0 Paris ?<\/h3><p data-start=\"1266\" data-end=\"1468\">Non. Nous r\u00e9alisons \u00e9galement des transports depuis de nombreuses communes d&rsquo;\u00cele-de-France ainsi que certaines zones situ\u00e9es en dehors de Paris lorsque cela est compatible avec notre secteur d&rsquo;activit\u00e9.<\/p><hr data-start=\"1470\" data-end=\"1473\" \/><h3 data-section-id=\"11rik0w\" data-start=\"1475\" data-end=\"1522\">Puis-je r\u00e9server mon transport \u00e0 l&rsquo;avance ?<\/h3><p data-start=\"1524\" data-end=\"1662\">Oui. Il est m\u00eame conseill\u00e9 de r\u00e9server d\u00e8s que vous connaissez la date de votre rendez-vous afin de faciliter l&rsquo;organisation du transport.<\/p>\t\t\t\t\t\t\t\t<\/div>\n\t\t\t\t\t<\/div>\n\t\t\t\t<\/div>\n\t\t<div class=\"elementor-element elementor-element-8c7a137 e-con e-atomic-element e-flexbox-base \" data-id=\"8c7a137\" data-element_type=\"e-flexbox\" data-e-type=\"e-flexbox\" data-interaction-id=\"8c7a137\">\n    \t\t\t<h2 data-interaction-id=\"789c6c2\" class=\"e-heading-base\">Pourquoi choisir notre service pour vos trajets vers l\u2019Institut Curie ?<\/h2>\n\t\t\n<\/div>\n<div class=\"elementor-element elementor-element-1b6bbef e-flex e-con-boxed e-con e-parent\" data-id=\"1b6bbef\" data-element_type=\"container\" data-e-type=\"container\">\n\t\t\t\t\t<div class=\"e-con-inner\">\n\t\t\t\t<div class=\"elementor-element elementor-element-67dbd1e elementor-widget elementor-widget-text-editor\" data-id=\"67dbd1e\" data-element_type=\"widget\" data-e-type=\"widget\" data-widget_type=\"text-editor.default\">\n\t\t\t\t\t\t\t\t\t<p>Nous connaissons les contraintes des patients suivis pour des traitements lourds ou des consultations sp\u00e9cialis\u00e9es.<\/p><p>Notre objectif est de vous proposer un transport confortable, ponctuel et adapt\u00e9 \u00e0 votre \u00e9tat de sant\u00e9 afin que vos d\u00e9placements vers l\u2019Institut Curie se d\u00e9roulent dans les meilleures conditions possibles.<\/p><p>Nous accordons une attention particuli\u00e8re \u00e0 la ponctualit\u00e9, au confort des v\u00e9hicules et \u00e0 la qualit\u00e9 de l&rsquo;accompagnement propos\u00e9 aux patients.<\/p>\t\t\t\t\t\t\t\t<\/div>\n\t\t\t\t\t<\/div>\n\t\t\t\t<\/div>\n\t\t<div class=\"elementor-element elementor-element-a1deada e-con e-atomic-element e-flexbox-base \" data-id=\"a1deada\" data-element_type=\"e-flexbox\" data-e-type=\"e-flexbox\" data-interaction-id=\"a1deada\">\n    \t\t\t<h2 data-interaction-id=\"1ae7484\" class=\"e-heading-base\">Informations utiles avant votre rendez-vous \u00e0 l\u2019Institut Curie<\/h2>\n\t\t\n<\/div>\n<div class=\"elementor-element elementor-element-4b542fa e-flex e-con-boxed e-con e-parent\" data-id=\"4b542fa\" data-element_type=\"container\" data-e-type=\"container\">\n\t\t\t\t\t<div class=\"e-con-inner\">\n\t\t\t\t<div class=\"elementor-element elementor-element-3ef638f elementor-widget elementor-widget-text-editor\" data-id=\"3ef638f\" data-element_type=\"widget\" data-e-type=\"widget\" data-widget_type=\"text-editor.default\">\n\t\t\t\t\t\t\t\t\t<p><span dir=\"auto\" style=\"vertical-align: inherit;\"><span dir=\"auto\" style=\"vertical-align: inherit;\"><span dir=\"auto\" style=\"vertical-align: inherit;\"><span dir=\"auto\" style=\"vertical-align: inherit;\"><span dir=\"auto\" style=\"vertical-align: inherit;\"><span dir=\"auto\" style=\"vertical-align: inherit;\"><span dir=\"auto\" style=\"vertical-align: inherit;\"><span dir=\"auto\" style=\"vertical-align: inherit;\"><span dir=\"auto\" style=\"vertical-align: inherit;\"><span dir=\"auto\" style=\"vertical-align: inherit;\"><span dir=\"auto\" style=\"vertical-align: inherit;\"><span dir=\"auto\" style=\"vertical-align: inherit;\"><span dir=\"auto\" style=\"vertical-align: inherit;\"><span dir=\"auto\" style=\"vertical-align: inherit;\"><span dir=\"auto\" style=\"vertical-align: inherit;\"><span dir=\"auto\" style=\"vertical-align: inherit;\"><span dir=\"auto\" style=\"vertical-align: inherit;\"><span dir=\"auto\" style=\"vertical-align: inherit;\">Selon votre situation, ces informations peuvent \u00e9galement vous \u00eatre utiles :<\/span><\/span><\/span><\/span><\/span><\/span><\/span><\/span><\/span><\/span><\/span><\/span><\/span><\/span><\/span><\/span><\/span><\/span><\/p><p><a href=\"https:\/\/nouveau.taxis-conventionnes-cpam-idf.fr\/index.php\/transport-conventionne-cpam\/\"><span dir=\"auto\" style=\"vertical-align: inherit;\"><span dir=\"auto\" style=\"vertical-align: inherit;\"><span dir=\"auto\" style=\"vertical-align: inherit;\"><span dir=\"auto\" style=\"vertical-align: inherit;\"><span dir=\"auto\" style=\"vertical-align: inherit;\"><span dir=\"auto\" style=\"vertical-align: inherit;\"><span dir=\"auto\" style=\"vertical-align: inherit;\"><span dir=\"auto\" style=\"vertical-align: inherit;\"><span dir=\"auto\" style=\"vertical-align: inherit;\"><span dir=\"auto\" style=\"vertical-align: inherit;\"><span dir=\"auto\" style=\"vertical-align: inherit;\"><span dir=\"auto\" style=\"vertical-align: inherit;\"><span dir=\"auto\" style=\"vertical-align: inherit;\"><span dir=\"auto\" style=\"vertical-align: inherit;\"><span dir=\"auto\" style=\"vertical-align: inherit;\"><span dir=\"auto\" style=\"vertical-align: inherit;\"><span dir=\"auto\" style=\"vertical-align: inherit;\"><span dir=\"auto\" style=\"vertical-align: inherit;\">\u2022 Comprendre le fonctionnement du transport conventionn\u00e9 CPAM<\/span><\/span><\/span><\/span><\/span><\/span><\/span><\/span><\/span><\/span><\/span><\/span><\/span><\/span><\/span><\/span><\/span><\/span><\/a><\/p><p><a href=\"https:\/\/nouveau.taxis-conventionnes-cpam-idf.fr\/index.php\/qui-a-droit-a-un-taxi-conventionne-cpam\/\"><span dir=\"auto\" style=\"vertical-align: inherit;\"><span dir=\"auto\" style=\"vertical-align: inherit;\"><span dir=\"auto\" style=\"vertical-align: inherit;\"><span dir=\"auto\" style=\"vertical-align: inherit;\"><span dir=\"auto\" style=\"vertical-align: inherit;\"><span dir=\"auto\" style=\"vertical-align: inherit;\"><span dir=\"auto\" style=\"vertical-align: inherit;\"><span dir=\"auto\" style=\"vertical-align: inherit;\"><span dir=\"auto\" style=\"vertical-align: inherit;\"><span dir=\"auto\" style=\"vertical-align: inherit;\"><span dir=\"auto\" style=\"vertical-align: inherit;\"><span dir=\"auto\" style=\"vertical-align: inherit;\"><span dir=\"auto\" style=\"vertical-align: inherit;\"><span dir=\"auto\" style=\"vertical-align: inherit;\"><span dir=\"auto\" style=\"vertical-align: inherit;\"><span dir=\"auto\" style=\"vertical-align: inherit;\"><span dir=\"auto\" style=\"vertical-align: inherit;\"><span dir=\"auto\" style=\"vertical-align: inherit;\">\u2022 V\u00e9rifier qui peut b\u00e9n\u00e9ficier d&rsquo;un taxi conventionn\u00e9<\/span><\/span><\/span><\/span><\/span><\/span><\/span><\/span><\/span><\/span><\/span><\/span><\/span><\/span><\/span><\/span><\/span><\/span><\/a><\/p><p><a href=\"https:\/\/nouveau.taxis-conventionnes-cpam-idf.fr\/index.php\/taxi-conventionne-cpam-pour-la-chimiotherapie\/\"><span dir=\"auto\" style=\"vertical-align: inherit;\"><span dir=\"auto\" style=\"vertical-align: inherit;\"><span dir=\"auto\" style=\"vertical-align: inherit;\"><span dir=\"auto\" style=\"vertical-align: inherit;\"><span dir=\"auto\" style=\"vertical-align: inherit;\"><span dir=\"auto\" style=\"vertical-align: inherit;\"><span dir=\"auto\" style=\"vertical-align: inherit;\"><span dir=\"auto\" style=\"vertical-align: inherit;\"><span dir=\"auto\" style=\"vertical-align: inherit;\"><span dir=\"auto\" style=\"vertical-align: inherit;\"><span dir=\"auto\" style=\"vertical-align: inherit;\"><span dir=\"auto\" style=\"vertical-align: inherit;\"><span dir=\"auto\" style=\"vertical-align: inherit;\"><span dir=\"auto\" style=\"vertical-align: inherit;\"><span dir=\"auto\" style=\"vertical-align: inherit;\"><span dir=\"auto\" style=\"vertical-align: inherit;\"><span dir=\"auto\" style=\"vertical-align: inherit;\"><span dir=\"auto\" style=\"vertical-align: inherit;\">\u2022 Organisateur d&rsquo;un transport pour une chimioth\u00e9rapie<\/span><\/span><\/span><\/span><\/span><\/span><\/span><\/span><\/span><\/span><\/span><\/span><\/span><\/span><\/span><\/span><\/span><\/span><\/a><\/p><p><a href=\"https:\/\/nouveau.taxis-conventionnes-cpam-idf.fr\/index.php\/transport-medical-longue-distance-conventionne-cpam\/\"><span dir=\"auto\" style=\"vertical-align: inherit;\"><span dir=\"auto\" style=\"vertical-align: inherit;\"><span dir=\"auto\" style=\"vertical-align: inherit;\"><span dir=\"auto\" style=\"vertical-align: inherit;\"><span dir=\"auto\" style=\"vertical-align: inherit;\"><span dir=\"auto\" style=\"vertical-align: inherit;\"><span dir=\"auto\" style=\"vertical-align: inherit;\"><span dir=\"auto\" style=\"vertical-align: inherit;\"><span dir=\"auto\" style=\"vertical-align: inherit;\"><span dir=\"auto\" style=\"vertical-align: inherit;\"><span dir=\"auto\" style=\"vertical-align: inherit;\"><span dir=\"auto\" style=\"vertical-align: inherit;\"><span dir=\"auto\" style=\"vertical-align: inherit;\"><span dir=\"auto\" style=\"vertical-align: inherit;\"><span dir=\"auto\" style=\"vertical-align: inherit;\"><span dir=\"auto\" style=\"vertical-align: inherit;\"><span dir=\"auto\" style=\"vertical-align: inherit;\"><span dir=\"auto\" style=\"vertical-align: inherit;\">\u2022 Pr\u00e9parer un trajet m\u00e9dical longue distance<\/span><\/span><\/span><\/span><\/span><\/span><\/span><\/span><\/span><\/span><\/span><\/span><\/span><\/span><\/span><\/span><\/span><\/span><\/a><\/p><p><a href=\"https:\/\/nouveau.taxis-conventionnes-cpam-idf.fr\/index.php\/reservation-de-transport-conventionne-cpam\/\"><span dir=\"auto\" style=\"vertical-align: inherit;\"><span dir=\"auto\" style=\"vertical-align: inherit;\"><span dir=\"auto\" style=\"vertical-align: inherit;\"><span dir=\"auto\" style=\"vertical-align: inherit;\"><span dir=\"auto\" style=\"vertical-align: inherit;\"><span dir=\"auto\" style=\"vertical-align: inherit;\"><span dir=\"auto\" style=\"vertical-align: inherit;\"><span dir=\"auto\" style=\"vertical-align: inherit;\"><span dir=\"auto\" style=\"vertical-align: inherit;\"><span dir=\"auto\" style=\"vertical-align: inherit;\"><span dir=\"auto\" style=\"vertical-align: inherit;\"><span dir=\"auto\" style=\"vertical-align: inherit;\"><span dir=\"auto\" style=\"vertical-align: inherit;\"><span dir=\"auto\" style=\"vertical-align: inherit;\"><span dir=\"auto\" style=\"vertical-align: inherit;\"><span dir=\"auto\" style=\"vertical-align: inherit;\"><span dir=\"auto\" style=\"vertical-align: inherit;\"><span dir=\"auto\" style=\"vertical-align: inherit;\">\u2022 Effectuer une demande de r\u00e9servation de transport conventionn\u00e9<\/span><\/span><\/span><\/span><\/span><\/span><\/span><\/span><\/span><\/span><\/span><\/span><\/span><\/span><\/span><\/span><\/span><\/span><\/a><\/p>\t\t\t\t\t\t\t\t<\/div>\n\t\t\t\t\t<\/div>\n\t\t\t\t<\/div>\n\t\t<div class=\"elementor-element elementor-element-00c3bf5 e-con e-atomic-element e-flexbox-base \" data-id=\"00c3bf5\" data-element_type=\"e-flexbox\" data-e-type=\"e-flexbox\" data-interaction-id=\"00c3bf5\">\n    \t\t\t<h2 data-interaction-id=\"51266e1\" class=\"e-heading-base\">R\u00e9server un taxi conventionn\u00e9 pour l\u2019Institut Curie<\/h2>\n\t\t\n<\/div>\n<div class=\"elementor-element elementor-element-9226999 e-flex e-con-boxed e-con e-parent\" data-id=\"9226999\" data-element_type=\"container\" data-e-type=\"container\">\n\t\t\t\t\t<div class=\"e-con-inner\">\n\t\t\t\t<div class=\"elementor-element elementor-element-fcfe625 elementor-widget elementor-widget-text-editor\" data-id=\"fcfe625\" data-element_type=\"widget\" data-e-type=\"widget\" data-widget_type=\"text-editor.default\">\n\t\t\t\t\t\t\t\t\t<p>Vous avez un rendez-vous \u00e0 l\u2019Institut Curie et souhaitez organiser votre transport ?<\/p><p>Notre \u00e9quipe peut \u00e9tudier votre demande et vous accompagner dans la pr\u00e9paration de votre d\u00e9placement en taxi conventionn\u00e9 CPAM.<\/p><p>N\u2019h\u00e9sitez pas \u00e0 nous contacter afin de v\u00e9rifier les modalit\u00e9s de prise en charge et l\u2019organisation de votre trajet.<\/p>\t\t\t\t\t\t\t\t<\/div>\n\t\t\t\t\t<\/div>\n\t\t\t\t<\/div>\n\t\t\t\t<\/div>\n\t\t","protected":false},"excerpt":{"rendered":"<p>Vous avez un rendez-vous \u00e0 l\u2019Institut Curie et vous recherchez un taxi conventionn\u00e9 CPAM ? Nous assurons le transport de patients vers les diff\u00e9rents sites de l\u2019Institut Curie dans le respect des prescriptions m\u00e9dicales de transport. Que votre prise en charge concerne une consultation, une chimioth\u00e9rapie, une radioth\u00e9rapie ou un suivi sp\u00e9cialis\u00e9, nous vous accompagnons [&hellip;]<\/p>\n","protected":false},"author":1,"featured_media":0,"parent":0,"menu_order":0,"comment_status":"closed","ping_status":"closed","template":"","meta":{"footnotes":""},"class_list":["post-134","page","type-page","status-publish","hentry"],"_links":{"self":[{"href":"https:\/\/nouveau.taxis-conventionnes-cpam-idf.fr\/index.php\/wp-json\/wp\/v2\/pages\/134","targetHints":{"allow":["GET"]}}],"collection":[{"href":"https:\/\/nouveau.taxis-conventionnes-cpam-idf.fr\/index.php\/wp-json\/wp\/v2\/pages"}],"about":[{"href":"https:\/\/nouveau.taxis-conventionnes-cpam-idf.fr\/index.php\/wp-json\/wp\/v2\/types\/page"}],"author":[{"embeddable":true,"href":"https:\/\/nouveau.taxis-conventionnes-cpam-idf.fr\/index.php\/wp-json\/wp\/v2\/users\/1"}],"replies":[{"embeddable":true,"href":"https:\/\/nouveau.taxis-conventionnes-cpam-idf.fr\/index.php\/wp-json\/wp\/v2\/comments?post=134"}],"version-history":[{"count":4,"href":"https:\/\/nouveau.taxis-conventionnes-cpam-idf.fr\/index.php\/wp-json\/wp\/v2\/pages\/134\/revisions"}],"predecessor-version":[{"id":139,"href":"https:\/\/nouveau.taxis-conventionnes-cpam-idf.fr\/index.php\/wp-json\/wp\/v2\/pages\/134\/revisions\/139"}],"wp:attachment":[{"href":"https:\/\/nouveau.taxis-conventionnes-cpam-idf.fr\/index.php\/wp-json\/wp\/v2\/media?parent=134"}],"curies":[{"name":"wp","href":"https:\/\/api.w.org\/{rel}","templated":true}]}}