{"id":147,"date":"2026-06-27T15:11:29","date_gmt":"2026-06-27T15:11:29","guid":{"rendered":"https:\/\/nouveau.taxis-conventionnes-cpam-idf.fr\/?page_id=147"},"modified":"2026-06-27T15:20:20","modified_gmt":"2026-06-27T15:20:20","slug":"taxi-conventionne-cpam-pour-la-radiotherapie","status":"publish","type":"page","link":"https:\/\/nouveau.taxis-conventionnes-cpam-idf.fr\/index.php\/taxi-conventionne-cpam-pour-la-radiotherapie\/","title":{"rendered":"Taxi conventionn\u00e9 CPAM pour la radioth\u00e9rapie"},"content":{"rendered":"\t\t<div data-elementor-type=\"wp-page\" data-elementor-id=\"147\" class=\"elementor elementor-147\">\n\t\t\t\t<div class=\"elementor-element elementor-element-1de05a3 e-flex e-con-boxed e-con e-parent\" data-id=\"1de05a3\" data-element_type=\"container\" data-e-type=\"container\">\n\t\t\t\t\t<div class=\"e-con-inner\">\n\t\t\t\t<div class=\"elementor-element elementor-element-50abee7 elementor-widget elementor-widget-text-editor\" data-id=\"50abee7\" data-element_type=\"widget\" data-e-type=\"widget\" data-widget_type=\"text-editor.default\">\n\t\t\t\t\t\t\t\t\t<p>Vous devez vous rendre \u00e0 des s\u00e9ances de radioth\u00e9rapie et recherchez un taxi conventionn\u00e9 CPAM ?<\/p><p>Nous accompagnons les patients qui effectuent des traitements de radioth\u00e9rapie dans les centres sp\u00e9cialis\u00e9s d\u2019\u00cele-de-France.<\/p><p>Parce que ces traitements n\u00e9cessitent souvent des d\u00e9placements r\u00e9p\u00e9t\u00e9s sur plusieurs semaines, nous proposons un accompagnement adapt\u00e9 afin de faciliter vos trajets vers votre centre de soins.<\/p>\t\t\t\t\t\t\t\t<\/div>\n\t\t\t\t\t<\/div>\n\t\t\t\t<\/div>\n\t\t<div class=\"elementor-element elementor-element-ef09df9 e-con e-atomic-element e-flexbox-base \" data-id=\"ef09df9\" data-element_type=\"e-flexbox\" data-e-type=\"e-flexbox\" data-interaction-id=\"ef09df9\">\n    \t\t\t<h2 data-interaction-id=\"7cb6030\" class=\"e-heading-base\">L\u2019essentiel \u00e0 savoir<\/h2>\n\t\t\n<\/div>\n<div class=\"elementor-element elementor-element-82a2f56 e-flex e-con-boxed e-con e-parent\" data-id=\"82a2f56\" data-element_type=\"container\" data-e-type=\"container\">\n\t\t\t\t\t<div class=\"e-con-inner\">\n\t\t\t\t<div class=\"elementor-element elementor-element-94a3b24 elementor-widget elementor-widget-text-editor\" data-id=\"94a3b24\" data-element_type=\"widget\" data-e-type=\"widget\" data-widget_type=\"text-editor.default\">\n\t\t\t\t\t\t\t\t\t<p>\u2713 Transport assur\u00e9 par un taxi conventionn\u00e9 CPAM<\/p><p>\u2713 D\u00e9placements vers les centres de radioth\u00e9rapie d\u2019\u00cele-de-France<\/p><p>\u2713 Accompagnement pour les traitements r\u00e9guliers<\/p><p>\u2713 V\u00e9hicules confortables adapt\u00e9s aux trajets r\u00e9p\u00e9t\u00e9s<\/p><p>\u2713 R\u00e9servation simple par t\u00e9l\u00e9phone ou formulaire<\/p>\t\t\t\t\t\t\t\t<\/div>\n\t\t\t\t\t<\/div>\n\t\t\t\t<\/div>\n\t\t<div class=\"elementor-element elementor-element-e2dac48 e-con e-atomic-element e-flexbox-base \" data-id=\"e2dac48\" data-element_type=\"e-flexbox\" data-e-type=\"e-flexbox\" data-interaction-id=\"e2dac48\">\n    \t\t\t<h2 data-interaction-id=\"c349a43\" class=\"e-heading-base\">Pourquoi la radioth\u00e9rapie n\u00e9cessite-t-elle souvent un transport adapt\u00e9 ?<\/h2>\n\t\t\n<\/div>\n<div class=\"elementor-element elementor-element-5d324a0 e-flex e-con-boxed e-con e-parent\" data-id=\"5d324a0\" data-element_type=\"container\" data-e-type=\"container\">\n\t\t\t\t\t<div class=\"e-con-inner\">\n\t\t\t\t<div class=\"elementor-element elementor-element-81d771a elementor-widget elementor-widget-text-editor\" data-id=\"81d771a\" data-element_type=\"widget\" data-e-type=\"widget\" data-widget_type=\"text-editor.default\">\n\t\t\t\t\t\t\t\t\t<p>La radioth\u00e9rapie est souvent r\u00e9alis\u00e9e sous forme de s\u00e9ances r\u00e9p\u00e9t\u00e9es, parfois plusieurs jours par semaine pendant plusieurs semaines.<\/p><p>Ces d\u00e9placements r\u00e9guliers peuvent \u00eatre fatigants pour certains patients, notamment lorsqu\u2019ils doivent parcourir une longue distance ou lorsqu\u2019ils suivent d\u2019autres traitements en parall\u00e8le.<\/p><p>Dans certaines situations, un transport en taxi conventionn\u00e9 peut \u00eatre prescrit par le m\u00e9decin afin de faciliter les d\u00e9placements li\u00e9s au parcours de soins.<\/p>\t\t\t\t\t\t\t\t<\/div>\n\t\t\t\t\t<\/div>\n\t\t\t\t<\/div>\n\t\t<div class=\"elementor-element elementor-element-493291f e-con e-atomic-element e-flexbox-base \" data-id=\"493291f\" data-element_type=\"e-flexbox\" data-e-type=\"e-flexbox\" data-interaction-id=\"493291f\">\n    \t\t\t<h2 data-interaction-id=\"7272dce\" class=\"e-heading-base\">Quels centres de radioth\u00e9rapie desservons-nous ?<\/h2>\n\t\t\n<\/div>\n<div class=\"elementor-element elementor-element-cd73e66 e-flex e-con-boxed e-con e-parent\" data-id=\"cd73e66\" data-element_type=\"container\" data-e-type=\"container\">\n\t\t\t\t\t<div class=\"e-con-inner\">\n\t\t\t\t<div class=\"elementor-element elementor-element-6b8ef71 elementor-widget elementor-widget-text-editor\" data-id=\"6b8ef71\" data-element_type=\"widget\" data-e-type=\"widget\" data-widget_type=\"text-editor.default\">\n\t\t\t\t\t\t\t\t\t<p>\u2022 Gustave Roussy \u00e0 Villejuif<\/p><p>\u2022 Institut Curie<\/p><p>\u2022 H\u00f4pital Avicenne<\/p><p>\u2022 Piti\u00e9-Salp\u00eatri\u00e8re<\/p><p>\u2022 Centres de radioth\u00e9rapie d\u2019\u00cele-de-France<\/p><p>\u2022 Autres \u00e9tablissements sp\u00e9cialis\u00e9s selon votre situation<\/p>\t\t\t\t\t\t\t\t<\/div>\n\t\t\t\t\t<\/div>\n\t\t\t\t<\/div>\n\t\t<div class=\"elementor-element elementor-element-264c970 e-con e-atomic-element e-flexbox-base \" data-id=\"264c970\" data-element_type=\"e-flexbox\" data-e-type=\"e-flexbox\" data-interaction-id=\"264c970\">\n    \t\t\t<h2 data-interaction-id=\"fa9335c\" class=\"e-heading-base\">Questions fr\u00e9quentes sur le taxi conventionn\u00e9 pour la radioth\u00e9rapie<\/h2>\n\t\t\n<\/div>\n<div class=\"elementor-element elementor-element-a552d47 e-flex e-con-boxed e-con e-parent\" data-id=\"a552d47\" data-element_type=\"container\" data-e-type=\"container\">\n\t\t\t\t\t<div class=\"e-con-inner\">\n\t\t\t\t<div class=\"elementor-element elementor-element-c563006 elementor-widget elementor-widget-text-editor\" data-id=\"c563006\" data-element_type=\"widget\" data-e-type=\"widget\" data-widget_type=\"text-editor.default\">\n\t\t\t\t\t\t\t\t\t<h3 class=\"PDq2pG_selectionAnchorContainer\" data-section-id=\"1on4ojv\" data-start=\"208\" data-end=\"289\">Puis-je b\u00e9n\u00e9ficier d&rsquo;un taxi conventionn\u00e9 pour mes s\u00e9ances de radioth\u00e9rapie ?<\/h3><p data-start=\"291\" data-end=\"438\">Oui, lorsqu&rsquo;un m\u00e9decin \u00e9tablit une prescription m\u00e9dicale de transport et que votre situation r\u00e9pond aux conditions pr\u00e9vues par l&rsquo;Assurance Maladie.<\/p><hr data-start=\"440\" data-end=\"443\" \/><h3 data-section-id=\"pp9sb3\" data-start=\"445\" data-end=\"495\">Dois-je faire une demande pour chaque s\u00e9ance ?<\/h3><p data-start=\"497\" data-end=\"674\">Non. Lorsque plusieurs s\u00e9ances sont pr\u00e9vues dans le cadre d&rsquo;un m\u00eame traitement, la prescription peut couvrir l&rsquo;ensemble de la p\u00e9riode concern\u00e9e selon les indications du m\u00e9decin.<\/p><hr data-start=\"676\" data-end=\"679\" \/><h3 data-section-id=\"aawti0\" data-start=\"681\" data-end=\"720\">Quels documents dois-je pr\u00e9senter ?<\/h3><p data-start=\"722\" data-end=\"846\">Dans la plupart des situations, vous devrez pr\u00e9senter votre carte Vitale ainsi que votre prescription m\u00e9dicale de transport.<\/p><hr data-start=\"848\" data-end=\"851\" \/><h3 data-section-id=\"1109tk4\" data-start=\"853\" data-end=\"901\">Le transport est-il pris en charge \u00e0 100 % ?<\/h3><p data-start=\"903\" data-end=\"1042\">La prise en charge d\u00e9pend de votre situation m\u00e9dicale et administrative. Les r\u00e8gles de remboursement sont d\u00e9finies par l&rsquo;Assurance Maladie.<\/p><hr data-start=\"1044\" data-end=\"1047\" \/><h3 data-section-id=\"u79lc6\" data-start=\"1049\" data-end=\"1101\">Puis-je r\u00e9server plusieurs semaines \u00e0 l&rsquo;avance ?<\/h3><p data-start=\"1103\" data-end=\"1200\">Oui. C&rsquo;est m\u00eame recommand\u00e9 lorsque vous connaissez le calendrier de vos s\u00e9ances de radioth\u00e9rapie.<\/p><hr data-start=\"1202\" data-end=\"1205\" \/><h3 data-section-id=\"i1ybn5\" data-start=\"1207\" data-end=\"1283\">Effectuez-vous les trajets r\u00e9guliers vers les centres de radioth\u00e9rapie ?<\/h3><p data-start=\"1285\" data-end=\"1412\">Oui. Nous accompagnons de nombreux patients qui doivent effectuer des trajets r\u00e9p\u00e9t\u00e9s pendant plusieurs semaines de traitement.<\/p>\t\t\t\t\t\t\t\t<\/div>\n\t\t\t\t\t<\/div>\n\t\t\t\t<\/div>\n\t\t<div class=\"elementor-element elementor-element-cff954e e-con e-atomic-element e-flexbox-base \" data-id=\"cff954e\" data-element_type=\"e-flexbox\" data-e-type=\"e-flexbox\" data-interaction-id=\"cff954e\">\n    \t\t\t<h2 data-interaction-id=\"2058d1d\" class=\"e-heading-base\">Un accompagnement adapt\u00e9 aux traitements de longue dur\u00e9e<\/h2>\n\t\t\n<\/div>\n<div class=\"elementor-element elementor-element-fb1b768 e-flex e-con-boxed e-con e-parent\" data-id=\"fb1b768\" data-element_type=\"container\" data-e-type=\"container\">\n\t\t\t\t\t<div class=\"e-con-inner\">\n\t\t\t\t<div class=\"elementor-element elementor-element-3086b92 elementor-widget elementor-widget-text-editor\" data-id=\"3086b92\" data-element_type=\"widget\" data-e-type=\"widget\" data-widget_type=\"text-editor.default\">\n\t\t\t\t\t\t\t\t\t<p>Les traitements de radioth\u00e9rapie impliquent souvent des d\u00e9placements fr\u00e9quents et r\u00e9guliers.<\/p><p>Nous savons qu&rsquo;il est important de pouvoir compter sur un transport fiable, ponctuel et confortable tout au long du parcours de soins.<\/p><p>Notre objectif est de permettre aux patients de se concentrer sur leur traitement en limitant les contraintes li\u00e9es aux d\u00e9placements.<\/p>\t\t\t\t\t\t\t\t<\/div>\n\t\t\t\t\t<\/div>\n\t\t\t\t<\/div>\n\t\t<div class=\"elementor-element elementor-element-5bca0b3 e-con e-atomic-element e-flexbox-base \" data-id=\"5bca0b3\" data-element_type=\"e-flexbox\" data-e-type=\"e-flexbox\" data-interaction-id=\"5bca0b3\">\n    \t\t\t<h2 data-interaction-id=\"069a813\" class=\"e-heading-base\">Pour quels types de traitements intervenons-nous ?<\/h2>\n\t\t\n<\/div>\n<div class=\"elementor-element elementor-element-90dd1fc e-flex e-con-boxed e-con e-parent\" data-id=\"90dd1fc\" data-element_type=\"container\" data-e-type=\"container\">\n\t\t\t\t\t<div class=\"e-con-inner\">\n\t\t\t\t<div class=\"elementor-element elementor-element-a8c467d elementor-widget elementor-widget-text-editor\" data-id=\"a8c467d\" data-element_type=\"widget\" data-e-type=\"widget\" data-widget_type=\"text-editor.default\">\n\t\t\t\t\t\t\t\t\t<p>\u2022 Radioth\u00e9rapie apr\u00e8s une intervention chirurgicale<\/p><p>\u2022 Traitement des cancers du sein<\/p><p>\u2022 Traitement des cancers de la prostate<\/p><p>\u2022 Traitement des cancers ORL<\/p><p>\u2022 Traitement des cancers pulmonaires<\/p><p>\u2022 Autres traitements n\u00e9cessitant des s\u00e9ances r\u00e9p\u00e9t\u00e9es de radioth\u00e9rapie<\/p>\t\t\t\t\t\t\t\t<\/div>\n\t\t\t\t\t<\/div>\n\t\t\t\t<\/div>\n\t\t<div class=\"elementor-element elementor-element-7469c4a e-con e-atomic-element e-flexbox-base \" data-id=\"7469c4a\" data-element_type=\"e-flexbox\" data-e-type=\"e-flexbox\" data-interaction-id=\"7469c4a\">\n    \t\t\t<h2 data-interaction-id=\"0bd1198\" class=\"e-heading-base\">Informations utiles pour les patients en radioth\u00e9rapie<\/h2>\n\t\t\n<\/div>\n<div class=\"elementor-element elementor-element-8b221a1 e-flex e-con-boxed e-con e-parent\" data-id=\"8b221a1\" data-element_type=\"container\" data-e-type=\"container\">\n\t\t\t\t\t<div class=\"e-con-inner\">\n\t\t\t\t<div class=\"elementor-element elementor-element-b687e1b elementor-widget elementor-widget-text-editor\" data-id=\"b687e1b\" data-element_type=\"widget\" data-e-type=\"widget\" data-widget_type=\"text-editor.default\">\n\t\t\t\t\t\t\t\t\t<p>Selon votre situation, ces informations peuvent \u00e9galement vous \u00eatre utiles :<\/p><p><a href=\"https:\/\/nouveau.taxis-conventionnes-cpam-idf.fr\/index.php\/transport-conventionne-cpam\/\">\u2022 Comprendre le fonctionnement du transport conventionn\u00e9 CPAM<\/a><\/p><p><a href=\"https:\/\/nouveau.taxis-conventionnes-cpam-idf.fr\/index.php\/qui-a-droit-a-un-taxi-conventionne-cpam\/\">\u2022 V\u00e9rifier qui peut b\u00e9n\u00e9ficier d\u2019un taxi conventionn\u00e9<\/a><\/p><p><a href=\"https:\/\/nouveau.taxis-conventionnes-cpam-idf.fr\/index.php\/taxi-conventionne-cpam-pour-la-chimiotherapie\/\">\u2022 Organiser un transport pour une chimioth\u00e9rapie<\/a><\/p><p><a href=\"https:\/\/nouveau.taxis-conventionnes-cpam-idf.fr\/index.php\/taxi-conventionne-cpam-pour-gustave-roussy\/\">\u2022 Pr\u00e9parer un transport vers Gustave Roussy<\/a><\/p><p><a href=\"https:\/\/nouveau.taxis-conventionnes-cpam-idf.fr\/index.php\/taxi-conventionne-cpam-pour-linstitut-curie\/\">\u2022 Pr\u00e9parer un transport vers l\u2019Institut Curie<\/a><\/p><p><a href=\"https:\/\/nouveau.taxis-conventionnes-cpam-idf.fr\/index.php\/reservation-de-transport-conventionne-cpam\/\">\u2022 Effectuer une demande de r\u00e9servation de transport conventionn\u00e9<\/a><\/p><p><a href=\"https:\/\/nouveau.taxis-conventionnes-cpam-idf.fr\/index.php\/transport-medical-longue-distance-conventionne-cpam\/\">\u2022 Organiser un transport m\u00e9dical longue distance<\/a><\/p>\t\t\t\t\t\t\t\t<\/div>\n\t\t\t\t\t<\/div>\n\t\t\t\t<\/div>\n\t\t<div class=\"elementor-element elementor-element-71312ed e-con e-atomic-element e-flexbox-base \" data-id=\"71312ed\" data-element_type=\"e-flexbox\" data-e-type=\"e-flexbox\" data-interaction-id=\"71312ed\">\n    \t\t\t<h2 data-interaction-id=\"dee39f5\" class=\"e-heading-base\">R\u00e9server un taxi conventionn\u00e9 pour vos s\u00e9ances de radioth\u00e9rapie<\/h2>\n\t\t\n<\/div>\n<div class=\"elementor-element elementor-element-95ee318 e-flex e-con-boxed e-con e-parent\" data-id=\"95ee318\" data-element_type=\"container\" data-e-type=\"container\">\n\t\t\t\t\t<div class=\"e-con-inner\">\n\t\t\t\t<div class=\"elementor-element elementor-element-7eb05c2 elementor-widget elementor-widget-text-editor\" data-id=\"7eb05c2\" data-element_type=\"widget\" data-e-type=\"widget\" data-widget_type=\"text-editor.default\">\n\t\t\t\t\t\t\t\t\t<p>Vous suivez actuellement un traitement de radioth\u00e9rapie et souhaitez organiser vos d\u00e9placements ?<\/p><p>Notre \u00e9quipe peut vous accompagner dans la pr\u00e9paration de vos trajets vers votre centre de soins et vous informer sur les modalit\u00e9s de transport conventionn\u00e9.<\/p><p>N\u2019h\u00e9sitez pas \u00e0 nous contacter afin d\u2019\u00e9tudier votre situation et d\u2019organiser vos d\u00e9placements dans les meilleures conditions possibles.<\/p>\t\t\t\t\t\t\t\t<\/div>\n\t\t\t\t\t<\/div>\n\t\t\t\t<\/div>\n\t\t\t\t<\/div>\n\t\t","protected":false},"excerpt":{"rendered":"<p>Vous devez vous rendre \u00e0 des s\u00e9ances de radioth\u00e9rapie et recherchez un taxi conventionn\u00e9 CPAM ? Nous accompagnons les patients qui effectuent des traitements de radioth\u00e9rapie dans les centres sp\u00e9cialis\u00e9s d\u2019\u00cele-de-France. Parce que ces traitements n\u00e9cessitent souvent des d\u00e9placements r\u00e9p\u00e9t\u00e9s sur plusieurs semaines, nous proposons un accompagnement adapt\u00e9 afin de faciliter vos trajets vers votre [&hellip;]<\/p>\n","protected":false},"author":1,"featured_media":0,"parent":0,"menu_order":0,"comment_status":"closed","ping_status":"closed","template":"","meta":{"footnotes":""},"class_list":["post-147","page","type-page","status-publish","hentry"],"_links":{"self":[{"href":"https:\/\/nouveau.taxis-conventionnes-cpam-idf.fr\/index.php\/wp-json\/wp\/v2\/pages\/147","targetHints":{"allow":["GET"]}}],"collection":[{"href":"https:\/\/nouveau.taxis-conventionnes-cpam-idf.fr\/index.php\/wp-json\/wp\/v2\/pages"}],"about":[{"href":"https:\/\/nouveau.taxis-conventionnes-cpam-idf.fr\/index.php\/wp-json\/wp\/v2\/types\/page"}],"author":[{"embeddable":true,"href":"https:\/\/nouveau.taxis-conventionnes-cpam-idf.fr\/index.php\/wp-json\/wp\/v2\/users\/1"}],"replies":[{"embeddable":true,"href":"https:\/\/nouveau.taxis-conventionnes-cpam-idf.fr\/index.php\/wp-json\/wp\/v2\/comments?post=147"}],"version-history":[{"count":4,"href":"https:\/\/nouveau.taxis-conventionnes-cpam-idf.fr\/index.php\/wp-json\/wp\/v2\/pages\/147\/revisions"}],"predecessor-version":[{"id":151,"href":"https:\/\/nouveau.taxis-conventionnes-cpam-idf.fr\/index.php\/wp-json\/wp\/v2\/pages\/147\/revisions\/151"}],"wp:attachment":[{"href":"https:\/\/nouveau.taxis-conventionnes-cpam-idf.fr\/index.php\/wp-json\/wp\/v2\/media?parent=147"}],"curies":[{"name":"wp","href":"https:\/\/api.w.org\/{rel}","templated":true}]}}