{"id":157,"date":"2026-06-27T16:04:53","date_gmt":"2026-06-27T16:04:53","guid":{"rendered":"https:\/\/nouveau.taxis-conventionnes-cpam-idf.fr\/?page_id=157"},"modified":"2026-06-27T16:06:17","modified_gmt":"2026-06-27T16:06:17","slug":"taxi-conventionne-cpam-pour-lhopital-necker","status":"publish","type":"page","link":"https:\/\/nouveau.taxis-conventionnes-cpam-idf.fr\/index.php\/taxi-conventionne-cpam-pour-lhopital-necker\/","title":{"rendered":"Taxi conventionn\u00e9 CPAM pour l&rsquo;H\u00f4pital Necker"},"content":{"rendered":"\t\t<div data-elementor-type=\"wp-page\" data-elementor-id=\"157\" class=\"elementor elementor-157\">\n\t\t\t\t<div class=\"elementor-element elementor-element-287f2b1 e-flex e-con-boxed e-con e-parent\" data-id=\"287f2b1\" data-element_type=\"container\" data-e-type=\"container\">\n\t\t\t\t\t<div class=\"e-con-inner\">\n\t\t\t\t<div class=\"elementor-element elementor-element-d3ffb79 elementor-widget elementor-widget-text-editor\" data-id=\"d3ffb79\" data-element_type=\"widget\" data-e-type=\"widget\" data-widget_type=\"text-editor.default\">\n\t\t\t\t\t\t\t\t\t<p>Vous avez un rendez-vous \u00e0 l&rsquo;H\u00f4pital Necker et recherchez un taxi conventionn\u00e9 CPAM ?<\/p><p>Nous accompagnons les patients et les familles se rendant \u00e0 l&rsquo;H\u00f4pital Necker pour des consultations sp\u00e9cialis\u00e9es, examens m\u00e9dicaux, traitements ou hospitalisations lorsqu&rsquo;un transport m\u00e9dical est prescrit.<\/p><p>Que votre rendez-vous concerne l&rsquo;activit\u00e9 p\u00e9diatrique de Necker Enfants Malades ou les services adultes sp\u00e9cialis\u00e9s, nous vous aidons \u00e0 organiser vos d\u00e9placements dans les meilleures conditions possibles.<\/p>\t\t\t\t\t\t\t\t<\/div>\n\t\t\t\t\t<\/div>\n\t\t\t\t<\/div>\n\t\t<div class=\"elementor-element elementor-element-e5093a6 e-con e-atomic-element e-flexbox-base \" data-id=\"e5093a6\" data-element_type=\"e-flexbox\" data-e-type=\"e-flexbox\" data-interaction-id=\"e5093a6\">\n    \t\t\t<h2 data-interaction-id=\"a0de72e\" class=\"e-heading-base\">L'essentiel \u00e0 savoir<\/h2>\n\t\t\n<\/div>\n<div class=\"elementor-element elementor-element-4579703 e-flex e-con-boxed e-con e-parent\" data-id=\"4579703\" data-element_type=\"container\" data-e-type=\"container\">\n\t\t\t\t\t<div class=\"e-con-inner\">\n\t\t\t\t<div class=\"elementor-element elementor-element-d99d954 elementor-widget elementor-widget-text-editor\" data-id=\"d99d954\" data-element_type=\"widget\" data-e-type=\"widget\" data-widget_type=\"text-editor.default\">\n\t\t\t\t\t\t\t\t\t<p>\u2713 Transport assur\u00e9 par un taxi conventionn\u00e9 CPAM<\/p><p>\u2713 D\u00e9placements vers Necker Enfants Malades et Necker Adultes<\/p><p>\u2713 Accompagnement des enfants et de leurs accompagnants<\/p><p>\u2713 Transport vers les consultations, examens et hospitalisations<\/p><p>\u2713 R\u00e9servation simple par t\u00e9l\u00e9phone ou formulaire<\/p>\t\t\t\t\t\t\t\t<\/div>\n\t\t\t\t\t<\/div>\n\t\t\t\t<\/div>\n\t\t<div class=\"elementor-element elementor-element-a4a4626 e-con e-atomic-element e-flexbox-base \" data-id=\"a4a4626\" data-element_type=\"e-flexbox\" data-e-type=\"e-flexbox\" data-interaction-id=\"a4a4626\">\n    \t\t\t<h2 data-interaction-id=\"61a0b72\" class=\"e-heading-base\">Pourquoi de nombreux patients se rendent-ils \u00e0 l'H\u00f4pital Necker ?<\/h2>\n\t\t\n<\/div>\n<div class=\"elementor-element elementor-element-3af422d e-flex e-con-boxed e-con e-parent\" data-id=\"3af422d\" data-element_type=\"container\" data-e-type=\"container\">\n\t\t\t\t\t<div class=\"e-con-inner\">\n\t\t\t\t<div class=\"elementor-element elementor-element-9da4878 elementor-widget elementor-widget-text-editor\" data-id=\"9da4878\" data-element_type=\"widget\" data-e-type=\"widget\" data-widget_type=\"text-editor.default\">\n\t\t\t\t\t\t\t\t\t<p>L&rsquo;H\u00f4pital Necker accueille des patients venant de toute l&rsquo;\u00cele-de-France mais \u00e9galement de nombreuses r\u00e9gions fran\u00e7aises.<\/p><p>L&rsquo;\u00e9tablissement est particuli\u00e8rement reconnu pour la prise en charge des enfants dans de nombreuses sp\u00e9cialit\u00e9s m\u00e9dicales et chirurgicales.<\/p><p>Necker dispose \u00e9galement de services adultes de r\u00e9f\u00e9rence, notamment en n\u00e9phrologie, maladies r\u00e9nales, transplantation et prise en charge de pathologies complexes.<\/p>\t\t\t\t\t\t\t\t<\/div>\n\t\t\t\t\t<\/div>\n\t\t\t\t<\/div>\n\t\t<div class=\"elementor-element elementor-element-db35cf1 e-con e-atomic-element e-flexbox-base \" data-id=\"db35cf1\" data-element_type=\"e-flexbox\" data-e-type=\"e-flexbox\" data-interaction-id=\"db35cf1\">\n    \t\t\t<h2 data-interaction-id=\"6fd2527\" class=\"e-heading-base\">Pour quels rendez-vous un transport conventionn\u00e9 peut-il \u00eatre n\u00e9cessaire ?<\/h2>\n\t\t\n<\/div>\n<div class=\"elementor-element elementor-element-87e9840 e-flex e-con-boxed e-con e-parent\" data-id=\"87e9840\" data-element_type=\"container\" data-e-type=\"container\">\n\t\t\t\t\t<div class=\"e-con-inner\">\n\t\t\t\t<div class=\"elementor-element elementor-element-0f85488 elementor-widget elementor-widget-text-editor\" data-id=\"0f85488\" data-element_type=\"widget\" data-e-type=\"widget\" data-widget_type=\"text-editor.default\">\n\t\t\t\t\t\t\t\t\t<p>\u2022 Consultations p\u00e9diatriques sp\u00e9cialis\u00e9es<\/p><p>\u2022 Hospitalisations d&rsquo;enfants<\/p><p>\u2022 Examens m\u00e9dicaux sp\u00e9cialis\u00e9s<\/p><p>\u2022 Suivi des maladies rares<\/p><p>\u2022 Consultations de n\u00e9phrologie adulte<\/p><p>\u2022 Bilans et traitements des maladies r\u00e9nales<\/p><p>\u2022 Suivis apr\u00e8s transplantation<\/p><p>\u2022 Consultations r\u00e9guli\u00e8res n\u00e9cessitant des d\u00e9placements fr\u00e9quents<\/p>\t\t\t\t\t\t\t\t<\/div>\n\t\t\t\t\t<\/div>\n\t\t\t\t<\/div>\n\t\t<div class=\"elementor-element elementor-element-9302751 e-con e-atomic-element e-flexbox-base \" data-id=\"9302751\" data-element_type=\"e-flexbox\" data-e-type=\"e-flexbox\" data-interaction-id=\"9302751\">\n    \t\t\t<h2 data-interaction-id=\"0f8ca68\" class=\"e-heading-base\">Questions fr\u00e9quentes sur le taxi conventionn\u00e9 H\u00f4pital Necker<\/h2>\n\t\t\n<\/div>\n<div class=\"elementor-element elementor-element-52149d7 e-flex e-con-boxed e-con e-parent\" data-id=\"52149d7\" data-element_type=\"container\" data-e-type=\"container\">\n\t\t\t\t\t<div class=\"e-con-inner\">\n\t\t\t\t<div class=\"elementor-element elementor-element-3855459 elementor-widget elementor-widget-text-editor\" data-id=\"3855459\" data-element_type=\"widget\" data-e-type=\"widget\" data-widget_type=\"text-editor.default\">\n\t\t\t\t\t\t\t\t\t<h2 class=\"PDq2pG_selectionAnchorContainer\" data-section-id=\"pj901o\" data-start=\"542\" data-end=\"608\">Questions fr\u00e9quentes des familles se rendant \u00e0 l&rsquo;H\u00f4pital Necker<\/h2><h3 data-section-id=\"ui0xyi\" data-start=\"610\" data-end=\"671\">Mon enfant peut-il \u00eatre accompagn\u00e9 pendant le transport ?<\/h3><p data-start=\"673\" data-end=\"822\">Oui. Un enfant n&rsquo;est jamais transport\u00e9 seul sans que cela corresponde \u00e0 une situation clairement d\u00e9finie avec la famille et l&rsquo;\u00e9tablissement de soins.<\/p><p data-start=\"824\" data-end=\"905\">Dans la majorit\u00e9 des situations, un parent accompagne l&rsquo;enfant pendant le trajet.<\/p><hr data-start=\"907\" data-end=\"910\" \/><h3 data-section-id=\"1yp5wub\" data-start=\"912\" data-end=\"967\">Les deux parents peuvent-ils accompagner l&rsquo;enfant ?<\/h3><p data-start=\"969\" data-end=\"1107\">Oui, dans la plupart des cas. Nous demandons simplement \u00e0 \u00eatre pr\u00e9venus lors de la r\u00e9servation afin de pr\u00e9voir le v\u00e9hicule le plus adapt\u00e9.<\/p><hr data-start=\"1109\" data-end=\"1112\" \/><h3 data-section-id=\"sx0moq\" data-start=\"1114\" data-end=\"1149\">Faut-il pr\u00e9voir un si\u00e8ge auto ?<\/h3><p data-start=\"1151\" data-end=\"1268\">Les taxis sont soumis \u00e0 une r\u00e9glementation particuli\u00e8re et les si\u00e8ges auto ne sont pas syst\u00e9matiquement obligatoires.<\/p><p data-start=\"1270\" data-end=\"1416\">Toutefois, pour le confort et la s\u00e9curit\u00e9 de l&rsquo;enfant, nous recommandons aux familles d&rsquo;apporter leur propre si\u00e8ge auto lorsqu&rsquo;elles en disposent.<\/p><hr data-start=\"1418\" data-end=\"1421\" \/><h3 data-section-id=\"7zgpp9\" data-start=\"1423\" data-end=\"1521\">Mon enfant se rend r\u00e9guli\u00e8rement en unit\u00e9 de dialyse p\u00e9diatrique. Comment cela se passe-t-il ?<\/h3><p data-start=\"1523\" data-end=\"1669\">Selon son \u00e2ge et son niveau d&rsquo;autonomie, nous pouvons accompagner l&rsquo;enfant jusqu&rsquo;au service afin qu&rsquo;il soit pris en charge par l&rsquo;\u00e9quipe soignante.<\/p><p data-start=\"1671\" data-end=\"1837\">Notre r\u00f4le ne se limite pas \u00e0 effectuer le trajet : nous veillons \u00e9galement \u00e0 ce que la transition avec le personnel hospitalier se d\u00e9roule dans de bonnes conditions.<\/p><hr data-start=\"1839\" data-end=\"1842\" \/><h3 data-section-id=\"g18dha\" data-start=\"1844\" data-end=\"1903\">Mon enfant est en fauteuil roulant. Que faut-il faire ?<\/h3><p data-start=\"1905\" data-end=\"1970\">Il est important de nous le signaler au moment de la r\u00e9servation.<\/p><p data-start=\"1972\" data-end=\"2124\">Selon le mat\u00e9riel transport\u00e9, un v\u00e9hicule avec un coffre plus important peut \u00eatre n\u00e9cessaire afin d&rsquo;assurer le transport dans les meilleures conditions.<\/p>\t\t\t\t\t\t\t\t<\/div>\n\t\t\t\t\t<\/div>\n\t\t\t\t<\/div>\n\t\t<div class=\"elementor-element elementor-element-216c8ca e-con e-atomic-element e-flexbox-base \" data-id=\"216c8ca\" data-element_type=\"e-flexbox\" data-e-type=\"e-flexbox\" data-interaction-id=\"216c8ca\">\n    \t\t\t<h2 data-interaction-id=\"40368d3\" class=\"e-heading-base\">Bien plus qu'un simple trajet<\/h2>\n\t\t\n<\/div>\n<div class=\"elementor-element elementor-element-7c22a6a e-flex e-con-boxed e-con e-parent\" data-id=\"7c22a6a\" data-element_type=\"container\" data-e-type=\"container\">\n\t\t\t\t\t<div class=\"e-con-inner\">\n\t\t\t\t<div class=\"elementor-element elementor-element-eed7158 elementor-widget elementor-widget-text-editor\" data-id=\"eed7158\" data-element_type=\"widget\" data-e-type=\"widget\" data-widget_type=\"text-editor.default\">\n\t\t\t\t\t\t\t\t\t<p><span dir=\"auto\" style=\"vertical-align: inherit;\"><span dir=\"auto\" style=\"vertical-align: inherit;\">Un rendez-vous m\u00e9dical n&rsquo;est jamais un d\u00e9placement comme un autre.<\/span><\/span><\/p><p><span dir=\"auto\" style=\"vertical-align: inherit;\"><span dir=\"auto\" style=\"vertical-align: inherit;\">Qu&rsquo;il s&rsquo;agisse d&rsquo;un enfant, d&rsquo;une personne \u00e2g\u00e9e, d&rsquo;un patient en traitement contre un cancer ou d&rsquo;une personne en situation de d\u00e9pendance, nous savons que le transport fait partie int\u00e9grante du parcours de soins.<\/span><\/span><\/p><p><span dir=\"auto\" style=\"vertical-align: inherit;\"><span dir=\"auto\" style=\"vertical-align: inherit;\">Notre m\u00e9tier ne consiste pas uniquement \u00e0 conduire un v\u00e9hicule.<\/span><\/span><\/p><p><span dir=\"auto\" style=\"vertical-align: inherit;\"><span dir=\"auto\" style=\"vertical-align: inherit;\">Nous accordons une attention particuli\u00e8re au confort, \u00e0 l&rsquo;\u00e9coute et au bien-\u00eatre des patients et de leurs proches afin que chaque d\u00e9placement se d\u00e9roule dans les meilleures conditions possibles.<\/span><\/span><\/p>\t\t\t\t\t\t\t\t<\/div>\n\t\t\t\t\t<\/div>\n\t\t\t\t<\/div>\n\t\t\t\t<\/div>\n\t\t","protected":false},"excerpt":{"rendered":"<p>Vous avez un rendez-vous \u00e0 l&rsquo;H\u00f4pital Necker et recherchez un taxi conventionn\u00e9 CPAM ? Nous accompagnons les patients et les familles se rendant \u00e0 l&rsquo;H\u00f4pital Necker pour des consultations sp\u00e9cialis\u00e9es, examens m\u00e9dicaux, traitements ou hospitalisations lorsqu&rsquo;un transport m\u00e9dical est prescrit. Que votre rendez-vous concerne l&rsquo;activit\u00e9 p\u00e9diatrique de Necker Enfants Malades ou les services adultes sp\u00e9cialis\u00e9s, [&hellip;]<\/p>\n","protected":false},"author":1,"featured_media":0,"parent":0,"menu_order":0,"comment_status":"closed","ping_status":"closed","template":"","meta":{"footnotes":""},"class_list":["post-157","page","type-page","status-publish","hentry"],"_links":{"self":[{"href":"https:\/\/nouveau.taxis-conventionnes-cpam-idf.fr\/index.php\/wp-json\/wp\/v2\/pages\/157","targetHints":{"allow":["GET"]}}],"collection":[{"href":"https:\/\/nouveau.taxis-conventionnes-cpam-idf.fr\/index.php\/wp-json\/wp\/v2\/pages"}],"about":[{"href":"https:\/\/nouveau.taxis-conventionnes-cpam-idf.fr\/index.php\/wp-json\/wp\/v2\/types\/page"}],"author":[{"embeddable":true,"href":"https:\/\/nouveau.taxis-conventionnes-cpam-idf.fr\/index.php\/wp-json\/wp\/v2\/users\/1"}],"replies":[{"embeddable":true,"href":"https:\/\/nouveau.taxis-conventionnes-cpam-idf.fr\/index.php\/wp-json\/wp\/v2\/comments?post=157"}],"version-history":[{"count":4,"href":"https:\/\/nouveau.taxis-conventionnes-cpam-idf.fr\/index.php\/wp-json\/wp\/v2\/pages\/157\/revisions"}],"predecessor-version":[{"id":161,"href":"https:\/\/nouveau.taxis-conventionnes-cpam-idf.fr\/index.php\/wp-json\/wp\/v2\/pages\/157\/revisions\/161"}],"wp:attachment":[{"href":"https:\/\/nouveau.taxis-conventionnes-cpam-idf.fr\/index.php\/wp-json\/wp\/v2\/media?parent=157"}],"curies":[{"name":"wp","href":"https:\/\/api.w.org\/{rel}","templated":true}]}}