{"id":162,"date":"2026-06-27T16:14:17","date_gmt":"2026-06-27T16:14:17","guid":{"rendered":"https:\/\/nouveau.taxis-conventionnes-cpam-idf.fr\/?page_id=162"},"modified":"2026-06-27T16:22:35","modified_gmt":"2026-06-27T16:22:35","slug":"taxi-conventionne-cpam-pour-lhopital-beaujon","status":"publish","type":"page","link":"https:\/\/nouveau.taxis-conventionnes-cpam-idf.fr\/index.php\/taxi-conventionne-cpam-pour-lhopital-beaujon\/","title":{"rendered":"Taxi conventionn\u00e9 CPAM pour l&rsquo;H\u00f4pital Beaujon"},"content":{"rendered":"\t\t<div data-elementor-type=\"wp-page\" data-elementor-id=\"162\" class=\"elementor elementor-162\">\n\t\t\t\t<div class=\"elementor-element elementor-element-99a56b3 e-flex e-con-boxed e-con e-parent\" data-id=\"99a56b3\" data-element_type=\"container\" data-e-type=\"container\">\n\t\t\t\t\t<div class=\"e-con-inner\">\n\t\t\t\t<div class=\"elementor-element elementor-element-0e7b437 elementor-widget elementor-widget-text-editor\" data-id=\"0e7b437\" data-element_type=\"widget\" data-e-type=\"widget\" data-widget_type=\"text-editor.default\">\n\t\t\t\t\t\t\t\t\t<p>Vous avez un rendez-vous \u00e0 l&rsquo;H\u00f4pital Beaujon et recherchez un taxi conventionn\u00e9 CPAM ?<\/p><p>Nous accompagnons les patients se rendant \u00e0 l&rsquo;H\u00f4pital Beaujon pour des consultations sp\u00e9cialis\u00e9es, examens digestifs, traitements, hospitalisations ou suivis m\u00e9dicaux lorsqu&rsquo;un transport m\u00e9dical est prescrit.<\/p><p>Notre objectif est de vous permettre d&rsquo;effectuer vos d\u00e9placements vers l&rsquo;h\u00f4pital dans les meilleures conditions de confort et de s\u00e9r\u00e9nit\u00e9.<\/p>\t\t\t\t\t\t\t\t<\/div>\n\t\t\t\t\t<\/div>\n\t\t\t\t<\/div>\n\t\t<div class=\"elementor-element elementor-element-751ffdf e-con e-atomic-element e-flexbox-base \" data-id=\"751ffdf\" data-element_type=\"e-flexbox\" data-e-type=\"e-flexbox\" data-interaction-id=\"751ffdf\">\n    \t\t\t<h2 data-interaction-id=\"0d1296d\" class=\"e-heading-base\">L'essentiel \u00e0 savoir<\/h2>\n\t\t\n<\/div>\n<div class=\"elementor-element elementor-element-4b70ddc e-flex e-con-boxed e-con e-parent\" data-id=\"4b70ddc\" data-element_type=\"container\" data-e-type=\"container\">\n\t\t\t\t\t<div class=\"e-con-inner\">\n\t\t\t\t<div class=\"elementor-element elementor-element-40f0198 elementor-widget elementor-widget-text-editor\" data-id=\"40f0198\" data-element_type=\"widget\" data-e-type=\"widget\" data-widget_type=\"text-editor.default\">\n\t\t\t\t\t\t\t\t\t<p>\u2713 Transport assur\u00e9 par un taxi conventionn\u00e9 CPAM<\/p><p>\u2713 D\u00e9placements vers l&rsquo;H\u00f4pital Beaujon selon prescription m\u00e9dicale<\/p><p>\u2713 Accompagnement pour les consultations, examens et hospitalisations<\/p><p>\u2713 V\u00e9hicules confortables adapt\u00e9s aux trajets r\u00e9guliers<\/p><p>\u2713 R\u00e9servation simple par t\u00e9l\u00e9phone ou formulaire<\/p>\t\t\t\t\t\t\t\t<\/div>\n\t\t\t\t\t<\/div>\n\t\t\t\t<\/div>\n\t\t<div class=\"elementor-element elementor-element-829569f e-con e-atomic-element e-flexbox-base \" data-id=\"829569f\" data-element_type=\"e-flexbox\" data-e-type=\"e-flexbox\" data-interaction-id=\"829569f\">\n    \t\t\t<h2 data-interaction-id=\"43f35c0\" class=\"e-heading-base\">Pourquoi de nombreux patients se rendent-ils \u00e0 l'H\u00f4pital Beaujon ?<\/h2>\n\t\t\n<\/div>\n<div class=\"elementor-element elementor-element-a2a06cf e-flex e-con-boxed e-con e-parent\" data-id=\"a2a06cf\" data-element_type=\"container\" data-e-type=\"container\">\n\t\t\t\t\t<div class=\"e-con-inner\">\n\t\t\t\t<div class=\"elementor-element elementor-element-2ee2475 elementor-widget elementor-widget-text-editor\" data-id=\"2ee2475\" data-element_type=\"widget\" data-e-type=\"widget\" data-widget_type=\"text-editor.default\">\n\t\t\t\t\t\t\t\t\t<p>L&rsquo;H\u00f4pital Beaujon est reconnu pour plusieurs sp\u00e9cialit\u00e9s m\u00e9dicales de r\u00e9f\u00e9rence, notamment en gastro-ent\u00e9rologie, h\u00e9patologie et chirurgie digestive.<\/p><p>De nombreux patients s&rsquo;y rendent pour des examens sp\u00e9cialis\u00e9s, des traitements, des hospitalisations programm\u00e9es ou le suivi de maladies chroniques n\u00e9cessitant des consultations r\u00e9guli\u00e8res.<\/p>\t\t\t\t\t\t\t\t<\/div>\n\t\t\t\t\t<\/div>\n\t\t\t\t<\/div>\n\t\t<div class=\"elementor-element elementor-element-9a4fec9 e-con e-atomic-element e-flexbox-base \" data-id=\"9a4fec9\" data-element_type=\"e-flexbox\" data-e-type=\"e-flexbox\" data-interaction-id=\"9a4fec9\">\n    \t\t\t<h2 data-interaction-id=\"fb919b2\" class=\"e-heading-base\">Quels rendez-vous \u00e0 l'H\u00f4pital Beaujon peuvent n\u00e9cessiter un transport conventionn\u00e9 ?<\/h2>\n\t\t\n<\/div>\n<div class=\"elementor-element elementor-element-d1e8a8d e-flex e-con-boxed e-con e-parent\" data-id=\"d1e8a8d\" data-element_type=\"container\" data-e-type=\"container\">\n\t\t\t\t\t<div class=\"e-con-inner\">\n\t\t\t\t<div class=\"elementor-element elementor-element-7c7a2df elementor-widget elementor-widget-text-editor\" data-id=\"7c7a2df\" data-element_type=\"widget\" data-e-type=\"widget\" data-widget_type=\"text-editor.default\">\n\t\t\t\t\t\t\t\t\t<p>\u2022 Consultations de gastro-ent\u00e9rologie<\/p><p>\u2022 Consultations d&rsquo;h\u00e9patologie<\/p><p>\u2022 Maladies inflammatoires chroniques de l&rsquo;intestin<\/p><p>\u2022 Examens digestifs sp\u00e9cialis\u00e9s<\/p><p>\u2022 Coloscopies et endoscopies<\/p><p>\u2022 Hospitalisations programm\u00e9es<\/p><p>\u2022 Chirurgie digestive<\/p><p>\u2022 Suivis m\u00e9dicaux r\u00e9guliers<\/p>\t\t\t\t\t\t\t\t<\/div>\n\t\t\t\t\t<\/div>\n\t\t\t\t<\/div>\n\t\t<div class=\"elementor-element elementor-element-5334fe7 e-con e-atomic-element e-flexbox-base \" data-id=\"5334fe7\" data-element_type=\"e-flexbox\" data-e-type=\"e-flexbox\" data-interaction-id=\"5334fe7\">\n    \t\t\t<h2 data-interaction-id=\"71ba7d7\" class=\"e-heading-base\">Questions fr\u00e9quentes des patients se rendant \u00e0 l'H\u00f4pital Beaujon<\/h2>\n\t\t\n<\/div>\n<div class=\"elementor-element elementor-element-68f5844 e-flex e-con-boxed e-con e-parent\" data-id=\"68f5844\" data-element_type=\"container\" data-e-type=\"container\">\n\t\t\t\t\t<div class=\"e-con-inner\">\n\t\t\t\t<div class=\"elementor-element elementor-element-66abd74 elementor-widget elementor-widget-text-editor\" data-id=\"66abd74\" data-element_type=\"widget\" data-e-type=\"widget\" data-widget_type=\"text-editor.default\">\n\t\t\t\t\t\t\t\t\t<h2 class=\"PDq2pG_selectionAnchorContainer\" data-section-id=\"5ce1rf\" data-start=\"205\" data-end=\"289\">Je dois r\u00e9aliser une coloscopie ou une endoscopie. Comment s&rsquo;organise le retour ?<\/h2><p data-start=\"291\" data-end=\"431\">Les examens digestifs r\u00e9alis\u00e9s sous anesth\u00e9sie ou sous s\u00e9dation n\u00e9cessitent parfois des pr\u00e9cautions particuli\u00e8res pour le retour \u00e0 domicile.<\/p><p data-start=\"433\" data-end=\"638\">Nous vous conseillons de suivre les consignes du service m\u00e9dical et de nous informer lors de votre r\u00e9servation afin que nous puissions vous aider \u00e0 organiser votre transport dans les meilleures conditions.<\/p><hr data-start=\"640\" data-end=\"643\" \/><h2 data-section-id=\"8yw6y5\" data-start=\"645\" data-end=\"774\">Je souffre de la maladie de Crohn ou d&rsquo;une rectocolite h\u00e9morragique. Que faire si j&rsquo;ai besoin de m&rsquo;arr\u00eater pendant le trajet ?<\/h2><p data-start=\"776\" data-end=\"877\">Nous savons que certaines maladies digestives peuvent provoquer des besoins urgents et impr\u00e9visibles.<\/p><p data-start=\"879\" data-end=\"1014\">N&rsquo;h\u00e9sitez pas \u00e0 nous en informer lors de la r\u00e9servation. Le chauffeur pourra adapter le trajet afin que vous voyagiez plus sereinement.<\/p><hr data-start=\"1016\" data-end=\"1019\" \/><h2 data-section-id=\"hhbmcf\" data-start=\"1021\" data-end=\"1109\">Je suis tr\u00e8s fatigu\u00e9 par ma maladie ou mon traitement. Le chauffeur peut-il m&rsquo;aider ?<\/h2><p data-start=\"1111\" data-end=\"1115\">Oui.<\/p><p data-start=\"1117\" data-end=\"1249\">Nous savons que certaines pathologies digestives, maladies du foie ou traitements m\u00e9dicaux peuvent entra\u00eener une fatigue importante.<\/p><p data-start=\"1251\" data-end=\"1398\">Nous prenons le temps n\u00e9cessaire pour permettre aux patients de s&rsquo;installer confortablement et de voyager dans les meilleures conditions possibles.<\/p><hr data-start=\"1400\" data-end=\"1403\" \/><h2 data-section-id=\"1wwtkfw\" data-start=\"1405\" data-end=\"1492\">Je dois \u00eatre hospitalis\u00e9 plusieurs jours \u00e0 Beaujon. Puis-je transporter une valise ?<\/h2><p data-start=\"1494\" data-end=\"1503\">Bien s\u00fbr.<\/p><p data-start=\"1505\" data-end=\"1652\">Il suffit de nous le pr\u00e9ciser lors de la r\u00e9servation afin que nous pr\u00e9voyions un v\u00e9hicule adapt\u00e9 \u00e0 vos besoins et au volume de bagages transport\u00e9s.<\/p><hr data-start=\"1654\" data-end=\"1657\" \/><h2 data-section-id=\"1brw6lm\" data-start=\"1659\" data-end=\"1733\">J&rsquo;utilise un fauteuil roulant ou un d\u00e9ambulateur. Dois-je le signaler ?<\/h2><p data-start=\"1735\" data-end=\"1739\">Oui.<\/p><p data-start=\"1741\" data-end=\"1921\">Il est important de nous informer d\u00e8s la r\u00e9servation afin que nous puissions pr\u00e9voir un v\u00e9hicule disposant de l&rsquo;espace n\u00e9cessaire pour transporter votre mat\u00e9riel en toute s\u00e9curit\u00e9.<\/p><hr data-start=\"1923\" data-end=\"1926\" \/><h2 data-section-id=\"115k8sh\" data-start=\"1928\" data-end=\"2017\">Mon rendez-vous risque de durer plus longtemps que pr\u00e9vu. Comment se passe le retour ?<\/h2><p data-start=\"2019\" data-end=\"2092\">Les horaires hospitaliers peuvent parfois \u00e9voluer au cours de la journ\u00e9e.<\/p><p data-start=\"2094\" data-end=\"2275\">Lorsque cela est possible, nous nous adaptons aux contraintes li\u00e9es aux soins et aux examens. N&rsquo;h\u00e9sitez pas \u00e0 nous signaler toute information utile concernant votre prise en charge.<\/p><hr data-start=\"2277\" data-end=\"2280\" \/><h2 data-section-id=\"amgfvx\" data-start=\"2282\" data-end=\"2328\">Puis-je \u00eatre accompagn\u00e9 pendant le trajet ?<\/h2><p data-start=\"2330\" data-end=\"2334\">Oui.<\/p><p data-start=\"2336\" data-end=\"2399\">Dans de nombreuses situations, un proche peut vous accompagner.<\/p><p data-start=\"2401\" data-end=\"2536\">Nous vous demandons simplement de nous le pr\u00e9ciser lors de la r\u00e9servation afin d&rsquo;organiser le transport dans les meilleures conditions.<\/p><hr data-start=\"2538\" data-end=\"2541\" \/><h2 data-section-id=\"nrfnr0\" data-start=\"2543\" data-end=\"2602\">Je suis inquiet avant mon examen ou mon hospitalisation.<\/h2><p data-start=\"2604\" data-end=\"2651\">C&rsquo;est une r\u00e9action parfaitement compr\u00e9hensible.<\/p><p data-start=\"2653\" data-end=\"2908\">Nous savons qu&rsquo;un rendez-vous m\u00e9dical important peut \u00eatre source de stress ou d&rsquo;appr\u00e9hension. Notre r\u00f4le ne se limite pas \u00e0 conduire un v\u00e9hicule : nous veillons \u00e9galement \u00e0 offrir un transport calme, confortable et respectueux du rythme de chaque patient.<\/p><hr data-start=\"2910\" data-end=\"2913\" \/><h1 data-section-id=\"1olz6s6\" data-start=\"2915\" data-end=\"2953\">Notre r\u00f4le ne s&rsquo;arr\u00eate pas au volant<\/h1><p data-start=\"2955\" data-end=\"3062\">Un transport m\u00e9dical est souvent associ\u00e9 \u00e0 une inqui\u00e9tude, une fatigue ou une contrainte li\u00e9e \u00e0 la maladie.<\/p><p data-start=\"3064\" data-end=\"3154\">Nous savons qu&rsquo;un patient qui se rend \u00e0 l&rsquo;h\u00f4pital n&rsquo;effectue pas un d\u00e9placement ordinaire.<\/p><p data-start=\"3156\" data-end=\"3383\">Qu&rsquo;il s&rsquo;agisse d&rsquo;une maladie digestive chronique, d&rsquo;une hospitalisation, d&rsquo;un examen sp\u00e9cialis\u00e9 ou d&rsquo;un suivi m\u00e9dical r\u00e9gulier, nous accordons une attention particuli\u00e8re \u00e0 l&rsquo;\u00e9coute, au confort et au bien-\u00eatre de chaque patient.<\/p><p data-start=\"3385\" data-end=\"3465\">Notre objectif est que le trajet soit la partie la plus simple de votre journ\u00e9e.<\/p><hr data-start=\"3467\" data-end=\"3470\" \/><p data-start=\"3472\" data-end=\"3709\" data-is-last-node=\"\" data-is-only-node=\"\">\u00a0<\/p>\t\t\t\t\t\t\t\t<\/div>\n\t\t\t\t\t<\/div>\n\t\t\t\t<\/div>\n\t\t<div class=\"elementor-element elementor-element-135d452 e-con e-atomic-element e-flexbox-base \" data-id=\"135d452\" data-element_type=\"e-flexbox\" data-e-type=\"e-flexbox\" data-interaction-id=\"135d452\">\n    \t\t\t<h2 data-interaction-id=\"b98f8d6\" class=\"e-heading-base\">Informations utiles avant votre rendez-vous \u00e0 l'H\u00f4pital Beaujon<\/h2>\n\t\t\n<\/div>\n<div class=\"elementor-element elementor-element-df54e6b e-flex e-con-boxed e-con e-parent\" data-id=\"df54e6b\" data-element_type=\"container\" data-e-type=\"container\">\n\t\t\t\t\t<div class=\"e-con-inner\">\n\t\t\t\t<div class=\"elementor-element elementor-element-c5d2f82 elementor-widget elementor-widget-text-editor\" data-id=\"c5d2f82\" data-element_type=\"widget\" data-e-type=\"widget\" data-widget_type=\"text-editor.default\">\n\t\t\t\t\t\t\t\t\t<p>Selon votre situation, ces informations peuvent \u00e9galement vous \u00eatre utiles :<\/p><p>\u2022 <a href=\"https:\/\/nouveau.taxis-conventionnes-cpam-idf.fr\/index.php\/transport-conventionne-cpam\/\">Comprendre le fonctionnement du transport conventionn\u00e9 CPAM<\/a><\/p><p><a href=\"https:\/\/nouveau.taxis-conventionnes-cpam-idf.fr\/index.php\/qui-a-droit-a-un-taxi-conventionne-cpam\/\">\u2022 V\u00e9rifier qui peut b\u00e9n\u00e9ficier d&rsquo;un taxi conventionn\u00e9<\/a><\/p><p>\u2022 Organiser un transport pour une hospitalisation programm\u00e9e<\/p><p><a href=\"https:\/\/nouveau.taxis-conventionnes-cpam-idf.fr\/index.php\/transport-medical-longue-distance-conventionne-cpam\/\">\u2022 Organiser un transport m\u00e9dical longue distance<\/a><\/p><p><a href=\"https:\/\/nouveau.taxis-conventionnes-cpam-idf.fr\/index.php\/reservation-de-transport-conventionne-cpam\/\">\u2022 Effectuer une demande de r\u00e9servation de transport conventionn\u00e9<\/a><\/p><p><a href=\"https:\/\/nouveau.taxis-conventionnes-cpam-idf.fr\/index.php\/taxi-conventionne-cpam-pour-la-chimiotherapie\/\">\u2022 Organiser un transport pour une chimioth\u00e9rapie<\/a><\/p><p><a href=\"https:\/\/nouveau.taxis-conventionnes-cpam-idf.fr\/index.php\/taxi-conventionne-cpam-pour-la-radiotherapie\/\">\u2022 Organiser un transport pour une radioth\u00e9rapie<\/a><\/p>\t\t\t\t\t\t\t\t<\/div>\n\t\t\t\t\t<\/div>\n\t\t\t\t<\/div>\n\t\t<div class=\"elementor-element elementor-element-c099753 e-flex e-con-boxed e-con e-parent\" data-id=\"c099753\" data-element_type=\"container\" data-e-type=\"container\">\n\t\t\t\t\t<div class=\"e-con-inner\">\n\t\t\t\t<div class=\"elementor-element elementor-element-7da27b0 elementor-widget elementor-widget-text-editor\" data-id=\"7da27b0\" data-element_type=\"widget\" data-e-type=\"widget\" data-widget_type=\"text-editor.default\">\n\t\t\t\t\t\t\t\t\t<p>Un transport m\u00e9dical est souvent associ\u00e9 \u00e0 une inqui\u00e9tude, une fatigue ou une contrainte li\u00e9e \u00e0 la maladie.<\/p><p>Nous savons qu&rsquo;un patient qui se rend \u00e0 l&rsquo;h\u00f4pital n&rsquo;effectue pas un d\u00e9placement ordinaire.<\/p><p>Qu&rsquo;il s&rsquo;agisse d&rsquo;une maladie digestive chronique, d&rsquo;une hospitalisation, d&rsquo;un examen sp\u00e9cialis\u00e9 ou d&rsquo;un suivi m\u00e9dical r\u00e9gulier, nous accordons une attention particuli\u00e8re \u00e0 l&rsquo;\u00e9coute, au confort et au bien-\u00eatre de chaque patient.<\/p><p>Notre objectif est que le trajet soit la partie la plus simple de votre journ\u00e9e.<\/p>\t\t\t\t\t\t\t\t<\/div>\n\t\t\t\t\t<\/div>\n\t\t\t\t<\/div>\n\t\t<div class=\"elementor-element elementor-element-a203f64 e-flex e-con-boxed e-con e-parent\" data-id=\"a203f64\" data-element_type=\"container\" data-e-type=\"container\">\n\t\t\t\t\t<div class=\"e-con-inner\">\n\t\t\t\t<div class=\"elementor-element elementor-element-fa1d855 elementor-widget elementor-widget-text-editor\" data-id=\"fa1d855\" data-element_type=\"widget\" data-e-type=\"widget\" data-widget_type=\"text-editor.default\">\n\t\t\t\t\t\t\t\t\t<p>Vous avez un rendez-vous \u00e0 l&rsquo;H\u00f4pital Beaujon et souhaitez organiser votre transport ?<\/p><p>Notre \u00e9quipe peut vous accompagner dans la pr\u00e9paration de votre d\u00e9placement et vous informer sur les modalit\u00e9s du transport conventionn\u00e9 CPAM.<\/p><p>N&rsquo;h\u00e9sitez pas \u00e0 nous contacter afin d&rsquo;\u00e9tudier votre situation et d&rsquo;organiser votre trajet dans les meilleures conditions possibles.<\/p>\t\t\t\t\t\t\t\t<\/div>\n\t\t\t\t\t<\/div>\n\t\t\t\t<\/div>\n\t\t\t\t<\/div>\n\t\t","protected":false},"excerpt":{"rendered":"<p>Vous avez un rendez-vous \u00e0 l&rsquo;H\u00f4pital Beaujon et recherchez un taxi conventionn\u00e9 CPAM ? Nous accompagnons les patients se rendant \u00e0 l&rsquo;H\u00f4pital Beaujon pour des consultations sp\u00e9cialis\u00e9es, examens digestifs, traitements, hospitalisations ou suivis m\u00e9dicaux lorsqu&rsquo;un transport m\u00e9dical est prescrit. Notre objectif est de vous permettre d&rsquo;effectuer vos d\u00e9placements vers l&rsquo;h\u00f4pital dans les meilleures conditions de [&hellip;]<\/p>\n","protected":false},"author":1,"featured_media":0,"parent":0,"menu_order":0,"comment_status":"closed","ping_status":"closed","template":"","meta":{"footnotes":""},"class_list":["post-162","page","type-page","status-publish","hentry"],"_links":{"self":[{"href":"https:\/\/nouveau.taxis-conventionnes-cpam-idf.fr\/index.php\/wp-json\/wp\/v2\/pages\/162","targetHints":{"allow":["GET"]}}],"collection":[{"href":"https:\/\/nouveau.taxis-conventionnes-cpam-idf.fr\/index.php\/wp-json\/wp\/v2\/pages"}],"about":[{"href":"https:\/\/nouveau.taxis-conventionnes-cpam-idf.fr\/index.php\/wp-json\/wp\/v2\/types\/page"}],"author":[{"embeddable":true,"href":"https:\/\/nouveau.taxis-conventionnes-cpam-idf.fr\/index.php\/wp-json\/wp\/v2\/users\/1"}],"replies":[{"embeddable":true,"href":"https:\/\/nouveau.taxis-conventionnes-cpam-idf.fr\/index.php\/wp-json\/wp\/v2\/comments?post=162"}],"version-history":[{"count":4,"href":"https:\/\/nouveau.taxis-conventionnes-cpam-idf.fr\/index.php\/wp-json\/wp\/v2\/pages\/162\/revisions"}],"predecessor-version":[{"id":166,"href":"https:\/\/nouveau.taxis-conventionnes-cpam-idf.fr\/index.php\/wp-json\/wp\/v2\/pages\/162\/revisions\/166"}],"wp:attachment":[{"href":"https:\/\/nouveau.taxis-conventionnes-cpam-idf.fr\/index.php\/wp-json\/wp\/v2\/media?parent=162"}],"curies":[{"name":"wp","href":"https:\/\/api.w.org\/{rel}","templated":true}]}}