{"id":167,"date":"2026-06-27T16:37:11","date_gmt":"2026-06-27T16:37:11","guid":{"rendered":"https:\/\/nouveau.taxis-conventionnes-cpam-idf.fr\/?page_id=167"},"modified":"2026-06-27T16:42:09","modified_gmt":"2026-06-27T16:42:09","slug":"taxi-conventionne-cpam-pour-lhopital-bichat","status":"publish","type":"page","link":"https:\/\/nouveau.taxis-conventionnes-cpam-idf.fr\/index.php\/taxi-conventionne-cpam-pour-lhopital-bichat\/","title":{"rendered":"Taxi conventionn\u00e9 CPAM pour l&rsquo;H\u00f4pital Bichat"},"content":{"rendered":"\t\t<div data-elementor-type=\"wp-page\" data-elementor-id=\"167\" class=\"elementor elementor-167\">\n\t\t\t\t<div class=\"elementor-element elementor-element-bdf792b e-flex e-con-boxed e-con e-parent\" data-id=\"bdf792b\" data-element_type=\"container\" data-e-type=\"container\">\n\t\t\t\t\t<div class=\"e-con-inner\">\n\t\t\t\t<div class=\"elementor-element elementor-element-b49853d elementor-widget elementor-widget-text-editor\" data-id=\"b49853d\" data-element_type=\"widget\" data-e-type=\"widget\" data-widget_type=\"text-editor.default\">\n\t\t\t\t\t\t\t\t\t<p>Vous avez un rendez-vous \u00e0 l&rsquo;H\u00f4pital Bichat-Claude Bernard et recherchez un taxi conventionn\u00e9 CPAM ?<\/p><p>Nous accompagnons les patients se rendant \u00e0 Bichat pour des consultations sp\u00e9cialis\u00e9es, examens m\u00e9dicaux, traitements ou hospitalisations lorsqu&rsquo;un transport m\u00e9dical est prescrit.<\/p><p>Notre objectif est de vous permettre d&rsquo;effectuer vos d\u00e9placements dans les meilleures conditions de confort, de s\u00e9curit\u00e9 et de s\u00e9r\u00e9nit\u00e9.<\/p>\t\t\t\t\t\t\t\t<\/div>\n\t\t\t\t\t<\/div>\n\t\t\t\t<\/div>\n\t\t<div class=\"elementor-element elementor-element-8b010a5 e-con e-atomic-element e-flexbox-base \" data-id=\"8b010a5\" data-element_type=\"e-flexbox\" data-e-type=\"e-flexbox\" data-interaction-id=\"8b010a5\">\n    \t\t\t<h2 data-interaction-id=\"0c15a3e\" class=\"e-heading-base\">L'essentiel \u00e0 savoir<\/h2>\n\t\t\n<\/div>\n<div class=\"elementor-element elementor-element-84905df e-flex e-con-boxed e-con e-parent\" data-id=\"84905df\" data-element_type=\"container\" data-e-type=\"container\">\n\t\t\t\t\t<div class=\"e-con-inner\">\n\t\t\t\t<div class=\"elementor-element elementor-element-02b4a2e elementor-widget elementor-widget-text-editor\" data-id=\"02b4a2e\" data-element_type=\"widget\" data-e-type=\"widget\" data-widget_type=\"text-editor.default\">\n\t\t\t\t\t\t\t\t\t<p>\u2713 Transport assur\u00e9 par un taxi conventionn\u00e9 CPAM<\/p><p>\u2713 D\u00e9placements vers l&rsquo;H\u00f4pital Bichat selon prescription m\u00e9dicale<\/p><p>\u2713 Accompagnement pour les consultations, examens et hospitalisations<\/p><p>\u2713 V\u00e9hicules confortables adapt\u00e9s aux patients fragilis\u00e9s<\/p><p>\u2713 R\u00e9servation simple par t\u00e9l\u00e9phone ou formulaire<\/p>\t\t\t\t\t\t\t\t<\/div>\n\t\t\t\t\t<\/div>\n\t\t\t\t<\/div>\n\t\t<div class=\"elementor-element elementor-element-fe64dd0 e-con e-atomic-element e-flexbox-base \" data-id=\"fe64dd0\" data-element_type=\"e-flexbox\" data-e-type=\"e-flexbox\" data-interaction-id=\"fe64dd0\">\n    \t\t\t<h2 data-interaction-id=\"096ad87\" class=\"e-heading-base\">Pourquoi de nombreux patients se rendent-ils \u00e0 l'H\u00f4pital Bichat ?<\/h2>\n\t\t\n<\/div>\n<div class=\"elementor-element elementor-element-4064d84 e-flex e-con-boxed e-con e-parent\" data-id=\"4064d84\" data-element_type=\"container\" data-e-type=\"container\">\n\t\t\t\t\t<div class=\"e-con-inner\">\n\t\t\t\t<div class=\"elementor-element elementor-element-dc588c3 elementor-widget elementor-widget-text-editor\" data-id=\"dc588c3\" data-element_type=\"widget\" data-e-type=\"widget\" data-widget_type=\"text-editor.default\">\n\t\t\t\t\t\t\t\t\t<p>L&rsquo;H\u00f4pital Bichat est l&rsquo;un des principaux \u00e9tablissements hospitaliers d&rsquo;\u00cele-de-France.<\/p><p>Il accueille de nombreux patients dans des sp\u00e9cialit\u00e9s reconnues telles que la pneumologie, la cardiologie, la chirurgie thoracique, les maladies respiratoires chroniques et les consultations sp\u00e9cialis\u00e9es.<\/p><p>Certains patients doivent s&rsquo;y rendre r\u00e9guli\u00e8rement pour des examens, des traitements ou un suivi m\u00e9dical de longue dur\u00e9e.<\/p>\t\t\t\t\t\t\t\t<\/div>\n\t\t\t\t\t<\/div>\n\t\t\t\t<\/div>\n\t\t<div class=\"elementor-element elementor-element-9bce7ff e-con e-atomic-element e-flexbox-base \" data-id=\"9bce7ff\" data-element_type=\"e-flexbox\" data-e-type=\"e-flexbox\" data-interaction-id=\"9bce7ff\">\n    \t\t\t<h2 data-interaction-id=\"e7b72bc\" class=\"e-heading-base\">Quels rendez-vous \u00e0 l'H\u00f4pital Bichat peuvent n\u00e9cessiter un transport conventionn\u00e9 ?<\/h2>\n\t\t\n<\/div>\n<div class=\"elementor-element elementor-element-ea535eb e-flex e-con-boxed e-con e-parent\" data-id=\"ea535eb\" data-element_type=\"container\" data-e-type=\"container\">\n\t\t\t\t\t<div class=\"e-con-inner\">\n\t\t\t\t<div class=\"elementor-element elementor-element-c7c8c2a elementor-widget elementor-widget-text-editor\" data-id=\"c7c8c2a\" data-element_type=\"widget\" data-e-type=\"widget\" data-widget_type=\"text-editor.default\">\n\t\t\t\t\t\t\t\t\t<p>\u2022 Consultations de pneumologie<\/p><p>\u2022 Consultations de cardiologie<\/p><p>\u2022 Examens respiratoires sp\u00e9cialis\u00e9s<\/p><p>\u2022 Suivi des maladies pulmonaires chroniques<\/p><p>\u2022 Chirurgie thoracique<\/p><p>\u2022 Hospitalisations programm\u00e9es<\/p><p>\u2022 Bilans m\u00e9dicaux sp\u00e9cialis\u00e9s<\/p><p>\u2022 Consultations de suivi r\u00e9guli\u00e8res<\/p>\t\t\t\t\t\t\t\t<\/div>\n\t\t\t\t\t<\/div>\n\t\t\t\t<\/div>\n\t\t<div class=\"elementor-element elementor-element-da4a37e e-con e-atomic-element e-flexbox-base \" data-id=\"da4a37e\" data-element_type=\"e-flexbox\" data-e-type=\"e-flexbox\" data-interaction-id=\"da4a37e\">\n    \t\t\t<h2 data-interaction-id=\"ab82d62\" class=\"e-heading-base\">Questions fr\u00e9quentes des patients se rendant \u00e0 l'H\u00f4pital Bichat<\/h2>\n\t\t\n<\/div>\n<div class=\"elementor-element elementor-element-2dfe187 e-flex e-con-boxed e-con e-parent\" data-id=\"2dfe187\" data-element_type=\"container\" data-e-type=\"container\">\n\t\t\t\t\t<div class=\"e-con-inner\">\n\t\t\t\t<div class=\"elementor-element elementor-element-34a49f2 elementor-widget elementor-widget-text-editor\" data-id=\"34a49f2\" data-element_type=\"widget\" data-e-type=\"widget\" data-widget_type=\"text-editor.default\">\n\t\t\t\t\t\t\t\t\t<p class=\"PDq2pG_selectionAnchorContainer\" data-start=\"371\" data-end=\"470\"><strong data-start=\"371\" data-end=\"470\">Je suis essouffl\u00e9 et j&rsquo;ai des difficult\u00e9s \u00e0 marcher. Comment cela se passe-t-il \u00e0 mon arriv\u00e9e ?<\/strong><\/p><p data-start=\"472\" data-end=\"607\">Dans de nombreuses situations, il est possible de demander un fauteuil roulant \u00e0 l&rsquo;accueil de l&rsquo;h\u00f4pital, sous r\u00e9serve de disponibilit\u00e9.<\/p><p data-start=\"609\" data-end=\"780\">Toutefois, lorsqu&rsquo;un patient dispose de son propre fauteuil roulant, il est souvent pr\u00e9f\u00e9rable de l&rsquo;apporter afin de garantir son confort et son autonomie d\u00e8s son arriv\u00e9e.<\/p><hr data-start=\"782\" data-end=\"785\" \/><p data-start=\"787\" data-end=\"866\"><strong data-start=\"787\" data-end=\"866\">J&rsquo;utilise un fauteuil roulant. Dois-je le signaler lors de la r\u00e9servation ?<\/strong><\/p><p data-start=\"868\" data-end=\"872\">Oui.<\/p><p data-start=\"874\" data-end=\"1103\">Il est important de nous informer lors de la r\u00e9servation afin que nous puissions pr\u00e9voir un v\u00e9hicule disposant de l&rsquo;espace n\u00e9cessaire pour transporter votre fauteuil roulant, votre d\u00e9ambulateur ou tout autre mat\u00e9riel de mobilit\u00e9.<\/p><hr data-start=\"1105\" data-end=\"1108\" \/><p data-start=\"1110\" data-end=\"1174\"><strong data-start=\"1110\" data-end=\"1174\">Je suis sous oxyg\u00e8ne. Puis-je voyager en taxi conventionn\u00e9 ?<\/strong><\/p><p data-start=\"1176\" data-end=\"1180\">Oui.<\/p><p data-start=\"1182\" data-end=\"1300\">Les bouteilles d&rsquo;oxyg\u00e8ne prescrites dans le cadre de votre prise en charge peuvent \u00eatre transport\u00e9es dans le v\u00e9hicule.<\/p><p data-start=\"1302\" data-end=\"1548\">En revanche, nous ne sommes pas un service d&rsquo;ambulance : nous ne pouvons ni fournir, ni remplacer, ni recharger les \u00e9quipements d&rsquo;oxyg\u00e9noth\u00e9rapie. Il est donc important de v\u00e9rifier que vous disposez du mat\u00e9riel n\u00e9cessaire pour la dur\u00e9e du trajet.<\/p><hr data-start=\"1550\" data-end=\"1553\" \/><p data-start=\"1555\" data-end=\"1650\"><strong data-start=\"1555\" data-end=\"1650\">Je souffre d&rsquo;une maladie respiratoire et j&rsquo;ai besoin de prendre mon temps pour m&rsquo;installer.<\/strong><\/p><p data-start=\"1652\" data-end=\"1667\">Aucun probl\u00e8me.<\/p><p data-start=\"1669\" data-end=\"1896\">Nous savons que certaines pathologies respiratoires ou cardiaques peuvent rendre les d\u00e9placements plus fatigants. Nous prenons le temps n\u00e9cessaire pour permettre aux patients de s&rsquo;installer confortablement et en toute s\u00e9curit\u00e9.<\/p><hr data-start=\"1898\" data-end=\"1901\" \/><p data-start=\"1903\" data-end=\"1964\"><strong data-start=\"1903\" data-end=\"1964\">Puis-je \u00eatre d\u00e9pos\u00e9 au plus pr\u00e8s de l&rsquo;entr\u00e9e du service ?<\/strong><\/p><p data-start=\"1966\" data-end=\"2164\">Lorsque les conditions d&rsquo;acc\u00e8s le permettent, nous cherchons toujours \u00e0 d\u00e9poser les patients au plus pr\u00e8s de leur lieu de consultation ou d&rsquo;hospitalisation afin de limiter leurs d\u00e9placements \u00e0 pied.<\/p><hr data-start=\"2166\" data-end=\"2169\" \/><p data-start=\"2171\" data-end=\"2228\"><strong data-start=\"2171\" data-end=\"2228\">Je suis accompagn\u00e9 d&rsquo;un proche. Dois-je le signaler ?<\/strong><\/p><p data-start=\"2230\" data-end=\"2234\">Oui.<\/p><p data-start=\"2236\" data-end=\"2375\">Il est pr\u00e9f\u00e9rable de nous le pr\u00e9ciser lors de la r\u00e9servation afin que nous puissions organiser le transport dans les meilleures conditions.<\/p><hr data-start=\"2377\" data-end=\"2380\" \/><p data-start=\"2382\" data-end=\"2492\"><strong data-start=\"2382\" data-end=\"2492\">Je suis immunod\u00e9prim\u00e9 ou particuli\u00e8rement fragile. Vais-je partager mon transport avec d&rsquo;autres patients ?<\/strong><\/p><p data-start=\"2494\" data-end=\"2607\">Dans certaines situations m\u00e9dicales, l&rsquo;\u00e9tat de sant\u00e9 du patient peut \u00eatre incompatible avec un transport partag\u00e9.<\/p><p data-start=\"2609\" data-end=\"2764\">Lorsque le m\u00e9decin estime que le transport partag\u00e9 n&rsquo;est pas adapt\u00e9 \u00e0 la situation m\u00e9dicale, il peut le pr\u00e9ciser sur la prescription m\u00e9dicale de transport.<\/p><p data-start=\"2766\" data-end=\"2958\">Lors de votre r\u00e9servation, n&rsquo;h\u00e9sitez pas \u00e0 nous signaler toute information importante concernant votre \u00e9tat de sant\u00e9 afin que nous puissions v\u00e9rifier les modalit\u00e9s pr\u00e9vues par la prescription.<\/p><hr data-start=\"2960\" data-end=\"2963\" \/><p data-start=\"2965\" data-end=\"3025\"><strong data-start=\"2965\" data-end=\"3025\">Je suis inquiet avant mon examen ou mon hospitalisation.<\/strong><\/p><p data-start=\"3027\" data-end=\"3074\">C&rsquo;est une r\u00e9action parfaitement compr\u00e9hensible.<\/p><p data-start=\"3076\" data-end=\"3331\">Nous savons qu&rsquo;un rendez-vous m\u00e9dical important peut \u00eatre source de stress ou d&rsquo;appr\u00e9hension. Notre r\u00f4le ne se limite pas \u00e0 conduire un v\u00e9hicule : nous veillons \u00e9galement \u00e0 offrir un transport calme, confortable et respectueux du rythme de chaque patient.<\/p><hr data-start=\"3333\" data-end=\"3336\" \/><h2 data-section-id=\"1gd3t05\" data-start=\"3338\" data-end=\"3377\">Notre r\u00f4le ne s&rsquo;arr\u00eate pas au volant<\/h2><p data-start=\"3379\" data-end=\"3491\">Un patient souffrant d&rsquo;une maladie respiratoire, cardiaque ou chronique n&rsquo;effectue pas un d\u00e9placement ordinaire.<\/p><p data-start=\"3493\" data-end=\"3653\">L&rsquo;essoufflement, la fatigue, les difficult\u00e9s \u00e0 marcher ou l&rsquo;inqui\u00e9tude li\u00e9e \u00e0 un examen m\u00e9dical peuvent rendre un simple trajet plus difficile qu&rsquo;il n&rsquo;y para\u00eet.<\/p><p data-start=\"3655\" data-end=\"3847\">Nous accordons une attention particuli\u00e8re au confort, \u00e0 l&rsquo;\u00e9coute et au rythme de chaque patient afin que le transport vers l&rsquo;H\u00f4pital Bichat se d\u00e9roule dans les meilleures conditions possibles.<\/p><p data-start=\"3849\" data-end=\"3929\">Notre objectif est que le trajet soit la partie la plus simple de votre journ\u00e9e.<\/p>\t\t\t\t\t\t\t\t<\/div>\n\t\t\t\t\t<\/div>\n\t\t\t\t<\/div>\n\t\t<div class=\"elementor-element elementor-element-734398d e-con e-atomic-element e-flexbox-base \" data-id=\"734398d\" data-element_type=\"e-flexbox\" data-e-type=\"e-flexbox\" data-interaction-id=\"734398d\">\n    \t\t\t<h2 data-interaction-id=\"56d0098\" class=\"e-heading-base\">Informations utiles avant votre rendez-vous \u00e0 l'H\u00f4pital Bichat<\/h2>\n\t\t\n<\/div>\n<div class=\"elementor-element elementor-element-b7d2d55 e-flex e-con-boxed e-con e-parent\" data-id=\"b7d2d55\" data-element_type=\"container\" data-e-type=\"container\">\n\t\t\t\t\t<div class=\"e-con-inner\">\n\t\t\t\t<div class=\"elementor-element elementor-element-5addc1b elementor-widget elementor-widget-text-editor\" data-id=\"5addc1b\" data-element_type=\"widget\" data-e-type=\"widget\" data-widget_type=\"text-editor.default\">\n\t\t\t\t\t\t\t\t\t<ul><li data-section-id=\"s5dea\" data-start=\"385\" data-end=\"446\"><a href=\"https:\/\/nouveau.taxis-conventionnes-cpam-idf.fr\/index.php\/transport-conventionne-cpam\/\">Comprendre le fonctionnement du transport conventionn\u00e9 CPAM<\/a><\/li><li data-section-id=\"o01uwb\" data-start=\"447\" data-end=\"500\"><a href=\"https:\/\/nouveau.taxis-conventionnes-cpam-idf.fr\/index.php\/qui-a-droit-a-un-taxi-conventionne-cpam\/\">V\u00e9rifier qui peut b\u00e9n\u00e9ficier d&rsquo;un taxi conventionn\u00e9<\/a><\/li><li data-section-id=\"b9p531\" data-start=\"501\" data-end=\"549\"><a href=\"https:\/\/nouveau.taxis-conventionnes-cpam-idf.fr\/index.php\/taxi-conventionne-cpam-pour-la-chimiotherapie\/\">Organiser un transport pour une chimioth\u00e9rapie<\/a><\/li><li data-section-id=\"fa16xx\" data-start=\"550\" data-end=\"597\"><a href=\"https:\/\/nouveau.taxis-conventionnes-cpam-idf.fr\/index.php\/taxi-conventionne-cpam-pour-la-radiotherapie\/\">Organiser un transport pour une radioth\u00e9rapie<\/a><\/li><li data-section-id=\"1qbv884\" data-start=\"598\" data-end=\"647\"><a href=\"https:\/\/nouveau.taxis-conventionnes-cpam-idf.fr\/index.php\/taxi-conventionne-cpam-pour-la-pitie-salpetriere\/\">Pr\u00e9parer un transport vers la Piti\u00e9-Salp\u00eatri\u00e8re<\/a><\/li><li data-section-id=\"9avbnv\" data-start=\"648\" data-end=\"691\"><a href=\"https:\/\/nouveau.taxis-conventionnes-cpam-idf.fr\/index.php\/taxi-conventionne-cpam-pour-gustave-roussy\/\">Pr\u00e9parer un transport vers Gustave Roussy<\/a><\/li><li data-section-id=\"st1jea\" data-start=\"692\" data-end=\"756\"><a href=\"https:\/\/nouveau.taxis-conventionnes-cpam-idf.fr\/index.php\/reservation-de-transport-conventionne-cpam\/\">Effectuer une demande de r\u00e9servation de transport conventionn\u00e9<\/a><\/li><li data-section-id=\"e8gaba\" data-start=\"757\" data-end=\"805\"><a href=\"https:\/\/nouveau.taxis-conventionnes-cpam-idf.fr\/index.php\/transport-medical-longue-distance-conventionne-cpam\/\">Organiser un transport m\u00e9dical longue distance<\/a><\/li><\/ul>\t\t\t\t\t\t\t\t<\/div>\n\t\t\t\t\t<\/div>\n\t\t\t\t<\/div>\n\t\t<div class=\"elementor-element elementor-element-a2db0f2 e-con e-atomic-element e-flexbox-base \" data-id=\"a2db0f2\" data-element_type=\"e-flexbox\" data-e-type=\"e-flexbox\" data-interaction-id=\"a2db0f2\">\n    \t\t\t<h2 data-interaction-id=\"072a432\" class=\"e-heading-base\">R\u00e9server un taxi conventionn\u00e9 pour l'H\u00f4pital Bichat<\/h2>\n\t\t\n<\/div>\n<div class=\"elementor-element elementor-element-c714627 e-flex e-con-boxed e-con e-parent\" data-id=\"c714627\" data-element_type=\"container\" data-e-type=\"container\">\n\t\t\t\t\t<div class=\"e-con-inner\">\n\t\t\t\t<div class=\"elementor-element elementor-element-0b01e87 elementor-widget elementor-widget-text-editor\" data-id=\"0b01e87\" data-element_type=\"widget\" data-e-type=\"widget\" data-widget_type=\"text-editor.default\">\n\t\t\t\t\t\t\t\t\t<p class=\"PDq2pG_selectionAnchorContainer\" data-start=\"941\" data-end=\"1025\">Vous avez un rendez-vous \u00e0 l&rsquo;H\u00f4pital Bichat et souhaitez organiser votre transport ?<\/p><p data-start=\"1027\" data-end=\"1169\">Notre \u00e9quipe peut vous accompagner dans la pr\u00e9paration de votre d\u00e9placement et vous informer sur les modalit\u00e9s du transport conventionn\u00e9 CPAM.<\/p><p data-start=\"1171\" data-end=\"1368\">Que vous soyez suivi en pneumologie, cardiologie ou dans un autre service sp\u00e9cialis\u00e9, nous mettons tout en \u0153uvre pour vous permettre de rejoindre l&rsquo;h\u00f4pital dans les meilleures conditions possibles.<\/p><p data-start=\"1370\" data-end=\"1460\">N&rsquo;h\u00e9sitez pas \u00e0 nous contacter afin d&rsquo;\u00e9tudier votre situation et d&rsquo;organiser votre trajet.<\/p>\t\t\t\t\t\t\t\t<\/div>\n\t\t\t\t\t<\/div>\n\t\t\t\t<\/div>\n\t\t\t\t<\/div>\n\t\t","protected":false},"excerpt":{"rendered":"<p>Vous avez un rendez-vous \u00e0 l&rsquo;H\u00f4pital Bichat-Claude Bernard et recherchez un taxi conventionn\u00e9 CPAM ? Nous accompagnons les patients se rendant \u00e0 Bichat pour des consultations sp\u00e9cialis\u00e9es, examens m\u00e9dicaux, traitements ou hospitalisations lorsqu&rsquo;un transport m\u00e9dical est prescrit. Notre objectif est de vous permettre d&rsquo;effectuer vos d\u00e9placements dans les meilleures conditions de confort, de s\u00e9curit\u00e9 et [&hellip;]<\/p>\n","protected":false},"author":1,"featured_media":0,"parent":0,"menu_order":0,"comment_status":"closed","ping_status":"closed","template":"","meta":{"footnotes":""},"class_list":["post-167","page","type-page","status-publish","hentry"],"_links":{"self":[{"href":"https:\/\/nouveau.taxis-conventionnes-cpam-idf.fr\/index.php\/wp-json\/wp\/v2\/pages\/167","targetHints":{"allow":["GET"]}}],"collection":[{"href":"https:\/\/nouveau.taxis-conventionnes-cpam-idf.fr\/index.php\/wp-json\/wp\/v2\/pages"}],"about":[{"href":"https:\/\/nouveau.taxis-conventionnes-cpam-idf.fr\/index.php\/wp-json\/wp\/v2\/types\/page"}],"author":[{"embeddable":true,"href":"https:\/\/nouveau.taxis-conventionnes-cpam-idf.fr\/index.php\/wp-json\/wp\/v2\/users\/1"}],"replies":[{"embeddable":true,"href":"https:\/\/nouveau.taxis-conventionnes-cpam-idf.fr\/index.php\/wp-json\/wp\/v2\/comments?post=167"}],"version-history":[{"count":4,"href":"https:\/\/nouveau.taxis-conventionnes-cpam-idf.fr\/index.php\/wp-json\/wp\/v2\/pages\/167\/revisions"}],"predecessor-version":[{"id":171,"href":"https:\/\/nouveau.taxis-conventionnes-cpam-idf.fr\/index.php\/wp-json\/wp\/v2\/pages\/167\/revisions\/171"}],"wp:attachment":[{"href":"https:\/\/nouveau.taxis-conventionnes-cpam-idf.fr\/index.php\/wp-json\/wp\/v2\/media?parent=167"}],"curies":[{"name":"wp","href":"https:\/\/api.w.org\/{rel}","templated":true}]}}