{"id":177,"date":"2026-06-27T17:04:11","date_gmt":"2026-06-27T17:04:11","guid":{"rendered":"https:\/\/nouveau.taxis-conventionnes-cpam-idf.fr\/?page_id=177"},"modified":"2026-06-27T17:07:40","modified_gmt":"2026-06-27T17:07:40","slug":"taxi-conventionne-cpam-pour-lhopital-avicenne","status":"publish","type":"page","link":"https:\/\/nouveau.taxis-conventionnes-cpam-idf.fr\/index.php\/taxi-conventionne-cpam-pour-lhopital-avicenne\/","title":{"rendered":"Taxi conventionn\u00e9 CPAM pour l&rsquo;H\u00f4pital Avicenne"},"content":{"rendered":"\t\t<div data-elementor-type=\"wp-page\" data-elementor-id=\"177\" class=\"elementor elementor-177\">\n\t\t\t\t<div class=\"elementor-element elementor-element-ab22353 e-flex e-con-boxed e-con e-parent\" data-id=\"ab22353\" data-element_type=\"container\" data-e-type=\"container\">\n\t\t\t\t\t<div class=\"e-con-inner\">\n\t\t\t\t<div class=\"elementor-element elementor-element-043e3ad elementor-widget elementor-widget-text-editor\" data-id=\"043e3ad\" data-element_type=\"widget\" data-e-type=\"widget\" data-widget_type=\"text-editor.default\">\n\t\t\t\t\t\t\t\t\t<p>L&rsquo;H\u00f4pital Avicenne accueille chaque ann\u00e9e de nombreux patients venant de Seine-Saint-Denis, de Paris et de toute l&rsquo;\u00cele-de-France.<\/p><p>Nos taxis conventionn\u00e9s CPAM assurent les transports m\u00e9dicaux prescrits vers l&rsquo;H\u00f4pital Avicenne pour les consultations, examens, traitements ou hospitalisations, dans le respect des conditions de prise en charge d\u00e9finies par l&rsquo;Assurance Maladie.<\/p><p>Nous accompagnons r\u00e9guli\u00e8rement des patients suivis dans les diff\u00e9rents services sp\u00e9cialis\u00e9s de l&rsquo;\u00e9tablissement.<\/p>\t\t\t\t\t\t\t\t<\/div>\n\t\t\t\t\t<\/div>\n\t\t\t\t<\/div>\n\t\t<div class=\"elementor-element elementor-element-492e760 e-con e-atomic-element e-flexbox-base \" data-id=\"492e760\" data-element_type=\"e-flexbox\" data-e-type=\"e-flexbox\" data-interaction-id=\"492e760\">\n    \t\t\t<h2 data-interaction-id=\"4f243da\" class=\"e-heading-base\">Des patients venant bien au-del\u00e0 de la Seine-Saint-Denis<\/h2>\n\t\t\n<\/div>\n<div class=\"elementor-element elementor-element-5e75db2 e-flex e-con-boxed e-con e-parent\" data-id=\"5e75db2\" data-element_type=\"container\" data-e-type=\"container\">\n\t\t\t\t\t<div class=\"e-con-inner\">\n\t\t\t\t<div class=\"elementor-element elementor-element-bc9e560 elementor-widget elementor-widget-text-editor\" data-id=\"bc9e560\" data-element_type=\"widget\" data-e-type=\"widget\" data-widget_type=\"text-editor.default\">\n\t\t\t\t\t\t\t\t\t<p>L&rsquo;H\u00f4pital Avicenne accueille non seulement des patients de Seine-Saint-Denis, mais \u00e9galement de nombreux patients venant de l&rsquo;Oise, du nord de la Seine-et-Marne, de l&rsquo;Aisne ou d&rsquo;autres secteurs d&rsquo;\u00cele-de-France.<\/p><p>Nous intervenons principalement pour les patients effectuant des trajets plus importants vers l&rsquo;h\u00f4pital, notamment lorsqu&rsquo;un suivi sp\u00e9cialis\u00e9, un traitement r\u00e9gulier ou une hospitalisation n\u00e9cessite des d\u00e9placements r\u00e9p\u00e9t\u00e9s.<\/p><p>Notre organisation est particuli\u00e8rement adapt\u00e9e aux patients qui doivent parcourir plusieurs dizaines de kilom\u00e8tres pour rejoindre leur \u00e9tablissement de soins.<\/p>\t\t\t\t\t\t\t\t<\/div>\n\t\t\t\t\t<\/div>\n\t\t\t\t<\/div>\n\t\t<div class=\"elementor-element elementor-element-8d83995 e-con e-atomic-element e-flexbox-base \" data-id=\"8d83995\" data-element_type=\"e-flexbox\" data-e-type=\"e-flexbox\" data-interaction-id=\"8d83995\">\n    \t\t\t<h2 data-interaction-id=\"a87b9fd\" class=\"e-heading-base\">Des traitements et suivis m\u00e9dicaux qui n\u00e9cessitent des d\u00e9placements r\u00e9guliers<\/h2>\n\t\t\n<\/div>\n<div class=\"elementor-element elementor-element-ce41f29 e-flex e-con-boxed e-con e-parent\" data-id=\"ce41f29\" data-element_type=\"container\" data-e-type=\"container\">\n\t\t\t\t\t<div class=\"e-con-inner\">\n\t\t\t\t<div class=\"elementor-element elementor-element-d1e9787 elementor-widget elementor-widget-text-editor\" data-id=\"d1e9787\" data-element_type=\"widget\" data-e-type=\"widget\" data-widget_type=\"text-editor.default\">\n\t\t\t\t\t\t\t\t\t<p>De nombreux patients suivis \u00e0 l&rsquo;H\u00f4pital Avicenne doivent se rendre \u00e0 l&rsquo;\u00e9tablissement de mani\u00e8re r\u00e9guli\u00e8re pendant plusieurs semaines ou plusieurs mois.<\/p><p>C&rsquo;est notamment le cas pour certains traitements contre le cancer, les s\u00e9ances de dialyse, les consultations sp\u00e9cialis\u00e9es ou encore le suivi de maladies chroniques.<\/p><p>Pour les patients venant de l&rsquo;Oise, du nord de la Seine-et-Marne ou de l&rsquo;Aisne, ces d\u00e9placements repr\u00e9sentent parfois plusieurs heures de trajet chaque semaine.<\/p><p>Une organisation rigoureuse des transports permet alors d&rsquo;assurer la continuit\u00e9 des soins dans les meilleures conditions possibles.<\/p>\t\t\t\t\t\t\t\t<\/div>\n\t\t\t\t\t<\/div>\n\t\t\t\t<\/div>\n\t\t<div class=\"elementor-element elementor-element-73d798d e-con e-atomic-element e-flexbox-base \" data-id=\"73d798d\" data-element_type=\"e-flexbox\" data-e-type=\"e-flexbox\" data-interaction-id=\"73d798d\">\n    \t\t\t<h2 data-interaction-id=\"a216f60\" class=\"e-heading-base\">Pourquoi se rendre \u00e0 l'H\u00f4pital Avicenne en taxi conventionn\u00e9 ?<\/h2>\n\t\t\n<\/div>\n<div class=\"elementor-element elementor-element-1ae6af4 e-flex e-con-boxed e-con e-parent\" data-id=\"1ae6af4\" data-element_type=\"container\" data-e-type=\"container\">\n\t\t\t\t\t<div class=\"e-con-inner\">\n\t\t\t\t<div class=\"elementor-element elementor-element-1d8593d elementor-widget elementor-widget-text-editor\" data-id=\"1d8593d\" data-element_type=\"widget\" data-e-type=\"widget\" data-widget_type=\"text-editor.default\">\n\t\t\t\t\t\t\t\t\t<p>L&rsquo;H\u00f4pital Avicenne est l&rsquo;un des principaux \u00e9tablissements hospitaliers de Seine-Saint-Denis.<\/p><p>Il dispose de nombreux services sp\u00e9cialis\u00e9s accueillant des patients n\u00e9cessitant des d\u00e9placements m\u00e9dicaux r\u00e9guliers.<\/p><p>Selon votre situation m\u00e9dicale et la prescription \u00e9tablie par votre m\u00e9decin, vos transports peuvent \u00eatre r\u00e9alis\u00e9s par un taxi conventionn\u00e9 CPAM.<\/p><p>Cette solution permet d&rsquo;effectuer les trajets vers l&rsquo;h\u00f4pital dans des conditions adapt\u00e9es \u00e0 votre \u00e9tat de sant\u00e9.<\/p>\t\t\t\t\t\t\t\t<\/div>\n\t\t\t\t\t<\/div>\n\t\t\t\t<\/div>\n\t\t<div class=\"elementor-element elementor-element-bc7bfc9 e-con e-atomic-element e-flexbox-base \" data-id=\"bc7bfc9\" data-element_type=\"e-flexbox\" data-e-type=\"e-flexbox\" data-interaction-id=\"bc7bfc9\">\n    \t\t\t<h2 data-interaction-id=\"614ceb8\" class=\"e-heading-base\">Services de l'H\u00f4pital Avicenne fr\u00e9quemment desservis<\/h2>\n\t\t\n<\/div>\n<div class=\"elementor-element elementor-element-64f5517 e-flex e-con-boxed e-con e-parent\" data-id=\"64f5517\" data-element_type=\"container\" data-e-type=\"container\">\n\t\t\t\t\t<div class=\"e-con-inner\">\n\t\t\t\t<div class=\"elementor-element elementor-element-f148742 elementor-widget elementor-widget-text-editor\" data-id=\"f148742\" data-element_type=\"widget\" data-e-type=\"widget\" data-widget_type=\"text-editor.default\">\n\t\t\t\t\t\t\t\t\t<p>\u2022 Oncologie<\/p><p>\u2022 Radioth\u00e9rapie<\/p><p>\u2022 Chimioth\u00e9rapie<\/p><p>\u2022 N\u00e9phrologie<\/p><p>\u2022 Dialyse<\/p><p>\u2022 Pneumologie<\/p><p>\u2022 Cardiologie<\/p><p>\u2022 Neurologie<\/p><p>\u2022 Rhumatologie<\/p><p>\u2022 M\u00e9decine interne<\/p><p>\u2022 Consultations sp\u00e9cialis\u00e9es<\/p><p>\u2022 Hospitalisations programm\u00e9es<\/p>\t\t\t\t\t\t\t\t<\/div>\n\t\t\t\t\t<\/div>\n\t\t\t\t<\/div>\n\t\t<div class=\"elementor-element elementor-element-aa8fd3b e-con e-atomic-element e-flexbox-base \" data-id=\"aa8fd3b\" data-element_type=\"e-flexbox\" data-e-type=\"e-flexbox\" data-interaction-id=\"aa8fd3b\">\n    \t\t\t<h2 data-interaction-id=\"2ae28ec\" class=\"e-heading-base\"><strong>Questions fr\u00e9quentes des patients de l'H\u00f4pital Avicenne<\/strong><\/h2>\n\t\t\n<\/div>\n<div class=\"elementor-element elementor-element-fff5468 e-flex e-con-boxed e-con e-parent\" data-id=\"fff5468\" data-element_type=\"container\" data-e-type=\"container\">\n\t\t\t\t\t<div class=\"e-con-inner\">\n\t\t\t\t<div class=\"elementor-element elementor-element-6f52321 elementor-widget elementor-widget-text-editor\" data-id=\"6f52321\" data-element_type=\"widget\" data-e-type=\"widget\" data-widget_type=\"text-editor.default\">\n\t\t\t\t\t\t\t\t\t<p>Lorem ipsum dolor sit amet, consectetur adipiscing elit. Ut elit tellus, luctus nec ullamcorper mattis, pulvinar dapibus leo.<\/p>\t\t\t\t\t\t\t\t<\/div>\n\t\t\t\t\t<\/div>\n\t\t\t\t<\/div>\n\t\t<div class=\"elementor-element elementor-element-81fd201 e-flex e-con-boxed e-con e-parent\" data-id=\"81fd201\" data-element_type=\"container\" data-e-type=\"container\">\n\t\t\t\t\t<div class=\"e-con-inner\">\n\t\t\t\t<div class=\"elementor-element elementor-element-eba8125 elementor-widget elementor-widget-text-editor\" data-id=\"eba8125\" data-element_type=\"widget\" data-e-type=\"widget\" data-widget_type=\"text-editor.default\">\n\t\t\t\t\t\t\t\t\t<p><strong>Je dois me rendre r\u00e9guli\u00e8rement \u00e0 Avicenne pour un traitement, faut-il r\u00e9server chaque trajet ?<\/strong><\/p><p>Dans de nombreuses situations, lorsque les rendez-vous sont r\u00e9currents, les transports peuvent \u00eatre organis\u00e9s \u00e0 l&rsquo;avance selon le planning communiqu\u00e9 par le patient ou l&rsquo;\u00e9tablissement de soins.<\/p><p><br \/><strong>Puis-je \u00eatre accompagn\u00e9 lors de mon transport ?<\/strong><\/p><p>Certaines situations permettent la pr\u00e9sence d&rsquo;un accompagnant. Il est pr\u00e9f\u00e9rable de nous en informer au moment de la r\u00e9servation afin que nous puissions organiser le transport dans les meilleures conditions.<\/p><p><strong>Je me d\u00e9place avec un fauteuil roulant, est-ce possible ?<\/strong><\/p><p>Oui,<\/p><p>mais il est indispensable de le signaler lors de la r\u00e9servation afin que nous puissions pr\u00e9voir le v\u00e9hicule le plus adapt\u00e9 \u00e0 votre situation.<\/p><p><br \/>Que se passe-t-il si mon rendez-vous m\u00e9dical prend du retard ?<\/p><p>Les retards sont fr\u00e9quents dans les \u00e9tablissements hospitaliers. Nous en tenons compte dans l&rsquo;organisation de nos transports afin de nous adapter autant que possible aux contraintes de l&rsquo;h\u00f4pital.<\/p><p><br \/><strong>Je suis fatigu\u00e9 apr\u00e8s mon traitement, puis-je prendre mon temps pour rejoindre le v\u00e9hicule ?<\/strong><\/p><p>Bien s\u00fbr.<\/p><p>Nous savons que certains traitements ou examens peuvent \u00eatre \u00e9prouvants et nous laissons au patient le temps n\u00e9cessaire pour s&rsquo;installer confortablement avant le d\u00e9part.<\/p>\t\t\t\t\t\t\t\t<\/div>\n\t\t\t\t\t<\/div>\n\t\t\t\t<\/div>\n\t\t<div class=\"elementor-element elementor-element-31a0a49 e-flex e-con-boxed e-con e-parent\" data-id=\"31a0a49\" data-element_type=\"container\" data-e-type=\"container\">\n\t\t\t\t\t<div class=\"e-con-inner\">\n\t\t\t\t<div class=\"elementor-element elementor-element-e7d9ccb elementor-widget elementor-widget-text-editor\" data-id=\"e7d9ccb\" data-element_type=\"widget\" data-e-type=\"widget\" data-widget_type=\"text-editor.default\">\n\t\t\t\t\t\t\t\t\t<p>Un d\u00e9placement m\u00e9dical repr\u00e9sente souvent bien plus qu&rsquo;un simple trajet.<\/p><p>Pour de nombreux patients suivis \u00e0 l&rsquo;H\u00f4pital Avicenne, les rendez-vous se r\u00e9p\u00e8tent pendant plusieurs semaines, plusieurs mois ou parfois plusieurs ann\u00e9es.<\/p><p>Notre objectif est d&rsquo;assurer des transports ponctuels, confortables et adapt\u00e9s \u00e0 chaque situation afin que les d\u00e9placements m\u00e9dicaux se d\u00e9roulent dans les meilleures conditions possibles.<\/p>\t\t\t\t\t\t\t\t<\/div>\n\t\t\t\t\t<\/div>\n\t\t\t\t<\/div>\n\t\t\t\t<\/div>\n\t\t","protected":false},"excerpt":{"rendered":"<p>L&rsquo;H\u00f4pital Avicenne accueille chaque ann\u00e9e de nombreux patients venant de Seine-Saint-Denis, de Paris et de toute l&rsquo;\u00cele-de-France. Nos taxis conventionn\u00e9s CPAM assurent les transports m\u00e9dicaux prescrits vers l&rsquo;H\u00f4pital Avicenne pour les consultations, examens, traitements ou hospitalisations, dans le respect des conditions de prise en charge d\u00e9finies par l&rsquo;Assurance Maladie. Nous accompagnons r\u00e9guli\u00e8rement des patients suivis [&hellip;]<\/p>\n","protected":false},"author":1,"featured_media":0,"parent":0,"menu_order":0,"comment_status":"closed","ping_status":"closed","template":"","meta":{"footnotes":""},"class_list":["post-177","page","type-page","status-publish","hentry"],"_links":{"self":[{"href":"https:\/\/nouveau.taxis-conventionnes-cpam-idf.fr\/index.php\/wp-json\/wp\/v2\/pages\/177","targetHints":{"allow":["GET"]}}],"collection":[{"href":"https:\/\/nouveau.taxis-conventionnes-cpam-idf.fr\/index.php\/wp-json\/wp\/v2\/pages"}],"about":[{"href":"https:\/\/nouveau.taxis-conventionnes-cpam-idf.fr\/index.php\/wp-json\/wp\/v2\/types\/page"}],"author":[{"embeddable":true,"href":"https:\/\/nouveau.taxis-conventionnes-cpam-idf.fr\/index.php\/wp-json\/wp\/v2\/users\/1"}],"replies":[{"embeddable":true,"href":"https:\/\/nouveau.taxis-conventionnes-cpam-idf.fr\/index.php\/wp-json\/wp\/v2\/comments?post=177"}],"version-history":[{"count":4,"href":"https:\/\/nouveau.taxis-conventionnes-cpam-idf.fr\/index.php\/wp-json\/wp\/v2\/pages\/177\/revisions"}],"predecessor-version":[{"id":181,"href":"https:\/\/nouveau.taxis-conventionnes-cpam-idf.fr\/index.php\/wp-json\/wp\/v2\/pages\/177\/revisions\/181"}],"wp:attachment":[{"href":"https:\/\/nouveau.taxis-conventionnes-cpam-idf.fr\/index.php\/wp-json\/wp\/v2\/media?parent=177"}],"curies":[{"name":"wp","href":"https:\/\/api.w.org\/{rel}","templated":true}]}}