{"id":209,"date":"2026-06-27T20:13:32","date_gmt":"2026-06-27T20:13:32","guid":{"rendered":"https:\/\/nouveau.taxis-conventionnes-cpam-idf.fr\/?page_id=209"},"modified":"2026-07-11T11:13:58","modified_gmt":"2026-07-11T09:13:58","slug":"taxi-conventionne-cpam-conditions-prise-en-charge-et-demarches","status":"publish","type":"page","link":"https:\/\/nouveau.taxis-conventionnes-cpam-idf.fr\/index.php\/taxi-conventionne-cpam-conditions-prise-en-charge-et-demarches\/","title":{"rendered":"Taxi conventionn\u00e9 CPAM : conditions, prise en charge et d\u00e9marches"},"content":{"rendered":"\t\t<div data-elementor-type=\"wp-page\" data-elementor-id=\"209\" class=\"elementor elementor-209\">\n\t\t\t\t<div class=\"elementor-element elementor-element-43ca48e e-flex e-con-boxed e-con e-parent\" data-id=\"43ca48e\" data-element_type=\"container\" data-e-type=\"container\">\n\t\t\t\t\t<div class=\"e-con-inner\">\n\t\t\t\t<div class=\"elementor-element elementor-element-5969e41 elementor-widget elementor-widget-text-editor\" data-id=\"5969e41\" data-element_type=\"widget\" data-e-type=\"widget\" data-widget_type=\"text-editor.default\">\n\t\t\t\t\t\t\t\t\t<h1 class=\"PDq2pG_selectionAnchorContainer\" data-section-id=\"xf8hz0\" data-start=\"505\" data-end=\"572\">Taxi conventionn\u00e9 CPAM : conditions, prise en charge et d\u00e9marches<\/h1><p data-start=\"574\" data-end=\"774\">Le transport conventionn\u00e9 CPAM permet \u00e0 certains patients de b\u00e9n\u00e9ficier d&rsquo;une prise en charge de leurs d\u00e9placements m\u00e9dicaux lorsqu&rsquo;un professionnel de sant\u00e9 estime que leur \u00e9tat de sant\u00e9 le justifie.<\/p><p data-start=\"776\" data-end=\"1009\">De nombreuses situations peuvent ouvrir droit \u00e0 une prise en charge : s\u00e9ances de dialyse, radioth\u00e9rapie, chimioth\u00e9rapie, hospitalisation, transport longue distance ou encore certains suivis li\u00e9s \u00e0 une affection de longue dur\u00e9e (ALD).<\/p><p data-start=\"1011\" data-end=\"1217\">Cependant, la prise en charge n&rsquo;est jamais automatique. Elle d\u00e9pend toujours d&rsquo;une prescription m\u00e9dicale de transport \u00e9tablie par un professionnel de sant\u00e9 et des conditions pr\u00e9vues par l&rsquo;Assurance Maladie.<\/p><p data-start=\"1219\" data-end=\"1424\">Dans ce guide complet, d\u00e9couvrez qui peut b\u00e9n\u00e9ficier d&rsquo;un taxi conventionn\u00e9, comment obtenir une prescription, quelles d\u00e9marches effectuer et comment fonctionne le remboursement de vos transports m\u00e9dicaux.<\/p>\t\t\t\t\t\t\t\t<\/div>\n\t\t\t\t\t<\/div>\n\t\t\t\t<\/div>\n\t\t<div class=\"elementor-element elementor-element-dcc69b8 e-con e-atomic-element e-flexbox-base \" data-id=\"dcc69b8\" data-element_type=\"e-flexbox\" data-e-type=\"e-flexbox\" data-interaction-id=\"dcc69b8\">\n    \t\t\t<h2 data-interaction-id=\"bf76da7\" class=\"e-heading-base\">Qu'est-ce qu'un taxi conventionn\u00e9 CPAM ?<\/h2>\n\t\t\n<\/div>\n<div class=\"elementor-element elementor-element-d2130a2 e-con e-atomic-element e-flexbox-base \" data-id=\"d2130a2\" data-element_type=\"e-flexbox\" data-e-type=\"e-flexbox\" data-interaction-id=\"d2130a2\">\n    \t\t\t<img fetchpriority=\"high\" decoding=\"async\" class=\"e-image-base \" data-interaction-id=\"8a76c49\" id=\"221\" src=\"https:\/\/nouveau.taxis-conventionnes-cpam-idf.fr\/wp-content\/uploads\/2026\/06\/1234.png\" width=\"1536\" height=\"1024\" srcset=\"https:\/\/nouveau.taxis-conventionnes-cpam-idf.fr\/wp-content\/uploads\/2026\/06\/1234.png 1536w, https:\/\/nouveau.taxis-conventionnes-cpam-idf.fr\/wp-content\/uploads\/2026\/06\/1234-300x200.png 300w, https:\/\/nouveau.taxis-conventionnes-cpam-idf.fr\/wp-content\/uploads\/2026\/06\/1234-1024x683.png 1024w, https:\/\/nouveau.taxis-conventionnes-cpam-idf.fr\/wp-content\/uploads\/2026\/06\/1234-768x512.png 768w\" alt=\"D\u00e9finition d&#039;un taxi conventionn\u00e9 CPAM et fonctionnement de la prise en charge des transports m\u00e9dicaux.\"\/>\t\t\n<\/div>\n<div class=\"elementor-element elementor-element-e8f99ff e-flex e-con-boxed e-con e-parent\" data-id=\"e8f99ff\" data-element_type=\"container\" data-e-type=\"container\">\n\t\t\t\t\t<div class=\"e-con-inner\">\n\t\t\t\t<div class=\"elementor-element elementor-element-169f9d2 elementor-widget elementor-widget-text-editor\" data-id=\"169f9d2\" data-element_type=\"widget\" data-e-type=\"widget\" data-widget_type=\"text-editor.default\">\n\t\t\t\t\t\t\t\t\t<p data-start=\"479\" data-end=\"660\"><strong data-start=\"479\" data-end=\"660\">Un taxi conventionn\u00e9 est un taxi ayant sign\u00e9 une convention avec l&rsquo;Assurance Maladie lui permettant d&rsquo;effectuer des transports m\u00e9dicaux pris en charge dans certaines situations.<\/strong><\/p><p data-start=\"662\" data-end=\"894\">Lorsqu&rsquo;un m\u00e9decin prescrit un transport m\u00e9dical et que les conditions de prise en charge sont r\u00e9unies, le patient peut faire appel \u00e0 un taxi conventionn\u00e9 pour se rendre \u00e0 un rendez-vous m\u00e9dical, un traitement ou une hospitalisation.<\/p><p data-start=\"896\" data-end=\"1053\">Selon votre situation administrative et m\u00e9dicale, vous pouvez b\u00e9n\u00e9ficier du tiers payant et \u00e9viter l&rsquo;avance des frais pris en charge par l&rsquo;Assurance Maladie.<\/p><p data-start=\"1055\" data-end=\"1256\">Le transport conventionn\u00e9 concerne notamment les patients suivis pour des traitements r\u00e9guliers, des hospitalisations, des examens sp\u00e9cialis\u00e9s ou certains d\u00e9placements longue distance li\u00e9s \u00e0 des soins.<\/p>\t\t\t\t\t\t\t\t<\/div>\n\t\t\t\t\t<\/div>\n\t\t\t\t<\/div>\n\t\t<div class=\"elementor-element elementor-element-4406e47 e-flex e-con-boxed e-con e-parent\" data-id=\"4406e47\" data-element_type=\"container\" data-e-type=\"container\">\n\t\t\t\t\t<div class=\"e-con-inner\">\n\t\t\t\t<div class=\"elementor-element elementor-element-57dbb84 elementor-view-default elementor-position-block-start elementor-mobile-position-block-start elementor-widget elementor-widget-icon-box\" data-id=\"57dbb84\" data-element_type=\"widget\" data-e-type=\"widget\" data-widget_type=\"icon-box.default\">\n\t\t\t\t\t\t\t<div class=\"elementor-icon-box-wrapper\">\n\n\t\t\t\t\t\t<div class=\"elementor-icon-box-icon\">\n\t\t\t\t<span  class=\"elementor-icon\">\n\t\t\t\t<svg aria-hidden=\"true\" class=\"e-font-icon-svg e-fas-user-graduate\" viewBox=\"0 0 448 512\" xmlns=\"http:\/\/www.w3.org\/2000\/svg\"><path d=\"M319.4 320.6L224 416l-95.4-95.4C57.1 323.7 0 382.2 0 454.4v9.6c0 26.5 21.5 48 48 48h352c26.5 0 48-21.5 48-48v-9.6c0-72.2-57.1-130.7-128.6-133.8zM13.6 79.8l6.4 1.5v58.4c-7 4.2-12 11.5-12 20.3 0 8.4 4.6 15.4 11.1 19.7L3.5 242c-1.7 6.9 2.1 14 7.6 14h41.8c5.5 0 9.3-7.1 7.6-14l-15.6-62.3C51.4 175.4 56 168.4 56 160c0-8.8-5-16.1-12-20.3V87.1l66 15.9c-8.6 17.2-14 36.4-14 57 0 70.7 57.3 128 128 128s128-57.3 128-128c0-20.6-5.3-39.8-14-57l96.3-23.2c18.2-4.4 18.2-27.1 0-31.5l-190.4-46c-13-3.1-26.7-3.1-39.7 0L13.6 48.2c-18.1 4.4-18.1 27.2 0 31.6z\"><\/path><\/svg>\t\t\t\t<\/span>\n\t\t\t<\/div>\n\t\t\t\n\t\t\t\t\t\t<div class=\"elementor-icon-box-content\">\n\n\t\t\t\t\t\t\t\t\t<h3 class=\"elementor-icon-box-title\">\n\t\t\t\t\t\t<span  >\n\t\t\t\t\t\t\t\u00c0 retenir\t\t\t\t\t\t<\/span>\n\t\t\t\t\t<\/h3>\n\t\t\t\t\n\t\t\t\t\t\t\t\t\t<p class=\"elementor-icon-box-description\">\n\t\t\t\t\t\t<div style=\"border:2px solid #2E7D32;padding:20px;border-radius:10px;background:#F1F8E9\">\n\n\u2705 Un taxi conventionn\u00e9 n'est pas un taxi classique.<br>\n\u2705 Il doit \u00eatre agr\u00e9\u00e9 par la CPAM.<br>\n\u2705 Une prescription m\u00e9dicale est n\u00e9cessaire.<br>\n\u2705 La prise en charge d\u00e9pend des r\u00e8gles de l'Assurance Maladie.\n<\/div>\t\t\t\t\t<\/p>\n\t\t\t\t\n\t\t\t<\/div>\n\t\t\t\n\t\t<\/div>\n\t\t\t\t\t\t<\/div>\n\t\t\t\t\t<\/div>\n\t\t\t\t<\/div>\n\t\t<div class=\"elementor-element elementor-element-5abb590 e-con e-atomic-element e-flexbox-base \" data-id=\"5abb590\" data-element_type=\"e-flexbox\" data-e-type=\"e-flexbox\" data-interaction-id=\"5abb590\">\n    \t\t\t<h2 data-interaction-id=\"968c3fe\" class=\"e-heading-base\">Dans quels cas pouvez-vous b\u00e9n\u00e9ficier d'une prise en charge ?<\/h2>\n\t\t\n<\/div>\n<div class=\"elementor-element elementor-element-933e269 e-flex e-con-boxed e-con e-parent\" data-id=\"933e269\" data-element_type=\"container\" data-e-type=\"container\">\n\t\t\t\t\t<div class=\"e-con-inner\">\n\t\t\t\t<div class=\"elementor-element elementor-element-03c2c84 elementor-widget elementor-widget-text-editor\" data-id=\"03c2c84\" data-element_type=\"widget\" data-e-type=\"widget\" data-widget_type=\"text-editor.default\">\n\t\t\t\t\t\t\t\t\t<p>La prise en charge d&rsquo;un transport m\u00e9dical par l&rsquo;Assurance Maladie d\u00e9pend toujours de votre situation m\u00e9dicale et de la prescription \u00e9tablie par votre professionnel de sant\u00e9. Certaines situations ouvrent plus fr\u00e9quemment droit \u00e0 un transport conventionn\u00e9 lorsqu&rsquo;un d\u00e9placement m\u00e9dical est n\u00e9cessaire.<\/p>\t\t\t\t\t\t\t\t<\/div>\n\t\t\t\t\t<\/div>\n\t\t\t\t<\/div>\n\t\t<div class=\"elementor-element elementor-element-70e2f35 e-con e-atomic-element e-flexbox-base \" data-id=\"70e2f35\" data-element_type=\"e-flexbox\" data-e-type=\"e-flexbox\" data-interaction-id=\"70e2f35\">\n    \t\t\t<img decoding=\"async\" class=\"e-image-base \" data-interaction-id=\"b0cc548\" id=\"211\" src=\"https:\/\/nouveau.taxis-conventionnes-cpam-idf.fr\/wp-content\/uploads\/2026\/06\/dans-quel-cas-beneficier-dune-prise-en-charge-.png\" width=\"1536\" height=\"1024\" srcset=\"https:\/\/nouveau.taxis-conventionnes-cpam-idf.fr\/wp-content\/uploads\/2026\/06\/dans-quel-cas-beneficier-dune-prise-en-charge-.png 1536w, https:\/\/nouveau.taxis-conventionnes-cpam-idf.fr\/wp-content\/uploads\/2026\/06\/dans-quel-cas-beneficier-dune-prise-en-charge--300x200.png 300w, https:\/\/nouveau.taxis-conventionnes-cpam-idf.fr\/wp-content\/uploads\/2026\/06\/dans-quel-cas-beneficier-dune-prise-en-charge--1024x683.png 1024w, https:\/\/nouveau.taxis-conventionnes-cpam-idf.fr\/wp-content\/uploads\/2026\/06\/dans-quel-cas-beneficier-dune-prise-en-charge--768x512.png 768w\" alt=\"Cas de prise en charge d&#039;un transport en taxi conventionn\u00e9 CPAM : hospitalisation, chimioth\u00e9rapie, radioth\u00e9rapie, dialyse, ALD et transport longue distance.\"\/>\t\t\n<\/div>\n<div class=\"elementor-element elementor-element-53b0d7b e-flex e-con-boxed e-con e-parent\" data-id=\"53b0d7b\" data-element_type=\"container\" data-e-type=\"container\">\n\t\t\t\t\t<div class=\"e-con-inner\">\n\t\t\t\t<div class=\"elementor-element elementor-element-e410d91 elementor-widget elementor-widget-text-editor\" data-id=\"e410d91\" data-element_type=\"widget\" data-e-type=\"widget\" data-widget_type=\"text-editor.default\">\n\t\t\t\t\t\t\t\t\t<h3 class=\"PDq2pG_selectionAnchorContainer\" data-section-id=\"1p1ya1l\" data-start=\"612\" data-end=\"650\">Les situations les plus fr\u00e9quentes<\/h3><p data-start=\"652\" data-end=\"860\">Les transports m\u00e9dicaux peuvent \u00eatre pris en charge dans diff\u00e9rentes situations lorsque votre \u00e9tat de sant\u00e9 justifie l&rsquo;utilisation d&rsquo;un moyen de transport adapt\u00e9 et qu&rsquo;une prescription m\u00e9dicale a \u00e9t\u00e9 \u00e9tablie.<\/p><p data-start=\"862\" data-end=\"1151\">Les cas les plus fr\u00e9quents concernent les hospitalisations, les s\u00e9ances de chimioth\u00e9rapie, de radioth\u00e9rapie ou de dialyse, certaines situations li\u00e9es \u00e0 une affection de longue dur\u00e9e (ALD), ainsi que les transports en s\u00e9rie ou les transports longue distance n\u00e9cessitant un accord pr\u00e9alable.<\/p><p data-start=\"1153\" data-end=\"1301\">Chaque situation est \u00e9tudi\u00e9e selon les r\u00e8gles de l&rsquo;Assurance Maladie et la prise en charge peut varier selon votre dossier m\u00e9dical et administratif.<\/p>\t\t\t\t\t\t\t\t<\/div>\n\t\t\t\t\t<\/div>\n\t\t\t\t<\/div>\n\t\t<div class=\"elementor-element elementor-element-b9da022 e-con e-atomic-element e-flexbox-base \" data-id=\"b9da022\" data-element_type=\"e-flexbox\" data-e-type=\"e-flexbox\" data-interaction-id=\"b9da022\">\n    \t\t\t<h2 data-interaction-id=\"3d52809\" class=\"e-heading-base\">Comment obtenir un taxi conventionn\u00e9 ?<\/h2>\n\t\t\n<\/div>\n<div class=\"elementor-element elementor-element-a5a9fe9 e-flex e-con-boxed e-con e-parent\" data-id=\"a5a9fe9\" data-element_type=\"container\" data-e-type=\"container\">\n\t\t\t\t\t<div class=\"e-con-inner\">\n\t\t\t\t<div class=\"elementor-element elementor-element-ad55f6d elementor-widget elementor-widget-text-editor\" data-id=\"ad55f6d\" data-element_type=\"widget\" data-e-type=\"widget\" data-widget_type=\"text-editor.default\">\n\t\t\t\t\t\t\t\t\t<p>Pour b\u00e9n\u00e9ficier d&rsquo;un transport en taxi conventionn\u00e9 CPAM, plusieurs \u00e9tapes sont n\u00e9cessaires. Le transport doit \u00eatre m\u00e9dicalement justifi\u00e9 et faire l&rsquo;objet d&rsquo;une prescription \u00e9tablie par un professionnel de sant\u00e9. Voici le parcours g\u00e9n\u00e9ralement suivi par les patients.<\/p>\t\t\t\t\t\t\t\t<\/div>\n\t\t\t\t\t<\/div>\n\t\t\t\t<\/div>\n\t\t<div class=\"elementor-element elementor-element-a080f10 e-flex e-con-boxed e-con e-parent\" data-id=\"a080f10\" data-element_type=\"container\" data-e-type=\"container\">\n\t\t\t\t\t<div class=\"e-con-inner\">\n\t\t\t\t<div class=\"elementor-element elementor-element-ce07a9c elementor-widget elementor-widget-image\" data-id=\"ce07a9c\" data-element_type=\"widget\" data-e-type=\"widget\" data-widget_type=\"image.default\">\n\t\t\t\t\t\t\t\t\t\t\t\t\t\t\t<img decoding=\"async\" width=\"1024\" height=\"683\" src=\"https:\/\/nouveau.taxis-conventionnes-cpam-idf.fr\/wp-content\/uploads\/2026\/06\/les-demarches-pour-obtenir-un-taxi-conventionne--1024x683.png\" class=\"attachment-large size-large wp-image-212\" alt=\"Pour b\u00e9n\u00e9ficier d&apos;un transport en taxi conventionn\u00e9 CPAM, plusieurs \u00e9tapes doivent \u00eatre respect\u00e9es. Le transport doit \u00eatre m\u00e9dicalement justifi\u00e9 et faire l&apos;objet d&apos;une prescription m\u00e9dicale \u00e9tablie par un professionnel de sant\u00e9.\" srcset=\"https:\/\/nouveau.taxis-conventionnes-cpam-idf.fr\/wp-content\/uploads\/2026\/06\/les-demarches-pour-obtenir-un-taxi-conventionne--1024x683.png 1024w, https:\/\/nouveau.taxis-conventionnes-cpam-idf.fr\/wp-content\/uploads\/2026\/06\/les-demarches-pour-obtenir-un-taxi-conventionne--300x200.png 300w, https:\/\/nouveau.taxis-conventionnes-cpam-idf.fr\/wp-content\/uploads\/2026\/06\/les-demarches-pour-obtenir-un-taxi-conventionne--768x512.png 768w, https:\/\/nouveau.taxis-conventionnes-cpam-idf.fr\/wp-content\/uploads\/2026\/06\/les-demarches-pour-obtenir-un-taxi-conventionne-.png 1536w\" sizes=\"(max-width: 1024px) 100vw, 1024px\" \/>\t\t\t\t\t\t\t\t\t\t\t\t\t\t\t<\/div>\n\t\t\t\t\t<\/div>\n\t\t\t\t<\/div>\n\t\t<div class=\"elementor-element elementor-element-a514f91 e-flex e-con-boxed e-con e-parent\" data-id=\"a514f91\" data-element_type=\"container\" data-e-type=\"container\">\n\t\t\t\t\t<div class=\"e-con-inner\">\n\t\t\t\t<div class=\"elementor-element elementor-element-2b03909 elementor-widget elementor-widget-text-editor\" data-id=\"2b03909\" data-element_type=\"widget\" data-e-type=\"widget\" data-widget_type=\"text-editor.default\">\n\t\t\t\t\t\t\t\t\t<h3 class=\"PDq2pG_selectionAnchorContainer\" data-section-id=\"1e572ca\" data-start=\"836\" data-end=\"864\">1. Consultation m\u00e9dicale<\/h3><p data-start=\"866\" data-end=\"1003\">Votre m\u00e9decin, sp\u00e9cialiste ou \u00e9tablissement de sant\u00e9 \u00e9value votre situation m\u00e9dicale et d\u00e9termine si un transport m\u00e9dical est n\u00e9cessaire.<\/p><h3 data-section-id=\"cw2ouy\" data-start=\"1005\" data-end=\"1046\">2. Prescription m\u00e9dicale de transport<\/h3><p data-start=\"1048\" data-end=\"1200\">Si votre \u00e9tat de sant\u00e9 le justifie, une prescription m\u00e9dicale de transport est \u00e9tablie. Ce document est indispensable pour demander une prise en charge.<\/p><h3 data-section-id=\"fy4bst\" data-start=\"1202\" data-end=\"1233\">3. R\u00e9servation du transport<\/h3><p data-start=\"1235\" data-end=\"1362\">Vous pouvez ensuite contacter un taxi conventionn\u00e9 afin d&rsquo;organiser votre d\u00e9placement en fonction de votre rendez-vous m\u00e9dical.<\/p><h3 data-section-id=\"1b8eotb\" data-start=\"1364\" data-end=\"1395\">4. R\u00e9alisation du transport<\/h3><p data-start=\"1397\" data-end=\"1520\">Le chauffeur assure votre transport vers l&rsquo;\u00e9tablissement de soins dans les conditions pr\u00e9vues par la prescription m\u00e9dicale.<\/p><h3 data-section-id=\"vlkwfe\" data-start=\"1522\" data-end=\"1559\">5. Facturation et prise en charge<\/h3><p data-start=\"1561\" data-end=\"1745\">Selon votre situation, les frais peuvent \u00eatre pris en charge directement par l&rsquo;Assurance Maladie gr\u00e2ce au tiers payant ou faire l&rsquo;objet d&rsquo;un remboursement selon les r\u00e8gles applicables.<\/p>\t\t\t\t\t\t\t\t<\/div>\n\t\t\t\t\t<\/div>\n\t\t\t\t<\/div>\n\t\t<div class=\"elementor-element elementor-element-ef773dd e-con e-atomic-element e-flexbox-base \" data-id=\"ef773dd\" data-element_type=\"e-flexbox\" data-e-type=\"e-flexbox\" data-interaction-id=\"ef773dd\">\n    \t\t\t<h2 data-interaction-id=\"c79aefc\" class=\"e-heading-base\">Qui d\u00e9cide du mode de transport ?<\/h2>\n\t\t\n<\/div>\n<div class=\"elementor-element elementor-element-10205d3 e-flex e-con-boxed e-con e-parent\" data-id=\"10205d3\" data-element_type=\"container\" data-e-type=\"container\">\n\t\t\t\t\t<div class=\"e-con-inner\">\n\t\t\t\t<div class=\"elementor-element elementor-element-d570a3e elementor-widget elementor-widget-text-editor\" data-id=\"d570a3e\" data-element_type=\"widget\" data-e-type=\"widget\" data-widget_type=\"text-editor.default\">\n\t\t\t\t\t\t\t\t\t<blockquote data-start=\"979\" data-end=\"1240\"><p class=\"PDq2pG_selectionAnchorContainer\" data-start=\"981\" data-end=\"1240\">Le choix du mode de transport ne d\u00e9pend pas du patient mais de l&rsquo;\u00e9valuation m\u00e9dicale r\u00e9alis\u00e9e par le professionnel de sant\u00e9. Le m\u00e9decin choisit le moyen de transport le plus adapt\u00e9 \u00e0 votre \u00e9tat de sant\u00e9, \u00e0 votre autonomie et aux contraintes li\u00e9es \u00e0 vos soins.<\/p><\/blockquote><blockquote data-start=\"1242\" data-end=\"1398\"><p data-start=\"1244\" data-end=\"1398\">Selon les situations, plusieurs modes de transport peuvent \u00eatre prescrits : v\u00e9hicule personnel, transports en commun, taxi conventionn\u00e9, VSL ou ambulance.<\/p><\/blockquote>\t\t\t\t\t\t\t\t<\/div>\n\t\t\t\t\t<\/div>\n\t\t\t\t<\/div>\n\t\t<div class=\"elementor-element elementor-element-063e01f e-con e-atomic-element e-flexbox-base \" data-id=\"063e01f\" data-element_type=\"e-flexbox\" data-e-type=\"e-flexbox\" data-interaction-id=\"063e01f\">\n    \t\t\t<img loading=\"lazy\" decoding=\"async\" class=\"e-image-base \" data-interaction-id=\"2c88aad\" id=\"213\" src=\"https:\/\/nouveau.taxis-conventionnes-cpam-idf.fr\/wp-content\/uploads\/2026\/06\/QUEL-MODE-DE-TRANSPORT-.png\" width=\"1536\" height=\"1024\" srcset=\"https:\/\/nouveau.taxis-conventionnes-cpam-idf.fr\/wp-content\/uploads\/2026\/06\/QUEL-MODE-DE-TRANSPORT-.png 1536w, https:\/\/nouveau.taxis-conventionnes-cpam-idf.fr\/wp-content\/uploads\/2026\/06\/QUEL-MODE-DE-TRANSPORT--300x200.png 300w, https:\/\/nouveau.taxis-conventionnes-cpam-idf.fr\/wp-content\/uploads\/2026\/06\/QUEL-MODE-DE-TRANSPORT--1024x683.png 1024w, https:\/\/nouveau.taxis-conventionnes-cpam-idf.fr\/wp-content\/uploads\/2026\/06\/QUEL-MODE-DE-TRANSPORT--768x512.png 768w\" alt=\"Comparaison des diff\u00e9rents modes de transport m\u00e9dical : v\u00e9hicule personnel, transports en commun, taxi conventionn\u00e9, VSL et ambulance selon la prescription m\u00e9dicale.\"\/>\t\t\n<\/div>\n<div class=\"elementor-element elementor-element-ca5cef1 e-flex e-con-boxed e-con e-parent\" data-id=\"ca5cef1\" data-element_type=\"container\" data-e-type=\"container\">\n\t\t\t\t\t<div class=\"e-con-inner\">\n\t\t\t\t<div class=\"elementor-element elementor-element-e502d93 elementor-widget elementor-widget-text-editor\" data-id=\"e502d93\" data-element_type=\"widget\" data-e-type=\"widget\" data-widget_type=\"text-editor.default\">\n\t\t\t\t\t\t\t\t\t<h2 class=\"PDq2pG_selectionAnchorContainer\" data-section-id=\"bpg74s\" data-start=\"784\" data-end=\"834\">Le m\u00e9decin choisit le moyen de transport adapt\u00e9<\/h2><p data-start=\"836\" data-end=\"1027\">Le choix du mode de transport ne d\u00e9pend pas uniquement du lieu de rendez-vous ou de la distance \u00e0 parcourir. Il repose avant tout sur l&rsquo;\u00e9tat de sant\u00e9 du patient et sur son niveau d&rsquo;autonomie.<\/p><p data-start=\"1029\" data-end=\"1193\">Le m\u00e9decin peut prescrire diff\u00e9rents moyens de transport selon les besoins m\u00e9dicaux : v\u00e9hicule personnel, transports en commun, taxi conventionn\u00e9, VSL ou ambulance.<\/p><p data-start=\"1195\" data-end=\"1351\">Le taxi conventionn\u00e9 est g\u00e9n\u00e9ralement utilis\u00e9 lorsque le patient peut voyager assis mais que son \u00e9tat de sant\u00e9 justifie un transport m\u00e9dical pris en charge.<\/p><p data-start=\"1353\" data-end=\"1509\">Le VSL et l&rsquo;ambulance r\u00e9pondent \u00e0 des besoins plus sp\u00e9cifiques li\u00e9s \u00e0 l&rsquo;accompagnement, \u00e0 la surveillance m\u00e9dicale ou \u00e0 la n\u00e9cessit\u00e9 d&rsquo;un transport allong\u00e9.<\/p><h3 data-section-id=\"3ruxyt\" data-start=\"1511\" data-end=\"1524\">\u00c0 retenir<\/h3><p data-start=\"1526\" data-end=\"1586\">\u2705 Le patient ne choisit pas librement son mode de transport.<\/p><p data-start=\"1588\" data-end=\"1631\">\u2705 Le transport est prescrit par le m\u00e9decin.<\/p><p data-start=\"1633\" data-end=\"1711\">\u2705 Le mode de transport d\u00e9pend de l&rsquo;\u00e9tat de sant\u00e9 et de l&rsquo;autonomie du patient.<\/p><p data-start=\"1713\" data-end=\"1784\">\u2705 La prescription m\u00e9dicale d\u00e9termine les conditions de prise en charge.<\/p>\t\t\t\t\t\t\t\t<\/div>\n\t\t\t\t\t<\/div>\n\t\t\t\t<\/div>\n\t\t<div class=\"elementor-element elementor-element-424c215 e-con e-atomic-element e-flexbox-base \" data-id=\"424c215\" data-element_type=\"e-flexbox\" data-e-type=\"e-flexbox\" data-interaction-id=\"424c215\">\n    \t\t\t<h2 data-interaction-id=\"e971071\" class=\"e-heading-base\">ALD et transport conventionn\u00e9 : attention aux id\u00e9es re\u00e7ues<\/h2>\n\t\t\n<\/div>\n<div class=\"elementor-element elementor-element-b7e51de e-con e-atomic-element e-flexbox-base \" data-id=\"b7e51de\" data-element_type=\"e-flexbox\" data-e-type=\"e-flexbox\" data-interaction-id=\"b7e51de\">\n    \t\t\t<img loading=\"lazy\" decoding=\"async\" class=\"e-image-base \" data-interaction-id=\"8d1c279\" id=\"214\" src=\"https:\/\/nouveau.taxis-conventionnes-cpam-idf.fr\/wp-content\/uploads\/2026\/06\/ALD-ET-DROITS-.png\" width=\"1536\" height=\"1024\" srcset=\"https:\/\/nouveau.taxis-conventionnes-cpam-idf.fr\/wp-content\/uploads\/2026\/06\/ALD-ET-DROITS-.png 1536w, https:\/\/nouveau.taxis-conventionnes-cpam-idf.fr\/wp-content\/uploads\/2026\/06\/ALD-ET-DROITS--300x200.png 300w, https:\/\/nouveau.taxis-conventionnes-cpam-idf.fr\/wp-content\/uploads\/2026\/06\/ALD-ET-DROITS--1024x683.png 1024w, https:\/\/nouveau.taxis-conventionnes-cpam-idf.fr\/wp-content\/uploads\/2026\/06\/ALD-ET-DROITS--768x512.png 768w\" alt=\"ALD et transport conventionn\u00e9 : conditions de prise en charge des transports m\u00e9dicaux pour les patients en affection de longue dur\u00e9e.\"\/>\t\t\n<\/div>\n<div class=\"elementor-element elementor-element-6bf3e6b e-flex e-con-boxed e-con e-parent\" data-id=\"6bf3e6b\" data-element_type=\"container\" data-e-type=\"container\">\n\t\t\t\t\t<div class=\"e-con-inner\">\n\t\t\t\t<div class=\"elementor-element elementor-element-b0fa960 elementor-widget elementor-widget-text-editor\" data-id=\"b0fa960\" data-element_type=\"widget\" data-e-type=\"widget\" data-widget_type=\"text-editor.default\">\n\t\t\t\t\t\t\t\t\t<h3 class=\"PDq2pG_selectionAnchorContainer\" data-section-id=\"14pfdm9\" data-start=\"709\" data-end=\"776\">L&rsquo;ALD ne donne pas automatiquement droit \u00e0 un taxi conventionn\u00e9<\/h3><p data-start=\"778\" data-end=\"949\">De nombreux patients pensent qu&rsquo;une affection de longue dur\u00e9e (ALD) permet automatiquement de b\u00e9n\u00e9ficier d&rsquo;un taxi conventionn\u00e9. En r\u00e9alit\u00e9, la situation est plus nuanc\u00e9e.<\/p><p data-start=\"951\" data-end=\"1208\">L&rsquo;ALD peut permettre une prise en charge \u00e0 100 % des frais de transport lorsqu&rsquo;un transport m\u00e9dical est n\u00e9cessaire et qu&rsquo;il a \u00e9t\u00e9 prescrit par un professionnel de sant\u00e9. En revanche, le simple fait d&rsquo;\u00eatre en ALD ne suffit pas \u00e0 obtenir un taxi conventionn\u00e9.<\/p><p data-start=\"1210\" data-end=\"1379\">Le m\u00e9decin reste responsable du choix du mode de transport. Il \u00e9value l&rsquo;\u00e9tat de sant\u00e9 du patient, son autonomie et ses besoins m\u00e9dicaux avant d&rsquo;\u00e9tablir une prescription.<\/p><p data-start=\"1381\" data-end=\"1487\">Sans prescription m\u00e9dicale de transport, aucun remboursement ne peut \u00eatre accord\u00e9 par l&rsquo;Assurance Maladie.<\/p><h3 data-section-id=\"3ruxyt\" data-start=\"1489\" data-end=\"1502\">\u00c0 retenir<\/h3><p data-start=\"1504\" data-end=\"1555\">\u2705 L&rsquo;ALD peut permettre une prise en charge \u00e0 100 %.<\/p><p data-start=\"1557\" data-end=\"1606\">\u2705 Le transport doit \u00eatre prescrit par un m\u00e9decin.<\/p><p data-start=\"1608\" data-end=\"1653\">\u2705 Le taxi conventionn\u00e9 n&rsquo;est pas automatique.<\/p><p data-start=\"1655\" data-end=\"1702\">\u2705 Le transport doit \u00eatre m\u00e9dicalement justifi\u00e9.<\/p>\t\t\t\t\t\t\t\t<\/div>\n\t\t\t\t\t<\/div>\n\t\t\t\t<\/div>\n\t\t<div class=\"elementor-element elementor-element-55194e1 e-con e-atomic-element e-flexbox-base \" data-id=\"55194e1\" data-element_type=\"e-flexbox\" data-e-type=\"e-flexbox\" data-interaction-id=\"55194e1\">\n    \t\t\t<h2 data-interaction-id=\"3fbc28b\" class=\"e-heading-base\">Accord pr\u00e9alable et transport longue distance<\/h2>\n\t\t\n<\/div>\n<div class=\"elementor-element elementor-element-500b80f e-con e-atomic-element e-flexbox-base \" data-id=\"500b80f\" data-element_type=\"e-flexbox\" data-e-type=\"e-flexbox\" data-interaction-id=\"500b80f\">\n    \t\t\t<img loading=\"lazy\" decoding=\"async\" class=\"e-image-base \" data-interaction-id=\"85d45de\" id=\"215\" src=\"https:\/\/nouveau.taxis-conventionnes-cpam-idf.fr\/wp-content\/uploads\/2026\/06\/TRANSPORTS-LONGUE-DISTANCE-ACCORD-PREALABLE-.png\" width=\"1536\" height=\"1024\" srcset=\"https:\/\/nouveau.taxis-conventionnes-cpam-idf.fr\/wp-content\/uploads\/2026\/06\/TRANSPORTS-LONGUE-DISTANCE-ACCORD-PREALABLE-.png 1536w, https:\/\/nouveau.taxis-conventionnes-cpam-idf.fr\/wp-content\/uploads\/2026\/06\/TRANSPORTS-LONGUE-DISTANCE-ACCORD-PREALABLE--300x200.png 300w, https:\/\/nouveau.taxis-conventionnes-cpam-idf.fr\/wp-content\/uploads\/2026\/06\/TRANSPORTS-LONGUE-DISTANCE-ACCORD-PREALABLE--1024x683.png 1024w, https:\/\/nouveau.taxis-conventionnes-cpam-idf.fr\/wp-content\/uploads\/2026\/06\/TRANSPORTS-LONGUE-DISTANCE-ACCORD-PREALABLE--768x512.png 768w\" alt=\"Accord pr\u00e9alable CPAM pour un transport m\u00e9dical longue distance de plus de 150 km en taxi conventionn\u00e9.\"\/>\t\t\n<\/div>\n<div class=\"elementor-element elementor-element-94c5fa3 e-flex e-con-boxed e-con e-parent\" data-id=\"94c5fa3\" data-element_type=\"container\" data-e-type=\"container\">\n\t\t\t\t\t<div class=\"e-con-inner\">\n\t\t\t\t<div class=\"elementor-element elementor-element-b557a1e elementor-widget elementor-widget-text-editor\" data-id=\"b557a1e\" data-element_type=\"widget\" data-e-type=\"widget\" data-widget_type=\"text-editor.default\">\n\t\t\t\t\t\t\t\t\t<h2 class=\"PDq2pG_selectionAnchorContainer\" data-section-id=\"mtgz0u\" data-start=\"813\" data-end=\"861\">Quand un accord pr\u00e9alable est-il n\u00e9cessaire ?<\/h2><p data-start=\"863\" data-end=\"1002\">Pour certains transports m\u00e9dicaux longue distance, l&rsquo;Assurance Maladie exige une demande d&rsquo;accord pr\u00e9alable avant la r\u00e9alisation du trajet.<\/p><p data-start=\"1004\" data-end=\"1175\">La r\u00e8gle principale concerne les transports de plus de 150 kilom\u00e8tres en aller simple. Dans cette situation, une demande doit \u00eatre adress\u00e9e \u00e0 la CPAM avant le d\u00e9placement.<\/p><p data-start=\"1177\" data-end=\"1366\">La demande est g\u00e9n\u00e9ralement r\u00e9alis\u00e9e \u00e0 partir de la prescription m\u00e9dicale \u00e9tablie par le m\u00e9decin. Elle permet \u00e0 l&rsquo;Assurance Maladie d&rsquo;\u00e9tudier les conditions de prise en charge du transport.<\/p><p data-start=\"1368\" data-end=\"1516\">En l&rsquo;absence de r\u00e9ponse de la CPAM dans un d\u00e9lai de 15 jours ouvr\u00e9s, l&rsquo;accord est consid\u00e9r\u00e9 comme accept\u00e9. Il s&rsquo;agit du principe de l&rsquo;accord tacite.<\/p><p data-start=\"1518\" data-end=\"1658\">Afin d&rsquo;\u00e9viter tout retard administratif, il est conseill\u00e9 d&rsquo;anticiper les d\u00e9marches plusieurs semaines avant la date du rendez-vous m\u00e9dical.<\/p><h3 data-section-id=\"3ruxyt\" data-start=\"1660\" data-end=\"1673\">\u00c0 retenir<\/h3><p data-start=\"1675\" data-end=\"1755\">\u2705 Les transports de plus de 150 km n\u00e9cessitent g\u00e9n\u00e9ralement un accord pr\u00e9alable.<\/p><p data-start=\"1757\" data-end=\"1808\">\u2705 La demande doit \u00eatre r\u00e9alis\u00e9e avant le transport.<\/p><p data-start=\"1810\" data-end=\"1884\">\u2705 Sans r\u00e9ponse sous 15 jours ouvr\u00e9s, l&rsquo;accord est consid\u00e9r\u00e9 comme accept\u00e9.<\/p><p data-start=\"1886\" data-end=\"1952\">\u2705 Il est conseill\u00e9 d&rsquo;anticiper les d\u00e9marches le plus t\u00f4t possible.<\/p>\t\t\t\t\t\t\t\t<\/div>\n\t\t\t\t\t<\/div>\n\t\t\t\t<\/div>\n\t\t<div class=\"elementor-element elementor-element-a86e550 e-con e-atomic-element e-flexbox-base \" data-id=\"a86e550\" data-element_type=\"e-flexbox\" data-e-type=\"e-flexbox\" data-interaction-id=\"a86e550\">\n    \t\t\t<h2 data-interaction-id=\"78e3331\" class=\"e-heading-base\">Le transport partag\u00e9 : ce qui change pour les patients<\/h2>\n\t\t\n<\/div>\n<div class=\"elementor-element elementor-element-e1d440c e-con e-atomic-element e-flexbox-base \" data-id=\"e1d440c\" data-element_type=\"e-flexbox\" data-e-type=\"e-flexbox\" data-interaction-id=\"e1d440c\">\n    \t\t\t<img loading=\"lazy\" decoding=\"async\" class=\"e-image-base \" data-interaction-id=\"7577107\" id=\"216\" src=\"https:\/\/nouveau.taxis-conventionnes-cpam-idf.fr\/wp-content\/uploads\/2026\/06\/transport-partage-.png\" width=\"1536\" height=\"1024\" srcset=\"https:\/\/nouveau.taxis-conventionnes-cpam-idf.fr\/wp-content\/uploads\/2026\/06\/transport-partage-.png 1536w, https:\/\/nouveau.taxis-conventionnes-cpam-idf.fr\/wp-content\/uploads\/2026\/06\/transport-partage--300x200.png 300w, https:\/\/nouveau.taxis-conventionnes-cpam-idf.fr\/wp-content\/uploads\/2026\/06\/transport-partage--1024x683.png 1024w, https:\/\/nouveau.taxis-conventionnes-cpam-idf.fr\/wp-content\/uploads\/2026\/06\/transport-partage--768x512.png 768w\" alt=\"Explications sur le transport partag\u00e9 en taxi conventionn\u00e9 CPAM : conditions, patients concern\u00e9s et cons\u00e9quences sur la prise en charge.\"\/>\t\t\n<\/div>\n<div class=\"elementor-element elementor-element-0077a80 e-flex e-con-boxed e-con e-parent\" data-id=\"0077a80\" data-element_type=\"container\" data-e-type=\"container\">\n\t\t\t\t\t<div class=\"e-con-inner\">\n\t\t\t\t<div class=\"elementor-element elementor-element-567b82f elementor-widget elementor-widget-text-editor\" data-id=\"567b82f\" data-element_type=\"widget\" data-e-type=\"widget\" data-widget_type=\"text-editor.default\">\n\t\t\t\t\t\t\t\t\t<h2 class=\"PDq2pG_selectionAnchorContainer\" data-section-id=\"kli9gj\" data-start=\"723\" data-end=\"762\">Qu&rsquo;est-ce que le transport partag\u00e9 ?<\/h2><p data-start=\"764\" data-end=\"925\">Le transport partag\u00e9 consiste \u00e0 regrouper plusieurs patients dans un m\u00eame v\u00e9hicule lorsque leurs rendez-vous, leurs horaires et leur \u00e9tat de sant\u00e9 le permettent.<\/p><p data-start=\"927\" data-end=\"1071\">Cette organisation vise \u00e0 optimiser les trajets tout en maintenant un niveau de confort et de s\u00e9curit\u00e9 adapt\u00e9 aux besoins m\u00e9dicaux des patients.<\/p><p data-start=\"1073\" data-end=\"1259\">Le transport partag\u00e9 n&rsquo;est pas syst\u00e9matiquement propos\u00e9. Le m\u00e9decin et le transporteur tiennent compte de l&rsquo;\u00e9tat de sant\u00e9 du patient, de son autonomie et des contraintes li\u00e9es aux soins.<\/p><p data-start=\"1261\" data-end=\"1505\">Certaines situations n\u00e9cessitent obligatoirement un transport individuel, notamment lorsque l&rsquo;\u00e9tat de sant\u00e9 du patient exige une surveillance particuli\u00e8re, un transport allong\u00e9 ou des conditions sp\u00e9cifiques incompatibles avec un trajet partag\u00e9.<\/p><h3 data-section-id=\"3ruxyt\" data-start=\"1507\" data-end=\"1520\">\u00c0 retenir<\/h3><p data-start=\"1522\" data-end=\"1579\">\u2705 Le transport partag\u00e9 ne concerne pas tous les patients.<\/p><p data-start=\"1581\" data-end=\"1638\">\u2705 Il n&rsquo;est propos\u00e9 que lorsque l&rsquo;\u00e9tat de sant\u00e9 le permet.<\/p><p data-start=\"1640\" data-end=\"1700\">\u2705 Le confort et la s\u00e9curit\u00e9 du patient restent prioritaires.<\/p><p data-start=\"1702\" data-end=\"1777\">\u2705 Certaines situations n\u00e9cessitent obligatoirement un transport individuel.<\/p>\t\t\t\t\t\t\t\t<\/div>\n\t\t\t\t\t<\/div>\n\t\t\t\t<\/div>\n\t\t<div class=\"elementor-element elementor-element-027e3f4 e-con e-atomic-element e-flexbox-base \" data-id=\"027e3f4\" data-element_type=\"e-flexbox\" data-e-type=\"e-flexbox\" data-interaction-id=\"027e3f4\">\n    \t\t\t<h2 data-interaction-id=\"47ef00b\" class=\"e-heading-base\">Accompagnants, enfants et fauteuil roulant<\/h2>\n\t\t\n<\/div>\n<div class=\"elementor-element elementor-element-53fcbda e-con e-atomic-element e-flexbox-base \" data-id=\"53fcbda\" data-element_type=\"e-flexbox\" data-e-type=\"e-flexbox\" data-interaction-id=\"53fcbda\">\n    \t\t\t<img loading=\"lazy\" decoding=\"async\" class=\"e-image-base \" data-interaction-id=\"c3ddc9a\" id=\"217\" src=\"https:\/\/nouveau.taxis-conventionnes-cpam-idf.fr\/wp-content\/uploads\/2026\/06\/123.png\" width=\"1536\" height=\"1024\" srcset=\"https:\/\/nouveau.taxis-conventionnes-cpam-idf.fr\/wp-content\/uploads\/2026\/06\/123.png 1536w, https:\/\/nouveau.taxis-conventionnes-cpam-idf.fr\/wp-content\/uploads\/2026\/06\/123-300x200.png 300w, https:\/\/nouveau.taxis-conventionnes-cpam-idf.fr\/wp-content\/uploads\/2026\/06\/123-1024x683.png 1024w, https:\/\/nouveau.taxis-conventionnes-cpam-idf.fr\/wp-content\/uploads\/2026\/06\/123-768x512.png 768w\" alt=\"Accompagnants, enfants et fauteuil roulant : conditions de prise en charge lors d&#039;un transport en taxi conventionn\u00e9 CPAM.\"\/>\t\t\n<\/div>\n<div class=\"elementor-element elementor-element-8555d5e e-flex e-con-boxed e-con e-parent\" data-id=\"8555d5e\" data-element_type=\"container\" data-e-type=\"container\">\n\t\t\t\t\t<div class=\"e-con-inner\">\n\t\t\t\t<div class=\"elementor-element elementor-element-6058259 elementor-widget elementor-widget-text-editor\" data-id=\"6058259\" data-element_type=\"widget\" data-e-type=\"widget\" data-widget_type=\"text-editor.default\">\n\t\t\t\t\t\t\t\t\t<h2 class=\"PDq2pG_selectionAnchorContainer\" data-section-id=\"1jx3zb8\" data-start=\"836\" data-end=\"894\">Accompagnants, enfants et personnes en fauteuil roulant<\/h2><p data-start=\"896\" data-end=\"1047\">Selon la situation m\u00e9dicale du patient, la pr\u00e9sence d&rsquo;un accompagnant peut \u00eatre n\u00e9cessaire pendant le transport ou lors de la prise en charge m\u00e9dicale.<\/p><p data-start=\"1049\" data-end=\"1236\">Lorsque cette n\u00e9cessit\u00e9 est justifi\u00e9e m\u00e9dicalement, elle doit \u00eatre mentionn\u00e9e sur la prescription m\u00e9dicale de transport afin d&rsquo;\u00eatre prise en compte dans les conditions de prise en charge.<\/p><p data-start=\"1238\" data-end=\"1416\">Les enfants peuvent \u00e9galement \u00eatre concern\u00e9s par certaines situations particuli\u00e8res lorsqu&rsquo;ils accompagnent ou sont eux-m\u00eames pris en charge dans le cadre d&rsquo;un transport m\u00e9dical.<\/p><p data-start=\"1418\" data-end=\"1679\">Les personnes utilisant un fauteuil roulant peuvent b\u00e9n\u00e9ficier d&rsquo;un transport adapt\u00e9 lorsque leur \u00e9tat de sant\u00e9 le n\u00e9cessite. Il est important de signaler cette situation lors de la r\u00e9servation afin de pr\u00e9voir un v\u00e9hicule compatible avec les besoins du patient.<\/p><h3 data-section-id=\"3ruxyt\" data-start=\"1681\" data-end=\"1694\">\u00c0 retenir<\/h3><p data-start=\"1696\" data-end=\"1761\">\u2705 La pr\u00e9sence d&rsquo;un accompagnant doit \u00eatre m\u00e9dicalement justifi\u00e9e.<\/p><p data-start=\"1763\" data-end=\"1840\">\u2705 La prescription m\u00e9dicale doit pr\u00e9ciser les besoins particuliers du patient.<\/p><p data-start=\"1842\" data-end=\"1918\">\u2705 Les transports en fauteuil roulant n\u00e9cessitent parfois un v\u00e9hicule adapt\u00e9.<\/p><p data-start=\"1920\" data-end=\"2002\">\u2705 Il est recommand\u00e9 de signaler toute situation sp\u00e9cifique lors de la r\u00e9servation.<\/p>\t\t\t\t\t\t\t\t<\/div>\n\t\t\t\t\t<\/div>\n\t\t\t\t<\/div>\n\t\t<div class=\"elementor-element elementor-element-5909310 e-flex e-con-boxed e-con e-parent\" data-id=\"5909310\" data-element_type=\"container\" data-e-type=\"container\">\n\t\t\t\t\t<div class=\"e-con-inner\">\n\t\t\t\t<div class=\"elementor-element elementor-element-e2d295c elementor-widget elementor-widget-text-editor\" data-id=\"e2d295c\" data-element_type=\"widget\" data-e-type=\"widget\" data-widget_type=\"text-editor.default\">\n\t\t\t\t\t\t\t\t\t<h1 class=\"PDq2pG_selectionAnchorContainer\" data-section-id=\"107uea1\" data-start=\"151\" data-end=\"203\">Questions fr\u00e9quentes sur le taxi conventionn\u00e9 CPAM<\/h1><h2 data-section-id=\"10wbcm\" data-start=\"205\" data-end=\"249\">Qui a droit \u00e0 un taxi conventionn\u00e9 CPAM ?<\/h2><p data-start=\"251\" data-end=\"468\">Les patients dont l&rsquo;\u00e9tat de sant\u00e9 justifie un transport m\u00e9dical et qui disposent d&rsquo;une prescription m\u00e9dicale de transport peuvent b\u00e9n\u00e9ficier d&rsquo;une prise en charge selon les conditions d\u00e9finies par l&rsquo;Assurance Maladie.<\/p><hr data-start=\"470\" data-end=\"473\" \/><h2 data-section-id=\"1qjxcbp\" data-start=\"475\" data-end=\"545\">Une ALD donne-t-elle automatiquement droit \u00e0 un taxi conventionn\u00e9 ?<\/h2><p data-start=\"547\" data-end=\"734\">Non. Une affection de longue dur\u00e9e (ALD) ne donne pas automatiquement droit \u00e0 un taxi conventionn\u00e9. Le transport doit \u00eatre m\u00e9dicalement justifi\u00e9 et prescrit par un professionnel de sant\u00e9.<\/p><hr data-start=\"736\" data-end=\"739\" \/><h2 data-section-id=\"1bwt41i\" data-start=\"741\" data-end=\"818\">Faut-il une prescription m\u00e9dicale pour b\u00e9n\u00e9ficier d&rsquo;un taxi conventionn\u00e9 ?<\/h2><p data-start=\"820\" data-end=\"939\">Oui. La prescription m\u00e9dicale de transport est indispensable pour demander une prise en charge par l&rsquo;Assurance Maladie.<\/p><hr data-start=\"941\" data-end=\"944\" \/><h2 data-section-id=\"d9dbc2\" data-start=\"946\" data-end=\"1018\">Puis-je choisir librement entre taxi conventionn\u00e9, VSL et ambulance ?<\/h2><p data-start=\"1020\" data-end=\"1141\">Non. Le mode de transport est d\u00e9termin\u00e9 par le m\u00e9decin en fonction de votre \u00e9tat de sant\u00e9 et de votre niveau d&rsquo;autonomie.<\/p><hr data-start=\"1143\" data-end=\"1146\" \/><h2 data-section-id=\"s4v84y\" data-start=\"1148\" data-end=\"1191\">Dois-je avancer les frais de transport ?<\/h2><p data-start=\"1193\" data-end=\"1330\">Selon votre situation, vous pouvez b\u00e9n\u00e9ficier du tiers payant et ne pas avoir \u00e0 avancer les frais pris en charge par l&rsquo;Assurance Maladie.<\/p><hr data-start=\"1332\" data-end=\"1335\" \/><h2 data-section-id=\"1dqnt5u\" data-start=\"1337\" data-end=\"1403\">Les transports pour la chimioth\u00e9rapie sont-ils pris en charge ?<\/h2><p data-start=\"1405\" data-end=\"1534\">Ils peuvent \u00eatre pris en charge lorsqu&rsquo;ils sont prescrits m\u00e9dicalement et que les conditions de l&rsquo;Assurance Maladie sont r\u00e9unies.<\/p><hr data-start=\"1536\" data-end=\"1539\" \/><h2 data-section-id=\"1lalz22\" data-start=\"1541\" data-end=\"1606\">Les transports pour la radioth\u00e9rapie sont-ils pris en charge ?<\/h2><p data-start=\"1608\" data-end=\"1714\">Oui, sous r\u00e9serve d&rsquo;une prescription m\u00e9dicale et du respect des conditions de prise en charge applicables.<\/p><hr data-start=\"1716\" data-end=\"1719\" \/><h2 data-section-id=\"hk75um\" data-start=\"1721\" data-end=\"1780\">Les transports pour la dialyse sont-ils pris en charge ?<\/h2><p data-start=\"1782\" data-end=\"1928\">Les patients effectuant des s\u00e9ances r\u00e9guli\u00e8res de dialyse peuvent b\u00e9n\u00e9ficier d&rsquo;une prise en charge lorsque le transport est m\u00e9dicalement justifi\u00e9.<\/p><hr data-start=\"1930\" data-end=\"1933\" \/><h2 data-section-id=\"agpg0h\" data-start=\"1935\" data-end=\"1995\">\u00c0 partir de quelle distance faut-il un accord pr\u00e9alable ?<\/h2><p data-start=\"1997\" data-end=\"2118\">Une demande d&rsquo;accord pr\u00e9alable est g\u00e9n\u00e9ralement n\u00e9cessaire pour les transports de plus de 150 kilom\u00e8tres en aller simple.<\/p><hr data-start=\"2120\" data-end=\"2123\" \/><h2 data-section-id=\"49gz33\" data-start=\"2125\" data-end=\"2204\">Que se passe-t-il si la CPAM ne r\u00e9pond pas \u00e0 la demande d&rsquo;accord pr\u00e9alable ?<\/h2><p data-start=\"2206\" data-end=\"2338\">En l&rsquo;absence de r\u00e9ponse dans un d\u00e9lai de 15 jours ouvr\u00e9s, l&rsquo;accord est consid\u00e9r\u00e9 comme accept\u00e9 selon le principe de l&rsquo;accord tacite.<\/p><hr data-start=\"2340\" data-end=\"2343\" \/><h2 data-section-id=\"hcvfde\" data-start=\"2345\" data-end=\"2394\">Puis-je \u00eatre accompagn\u00e9 pendant le transport ?<\/h2><p data-start=\"2396\" data-end=\"2517\">Oui, lorsqu&rsquo;un accompagnant est m\u00e9dicalement justifi\u00e9 et que cette n\u00e9cessit\u00e9 est mentionn\u00e9e sur la prescription m\u00e9dicale.<\/p><hr data-start=\"2519\" data-end=\"2522\" \/><h2 data-section-id=\"1mc3cy7\" data-start=\"2524\" data-end=\"2606\">Les personnes en fauteuil roulant peuvent-elles utiliser un taxi conventionn\u00e9 ?<\/h2><p data-start=\"2608\" data-end=\"2749\">Oui, sous certaines conditions. Il est important de signaler vos besoins lors de la r\u00e9servation afin qu&rsquo;un v\u00e9hicule adapt\u00e9 puisse \u00eatre pr\u00e9vu.<\/p><hr data-start=\"2751\" data-end=\"2754\" \/><h1 data-section-id=\"1ytq93s\" data-start=\"2756\" data-end=\"2781\">\u00a0<\/h1>\t\t\t\t\t\t\t\t<\/div>\n\t\t\t\t\t<\/div>\n\t\t\t\t<\/div>\n\t\t<div class=\"elementor-element elementor-element-3ec7d19 e-flex e-con-boxed e-con e-parent\" data-id=\"3ec7d19\" data-element_type=\"container\" data-e-type=\"container\">\n\t\t\t\t\t<div class=\"e-con-inner\">\n\t\t\t\t<div class=\"elementor-element elementor-element-d093b32 elementor-widget elementor-widget-text-editor\" data-id=\"d093b32\" data-element_type=\"widget\" data-e-type=\"widget\" data-widget_type=\"text-editor.default\">\n\t\t\t\t\t\t\t\t\t<h2 class=\"PDq2pG_selectionAnchorContainer\" data-section-id=\"1psnq1h\" data-start=\"2830\" data-end=\"2881\">Besoin d&rsquo;un renseignement ou d&rsquo;une r\u00e9servation ?<\/h2><p data-start=\"2883\" data-end=\"3016\">Vous avez une question concernant votre prise en charge, votre prescription m\u00e9dicale de transport ou l&rsquo;organisation de votre trajet ?<\/p><p data-start=\"3018\" data-end=\"3113\">Notre \u00e9quipe est \u00e0 votre disposition pour vous informer et vous accompagner dans vos d\u00e9marches.<\/p><p data-start=\"3115\" data-end=\"3148\">\ud83d\udcde T\u00e9l\u00e9phone : <strong data-start=\"3130\" data-end=\"3148\">07 69 69 48 86<\/strong><\/p><p data-start=\"3150\" data-end=\"3188\">\ud83d\udce7 E-mail : <strong data-start=\"3162\" data-end=\"3188\"><a class=\"decorated-link cursor-pointer\" rel=\"noopener\" data-start=\"3164\" data-end=\"3186\">resataxicpam@gmail.com<\/a><\/strong><\/p>\t\t\t\t\t\t\t\t<\/div>\n\t\t\t\t\t<\/div>\n\t\t\t\t<\/div>\n\t\t\t\t<\/div>\n\t\t","protected":false},"excerpt":{"rendered":"<p>Taxi conventionn\u00e9 CPAM : conditions, prise en charge et d\u00e9marches Le transport conventionn\u00e9 CPAM permet \u00e0 certains patients de b\u00e9n\u00e9ficier d&rsquo;une prise en charge de leurs d\u00e9placements m\u00e9dicaux lorsqu&rsquo;un professionnel de sant\u00e9 estime que leur \u00e9tat de sant\u00e9 le justifie. De nombreuses situations peuvent ouvrir droit \u00e0 une prise en charge : s\u00e9ances de dialyse, [&hellip;]<\/p>\n","protected":false},"author":1,"featured_media":0,"parent":0,"menu_order":0,"comment_status":"closed","ping_status":"closed","template":"","meta":{"footnotes":""},"class_list":["post-209","page","type-page","status-publish","hentry"],"_links":{"self":[{"href":"https:\/\/nouveau.taxis-conventionnes-cpam-idf.fr\/index.php\/wp-json\/wp\/v2\/pages\/209","targetHints":{"allow":["GET"]}}],"collection":[{"href":"https:\/\/nouveau.taxis-conventionnes-cpam-idf.fr\/index.php\/wp-json\/wp\/v2\/pages"}],"about":[{"href":"https:\/\/nouveau.taxis-conventionnes-cpam-idf.fr\/index.php\/wp-json\/wp\/v2\/types\/page"}],"author":[{"embeddable":true,"href":"https:\/\/nouveau.taxis-conventionnes-cpam-idf.fr\/index.php\/wp-json\/wp\/v2\/users\/1"}],"replies":[{"embeddable":true,"href":"https:\/\/nouveau.taxis-conventionnes-cpam-idf.fr\/index.php\/wp-json\/wp\/v2\/comments?post=209"}],"version-history":[{"count":10,"href":"https:\/\/nouveau.taxis-conventionnes-cpam-idf.fr\/index.php\/wp-json\/wp\/v2\/pages\/209\/revisions"}],"predecessor-version":[{"id":340,"href":"https:\/\/nouveau.taxis-conventionnes-cpam-idf.fr\/index.php\/wp-json\/wp\/v2\/pages\/209\/revisions\/340"}],"wp:attachment":[{"href":"https:\/\/nouveau.taxis-conventionnes-cpam-idf.fr\/index.php\/wp-json\/wp\/v2\/media?parent=209"}],"curies":[{"name":"wp","href":"https:\/\/api.w.org\/{rel}","templated":true}]}}