{"id":239,"date":"2026-06-28T12:24:32","date_gmt":"2026-06-28T10:24:32","guid":{"rendered":"https:\/\/nouveau.taxis-conventionnes-cpam-idf.fr\/?page_id=239"},"modified":"2026-07-12T17:02:51","modified_gmt":"2026-07-12T15:02:51","slug":"transport-conventionne-cpam-entre-loise-et-les-hopitaux-dile-de-france","status":"publish","type":"page","link":"https:\/\/nouveau.taxis-conventionnes-cpam-idf.fr\/index.php\/transport-conventionne-cpam-entre-loise-et-les-hopitaux-dile-de-france\/","title":{"rendered":"Transport conventionn\u00e9 CPAM entre l&rsquo;Oise et les h\u00f4pitaux d&rsquo;\u00cele-de-France"},"content":{"rendered":"\t\t<div data-elementor-type=\"wp-page\" data-elementor-id=\"239\" class=\"elementor elementor-239\">\n\t\t\t\t<div class=\"elementor-element elementor-element-c07cd60 e-con e-atomic-element e-flexbox-base \" data-id=\"c07cd60\" data-element_type=\"e-flexbox\" data-e-type=\"e-flexbox\" data-interaction-id=\"c07cd60\">\n    \t\t\t<img fetchpriority=\"high\" decoding=\"async\" class=\"e-image-base e-f485d7e-befdde0\" data-interaction-id=\"f485d7e\" id=\"249\" src=\"https:\/\/nouveau.taxis-conventionnes-cpam-idf.fr\/wp-content\/uploads\/2026\/06\/Oise-Paris-.png\" width=\"1536\" height=\"1024\" srcset=\"https:\/\/nouveau.taxis-conventionnes-cpam-idf.fr\/wp-content\/uploads\/2026\/06\/Oise-Paris-.png 1536w, https:\/\/nouveau.taxis-conventionnes-cpam-idf.fr\/wp-content\/uploads\/2026\/06\/Oise-Paris--300x200.png 300w, https:\/\/nouveau.taxis-conventionnes-cpam-idf.fr\/wp-content\/uploads\/2026\/06\/Oise-Paris--1024x683.png 1024w, https:\/\/nouveau.taxis-conventionnes-cpam-idf.fr\/wp-content\/uploads\/2026\/06\/Oise-Paris--768x512.png 768w\" alt=\"Taxi conventionn\u00e9 CPAM assurant le transport de patients entre l&#039;Oise et les h\u00f4pitaux d&#039;\u00cele-de-France.\"\/>\t\t\n<\/div>\n<div class=\"elementor-element elementor-element-a1b3906 e-con e-atomic-element e-flexbox-base \" data-id=\"a1b3906\" data-element_type=\"e-flexbox\" data-e-type=\"e-flexbox\" data-interaction-id=\"a1b3906\">\n    \t\t\t<h3 data-interaction-id=\"a1eae7c\" class=\"e-heading-base\">Vos trajets m\u00e9dicaux en taxi conventionn\u00e9 entre l'Oise et les principaux h\u00f4pitaux d'\u00cele-de-France.<\/h3>\n\t\t\n<\/div>\n<div class=\"elementor-element elementor-element-bde3953 e-con e-atomic-element e-flexbox-base \" data-id=\"bde3953\" data-element_type=\"e-flexbox\" data-e-type=\"e-flexbox\" data-interaction-id=\"bde3953\">\n    \t\t\t<h2 data-interaction-id=\"117740c\" class=\"e-heading-base\">Qui peut b\u00e9n\u00e9ficier d'un transport conventionn\u00e9 CPAM ?<\/h2>\n\t\t\n<\/div>\n<div class=\"elementor-element elementor-element-949e38f e-con e-atomic-element e-flexbox-base e-949e38f-84c9599 \" data-id=\"949e38f\" data-element_type=\"e-flexbox\" data-e-type=\"e-flexbox\" data-interaction-id=\"949e38f\">\n    \t\t<div class=\"elementor-element elementor-element-07338f4 elementor-widget elementor-widget-text-editor\" data-id=\"07338f4\" data-element_type=\"widget\" data-e-type=\"widget\" data-widget_type=\"text-editor.default\">\n\t\t\t\t\t\t\t\t\t<h2 class=\"PDq2pG_selectionAnchorContainer\" data-section-id=\"r4gk4e\" data-start=\"78\" data-end=\"105\">\ud83d\udcc4 Prescription m\u00e9dicale<\/h2><p data-start=\"107\" data-end=\"144\"><strong data-start=\"107\" data-end=\"144\">Prescription m\u00e9dicale obligatoire<\/strong><\/p><p data-start=\"146\" data-end=\"388\">Pour b\u00e9n\u00e9ficier d&rsquo;un transport conventionn\u00e9 CPAM, une prescription m\u00e9dicale de transport doit \u00eatre \u00e9tablie par votre m\u00e9decin. Ce document permet de justifier m\u00e9dicalement le recours \u00e0 un taxi conventionn\u00e9 pour vos d\u00e9placements li\u00e9s aux soins.<\/p><p data-start=\"146\" data-end=\"388\">\u00a0<\/p><hr data-start=\"390\" data-end=\"393\" \/><h2 data-section-id=\"374sa3\" data-start=\"395\" data-end=\"420\">\ud83c\udfe5 Rendez-vous m\u00e9dical<\/h2><p data-start=\"422\" data-end=\"453\"><strong data-start=\"422\" data-end=\"453\">D\u00e9placement li\u00e9 \u00e0 des soins<\/strong><\/p><p data-start=\"455\" data-end=\"721\">Le transport conventionn\u00e9 est destin\u00e9 aux patients devant se rendre \u00e0 une consultation, un examen m\u00e9dical, un traitement r\u00e9gulier ou une hospitalisation. Chaque situation est \u00e9tudi\u00e9e selon les r\u00e8gles de l&rsquo;Assurance Maladie et les indications du m\u00e9decin prescripteur.<\/p><p data-start=\"455\" data-end=\"721\">\u00a0<\/p><hr data-start=\"723\" data-end=\"726\" \/><h2 data-section-id=\"1up6dz8\" data-start=\"728\" data-end=\"759\">\ud83d\udcb3 Carte Vitale et documents<\/h2><p data-start=\"761\" data-end=\"787\"><strong data-start=\"761\" data-end=\"787\">Pr\u00e9parez vos documents<\/strong><\/p><p data-start=\"789\" data-end=\"1024\">Le jour du transport, pensez \u00e0 avoir avec vous votre carte Vitale ainsi que votre prescription m\u00e9dicale de transport. Selon votre situation, d&rsquo;autres justificatifs pourront \u00eatre demand\u00e9s afin de faciliter les d\u00e9marches administratives.<\/p><p data-start=\"789\" data-end=\"1024\">\u00a0<\/p><hr data-start=\"1026\" data-end=\"1029\" \/><h2 data-section-id=\"tjclvx\" data-start=\"1031\" data-end=\"1065\">\u2705 Conditions de prise en charge<\/h2><p data-start=\"1067\" data-end=\"1110\"><strong data-start=\"1067\" data-end=\"1110\">Prise en charge par l&rsquo;Assurance Maladie<\/strong><\/p><p data-start=\"1112\" data-end=\"1357\">La prise en charge d&rsquo;un transport conventionn\u00e9 d\u00e9pend de votre situation m\u00e9dicale et des conditions d\u00e9finies par l&rsquo;Assurance Maladie. Votre m\u00e9decin est le mieux plac\u00e9 pour d\u00e9terminer si un transport conventionn\u00e9 est adapt\u00e9 \u00e0 votre \u00e9tat de sant\u00e9.<\/p>\t\t\t\t\t\t\t\t<\/div>\n\t\t\n<\/div>\n<div class=\"elementor-element elementor-element-18a3314 e-flex e-con-boxed e-con e-parent\" data-id=\"18a3314\" data-element_type=\"container\" data-e-type=\"container\">\n\t\t\t\t\t<div class=\"e-con-inner\">\n\t\t\t\t\t<\/div>\n\t\t\t\t<\/div>\n\t\t<div class=\"elementor-element elementor-element-857b690 e-con e-atomic-element e-flexbox-base \" data-id=\"857b690\" data-element_type=\"e-flexbox\" data-e-type=\"e-flexbox\" data-interaction-id=\"857b690\">\n    \t\t\t<h2 data-interaction-id=\"27b150d\" class=\"e-heading-base\">Comment se d\u00e9roule votre trajet entre l'Oise et l'\u00cele-de-France ?<\/h2>\n\t\t\n<\/div>\n<div class=\"elementor-element elementor-element-fa17796 e-flex e-con-boxed e-con e-parent\" data-id=\"fa17796\" data-element_type=\"container\" data-e-type=\"container\">\n\t\t\t\t\t<div class=\"e-con-inner\">\n\t\t\t\t<div class=\"elementor-element elementor-element-d921b7d elementor-widget elementor-widget-text-editor\" data-id=\"d921b7d\" data-element_type=\"widget\" data-e-type=\"widget\" data-widget_type=\"text-editor.default\">\n\t\t\t\t\t\t\t\t\t<p>Nous organisons votre transport m\u00e9dical de mani\u00e8re simple et confortable, depuis votre domicile jusqu&rsquo;\u00e0 votre \u00e9tablissement de soins.<\/p>\t\t\t\t\t\t\t\t<\/div>\n\t\t\t\t\t<\/div>\n\t\t\t\t<\/div>\n\t\t<div class=\"elementor-element elementor-element-31a3073 e-con e-atomic-element e-flexbox-base e-31a3073-9f54a5f \" data-id=\"31a3073\" data-element_type=\"e-flexbox\" data-e-type=\"e-flexbox\" data-interaction-id=\"31a3073\">\n    \t\t<div class=\"elementor-element elementor-element-ac8a9e5 elementor-widget elementor-widget-text-editor\" data-id=\"ac8a9e5\" data-element_type=\"widget\" data-e-type=\"widget\" data-widget_type=\"text-editor.default\">\n\t\t\t\t\t\t\t\t\t<h3 class=\"PDq2pG_selectionAnchorContainer\" data-section-id=\"1pf0qhs\" data-start=\"523\" data-end=\"562\">\ud83c\udfe0 Prise en charge \u00e0 votre domicile<\/h3><p data-start=\"564\" data-end=\"700\">Nous venons vous chercher directement \u00e0 votre domicile dans l&rsquo;Oise \u00e0 l&rsquo;heure convenue afin de vous conduire \u00e0 votre rendez-vous m\u00e9dical.<\/p><p data-start=\"564\" data-end=\"700\">\u2b07\ufe0f<\/p><h3 class=\"PDq2pG_selectionAnchorContainer\" data-section-id=\"1abcmit\" data-start=\"707\" data-end=\"744\">\ud83d\ude96 Transport en taxi conventionn\u00e9<\/h3><p data-start=\"746\" data-end=\"874\">Votre trajet est effectu\u00e9 \u00e0 bord d&rsquo;un v\u00e9hicule confortable par un chauffeur exp\u00e9riment\u00e9 et conventionn\u00e9 par l&rsquo;Assurance Maladie.<\/p><p data-start=\"746\" data-end=\"874\">\u2b07\ufe0f<\/p><h3 class=\"PDq2pG_selectionAnchorContainer\" data-section-id=\"1uaorli\" data-start=\"881\" data-end=\"929\">\ud83c\udfe5 Arriv\u00e9e \u00e0 l&rsquo;h\u00f4pital ou au centre de soins<\/h3><p data-start=\"931\" data-end=\"1085\">Nous assurons des transports vers les principaux \u00e9tablissements de sant\u00e9 d&rsquo;\u00cele-de-France pour vos consultations, examens, traitements ou hospitalisations.<\/p><p data-start=\"1356\" data-end=\"1358\">\u2b07\ufe0f<\/p><h3 class=\"PDq2pG_selectionAnchorContainer\" data-section-id=\"1l8jz5z\" data-start=\"1092\" data-end=\"1122\">\ud83c\udfe0 Retour \u00e0 votre domicile<\/h3><p data-start=\"1124\" data-end=\"1283\">\u00c0 l&rsquo;issue de votre rendez-vous ou de votre traitement, nous pouvons \u00e9galement assurer votre retour vers votre domicile dans l&rsquo;Oise selon l&rsquo;organisation pr\u00e9vue.<\/p>\t\t\t\t\t\t\t\t<\/div>\n\t\t\n<\/div>\n<div class=\"elementor-element elementor-element-7748000 e-con e-atomic-element e-flexbox-base \" data-id=\"7748000\" data-element_type=\"e-flexbox\" data-e-type=\"e-flexbox\" data-interaction-id=\"7748000\">\n    \t\t\t<h2 data-interaction-id=\"bc0a782\" class=\"e-heading-base\">Des trajets r\u00e9guliers vers les principaux h\u00f4pitaux d'\u00cele-de-France<\/h2>\n\t\t\n<\/div>\n<div class=\"elementor-element elementor-element-2ce0077 e-flex e-con-boxed e-con e-parent\" data-id=\"2ce0077\" data-element_type=\"container\" data-e-type=\"container\">\n\t\t\t\t\t<div class=\"e-con-inner\">\n\t\t\t\t<div class=\"elementor-element elementor-element-42d4b71 elementor-widget elementor-widget-text-editor\" data-id=\"42d4b71\" data-element_type=\"widget\" data-e-type=\"widget\" data-widget_type=\"text-editor.default\">\n\t\t\t\t\t\t\t\t\t<p>Nous assurons r\u00e9guli\u00e8rement des transports conventionn\u00e9s CPAM entre l&rsquo;Oise et les principaux \u00e9tablissements de sant\u00e9 d&rsquo;\u00cele-de-France. Ces trajets concernent aussi bien les consultations ponctuelles que les traitements r\u00e9guliers tels que la dialyse, la chimioth\u00e9rapie ou la radioth\u00e9rapie.<\/p>\t\t\t\t\t\t\t\t<\/div>\n\t\t\t\t\t<img decoding=\"async\" class=\"e-image-base \" data-interaction-id=\"4c3d2e5\" id=\"22\" src=\"https:\/\/nouveau.taxis-conventionnes-cpam-idf.fr\/wp-content\/uploads\/2026\/06\/Zone-desservis-en-ile-de-France-1-1.png\" width=\"1536\" height=\"1024\" srcset=\"https:\/\/nouveau.taxis-conventionnes-cpam-idf.fr\/wp-content\/uploads\/2026\/06\/Zone-desservis-en-ile-de-France-1-1.png 1536w, https:\/\/nouveau.taxis-conventionnes-cpam-idf.fr\/wp-content\/uploads\/2026\/06\/Zone-desservis-en-ile-de-France-1-1-300x200.png 300w, https:\/\/nouveau.taxis-conventionnes-cpam-idf.fr\/wp-content\/uploads\/2026\/06\/Zone-desservis-en-ile-de-France-1-1-1024x683.png 1024w, https:\/\/nouveau.taxis-conventionnes-cpam-idf.fr\/wp-content\/uploads\/2026\/06\/Zone-desservis-en-ile-de-France-1-1-768x512.png 768w\" alt=\"Zones desservies par notre taxi conventionn\u00e9 CPAM entre Paris, l&#039;Oise, Soissons et la Seine-et-Marne Nord\"\/>\t\t\t\t\t<\/div>\n\t\t\t\t<\/div>\n\t\t<div class=\"elementor-element elementor-element-7252a72 e-con e-atomic-element e-flexbox-base e-7252a72-b486e5c \" data-id=\"7252a72\" data-element_type=\"e-flexbox\" data-e-type=\"e-flexbox\" data-interaction-id=\"7252a72\">\n    \t\t<div class=\"elementor-element elementor-element-c28e5e0 elementor-widget elementor-widget-text-editor\" data-id=\"c28e5e0\" data-element_type=\"widget\" data-e-type=\"widget\" data-widget_type=\"text-editor.default\">\n\t\t\t\t\t\t\t\t\t<h3 class=\"PDq2pG_selectionAnchorContainer\" data-section-id=\"ui8b80\" data-start=\"669\" data-end=\"702\"><a href=\"https:\/\/nouveau.taxis-conventionnes-cpam-idf.fr\/index.php\/taxi-conventionne-cpam-pour-gustave-roussy\/\">\ud83c\udfe5 Gustave Roussy \u2013 Villejuif<\/a><\/h3><p data-start=\"704\" data-end=\"875\">Centre de r\u00e9f\u00e9rence en canc\u00e9rologie, Gustave Roussy accueille chaque ann\u00e9e de nombreux patients venant de l&rsquo;Oise pour des consultations, chimioth\u00e9rapies et radioth\u00e9rapies.<\/p><hr data-start=\"877\" data-end=\"880\" \/><h3 data-section-id=\"zwrswb\" data-start=\"882\" data-end=\"903\"><a href=\"https:\/\/nouveau.taxis-conventionnes-cpam-idf.fr\/index.php\/taxi-conventionne-cpam-pour-linstitut-curie\/\">\ud83c\udfe5 Institut Curie<\/a><\/h3><p data-start=\"905\" data-end=\"1077\">L&rsquo;Institut Curie est l&rsquo;un des principaux centres sp\u00e9cialis\u00e9s dans le traitement du cancer. Nous assurons r\u00e9guli\u00e8rement des transports vers ses diff\u00e9rents sites franciliens.<\/p><hr data-start=\"1079\" data-end=\"1082\" \/><h3 data-section-id=\"16e53r\" data-start=\"1084\" data-end=\"1116\"><a href=\"https:\/\/nouveau.taxis-conventionnes-cpam-idf.fr\/index.php\/taxi-conventionne-cpam-pour-la-pitie-salpetriere\/\">\ud83c\udfe5 H\u00f4pital Piti\u00e9-Salp\u00eatri\u00e8re<\/a><\/h3><p data-start=\"1118\" data-end=\"1259\">\u00c9tablissement de r\u00e9f\u00e9rence de l&rsquo;AP-HP, la Piti\u00e9-Salp\u00eatri\u00e8re accueille des patients dans de nombreuses sp\u00e9cialit\u00e9s m\u00e9dicales et chirurgicales.<\/p><hr data-start=\"1261\" data-end=\"1264\" \/><h3 data-section-id=\"icekwn\" data-start=\"1266\" data-end=\"1287\"><a href=\"https:\/\/nouveau.taxis-conventionnes-cpam-idf.fr\/index.php\/taxi-conventionne-cpam-pour-lhopital-necker\/\">\ud83c\udfe5 H\u00f4pital Necker<\/a><\/h3><p data-start=\"1289\" data-end=\"1424\">L&rsquo;h\u00f4pital Necker est reconnu pour son expertise dans de nombreux domaines m\u00e9dicaux et accueille aussi bien des adultes que des enfants.<\/p><hr data-start=\"1426\" data-end=\"1429\" \/><h3 data-section-id=\"p9w666\" data-start=\"1431\" data-end=\"1454\"><a href=\"https:\/\/nouveau.taxis-conventionnes-cpam-idf.fr\/index.php\/taxi-conventionne-cpam-pour-lhopital-avicenne\/\">\ud83c\udfe5 H\u00f4pital Avicenne<\/a><\/h3><p data-start=\"1456\" data-end=\"1588\">Situ\u00e9 en Seine-Saint-Denis, l&rsquo;h\u00f4pital Avicenne re\u00e7oit des patients pour des consultations sp\u00e9cialis\u00e9es, examens et hospitalisations.<\/p><hr data-start=\"1590\" data-end=\"1593\" \/><h3 data-section-id=\"1y0ud8b\" data-start=\"1595\" data-end=\"1617\"><a href=\"https:\/\/nouveau.taxis-conventionnes-cpam-idf.fr\/index.php\/taxi-conventionne-cpam-pour-lhopital-beaujon\/\">\ud83c\udfe5 H\u00f4pital Beaujon<\/a><\/h3><p data-start=\"1619\" data-end=\"1733\">L&rsquo;h\u00f4pital Beaujon est particuli\u00e8rement reconnu dans plusieurs sp\u00e9cialit\u00e9s m\u00e9dicales et chirurgicales de r\u00e9f\u00e9rence.<\/p><hr data-start=\"1735\" data-end=\"1738\" \/><h3 data-section-id=\"ata0t2\" data-start=\"1740\" data-end=\"1761\"><a href=\"https:\/\/nouveau.taxis-conventionnes-cpam-idf.fr\/index.php\/taxi-conventionne-cpam-pour-lhopital-bichat\/\">\ud83c\udfe5 H\u00f4pital Bichat<\/a><\/h3><p data-start=\"1763\" data-end=\"1895\">L&rsquo;h\u00f4pital Bichat accueille des patients venant de toute l&rsquo;\u00cele-de-France pour des consultations sp\u00e9cialis\u00e9es, examens et traitements.<\/p>\t\t\t\t\t\t\t\t<\/div>\n\t\t\n<\/div>\n<div class=\"elementor-element elementor-element-3c4cdeb e-flex e-con-boxed e-con e-parent\" data-id=\"3c4cdeb\" data-element_type=\"container\" data-e-type=\"container\">\n\t\t\t\t\t<div class=\"e-con-inner\">\n\t\t\t\t<div class=\"elementor-element elementor-element-3eac5f6 elementor-widget elementor-widget-text-editor\" data-id=\"3eac5f6\" data-element_type=\"widget\" data-e-type=\"widget\" data-widget_type=\"text-editor.default\">\n\t\t\t\t\t\t\t\t\t<p>Nos transports conventionn\u00e9s concernent principalement les patients r\u00e9sidant dans l&rsquo;Oise et devant se rendre dans les \u00e9tablissements de sant\u00e9 d&rsquo;\u00cele-de-France pour leurs soins, examens ou hospitalisations.<\/p>\t\t\t\t\t\t\t\t<\/div>\n\t\t\t\t\t<\/div>\n\t\t\t\t<\/div>\n\t\t<div class=\"elementor-element elementor-element-cd5ef7c e-con e-atomic-element e-flexbox-base \" data-id=\"cd5ef7c\" data-element_type=\"e-flexbox\" data-e-type=\"e-flexbox\" data-interaction-id=\"cd5ef7c\">\n    \t\t\t<h2 data-interaction-id=\"9b5cd30\" class=\"e-heading-base\">Des transports adapt\u00e9s aux traitements r\u00e9guliers<\/h2>\n\t\t\n<\/div>\n<div class=\"elementor-element elementor-element-2274553 e-flex e-con-boxed e-con e-parent\" data-id=\"2274553\" data-element_type=\"container\" data-e-type=\"container\">\n\t\t\t\t\t<div class=\"e-con-inner\">\n\t\t\t\t<div class=\"elementor-element elementor-element-3551da4 elementor-widget elementor-widget-text-editor\" data-id=\"3551da4\" data-element_type=\"widget\" data-e-type=\"widget\" data-widget_type=\"text-editor.default\">\n\t\t\t\t\t\t\t\t\t<p>Nous accompagnons de nombreux patients devant effectuer des trajets r\u00e9guliers vers leur \u00e9tablissement de soins. Nous nous adaptons \u00e0 la fr\u00e9quence de vos rendez-vous et aux contraintes li\u00e9es \u00e0 votre traitement.<\/p>\t\t\t\t\t\t\t\t<\/div>\n\t\t\t\t\t<\/div>\n\t\t\t\t<\/div>\n\t\t<div class=\"elementor-element elementor-element-3e651533 e-flex e-con-boxed e-con e-parent\" data-id=\"3e651533\" data-element_type=\"container\" data-e-type=\"container\" data-settings=\"{&quot;background_background&quot;:&quot;classic&quot;}\">\n\t\t\t\t\t<div class=\"e-con-inner\">\n\t\t\t\t\t<h2 data-interaction-id=\"1bfa7ba4\" class=\"e-heading-base\">Depuis quelles villes de l\u2019Oise intervenons-nous ?<\/h2>\n\t\t\t\t<div class=\"elementor-element elementor-element-126ca7f9 elementor-widget elementor-widget-text-editor\" data-id=\"126ca7f9\" data-element_type=\"widget\" data-e-type=\"widget\" data-widget_type=\"text-editor.default\">\n\t\t\t\t\t\t\t\t\t<p class=\"PDq2pG_selectionAnchorContainer\" data-start=\"367\" data-end=\"504\">Nous organisons des transports conventionn\u00e9s CPAM entre les principaux secteurs de l\u2019Oise et les \u00e9tablissements de sant\u00e9 d\u2019\u00cele-de-France.<\/p><p data-start=\"506\" data-end=\"567\">Nos chauffeurs interviennent r\u00e9guli\u00e8rement notamment depuis :<\/p><ul data-start=\"569\" data-end=\"730\"><li data-section-id=\"6ca406\" data-start=\"569\" data-end=\"577\">Senlis<\/li><li data-section-id=\"1n3exvs\" data-start=\"578\" data-end=\"589\">Chantilly<\/li><li data-section-id=\"16xo6xl\" data-start=\"590\" data-end=\"597\">Creil<\/li><li data-section-id=\"tj30tx\" data-start=\"598\" data-end=\"615\">Nogent-sur-Oise<\/li><li data-section-id=\"1vvdas0\" data-start=\"616\" data-end=\"637\">Pont-Sainte-Maxence<\/li><li data-section-id=\"f5oefo\" data-start=\"638\" data-end=\"649\">Compi\u00e8gne<\/li><li data-section-id=\"1gcubd0\" data-start=\"650\" data-end=\"672\">Nanteuil-le-Haudouin<\/li><li data-section-id=\"1tuef6k\" data-start=\"673\" data-end=\"690\">Cr\u00e9py-en-Valois<\/li><li data-section-id=\"zlo900\" data-start=\"691\" data-end=\"701\">Verberie<\/li><li data-section-id=\"bj3dgo\" data-start=\"702\" data-end=\"712\">Clermont<\/li><li data-section-id=\"1j3wsvf\" data-start=\"713\" data-end=\"719\">M\u00e9ru<\/li><li data-section-id=\"1ax0tue\" data-start=\"720\" data-end=\"730\">Beauvais<\/li><\/ul><p data-start=\"732\" data-end=\"908\">Selon votre situation m\u00e9dicale et votre prescription de transport, nous pouvons organiser votre d\u00e9placement vers les principaux h\u00f4pitaux et centres sp\u00e9cialis\u00e9s d\u2019\u00cele-de-France.<\/p>\t\t\t\t\t\t\t\t<\/div>\n\t\t\t\t\t<\/div>\n\t\t\t\t<\/div>\n\t\t<div class=\"elementor-element elementor-element-297069b e-con e-atomic-element e-flexbox-base \" data-id=\"297069b\" data-element_type=\"e-flexbox\" data-e-type=\"e-flexbox\" data-interaction-id=\"297069b\">\n    \t\t\t<h2 data-interaction-id=\"f15f1ec\" class=\"e-heading-base\">Questions fr\u00e9quentes sur les transports conventionn\u00e9s CPAM depuis l\u2019Oise<\/h2>\n\t\t\n<\/div>\n<div class=\"elementor-element elementor-element-c74c5ef e-flex e-con-boxed e-con e-parent\" data-id=\"c74c5ef\" data-element_type=\"container\" data-e-type=\"container\">\n\t\t\t\t\t<div class=\"e-con-inner\">\n\t\t\t\t<div class=\"elementor-element elementor-element-51f9972 elementor-widget elementor-widget-text-editor\" data-id=\"51f9972\" data-element_type=\"widget\" data-e-type=\"widget\" data-widget_type=\"text-editor.default\">\n\t\t\t\t\t\t\t\t\t<h3 class=\"PDq2pG_selectionAnchorContainer\" data-section-id=\"1nzhm1t\" data-start=\"541\" data-end=\"628\">Peut-on \u00eatre pris en charge pour un transport entre l\u2019Oise et un h\u00f4pital parisien ?<\/h3><p data-start=\"630\" data-end=\"830\">Oui, lorsqu&rsquo;un m\u00e9decin prescrit un transport et que les conditions pr\u00e9vues par l&rsquo;Assurance Maladie sont r\u00e9unies, un transport en taxi conventionn\u00e9 peut \u00eatre pris en charge selon les r\u00e8gles en vigueur.<\/p><h3 data-section-id=\"16aup9h\" data-start=\"832\" data-end=\"898\">Organisez-vous des transports r\u00e9guliers pour des traitements ?<\/h3><p data-start=\"900\" data-end=\"1066\">Oui. De nombreux patients effectuent des trajets r\u00e9p\u00e9t\u00e9s vers les \u00e9tablissements de sant\u00e9 d\u2019\u00cele-de-France pour leurs consultations, examens ou traitements programm\u00e9s.<\/p><h3 data-section-id=\"191pd4e\" data-start=\"1068\" data-end=\"1099\">Faut-il avancer les frais ?<\/h3><p data-start=\"1101\" data-end=\"1262\">Selon votre situation administrative et votre niveau de prise en charge, le tiers payant peut \u00eatre appliqu\u00e9. Les modalit\u00e9s sont v\u00e9rifi\u00e9es lors de la r\u00e9servation.<\/p>\t\t\t\t\t\t\t\t<\/div>\n\t\t\t\t\t<\/div>\n\t\t\t\t<\/div>\n\t\t<div class=\"elementor-element elementor-element-1d992a53 e-flex e-con-boxed e-con e-parent\" data-id=\"1d992a53\" data-element_type=\"container\" data-e-type=\"container\" data-settings=\"{&quot;background_background&quot;:&quot;classic&quot;}\">\n\t\t\t\t\t<div class=\"e-con-inner\">\n\t\t\t\t\t<h2 data-interaction-id=\"7eff77bb\" class=\"e-heading-base\">D\u00e9couvrez \u00e9galement nos autres secteurs d\u2019intervention<\/h2>\n\t\t\t\t<div class=\"elementor-element elementor-element-3f070c3d elementor-widget elementor-widget-text-editor\" data-id=\"3f070c3d\" data-element_type=\"widget\" data-e-type=\"widget\" data-widget_type=\"text-editor.default\">\n\t\t\t\t\t\t\t\t\t<p class=\"PDq2pG_selectionAnchorContainer\" data-start=\"316\" data-end=\"434\">Nous organisons \u00e9galement des transports conventionn\u00e9s CPAM sur d&rsquo;autres axes strat\u00e9giques autour de l&rsquo;\u00cele-de-France :<\/p><ul data-start=\"436\" data-end=\"689\"><li data-section-id=\"j6wfuq\" data-start=\"436\" data-end=\"526\"><a href=\"https:\/\/nouveau.taxis-conventionnes-cpam-idf.fr\/index.php\/taxi-conventionne-cpam-axe-a4\/\">Transport conventionn\u00e9 CPAM entre la Seine-et-Marne Nord et les h\u00f4pitaux d\u2019\u00cele-de-France<\/a><\/li><li data-section-id=\"jachdi\" data-start=\"527\" data-end=\"613\"><a href=\"https:\/\/nouveau.taxis-conventionnes-cpam-idf.fr\/index.php\/axe-n2-ile-de-france-soissons\/\">Transport conventionn\u00e9 CPAM entre Soissons, l\u2019axe N2 et les h\u00f4pitaux d\u2019\u00cele-de-France<\/a><\/li><li data-section-id=\"1yavlqp\" data-start=\"614\" data-end=\"689\"><a href=\"https:\/\/nouveau.taxis-conventionnes-cpam-idf.fr\/index.php\/transport-medical-longue-distance-conventionne-cpam\/\">Transport conventionn\u00e9 CPAM longue distance vers les h\u00f4pitaux sp\u00e9cialis\u00e9s<\/a><\/li><\/ul>\t\t\t\t\t\t\t\t<\/div>\n\t\t\t\t\t<\/div>\n\t\t\t\t<\/div>\n\t\t<div class=\"elementor-element elementor-element-60a8552 e-con e-atomic-element e-flexbox-base e-60a8552-0749be4 \" data-id=\"60a8552\" data-element_type=\"e-flexbox\" data-e-type=\"e-flexbox\" data-interaction-id=\"60a8552\">\n    \t\t\t<h2 data-interaction-id=\"77b1832\" class=\"e-77b1832-1cab750 e-heading-base\">R\u00e9server votre transport conventionn\u00e9 CPAM<\/h2>\n\t\t\t\t<div class=\"elementor-element elementor-element-94f9a37 elementor-widget elementor-widget-text-editor\" data-id=\"94f9a37\" data-element_type=\"widget\" data-e-type=\"widget\" data-widget_type=\"text-editor.default\">\n\t\t\t\t\t\t\t\t\t<p>Vous recherchez un transport conventionn\u00e9 entre l&rsquo;Oise et un \u00e9tablissement de sant\u00e9 d&rsquo;\u00cele-de-France ?<\/p><p>Contactez-nous pour organiser votre trajet dans les meilleures conditions de confort et de ponctualit\u00e9.<\/p>\t\t\t\t\t\t\t\t<\/div>\n\t\t\n<\/div>\n<div class=\"elementor-element elementor-element-0f054c4 e-grid e-con-boxed e-con e-parent\" data-id=\"0f054c4\" data-element_type=\"container\" data-e-type=\"container\">\n\t\t\t\t\t<div class=\"e-con-inner\">\n\t\t\t\t<div class=\"elementor-element elementor-element-6b55a60 elementor-align-center elementor-widget__width-inherit elementor-widget elementor-widget-button\" data-id=\"6b55a60\" data-element_type=\"widget\" data-e-type=\"widget\" data-widget_type=\"button.default\">\n\t\t\t\t\t\t\t\t\t\t<a class=\"elementor-button elementor-button-link elementor-size-sm\" href=\"tel:0769694886\">\n\t\t\t\t\t\t<span class=\"elementor-button-content-wrapper\">\n\t\t\t\t\t\t\t\t\t<span class=\"elementor-button-text\">\ud83d\udcde 07 69 69 48 86<\/span>\n\t\t\t\t\t<\/span>\n\t\t\t\t\t<\/a>\n\t\t\t\t\t\t\t\t<\/div>\n\t\t\t\t<div class=\"elementor-element elementor-element-93dab58 elementor-align-center elementor-widget__width-inherit elementor-widget elementor-widget-button\" data-id=\"93dab58\" data-element_type=\"widget\" data-e-type=\"widget\" data-widget_type=\"button.default\">\n\t\t\t\t\t\t\t\t\t\t<a class=\"elementor-button elementor-button-link elementor-size-sm\" href=\"https:\/\/nouveau.taxis-conventionnes-cpam-idf.fr\/index.php\/reservation-de-transport-conventionne-cpam\/\">\n\t\t\t\t\t\t<span class=\"elementor-button-content-wrapper\">\n\t\t\t\t\t\t\t\t\t<span class=\"elementor-button-text\">Reservez par mail <\/span>\n\t\t\t\t\t<\/span>\n\t\t\t\t\t<\/a>\n\t\t\t\t\t\t\t\t<\/div>\n\t\t\t\t\t<\/div>\n\t\t\t\t<\/div>\n\t\t<div class=\"elementor-element elementor-element-6a7bd71 e-con e-atomic-element e-flexbox-base e-6a7bd71-20d30cc \" data-id=\"6a7bd71\" data-element_type=\"e-flexbox\" data-e-type=\"e-flexbox\" data-interaction-id=\"6a7bd71\">\n    \t\t<div class=\"elementor-element elementor-element-1e3bb9d elementor-widget elementor-widget-text-editor\" data-id=\"1e3bb9d\" data-element_type=\"widget\" data-e-type=\"widget\" data-widget_type=\"text-editor.default\">\n\t\t\t\t\t\t\t\t\t<p>Bon \u00e0 savoir<\/p><p>La prise en charge d&rsquo;un transport conventionn\u00e9 d\u00e9pend de votre situation m\u00e9dicale et de la prescription \u00e9tablie par votre m\u00e9decin. En cas de doute, n&rsquo;h\u00e9sitez pas \u00e0 vous rapprocher de votre caisse d&rsquo;Assurance Maladie ou de votre professionnel de sant\u00e9.<\/p>\t\t\t\t\t\t\t\t<\/div>\n\t\t\n<\/div>\n\t\t<\/div>\n\t\t","protected":false},"excerpt":{"rendered":"<p>Vos trajets m\u00e9dicaux en taxi conventionn\u00e9 entre l&rsquo;Oise et les principaux h\u00f4pitaux d&rsquo;\u00cele-de-France. Qui peut b\u00e9n\u00e9ficier d&rsquo;un transport conventionn\u00e9 CPAM ? \ud83d\udcc4 Prescription m\u00e9dicale Prescription m\u00e9dicale obligatoire Pour b\u00e9n\u00e9ficier d&rsquo;un transport conventionn\u00e9 CPAM, une prescription m\u00e9dicale de transport doit \u00eatre \u00e9tablie par votre m\u00e9decin. Ce document permet de justifier m\u00e9dicalement le recours \u00e0 un taxi [&hellip;]<\/p>\n","protected":false},"author":1,"featured_media":0,"parent":0,"menu_order":0,"comment_status":"closed","ping_status":"closed","template":"","meta":{"footnotes":""},"class_list":["post-239","page","type-page","status-publish","hentry"],"_links":{"self":[{"href":"https:\/\/nouveau.taxis-conventionnes-cpam-idf.fr\/index.php\/wp-json\/wp\/v2\/pages\/239","targetHints":{"allow":["GET"]}}],"collection":[{"href":"https:\/\/nouveau.taxis-conventionnes-cpam-idf.fr\/index.php\/wp-json\/wp\/v2\/pages"}],"about":[{"href":"https:\/\/nouveau.taxis-conventionnes-cpam-idf.fr\/index.php\/wp-json\/wp\/v2\/types\/page"}],"author":[{"embeddable":true,"href":"https:\/\/nouveau.taxis-conventionnes-cpam-idf.fr\/index.php\/wp-json\/wp\/v2\/users\/1"}],"replies":[{"embeddable":true,"href":"https:\/\/nouveau.taxis-conventionnes-cpam-idf.fr\/index.php\/wp-json\/wp\/v2\/comments?post=239"}],"version-history":[{"count":15,"href":"https:\/\/nouveau.taxis-conventionnes-cpam-idf.fr\/index.php\/wp-json\/wp\/v2\/pages\/239\/revisions"}],"predecessor-version":[{"id":371,"href":"https:\/\/nouveau.taxis-conventionnes-cpam-idf.fr\/index.php\/wp-json\/wp\/v2\/pages\/239\/revisions\/371"}],"wp:attachment":[{"href":"https:\/\/nouveau.taxis-conventionnes-cpam-idf.fr\/index.php\/wp-json\/wp\/v2\/media?parent=239"}],"curies":[{"name":"wp","href":"https:\/\/api.w.org\/{rel}","templated":true}]}}