{"id":262,"date":"2026-06-28T17:44:31","date_gmt":"2026-06-28T15:44:31","guid":{"rendered":"https:\/\/nouveau.taxis-conventionnes-cpam-idf.fr\/?page_id=262"},"modified":"2026-07-03T12:14:12","modified_gmt":"2026-07-03T10:14:12","slug":"hopitaux-desservis-par-nos-taxis-conventionnes-cpam-2","status":"publish","type":"page","link":"https:\/\/nouveau.taxis-conventionnes-cpam-idf.fr\/index.php\/hopitaux-desservis-par-nos-taxis-conventionnes-cpam-2\/","title":{"rendered":"H\u00f4pitaux desservis par nos taxis conventionn\u00e9s CPAM"},"content":{"rendered":"\t\t<div data-elementor-type=\"wp-page\" data-elementor-id=\"262\" class=\"elementor elementor-262\">\n\t\t\t\t<div class=\"elementor-element elementor-element-cd627a2 e-flex e-con-boxed e-con e-parent\" data-id=\"cd627a2\" data-element_type=\"container\" data-e-type=\"container\">\n\t\t\t\t\t<div class=\"e-con-inner\">\n\t\t\t\t<div class=\"elementor-element elementor-element-573fa62 elementor-widget elementor-widget-text-editor\" data-id=\"573fa62\" data-element_type=\"widget\" data-e-type=\"widget\" data-widget_type=\"text-editor.default\">\n\t\t\t\t\t\t\t\t\t<p>Nous assurons des transports conventionn\u00e9s CPAM vers les principaux h\u00f4pitaux et centres de soins d\u2019\u00cele-de-France. Que ce soit pour une consultation, un examen m\u00e9dical, une hospitalisation, une dialyse, une chimioth\u00e9rapie ou une radioth\u00e9rapie, nous accompagnons les patients dans leurs d\u00e9placements m\u00e9dicaux.<\/p>\t\t\t\t\t\t\t\t<\/div>\n\t\t\t\t\t<\/div>\n\t\t\t\t<\/div>\n\t\t<div class=\"elementor-element elementor-element-954f97a e-con e-atomic-element e-flexbox-base \" data-id=\"954f97a\" data-element_type=\"e-flexbox\" data-e-type=\"e-flexbox\" data-interaction-id=\"954f97a\">\n    \t\t\t<img fetchpriority=\"high\" decoding=\"async\" class=\"e-image-base \" data-interaction-id=\"cc5ac6d\" id=\"265\" src=\"https:\/\/nouveau.taxis-conventionnes-cpam-idf.fr\/wp-content\/uploads\/2026\/06\/hopitaux-desservis-.png\" width=\"1672\" height=\"941\" srcset=\"https:\/\/nouveau.taxis-conventionnes-cpam-idf.fr\/wp-content\/uploads\/2026\/06\/hopitaux-desservis-.png 1672w, https:\/\/nouveau.taxis-conventionnes-cpam-idf.fr\/wp-content\/uploads\/2026\/06\/hopitaux-desservis--300x169.png 300w, https:\/\/nouveau.taxis-conventionnes-cpam-idf.fr\/wp-content\/uploads\/2026\/06\/hopitaux-desservis--1024x576.png 1024w, https:\/\/nouveau.taxis-conventionnes-cpam-idf.fr\/wp-content\/uploads\/2026\/06\/hopitaux-desservis--768x432.png 768w, https:\/\/nouveau.taxis-conventionnes-cpam-idf.fr\/wp-content\/uploads\/2026\/06\/hopitaux-desservis--1536x864.png 1536w\" alt=\"Carte des principaux h\u00f4pitaux et centres de soins desservis par nos taxis conventionn\u00e9s CPAM en \u00cele-de-France.\"\/>\t\t\n<\/div>\n<div class=\"elementor-element elementor-element-d5040de e-con e-atomic-element e-flexbox-base \" data-id=\"d5040de\" data-element_type=\"e-flexbox\" data-e-type=\"e-flexbox\" data-interaction-id=\"d5040de\">\n    \t\t\t<h2 data-interaction-id=\"d03b272\" class=\"e-heading-base\">Des trajets r\u00e9guliers vers les principaux \u00e9tablissements de sant\u00e9<\/h2>\n\t\t\n<\/div>\n<div class=\"elementor-element elementor-element-a206e71 e-flex e-con-boxed e-con e-parent\" data-id=\"a206e71\" data-element_type=\"container\" data-e-type=\"container\">\n\t\t\t\t\t<div class=\"e-con-inner\">\n\t\t\t\t<div class=\"elementor-element elementor-element-ea5330f elementor-widget elementor-widget-text-editor\" data-id=\"ea5330f\" data-element_type=\"widget\" data-e-type=\"widget\" data-widget_type=\"text-editor.default\">\n\t\t\t\t\t\t\t\t\t<p>Nos taxis conventionn\u00e9s CPAM accompagnent quotidiennement des patients vers les principaux \u00e9tablissements hospitaliers d\u2019\u00cele-de-France. Chaque transport est organis\u00e9 selon les besoins m\u00e9dicaux du patient et les conditions de prise en charge d\u00e9finies par l\u2019Assurance Maladie.<\/p>\t\t\t\t\t\t\t\t<\/div>\n\t\t\t\t\t<\/div>\n\t\t\t\t<\/div>\n\t\t<div class=\"elementor-element elementor-element-71ab390 e-con e-atomic-element e-flexbox-base \" data-id=\"71ab390\" data-element_type=\"e-flexbox\" data-e-type=\"e-flexbox\" data-interaction-id=\"71ab390\">\n    \t\t\t<h2 data-interaction-id=\"9c3c59d\" class=\"e-heading-base\">Les principaux h\u00f4pitaux desservis<\/h2>\n\t\t\n<\/div>\n<div class=\"elementor-element elementor-element-3ea2d0d e-flex e-con-boxed e-con e-parent\" data-id=\"3ea2d0d\" data-element_type=\"container\" data-e-type=\"container\">\n\t\t\t\t\t<div class=\"e-con-inner\">\n\t\t\t\t<div class=\"elementor-element elementor-element-ae7f142 elementor-widget elementor-widget-text-editor\" data-id=\"ae7f142\" data-element_type=\"widget\" data-e-type=\"widget\" data-widget_type=\"text-editor.default\">\n\t\t\t\t\t\t\t\t\t<p>D\u00e9couvrez les principaux \u00e9tablissements de sant\u00e9 vers lesquels nous assurons r\u00e9guli\u00e8rement des transports conventionn\u00e9s CPAM.<\/p>\t\t\t\t\t\t\t\t<\/div>\n\t\t\t\t\t<\/div>\n\t\t\t\t<\/div>\n\t\t<div class=\"elementor-element elementor-element-4cf4180 e-flex e-con-boxed e-con e-parent\" data-id=\"4cf4180\" data-element_type=\"container\" data-e-type=\"container\" data-settings=\"{&quot;background_background&quot;:&quot;classic&quot;}\">\n\t\t\t\t\t<div class=\"e-con-inner\">\n\t\t\t\t\t<h2 data-interaction-id=\"3d51cda\" class=\"e-heading-base\">\ud83c\udfe5 Gustave Roussy<\/h2>\n\t\t\t\t<div class=\"elementor-element elementor-element-c15c3df elementor-widget elementor-widget-image\" data-id=\"c15c3df\" data-element_type=\"widget\" data-e-type=\"widget\" data-widget_type=\"image.default\">\n\t\t\t\t\t\t\t\t\t\t\t\t\t\t\t<img decoding=\"async\" width=\"1024\" height=\"576\" src=\"https:\/\/nouveau.taxis-conventionnes-cpam-idf.fr\/wp-content\/uploads\/2026\/06\/GUSTAVE-ROUSSY--1024x576.png\" class=\"attachment-large size-large wp-image-266\" alt=\"Centre Gustave Roussy \u00e0 Villejuif desservi par nos taxis conventionn\u00e9s CPAM.\" srcset=\"https:\/\/nouveau.taxis-conventionnes-cpam-idf.fr\/wp-content\/uploads\/2026\/06\/GUSTAVE-ROUSSY--1024x576.png 1024w, https:\/\/nouveau.taxis-conventionnes-cpam-idf.fr\/wp-content\/uploads\/2026\/06\/GUSTAVE-ROUSSY--300x169.png 300w, https:\/\/nouveau.taxis-conventionnes-cpam-idf.fr\/wp-content\/uploads\/2026\/06\/GUSTAVE-ROUSSY--768x432.png 768w, https:\/\/nouveau.taxis-conventionnes-cpam-idf.fr\/wp-content\/uploads\/2026\/06\/GUSTAVE-ROUSSY--1536x864.png 1536w, https:\/\/nouveau.taxis-conventionnes-cpam-idf.fr\/wp-content\/uploads\/2026\/06\/GUSTAVE-ROUSSY-.png 1672w\" sizes=\"(max-width: 1024px) 100vw, 1024px\" \/>\t\t\t\t\t\t\t\t\t\t\t\t\t\t\t<\/div>\n\t\t\t\t<div class=\"elementor-element elementor-element-e5fb3c2 elementor-widget elementor-widget-text-editor\" data-id=\"e5fb3c2\" data-element_type=\"widget\" data-e-type=\"widget\" data-widget_type=\"text-editor.default\">\n\t\t\t\t\t\t\t\t\t<p>\ud83d\udccd Villejuif (94)<\/p><p>Centre de r\u00e9f\u00e9rence en canc\u00e9rologie situ\u00e9 \u00e0 Villejuif.<\/p>\t\t\t\t\t\t\t\t<\/div>\n\t\t\t\t<div class=\"elementor-element elementor-element-cd44ee0 elementor-widget elementor-widget-button\" data-id=\"cd44ee0\" data-element_type=\"widget\" data-e-type=\"widget\" data-widget_type=\"button.default\">\n\t\t\t\t\t\t\t\t\t\t<a class=\"elementor-button elementor-button-link elementor-size-sm\" href=\"https:\/\/nouveau.taxis-conventionnes-cpam-idf.fr\/index.php\/taxi-conventionne-cpam-pour-gustave-roussy\/\">\n\t\t\t\t\t\t<span class=\"elementor-button-content-wrapper\">\n\t\t\t\t\t\t\t\t\t<span class=\"elementor-button-text\">D\u00e9couvrir l'\u00e9tablissement<\/span>\n\t\t\t\t\t<\/span>\n\t\t\t\t\t<\/a>\n\t\t\t\t\t\t\t\t<\/div>\n\t\t\t\t\t<\/div>\n\t\t\t\t<\/div>\n\t\t<div class=\"elementor-element elementor-element-bc2dc50 e-flex e-con-boxed e-con e-parent\" data-id=\"bc2dc50\" data-element_type=\"container\" data-e-type=\"container\" data-settings=\"{&quot;background_background&quot;:&quot;classic&quot;}\">\n\t\t\t\t\t<div class=\"e-con-inner\">\n\t\t\t\t\t<h2 data-interaction-id=\"2e1a99e\" class=\"e-heading-base\">\ud83c\udfe5 Institut Curie<\/h2>\n\t\t\t\t<div class=\"elementor-element elementor-element-ba1e6ca elementor-widget elementor-widget-image\" data-id=\"ba1e6ca\" data-element_type=\"widget\" data-e-type=\"widget\" data-widget_type=\"image.default\">\n\t\t\t\t\t\t\t\t\t\t\t\t\t\t\t<img decoding=\"async\" width=\"1024\" height=\"683\" src=\"https:\/\/nouveau.taxis-conventionnes-cpam-idf.fr\/wp-content\/uploads\/2026\/06\/institut-Curie--1024x683.png\" class=\"attachment-large size-large wp-image-267\" alt=\"Institut Curie \u00e0 Paris desservi par nos taxis conventionn\u00e9s CPAM.\" srcset=\"https:\/\/nouveau.taxis-conventionnes-cpam-idf.fr\/wp-content\/uploads\/2026\/06\/institut-Curie--1024x683.png 1024w, https:\/\/nouveau.taxis-conventionnes-cpam-idf.fr\/wp-content\/uploads\/2026\/06\/institut-Curie--300x200.png 300w, https:\/\/nouveau.taxis-conventionnes-cpam-idf.fr\/wp-content\/uploads\/2026\/06\/institut-Curie--768x512.png 768w, https:\/\/nouveau.taxis-conventionnes-cpam-idf.fr\/wp-content\/uploads\/2026\/06\/institut-Curie-.png 1536w\" sizes=\"(max-width: 1024px) 100vw, 1024px\" \/>\t\t\t\t\t\t\t\t\t\t\t\t\t\t\t<\/div>\n\t\t\t\t<div class=\"elementor-element elementor-element-6ec52c4 elementor-widget elementor-widget-text-editor\" data-id=\"6ec52c4\" data-element_type=\"widget\" data-e-type=\"widget\" data-widget_type=\"text-editor.default\">\n\t\t\t\t\t\t\t\t\t<p>\ud83d\udccd Paris (75)<\/p><p>Centre sp\u00e9cialis\u00e9 dans la recherche et le traitement du cancer, l&rsquo;Institut Curie accueille chaque ann\u00e9e de nombreux patients pour des consultations, traitements et suivis m\u00e9dicaux.<\/p>\t\t\t\t\t\t\t\t<\/div>\n\t\t\t\t<div class=\"elementor-element elementor-element-fca62d6 elementor-widget elementor-widget-button\" data-id=\"fca62d6\" data-element_type=\"widget\" data-e-type=\"widget\" data-widget_type=\"button.default\">\n\t\t\t\t\t\t\t\t\t\t<a class=\"elementor-button elementor-button-link elementor-size-sm\" href=\"https:\/\/nouveau.taxis-conventionnes-cpam-idf.fr\/index.php\/taxi-conventionne-cpam-pour-linstitut-curie\/\">\n\t\t\t\t\t\t<span class=\"elementor-button-content-wrapper\">\n\t\t\t\t\t\t\t\t\t<span class=\"elementor-button-text\">D\u00e9couvrir l'\u00e9tablissement<\/span>\n\t\t\t\t\t<\/span>\n\t\t\t\t\t<\/a>\n\t\t\t\t\t\t\t\t<\/div>\n\t\t\t\t\t<\/div>\n\t\t\t\t<\/div>\n\t\t<div class=\"elementor-element elementor-element-a839e7e e-flex e-con-boxed e-con e-parent\" data-id=\"a839e7e\" data-element_type=\"container\" data-e-type=\"container\" data-settings=\"{&quot;background_background&quot;:&quot;classic&quot;}\">\n\t\t\t\t\t<div class=\"e-con-inner\">\n\t\t\t\t\t<h2 data-interaction-id=\"955fadb\" class=\"e-heading-base\">\ud83c\udfe5 H\u00f4pital Piti\u00e9-Salp\u00eatri\u00e8re<\/h2>\n\t\t\t\t<div class=\"elementor-element elementor-element-5b6e08d elementor-widget elementor-widget-image\" data-id=\"5b6e08d\" data-element_type=\"widget\" data-e-type=\"widget\" data-widget_type=\"image.default\">\n\t\t\t\t\t\t\t\t\t\t\t\t\t\t\t<img loading=\"lazy\" decoding=\"async\" width=\"1024\" height=\"683\" src=\"https:\/\/nouveau.taxis-conventionnes-cpam-idf.fr\/wp-content\/uploads\/2026\/06\/pitie--1024x683.png\" class=\"attachment-large size-large wp-image-268\" alt=\"H\u00f4pital Piti\u00e9-Salp\u00eatri\u00e8re \u00e0 Paris desservi par nos taxis conventionn\u00e9s CPAM.\" srcset=\"https:\/\/nouveau.taxis-conventionnes-cpam-idf.fr\/wp-content\/uploads\/2026\/06\/pitie--1024x683.png 1024w, https:\/\/nouveau.taxis-conventionnes-cpam-idf.fr\/wp-content\/uploads\/2026\/06\/pitie--300x200.png 300w, https:\/\/nouveau.taxis-conventionnes-cpam-idf.fr\/wp-content\/uploads\/2026\/06\/pitie--768x512.png 768w, https:\/\/nouveau.taxis-conventionnes-cpam-idf.fr\/wp-content\/uploads\/2026\/06\/pitie-.png 1536w\" sizes=\"(max-width: 1024px) 100vw, 1024px\" \/>\t\t\t\t\t\t\t\t\t\t\t\t\t\t\t<\/div>\n\t\t\t\t<div class=\"elementor-element elementor-element-4e02c70 elementor-widget elementor-widget-text-editor\" data-id=\"4e02c70\" data-element_type=\"widget\" data-e-type=\"widget\" data-widget_type=\"text-editor.default\">\n\t\t\t\t\t\t\t\t\t<p>\ud83d\udccd Paris 13e (75)<\/p><p>L&rsquo;un des plus grands centres hospitaliers universitaires d&rsquo;Europe. La Piti\u00e9-Salp\u00eatri\u00e8re accueille des patients dans de nombreuses sp\u00e9cialit\u00e9s m\u00e9dicales et chirurgicales.<\/p>\t\t\t\t\t\t\t\t<\/div>\n\t\t\t\t<div class=\"elementor-element elementor-element-b295458 elementor-widget elementor-widget-button\" data-id=\"b295458\" data-element_type=\"widget\" data-e-type=\"widget\" data-widget_type=\"button.default\">\n\t\t\t\t\t\t\t\t\t\t<a class=\"elementor-button elementor-button-link elementor-size-sm\" href=\"https:\/\/nouveau.taxis-conventionnes-cpam-idf.fr\/index.php\/taxi-conventionne-cpam-pour-la-pitie-salpetriere\/\">\n\t\t\t\t\t\t<span class=\"elementor-button-content-wrapper\">\n\t\t\t\t\t\t\t\t\t<span class=\"elementor-button-text\">Voir la page d\u00e9di\u00e9e<\/span>\n\t\t\t\t\t<\/span>\n\t\t\t\t\t<\/a>\n\t\t\t\t\t\t\t\t<\/div>\n\t\t\t\t\t<\/div>\n\t\t\t\t<\/div>\n\t\t<div class=\"elementor-element elementor-element-e093dab e-flex e-con-boxed e-con e-parent\" data-id=\"e093dab\" data-element_type=\"container\" data-e-type=\"container\" data-settings=\"{&quot;background_background&quot;:&quot;classic&quot;}\">\n\t\t\t\t\t<div class=\"e-con-inner\">\n\t\t\t\t\t<h2 data-interaction-id=\"9225923\" class=\"e-heading-base\">\ud83c\udfe5 H\u00f4pital Necker<\/h2>\n\t\t\t\t<div class=\"elementor-element elementor-element-5d102d6 elementor-widget elementor-widget-image\" data-id=\"5d102d6\" data-element_type=\"widget\" data-e-type=\"widget\" data-widget_type=\"image.default\">\n\t\t\t\t\t\t\t\t\t\t\t\t\t\t\t<img loading=\"lazy\" decoding=\"async\" width=\"1024\" height=\"683\" src=\"https:\/\/nouveau.taxis-conventionnes-cpam-idf.fr\/wp-content\/uploads\/2026\/06\/NECKER-1024x683.png\" class=\"attachment-large size-large wp-image-269\" alt=\"H\u00f4pital Necker \u00e0 Paris desservi par nos taxis conventionn\u00e9s CPAM.\" srcset=\"https:\/\/nouveau.taxis-conventionnes-cpam-idf.fr\/wp-content\/uploads\/2026\/06\/NECKER-1024x683.png 1024w, https:\/\/nouveau.taxis-conventionnes-cpam-idf.fr\/wp-content\/uploads\/2026\/06\/NECKER-300x200.png 300w, https:\/\/nouveau.taxis-conventionnes-cpam-idf.fr\/wp-content\/uploads\/2026\/06\/NECKER-768x512.png 768w, https:\/\/nouveau.taxis-conventionnes-cpam-idf.fr\/wp-content\/uploads\/2026\/06\/NECKER.png 1536w\" sizes=\"(max-width: 1024px) 100vw, 1024px\" \/>\t\t\t\t\t\t\t\t\t\t\t\t\t\t\t<\/div>\n\t\t\t\t<div class=\"elementor-element elementor-element-31ba0cc elementor-widget elementor-widget-text-editor\" data-id=\"31ba0cc\" data-element_type=\"widget\" data-e-type=\"widget\" data-widget_type=\"text-editor.default\">\n\t\t\t\t\t\t\t\t\t<p>\ud83d\udccd Paris 15e (75)<\/p><p>L&rsquo;H\u00f4pital Necker est reconnu pour son expertise dans de nombreuses sp\u00e9cialit\u00e9s m\u00e9dicales et accueille aussi bien les adultes que les enfants pour leurs consultations, examens et traitements.<\/p>\t\t\t\t\t\t\t\t<\/div>\n\t\t\t\t<div class=\"elementor-element elementor-element-9819e8b elementor-widget elementor-widget-button\" data-id=\"9819e8b\" data-element_type=\"widget\" data-e-type=\"widget\" data-widget_type=\"button.default\">\n\t\t\t\t\t\t\t\t\t\t<a class=\"elementor-button elementor-button-link elementor-size-sm\" href=\"https:\/\/nouveau.taxis-conventionnes-cpam-idf.fr\/index.php\/taxi-conventionne-cpam-pour-lhopital-necker\/\">\n\t\t\t\t\t\t<span class=\"elementor-button-content-wrapper\">\n\t\t\t\t\t\t\t\t\t<span class=\"elementor-button-text\">Voir la page d\u00e9di\u00e9e<\/span>\n\t\t\t\t\t<\/span>\n\t\t\t\t\t<\/a>\n\t\t\t\t\t\t\t\t<\/div>\n\t\t\t\t\t<\/div>\n\t\t\t\t<\/div>\n\t\t<div class=\"elementor-element elementor-element-31d1510 e-flex e-con-boxed e-con e-parent\" data-id=\"31d1510\" data-element_type=\"container\" data-e-type=\"container\" data-settings=\"{&quot;background_background&quot;:&quot;classic&quot;}\">\n\t\t\t\t\t<div class=\"e-con-inner\">\n\t\t\t\t\t<h2 data-interaction-id=\"017523d\" class=\"e-heading-base\">\ud83c\udfe5 H\u00f4pital Avicenne<\/h2>\n\t\t\t\t<div class=\"elementor-element elementor-element-729344c elementor-widget elementor-widget-image\" data-id=\"729344c\" data-element_type=\"widget\" data-e-type=\"widget\" data-widget_type=\"image.default\">\n\t\t\t\t\t\t\t\t\t\t\t\t\t\t\t<img loading=\"lazy\" decoding=\"async\" width=\"1024\" height=\"683\" src=\"https:\/\/nouveau.taxis-conventionnes-cpam-idf.fr\/wp-content\/uploads\/2026\/06\/Avicennes--1024x683.png\" class=\"attachment-large size-large wp-image-270\" alt=\"H\u00f4pital Avicenne \u00e0 Bobigny desservi par nos taxis conventionn\u00e9s CPAM.\" srcset=\"https:\/\/nouveau.taxis-conventionnes-cpam-idf.fr\/wp-content\/uploads\/2026\/06\/Avicennes--1024x683.png 1024w, https:\/\/nouveau.taxis-conventionnes-cpam-idf.fr\/wp-content\/uploads\/2026\/06\/Avicennes--300x200.png 300w, https:\/\/nouveau.taxis-conventionnes-cpam-idf.fr\/wp-content\/uploads\/2026\/06\/Avicennes--768x512.png 768w, https:\/\/nouveau.taxis-conventionnes-cpam-idf.fr\/wp-content\/uploads\/2026\/06\/Avicennes-.png 1536w\" sizes=\"(max-width: 1024px) 100vw, 1024px\" \/>\t\t\t\t\t\t\t\t\t\t\t\t\t\t\t<\/div>\n\t\t\t\t<div class=\"elementor-element elementor-element-407fe49 elementor-widget elementor-widget-text-editor\" data-id=\"407fe49\" data-element_type=\"widget\" data-e-type=\"widget\" data-widget_type=\"text-editor.default\">\n\t\t\t\t\t\t\t\t\t<p>\ud83d\udccd Bobigny (93)<\/p><p>Situ\u00e9 en Seine-Saint-Denis, l&rsquo;H\u00f4pital Avicenne accueille des patients pour des consultations sp\u00e9cialis\u00e9es, examens m\u00e9dicaux, traitements et hospitalisations.<\/p>\t\t\t\t\t\t\t\t<\/div>\n\t\t\t\t<div class=\"elementor-element elementor-element-ecc97fc elementor-widget elementor-widget-button\" data-id=\"ecc97fc\" data-element_type=\"widget\" data-e-type=\"widget\" data-widget_type=\"button.default\">\n\t\t\t\t\t\t\t\t\t\t<a class=\"elementor-button elementor-button-link elementor-size-sm\" href=\"https:\/\/nouveau.taxis-conventionnes-cpam-idf.fr\/index.php\/taxi-conventionne-cpam-pour-lhopital-avicenne\/\">\n\t\t\t\t\t\t<span class=\"elementor-button-content-wrapper\">\n\t\t\t\t\t\t\t\t\t<span class=\"elementor-button-text\">Voir la page d\u00e9di\u00e9e<\/span>\n\t\t\t\t\t<\/span>\n\t\t\t\t\t<\/a>\n\t\t\t\t\t\t\t\t<\/div>\n\t\t\t\t\t<\/div>\n\t\t\t\t<\/div>\n\t\t<div class=\"elementor-element elementor-element-403639b e-flex e-con-boxed e-con e-parent\" data-id=\"403639b\" data-element_type=\"container\" data-e-type=\"container\" data-settings=\"{&quot;background_background&quot;:&quot;classic&quot;}\">\n\t\t\t\t\t<div class=\"e-con-inner\">\n\t\t\t\t\t<h2 data-interaction-id=\"ac4d368\" class=\"e-heading-base\">\ud83c\udfe5 H\u00f4pital Beaujon<\/h2>\n\t\t\t\t<div class=\"elementor-element elementor-element-16739f3 elementor-widget elementor-widget-image\" data-id=\"16739f3\" data-element_type=\"widget\" data-e-type=\"widget\" data-widget_type=\"image.default\">\n\t\t\t\t\t\t\t\t\t\t\t\t\t\t\t<img loading=\"lazy\" decoding=\"async\" width=\"1024\" height=\"683\" src=\"https:\/\/nouveau.taxis-conventionnes-cpam-idf.fr\/wp-content\/uploads\/2026\/06\/Beaujon--1024x683.png\" class=\"attachment-large size-large wp-image-271\" alt=\"H\u00f4pital Beaujon \u00e0 Clichy desservi par nos taxis conventionn\u00e9s CPAM.\" srcset=\"https:\/\/nouveau.taxis-conventionnes-cpam-idf.fr\/wp-content\/uploads\/2026\/06\/Beaujon--1024x683.png 1024w, https:\/\/nouveau.taxis-conventionnes-cpam-idf.fr\/wp-content\/uploads\/2026\/06\/Beaujon--300x200.png 300w, https:\/\/nouveau.taxis-conventionnes-cpam-idf.fr\/wp-content\/uploads\/2026\/06\/Beaujon--768x512.png 768w, https:\/\/nouveau.taxis-conventionnes-cpam-idf.fr\/wp-content\/uploads\/2026\/06\/Beaujon-.png 1536w\" sizes=\"(max-width: 1024px) 100vw, 1024px\" \/>\t\t\t\t\t\t\t\t\t\t\t\t\t\t\t<\/div>\n\t\t\t\t<div class=\"elementor-element elementor-element-d6d4616 elementor-widget elementor-widget-text-editor\" data-id=\"d6d4616\" data-element_type=\"widget\" data-e-type=\"widget\" data-widget_type=\"text-editor.default\">\n\t\t\t\t\t\t\t\t\t<p>\ud83d\udccd Clichy (92)<\/p><p>L&rsquo;H\u00f4pital Beaujon est un \u00e9tablissement de r\u00e9f\u00e9rence accueillant des patients dans de nombreuses sp\u00e9cialit\u00e9s m\u00e9dicales et chirurgicales, notamment en h\u00e9pato-gastroent\u00e9rologie et chirurgie sp\u00e9cialis\u00e9e.<\/p>\t\t\t\t\t\t\t\t<\/div>\n\t\t\t\t<div class=\"elementor-element elementor-element-ebd01ec elementor-widget elementor-widget-button\" data-id=\"ebd01ec\" data-element_type=\"widget\" data-e-type=\"widget\" data-widget_type=\"button.default\">\n\t\t\t\t\t\t\t\t\t\t<a class=\"elementor-button elementor-button-link elementor-size-sm\" href=\"https:\/\/nouveau.taxis-conventionnes-cpam-idf.fr\/index.php\/taxi-conventionne-cpam-pour-lhopital-beaujon\/\">\n\t\t\t\t\t\t<span class=\"elementor-button-content-wrapper\">\n\t\t\t\t\t\t\t\t\t<span class=\"elementor-button-text\">Voir la page d\u00e9di\u00e9e<\/span>\n\t\t\t\t\t<\/span>\n\t\t\t\t\t<\/a>\n\t\t\t\t\t\t\t\t<\/div>\n\t\t\t\t\t<\/div>\n\t\t\t\t<\/div>\n\t\t<div class=\"elementor-element elementor-element-3635f9d e-con e-atomic-element e-flexbox-base \" data-id=\"3635f9d\" data-element_type=\"e-flexbox\" data-e-type=\"e-flexbox\" data-interaction-id=\"3635f9d\">\n    \t\t\t<h2 data-interaction-id=\"9c8a20b\" class=\"e-heading-base\">Et bien d'autres \u00e9tablissements de sant\u00e9 en \u00cele-de-France<\/h2>\n\t\t\n<\/div>\n<div class=\"elementor-element elementor-element-9878487 e-flex e-con-boxed e-con e-parent\" data-id=\"9878487\" data-element_type=\"container\" data-e-type=\"container\">\n\t\t\t\t\t<div class=\"e-con-inner\">\n\t\t\t\t<div class=\"elementor-element elementor-element-0e85bdc elementor-widget elementor-widget-text-editor\" data-id=\"0e85bdc\" data-element_type=\"widget\" data-e-type=\"widget\" data-widget_type=\"text-editor.default\">\n\t\t\t\t\t\t\t\t\t<p>Nos taxis conventionn\u00e9s CPAM assurent \u00e9galement des transports vers de nombreux autres h\u00f4pitaux, cliniques, centres de radioth\u00e9rapie, centres de dialyse et \u00e9tablissements sp\u00e9cialis\u00e9s d&rsquo;\u00cele-de-France.<\/p><p>Vous recherchez un taxi conventionn\u00e9 pour une consultation, une hospitalisation, une s\u00e9ance de dialyse, de chimioth\u00e9rapie ou de radioth\u00e9rapie ?<\/p><p>Notre \u00e9quipe est \u00e0 votre disposition pour \u00e9tudier votre demande et organiser votre transport dans les meilleures conditions.<\/p>\t\t\t\t\t\t\t\t<\/div>\n\t\t\t\t\t<\/div>\n\t\t\t\t<\/div>\n\t\t<div class=\"elementor-element elementor-element-4fdfcfa e-con e-atomic-element e-flexbox-base \" data-id=\"4fdfcfa\" data-element_type=\"e-flexbox\" data-e-type=\"e-flexbox\" data-interaction-id=\"4fdfcfa\">\n    \t\t\t<a href=\"https:\/\/nouveau.taxis-conventionnes-cpam-idf.fr\/index.php\/zones-desservies-par-nos-taxis-conventionnes-cpam\/\" target=\"_self\" class=\"e-button-base\" data-interaction-id=\"9042a10\">\n\t\tZONES DESERVIS\n\t<\/a>\t\t\n<\/div>\n\t\t<\/div>\n\t\t","protected":false},"excerpt":{"rendered":"<p>Nous assurons des transports conventionn\u00e9s CPAM vers les principaux h\u00f4pitaux et centres de soins d\u2019\u00cele-de-France. Que ce soit pour une consultation, un examen m\u00e9dical, une hospitalisation, une dialyse, une chimioth\u00e9rapie ou une radioth\u00e9rapie, nous accompagnons les patients dans leurs d\u00e9placements m\u00e9dicaux. Des trajets r\u00e9guliers vers les principaux \u00e9tablissements de sant\u00e9 Nos taxis conventionn\u00e9s CPAM accompagnent [&hellip;]<\/p>\n","protected":false},"author":1,"featured_media":0,"parent":0,"menu_order":0,"comment_status":"closed","ping_status":"closed","template":"","meta":{"footnotes":""},"class_list":["post-262","page","type-page","status-publish","hentry"],"_links":{"self":[{"href":"https:\/\/nouveau.taxis-conventionnes-cpam-idf.fr\/index.php\/wp-json\/wp\/v2\/pages\/262","targetHints":{"allow":["GET"]}}],"collection":[{"href":"https:\/\/nouveau.taxis-conventionnes-cpam-idf.fr\/index.php\/wp-json\/wp\/v2\/pages"}],"about":[{"href":"https:\/\/nouveau.taxis-conventionnes-cpam-idf.fr\/index.php\/wp-json\/wp\/v2\/types\/page"}],"author":[{"embeddable":true,"href":"https:\/\/nouveau.taxis-conventionnes-cpam-idf.fr\/index.php\/wp-json\/wp\/v2\/users\/1"}],"replies":[{"embeddable":true,"href":"https:\/\/nouveau.taxis-conventionnes-cpam-idf.fr\/index.php\/wp-json\/wp\/v2\/comments?post=262"}],"version-history":[{"count":14,"href":"https:\/\/nouveau.taxis-conventionnes-cpam-idf.fr\/index.php\/wp-json\/wp\/v2\/pages\/262\/revisions"}],"predecessor-version":[{"id":354,"href":"https:\/\/nouveau.taxis-conventionnes-cpam-idf.fr\/index.php\/wp-json\/wp\/v2\/pages\/262\/revisions\/354"}],"wp:attachment":[{"href":"https:\/\/nouveau.taxis-conventionnes-cpam-idf.fr\/index.php\/wp-json\/wp\/v2\/media?parent=262"}],"curies":[{"name":"wp","href":"https:\/\/api.w.org\/{rel}","templated":true}]}}