{"id":30,"date":"2026-06-21T09:31:04","date_gmt":"2026-06-21T09:31:04","guid":{"rendered":"https:\/\/nouveau.taxis-conventionnes-cpam-idf.fr\/?page_id=30"},"modified":"2026-07-12T16:50:40","modified_gmt":"2026-07-12T14:50:40","slug":"zones-desservies-par-nos-taxis-conventionnes-cpam","status":"publish","type":"page","link":"https:\/\/nouveau.taxis-conventionnes-cpam-idf.fr\/index.php\/zones-desservies-par-nos-taxis-conventionnes-cpam\/","title":{"rendered":"Zones desservies par nos taxis conventionn\u00e9s CPAM"},"content":{"rendered":"\t\t<div data-elementor-type=\"wp-page\" data-elementor-id=\"30\" class=\"elementor elementor-30\">\n\t\t\t\t<div class=\"elementor-element elementor-element-a569317 e-flex e-con-boxed e-con e-parent\" data-id=\"a569317\" data-element_type=\"container\" data-e-type=\"container\">\n\t\t\t\t\t<div class=\"e-con-inner\">\n\t\t\t\t<div class=\"elementor-element elementor-element-94acdef elementor-widget elementor-widget-text-editor\" data-id=\"94acdef\" data-element_type=\"widget\" data-e-type=\"widget\" data-widget_type=\"text-editor.default\">\n\t\t\t\t\t\t\t\t\t<p class=\"PDq2pG_selectionAnchorContainer\" data-start=\"468\" data-end=\"689\">Nos taxis conventionn\u00e9s assurent, sur r\u00e9servation pr\u00e9alable, les transports m\u00e9dicaux entre Paris, la petite couronne et plusieurs secteurs situ\u00e9s dans l\u2019Oise, le nord de la Seine-et-Marne ainsi que le secteur de Soissons.<\/p><p data-start=\"694\" data-end=\"1017\">Nous pouvons venir chercher le patient \u00e0 son domicile pour le conduire vers un h\u00f4pital ou un centre de soins situ\u00e9 \u00e0 Paris ou en petite couronne. Nous assurons \u00e9galement le retour \u00e0 domicile apr\u00e8s une consultation, une hospitalisation, une s\u00e9ance de dialyse, de chimioth\u00e9rapie, de radioth\u00e9rapie ou tout autre soin prescrit.<\/p><p data-start=\"1022\" data-end=\"1189\">Les trajets peuvent \u00eatre organis\u00e9s en aller simple ou en aller-retour, sous r\u00e9serve de disponibilit\u00e9 et selon les conditions de prise en charge de l\u2019Assurance Maladie.<\/p>\t\t\t\t\t\t\t\t<\/div>\n\t\t\t\t\t<\/div>\n\t\t\t\t<\/div>\n\t\t<div class=\"elementor-element elementor-element-1b11ccd e-con e-atomic-element e-flexbox-base \" data-id=\"1b11ccd\" data-element_type=\"e-flexbox\" data-e-type=\"e-flexbox\" data-interaction-id=\"1b11ccd\">\n    \t\t\t<h2 data-interaction-id=\"60493f4\" class=\"e-heading-base\">Des transports organis\u00e9s dans les deux sens<\/h2>\n\t\t\n<\/div>\n<div class=\"elementor-element elementor-element-cac6eda e-flex e-con-boxed e-con e-parent\" data-id=\"cac6eda\" data-element_type=\"container\" data-e-type=\"container\">\n\t\t\t\t\t<div class=\"e-con-inner\">\n\t\t\t\t<div class=\"elementor-element elementor-element-e584bc7 elementor-widget elementor-widget-text-editor\" data-id=\"e584bc7\" data-element_type=\"widget\" data-e-type=\"widget\" data-widget_type=\"text-editor.default\">\n\t\t\t\t\t\t\t\t\t<p class=\"PDq2pG_selectionAnchorContainer\" data-start=\"226\" data-end=\"376\">Nos taxis conventionn\u00e9s interviennent sur r\u00e9servation pour les trajets entre votre domicile et les principaux \u00e9tablissements de sant\u00e9 d\u2019\u00cele-de-France.<\/p><p data-start=\"381\" data-end=\"426\">Selon votre situation, nous pouvons assurer :<\/p><p data-start=\"431\" data-end=\"480\">\u2705 Le trajet domicile \u2192 h\u00f4pital ou centre de soins<\/p><p data-start=\"485\" data-end=\"534\">\u2705 Le trajet h\u00f4pital ou centre de soins \u2192 domicile<\/p><p data-start=\"539\" data-end=\"587\">\u2705 Le transport aller-retour dans la m\u00eame journ\u00e9e<\/p><p data-start=\"592\" data-end=\"763\">Nous r\u00e9alisons r\u00e9guli\u00e8rement des transports vers les centres de dialyse, d\u2019oncologie, de radioth\u00e9rapie, les consultations sp\u00e9cialis\u00e9es et les hospitalisations programm\u00e9es.<\/p><p data-start=\"768\" data-end=\"904\">Chaque demande est \u00e9tudi\u00e9e en fonction des disponibilit\u00e9s de nos chauffeurs et des conditions de prise en charge de l\u2019Assurance Maladie.<\/p>\t\t\t\t\t\t\t\t<\/div>\n\t\t\t\t\t<\/div>\n\t\t\t\t<\/div>\n\t\t<div class=\"elementor-element elementor-element-080580e e-con e-atomic-element e-flexbox-base \" data-id=\"080580e\" data-element_type=\"e-flexbox\" data-e-type=\"e-flexbox\" data-interaction-id=\"080580e\">\n    \t\t\t<h2 data-interaction-id=\"4961ae9\" class=\"e-heading-base\">Nos principaux secteurs d\u2019intervention<\/h2>\n\t\t\n<\/div>\n<div class=\"elementor-element elementor-element-0bb603e e-flex e-con-boxed e-con e-parent\" data-id=\"0bb603e\" data-element_type=\"container\" data-e-type=\"container\">\n\t\t\t\t\t<div class=\"e-con-inner\">\n\t\t\t\t<div class=\"elementor-element elementor-element-297d177 elementor-widget elementor-widget-text-editor\" data-id=\"297d177\" data-element_type=\"widget\" data-e-type=\"widget\" data-widget_type=\"text-editor.default\">\n\t\t\t\t\t\t\t\t\t<p class=\"PDq2pG_selectionAnchorContainer\" data-start=\"325\" data-end=\"538\">Nous assurons principalement les transports conventionn\u00e9s entre Paris, la petite couronne et plusieurs secteurs situ\u00e9s dans l\u2019Oise, le nord de la Seine-et-Marne ainsi que le secteur de Soissons et Ch\u00e2teau-Thierry.<\/p><p data-start=\"543\" data-end=\"688\">Les transports sont r\u00e9alis\u00e9s sur r\u00e9servation pr\u00e9alable, aussi bien pour les rendez-vous m\u00e9dicaux que pour les retours \u00e0 domicile apr\u00e8s les soins.<\/p>\t\t\t\t\t\t\t\t<\/div>\n\t\t\t\t\t<\/div>\n\t\t\t\t<\/div>\n\t\t<div class=\"elementor-element elementor-element-5421557 e-con e-atomic-element e-flexbox-base \" data-id=\"5421557\" data-element_type=\"e-flexbox\" data-e-type=\"e-flexbox\" data-interaction-id=\"5421557\">\n    \t\t\t<img fetchpriority=\"high\" decoding=\"async\" class=\"e-image-base \" data-interaction-id=\"f2710b5\" id=\"20\" src=\"https:\/\/nouveau.taxis-conventionnes-cpam-idf.fr\/wp-content\/uploads\/2026\/06\/Zone-desservis-en-ile-de-France-.png\" width=\"1536\" height=\"1024\" srcset=\"https:\/\/nouveau.taxis-conventionnes-cpam-idf.fr\/wp-content\/uploads\/2026\/06\/Zone-desservis-en-ile-de-France-.png 1536w, https:\/\/nouveau.taxis-conventionnes-cpam-idf.fr\/wp-content\/uploads\/2026\/06\/Zone-desservis-en-ile-de-France--300x200.png 300w, https:\/\/nouveau.taxis-conventionnes-cpam-idf.fr\/wp-content\/uploads\/2026\/06\/Zone-desservis-en-ile-de-France--1024x683.png 1024w, https:\/\/nouveau.taxis-conventionnes-cpam-idf.fr\/wp-content\/uploads\/2026\/06\/Zone-desservis-en-ile-de-France--768x512.png 768w\" alt=\"Taxi conventionn\u00e9 CPAM en \u00cele-de-France pour rendez-vous m\u00e9dicaux et hospitaliers\"\/>\t\t\n<\/div>\n<div class=\"elementor-element elementor-element-e01dd7a e-con e-atomic-element e-flexbox-base \" data-id=\"e01dd7a\" data-element_type=\"e-flexbox\" data-e-type=\"e-flexbox\" data-interaction-id=\"e01dd7a\">\n    \t\t\t<h2 data-interaction-id=\"8740027\" class=\"e-heading-base\">Nos principaux secteurs d'intervention<\/h2>\n\t\t\n<\/div>\n<div class=\"elementor-element elementor-element-1f3e7c3 e-con e-atomic-element e-flexbox-base \" data-id=\"1f3e7c3\" data-element_type=\"e-flexbox\" data-e-type=\"e-flexbox\" data-interaction-id=\"1f3e7c3\">\n    \t\t\t<p class=\"e-paragraph-base\" data-interaction-id=\"d0cb443\">Nous assurons des transports m\u00e9dicaux conventionn\u00e9s CPAM entre les h\u00f4pitaux de Paris, de la petite couronne et plusieurs secteurs situ\u00e9s dans l'Oise, la Seine-et-Marne Nord et le secteur de Soissons.<br>Les transports sont r\u00e9alis\u00e9s sur r\u00e9servation pour les consultations, hospitalisations, dialyses, chimioth\u00e9rapies, radioth\u00e9rapies et autres soins sp\u00e9cialis\u00e9s.<\/p>\n\t\t\n<\/div>\n<div class=\"elementor-element elementor-element-a60cf92 e-flex e-con-boxed e-con e-parent\" data-id=\"a60cf92\" data-element_type=\"container\" data-e-type=\"container\" data-settings=\"{&quot;background_background&quot;:&quot;classic&quot;}\">\n\t\t\t\t\t<div class=\"e-con-inner\">\n\t\t\t\t\t<h2 data-interaction-id=\"5e6abc87\" class=\"e-heading-base\">Zones r\u00e9guli\u00e8rement desservies<\/h2>\n\t\t\t\t<div class=\"elementor-element elementor-element-2b6913e0 elementor-widget elementor-widget-text-editor\" data-id=\"2b6913e0\" data-element_type=\"widget\" data-e-type=\"widget\" data-widget_type=\"text-editor.default\">\n\t\t\t\t\t\t\t\t\t<p class=\"PDq2pG_selectionAnchorContainer\" data-start=\"791\" data-end=\"802\">\u2705 Oise (60)<\/p><p data-start=\"804\" data-end=\"830\">\u2705 Nord Seine-et-Marne (77)<\/p><p data-start=\"832\" data-end=\"842\">\u2705 Soissons<\/p><p data-start=\"844\" data-end=\"863\">\u2705 Villers-Cotter\u00eats<\/p><p data-start=\"865\" data-end=\"882\">\u2705 Ch\u00e2teau-Thierry<\/p><h4 data-start=\"884\" data-end=\"922\">Zones non desservies actuellement<\/h4><p data-start=\"924\" data-end=\"941\">\u274c Val-d&rsquo;Oise (95)<\/p><p data-start=\"943\" data-end=\"957\">\u274c Essonne (91)<\/p><p data-start=\"959\" data-end=\"984\">\u274c Sud Seine-et-Marne (77)<\/p>\t\t\t\t\t\t\t\t<\/div>\n\t\t\t\t\t<\/div>\n\t\t\t\t<\/div>\n\t\t<div class=\"elementor-element elementor-element-6dc65ab e-flex e-con-boxed e-con e-parent\" data-id=\"6dc65ab\" data-element_type=\"container\" data-e-type=\"container\">\n\t\t\t\t\t<div class=\"e-con-inner\">\n\t\t<div class=\"elementor-element elementor-element-a622618 e-con-full e-flex e-con e-child\" data-id=\"a622618\" data-element_type=\"container\" data-e-type=\"container\">\n\t\t\t\t<div class=\"elementor-element elementor-element-b73635b elementor-widget elementor-widget-image\" data-id=\"b73635b\" data-element_type=\"widget\" data-e-type=\"widget\" data-widget_type=\"image.default\">\n\t\t\t\t\t\t\t\t\t\t\t\t\t\t\t<img decoding=\"async\" width=\"1024\" height=\"683\" src=\"https:\/\/nouveau.taxis-conventionnes-cpam-idf.fr\/wp-content\/uploads\/2026\/07\/taxi-conventionne-hopitaux-ile-de-france-vers-oise-1024x683.png\" class=\"attachment-large size-large wp-image-359\" alt=\"Taxi conventionn\u00e9 CPAM depuis les h\u00f4pitaux de Paris et de la petite couronne vers Senlis, Chantilly, Creil, Compi\u00e8gne, Noyon et les communes de l\u2019Oise.\" srcset=\"https:\/\/nouveau.taxis-conventionnes-cpam-idf.fr\/wp-content\/uploads\/2026\/07\/taxi-conventionne-hopitaux-ile-de-france-vers-oise-1024x683.png 1024w, https:\/\/nouveau.taxis-conventionnes-cpam-idf.fr\/wp-content\/uploads\/2026\/07\/taxi-conventionne-hopitaux-ile-de-france-vers-oise-300x200.png 300w, https:\/\/nouveau.taxis-conventionnes-cpam-idf.fr\/wp-content\/uploads\/2026\/07\/taxi-conventionne-hopitaux-ile-de-france-vers-oise-768x512.png 768w, https:\/\/nouveau.taxis-conventionnes-cpam-idf.fr\/wp-content\/uploads\/2026\/07\/taxi-conventionne-hopitaux-ile-de-france-vers-oise.png 1536w\" sizes=\"(max-width: 1024px) 100vw, 1024px\" \/>\t\t\t\t\t\t\t\t\t\t\t\t\t\t\t<\/div>\n\t\t\t\t<\/div>\n\t\t<div class=\"elementor-element elementor-element-ffd790e e-con-full e-flex e-con e-child\" data-id=\"ffd790e\" data-element_type=\"container\" data-e-type=\"container\">\n\t\t\t\t\t<h2 data-interaction-id=\"e3e60c5\" class=\"e-heading-base\">H\u00f4pitaux d'\u00cele-de-France \u2194 Oise (60)<\/h2>\n\t\t\t\t<div class=\"elementor-element elementor-element-effaa50 elementor-widget elementor-widget-text-editor\" data-id=\"effaa50\" data-element_type=\"widget\" data-e-type=\"widget\" data-widget_type=\"text-editor.default\">\n\t\t\t\t\t\t\t\t\t<p class=\"PDq2pG_selectionAnchorContainer\" data-start=\"1457\" data-end=\"1617\">Nous assurons, sur r\u00e9servation pr\u00e9alable, des transports conventionn\u00e9s entre l\u2019Oise et les principaux \u00e9tablissements de sant\u00e9 de Paris et de la petite couronne.<\/p><p data-start=\"1622\" data-end=\"1821\">Nous pouvons venir chercher le patient \u00e0 son domicile pour le conduire vers son \u00e9tablissement de soins, mais \u00e9galement assurer son retour apr\u00e8s une consultation, une hospitalisation ou un traitement.<\/p><p data-start=\"1826\" data-end=\"1973\">Nous intervenons notamment dans les secteurs de Senlis, Chantilly, Creil, Compi\u00e8gne, Noyon et les communes voisines, sous r\u00e9serve de disponibilit\u00e9.<\/p>\t\t\t\t\t\t\t\t<\/div>\n\t\t\t\t<div class=\"elementor-element elementor-element-d2168cd elementor-align-center elementor-widget elementor-widget-button\" data-id=\"d2168cd\" data-element_type=\"widget\" data-e-type=\"widget\" data-widget_type=\"button.default\">\n\t\t\t\t\t\t\t\t\t\t<a class=\"elementor-button elementor-button-link elementor-size-sm\" href=\"https:\/\/nouveau.taxis-conventionnes-cpam-idf.fr\/index.php\/reservation-de-transport-conventionne-cpam\/\">\n\t\t\t\t\t\t<span class=\"elementor-button-content-wrapper\">\n\t\t\t\t\t\t\t\t\t<span class=\"elementor-button-text\">R\u00e9server un transport conventionn\u00e9<\/span>\n\t\t\t\t\t<\/span>\n\t\t\t\t\t<\/a>\n\t\t\t\t\t\t\t\t<\/div>\n\t\t\t\t<div class=\"elementor-element elementor-element-29b56a3 elementor-widget elementor-widget-text-editor\" data-id=\"29b56a3\" data-element_type=\"widget\" data-e-type=\"widget\" data-widget_type=\"text-editor.default\">\n\t\t\t\t\t\t\t\t\t<p><strong>\ud83d\udccd Principaux secteurs desservis\u00a0<\/strong><br \/>Senlis \u2022 Chantilly \u2022 Creil \u2022 Compi\u00e8gne \u2022 Noyon et environs<\/p>\t\t\t\t\t\t\t\t<\/div>\n\t\t\t\t<\/div>\n\t\t\t\t\t<\/div>\n\t\t\t\t<\/div>\n\t\t<div class=\"elementor-element elementor-element-a5a8fec e-con-full e-flex e-con e-parent\" data-id=\"a5a8fec\" data-element_type=\"container\" data-e-type=\"container\">\n\t\t<div class=\"elementor-element elementor-element-2f8d4de e-con-full e-flex e-con e-child\" data-id=\"2f8d4de\" data-element_type=\"container\" data-e-type=\"container\">\n\t\t\t\t<div class=\"elementor-element elementor-element-a91ef63 elementor-widget elementor-widget-image\" data-id=\"a91ef63\" data-element_type=\"widget\" data-e-type=\"widget\" data-widget_type=\"image.default\">\n\t\t\t\t\t\t\t\t\t\t\t\t\t\t\t<img decoding=\"async\" width=\"1024\" height=\"683\" src=\"https:\/\/nouveau.taxis-conventionnes-cpam-idf.fr\/wp-content\/uploads\/2026\/07\/taxi-conventionne-hopitaux-ile-de-france-vers-seine-et-marne-nord-axe-a4-1024x683.png\" class=\"attachment-large size-large wp-image-360\" alt=\"Taxi conventionn\u00e9 CPAM depuis les h\u00f4pitaux de Paris et de la petite couronne vers Marne-la-Vall\u00e9e, Meaux, Trilport, La Fert\u00e9-sous-Jouarre, Dammartin-en-Go\u00eble et l&apos;axe A4 en direction de Ch\u00e2teau-Thierry.\" srcset=\"https:\/\/nouveau.taxis-conventionnes-cpam-idf.fr\/wp-content\/uploads\/2026\/07\/taxi-conventionne-hopitaux-ile-de-france-vers-seine-et-marne-nord-axe-a4-1024x683.png 1024w, https:\/\/nouveau.taxis-conventionnes-cpam-idf.fr\/wp-content\/uploads\/2026\/07\/taxi-conventionne-hopitaux-ile-de-france-vers-seine-et-marne-nord-axe-a4-300x200.png 300w, https:\/\/nouveau.taxis-conventionnes-cpam-idf.fr\/wp-content\/uploads\/2026\/07\/taxi-conventionne-hopitaux-ile-de-france-vers-seine-et-marne-nord-axe-a4-768x512.png 768w, https:\/\/nouveau.taxis-conventionnes-cpam-idf.fr\/wp-content\/uploads\/2026\/07\/taxi-conventionne-hopitaux-ile-de-france-vers-seine-et-marne-nord-axe-a4.png 1536w\" sizes=\"(max-width: 1024px) 100vw, 1024px\" \/>\t\t\t\t\t\t\t\t\t\t\t\t\t\t\t<\/div>\n\t\t\t\t<\/div>\n\t\t<div class=\"elementor-element elementor-element-f947fef e-con-full e-flex e-con e-child\" data-id=\"f947fef\" data-element_type=\"container\" data-e-type=\"container\">\n\t\t\t\t\t<h2 data-interaction-id=\"f4bf8ea\" class=\"e-f4bf8ea-4fea089 e-heading-base\">H\u00f4pitaux d'\u00cele-de-France \u2194 Seine-et-Marne Nord (77)<\/h2>\n\t\t\t\t<div class=\"elementor-element elementor-element-09e1762 elementor-widget elementor-widget-text-editor\" data-id=\"09e1762\" data-element_type=\"widget\" data-e-type=\"widget\" data-widget_type=\"text-editor.default\">\n\t\t\t\t\t\t\t\t\t<p class=\"PDq2pG_selectionAnchorContainer\" data-start=\"581\" data-end=\"782\">Nos taxis conventionn\u00e9s CPAM assurent, sur r\u00e9servation pr\u00e9alable, les transports m\u00e9dicaux entre le nord de la Seine-et-Marne et les principaux \u00e9tablissements de sant\u00e9 de Paris et de la petite couronne.<\/p><p data-start=\"787\" data-end=\"1058\">Nous pouvons venir chercher le patient \u00e0 son domicile pour l&rsquo;accompagner vers son rendez-vous m\u00e9dical, mais \u00e9galement organiser son retour apr\u00e8s une consultation, une hospitalisation, une s\u00e9ance de dialyse, de chimioth\u00e9rapie, de radioth\u00e9rapie ou tout autre soin prescrit.<\/p><p data-start=\"1063\" data-end=\"1268\">Nous intervenons r\u00e9guli\u00e8rement dans le nord de la Seine-et-Marne, notamment dans les secteurs de Meaux, Trilport, La Fert\u00e9-sous-Jouarre, Lizy-sur-Ourcq, Claye-Souilly, Dammartin-en-Go\u00eble et leurs environs.<\/p><p data-start=\"1273\" data-end=\"1458\">Les transports peuvent \u00eatre r\u00e9alis\u00e9s en aller simple ou en aller-retour, sous r\u00e9serve de disponibilit\u00e9 et conform\u00e9ment aux conditions de prise en charge pr\u00e9vues par l&rsquo;Assurance Maladie.<\/p>\t\t\t\t\t\t\t\t<\/div>\n\t\t\t\t<div class=\"elementor-element elementor-element-67a1e77 elementor-align-center elementor-widget elementor-widget-button\" data-id=\"67a1e77\" data-element_type=\"widget\" data-e-type=\"widget\" data-widget_type=\"button.default\">\n\t\t\t\t\t\t\t\t\t\t<a class=\"elementor-button elementor-button-link elementor-size-sm\" href=\"https:\/\/nouveau.taxis-conventionnes-cpam-idf.fr\/index.php\/reservation-de-transport-conventionne-cpam\/\">\n\t\t\t\t\t\t<span class=\"elementor-button-content-wrapper\">\n\t\t\t\t\t\t\t\t\t<span class=\"elementor-button-text\">R\u00e9server un transport conventionn\u00e9<\/span>\n\t\t\t\t\t<\/span>\n\t\t\t\t\t<\/a>\n\t\t\t\t\t\t\t\t<\/div>\n\t\t\t\t<div class=\"elementor-element elementor-element-e48ecb1 elementor-widget elementor-widget-text-editor\" data-id=\"e48ecb1\" data-element_type=\"widget\" data-e-type=\"widget\" data-widget_type=\"text-editor.default\">\n\t\t\t\t\t\t\t\t\t<p>\ud83d\udccd <strong data-start=\"1574\" data-end=\"1609\">Principaux secteurs desservis :<\/strong><br data-start=\"1609\" data-end=\"1612\" \/>Meaux \u2022 Trilport \u2022 La Fert\u00e9-sous-Jouarre \u2022 Lizy-sur-Ourcq \u2022 Claye-Souilly \u2022 Dammartin-en-Go\u00eble<\/p>\t\t\t\t\t\t\t\t<\/div>\n\t\t\t\t<\/div>\n\t\t\t\t<\/div>\n\t\t<div class=\"elementor-element elementor-element-66f677a e-flex e-con-boxed e-con e-parent\" data-id=\"66f677a\" data-element_type=\"container\" data-e-type=\"container\">\n\t\t\t\t\t<div class=\"e-con-inner\">\n\t\t<div class=\"elementor-element elementor-element-83ea209 e-con-full e-flex e-con e-child\" data-id=\"83ea209\" data-element_type=\"container\" data-e-type=\"container\">\n\t\t\t\t<div class=\"elementor-element elementor-element-04a5783 elementor-widget elementor-widget-image\" data-id=\"04a5783\" data-element_type=\"widget\" data-e-type=\"widget\" data-widget_type=\"image.default\">\n\t\t\t\t\t\t\t\t\t\t\t\t\t\t\t<img loading=\"lazy\" decoding=\"async\" width=\"1024\" height=\"683\" src=\"https:\/\/nouveau.taxis-conventionnes-cpam-idf.fr\/wp-content\/uploads\/2026\/07\/Transport-conventionne-CPAM-depuis-les-hopitaux-dIle-de-France-vers-Soissons-et-les-villes-de-la-N2-1024x683.png\" class=\"attachment-large size-large wp-image-358\" alt=\"Taxi conventionn\u00e9 CPAM assurant les transports entre les h\u00f4pitaux de Paris et de la petite couronne vers Soissons, Villers-Cotter\u00eats, Cr\u00e9py-en-Valois, Nanteuil-le-Haudouin et Le Plessis-Belleville.\" srcset=\"https:\/\/nouveau.taxis-conventionnes-cpam-idf.fr\/wp-content\/uploads\/2026\/07\/Transport-conventionne-CPAM-depuis-les-hopitaux-dIle-de-France-vers-Soissons-et-les-villes-de-la-N2-1024x683.png 1024w, https:\/\/nouveau.taxis-conventionnes-cpam-idf.fr\/wp-content\/uploads\/2026\/07\/Transport-conventionne-CPAM-depuis-les-hopitaux-dIle-de-France-vers-Soissons-et-les-villes-de-la-N2-300x200.png 300w, https:\/\/nouveau.taxis-conventionnes-cpam-idf.fr\/wp-content\/uploads\/2026\/07\/Transport-conventionne-CPAM-depuis-les-hopitaux-dIle-de-France-vers-Soissons-et-les-villes-de-la-N2-768x512.png 768w, https:\/\/nouveau.taxis-conventionnes-cpam-idf.fr\/wp-content\/uploads\/2026\/07\/Transport-conventionne-CPAM-depuis-les-hopitaux-dIle-de-France-vers-Soissons-et-les-villes-de-la-N2.png 1536w\" sizes=\"(max-width: 1024px) 100vw, 1024px\" \/>\t\t\t\t\t\t\t\t\t\t\t\t\t\t\t<\/div>\n\t\t\t\t<\/div>\n\t\t<div class=\"elementor-element elementor-element-8500080 e-con-full e-flex e-con e-child\" data-id=\"8500080\" data-element_type=\"container\" data-e-type=\"container\">\n\t\t\t\t\t<h2 data-interaction-id=\"89a9ddf\" class=\"e-heading-base\">H\u00f4pitaux d'\u00cele-de-France \u2194 Soissons et axe N2<\/h2>\n\t\t\t\t<div class=\"elementor-element elementor-element-6843713 elementor-widget elementor-widget-text-editor\" data-id=\"6843713\" data-element_type=\"widget\" data-e-type=\"widget\" data-widget_type=\"text-editor.default\">\n\t\t\t\t\t\t\t\t\t<p class=\"PDq2pG_selectionAnchorContainer\" data-start=\"80\" data-end=\"371\">Nous assurons les transports conventionn\u00e9s CPAM entre les principaux h\u00f4pitaux de Paris et de la petite couronne et les communes situ\u00e9es le long de la N2 jusqu&rsquo;\u00e0 Soissons. Ce secteur couvre notamment Le Plessis-Belleville, Nanteuil-le-Haudouin, Cr\u00e9py-en-Valois, Villers-Cotter\u00eats et Soissons.<\/p><p data-start=\"376\" data-end=\"561\">Apr\u00e8s une consultation, une hospitalisation, une s\u00e9ance de chimioth\u00e9rapie, de radioth\u00e9rapie ou de dialyse, nous pouvons organiser votre retour \u00e0 domicile dans les meilleures conditions.<\/p><p data-start=\"566\" data-end=\"879\">Sur r\u00e9servation pr\u00e9alable, nous pouvons \u00e9galement venir vous chercher directement \u00e0 votre domicile pour vous conduire vers votre \u00e9tablissement de soins en \u00cele-de-France. Chaque trajet est organis\u00e9 \u00e0 l&rsquo;avance afin de garantir une prise en charge adapt\u00e9e \u00e0 votre situation m\u00e9dicale et \u00e0 vos horaires de rendez-vous.<\/p>\t\t\t\t\t\t\t\t<\/div>\n\t\t\t\t<div class=\"elementor-element elementor-element-bb13706 elementor-align-center elementor-widget elementor-widget-button\" data-id=\"bb13706\" data-element_type=\"widget\" data-e-type=\"widget\" data-widget_type=\"button.default\">\n\t\t\t\t\t\t\t\t\t\t<a class=\"elementor-button elementor-button-link elementor-size-sm\" href=\"https:\/\/nouveau.taxis-conventionnes-cpam-idf.fr\/index.php\/reservation-de-transport-conventionne-cpam\/\">\n\t\t\t\t\t\t<span class=\"elementor-button-content-wrapper\">\n\t\t\t\t\t\t\t\t\t<span class=\"elementor-button-text\">R\u00e9server un transport conventionn\u00e9<\/span>\n\t\t\t\t\t<\/span>\n\t\t\t\t\t<\/a>\n\t\t\t\t\t\t\t\t<\/div>\n\t\t\t\t<div class=\"elementor-element elementor-element-b4fed2c elementor-widget elementor-widget-text-editor\" data-id=\"b4fed2c\" data-element_type=\"widget\" data-e-type=\"widget\" data-widget_type=\"text-editor.default\">\n\t\t\t\t\t\t\t\t\t<p class=\"PDq2pG_selectionAnchorContainer\" data-start=\"79\" data-end=\"223\"><strong><img decoding=\"async\" class=\"emoji\" role=\"img\" draggable=\"false\" src=\"https:\/\/s.w.org\/images\/core\/emoji\/17.0.2\/svg\/1f4cd.svg\" alt=\"\ud83d\udccd\" \/> Principaux secteurs desservis\u00a0\u00a0<\/strong><\/p><p class=\"PDq2pG_selectionAnchorContainer\" data-start=\"79\" data-end=\"223\">Le Plessis-Belleville \u2022 Nanteuil-le-Haudouin \u2022 Cr\u00e9py-en-Valois \u2022 Villers-Cotter\u00eats \u2022 Soissons et environs<\/p>\t\t\t\t\t\t\t\t<\/div>\n\t\t\t\t<\/div>\n\t\t\t\t\t<\/div>\n\t\t\t\t<\/div>\n\t\t<div class=\"elementor-element elementor-element-2ee8203 e-con e-atomic-element e-flexbox-base \" data-id=\"2ee8203\" data-element_type=\"e-flexbox\" data-e-type=\"e-flexbox\" data-interaction-id=\"2ee8203\">\n    \t\t\t<h2 data-interaction-id=\"81f24ea\" class=\"e-heading-base\">H\u00f4pitaux r\u00e9guli\u00e8rement desservis<\/h2>\n\t\t\n<\/div>\n<div class=\"elementor-element elementor-element-48e61e0 e-flex e-con-boxed e-con e-parent\" data-id=\"48e61e0\" data-element_type=\"container\" data-e-type=\"container\">\n\t\t\t\t\t<div class=\"e-con-inner\">\n\t\t\t\t<div class=\"elementor-element elementor-element-4a17080 elementor-icon-list--layout-traditional elementor-list-item-link-full_width elementor-widget elementor-widget-icon-list\" data-id=\"4a17080\" data-element_type=\"widget\" data-e-type=\"widget\" data-widget_type=\"icon-list.default\">\n\t\t\t\t\t\t\t<ul class=\"elementor-icon-list-items\">\n\t\t\t\t\t\t\t<li class=\"elementor-icon-list-item\">\n\t\t\t\t\t\t\t\t\t\t\t<span class=\"elementor-icon-list-icon\">\n\t\t\t\t\t\t\t<svg aria-hidden=\"true\" class=\"e-font-icon-svg e-fas-check\" viewBox=\"0 0 512 512\" xmlns=\"http:\/\/www.w3.org\/2000\/svg\"><path d=\"M173.898 439.404l-166.4-166.4c-9.997-9.997-9.997-26.206 0-36.204l36.203-36.204c9.997-9.998 26.207-9.998 36.204 0L192 312.69 432.095 72.596c9.997-9.997 26.207-9.997 36.204 0l36.203 36.204c9.997 9.997 9.997 26.206 0 36.204l-294.4 294.401c-9.998 9.997-26.207 9.997-36.204-.001z\"><\/path><\/svg>\t\t\t\t\t\t<\/span>\n\t\t\t\t\t\t\t\t\t\t<span class=\"elementor-icon-list-text\">H\u00f4pital Piti\u00e9-Salp\u00eatri\u00e8re (Paris)<\/span>\n\t\t\t\t\t\t\t\t\t<\/li>\n\t\t\t\t\t\t\t\t<li class=\"elementor-icon-list-item\">\n\t\t\t\t\t\t\t\t\t\t\t<span class=\"elementor-icon-list-icon\">\n\t\t\t\t\t\t\t<svg aria-hidden=\"true\" class=\"e-font-icon-svg e-fas-check\" viewBox=\"0 0 512 512\" xmlns=\"http:\/\/www.w3.org\/2000\/svg\"><path d=\"M173.898 439.404l-166.4-166.4c-9.997-9.997-9.997-26.206 0-36.204l36.203-36.204c9.997-9.998 26.207-9.998 36.204 0L192 312.69 432.095 72.596c9.997-9.997 26.207-9.997 36.204 0l36.203 36.204c9.997 9.997 9.997 26.206 0 36.204l-294.4 294.401c-9.998 9.997-26.207 9.997-36.204-.001z\"><\/path><\/svg>\t\t\t\t\t\t<\/span>\n\t\t\t\t\t\t\t\t\t\t<span class=\"elementor-icon-list-text\">Institut Gustave-Roussy (Villejuif)<\/span>\n\t\t\t\t\t\t\t\t\t<\/li>\n\t\t\t\t\t\t\t\t<li class=\"elementor-icon-list-item\">\n\t\t\t\t\t\t\t\t\t\t\t<span class=\"elementor-icon-list-icon\">\n\t\t\t\t\t\t\t<svg aria-hidden=\"true\" class=\"e-font-icon-svg e-fas-check\" viewBox=\"0 0 512 512\" xmlns=\"http:\/\/www.w3.org\/2000\/svg\"><path d=\"M173.898 439.404l-166.4-166.4c-9.997-9.997-9.997-26.206 0-36.204l36.203-36.204c9.997-9.998 26.207-9.998 36.204 0L192 312.69 432.095 72.596c9.997-9.997 26.207-9.997 36.204 0l36.203 36.204c9.997 9.997 9.997 26.206 0 36.204l-294.4 294.401c-9.998 9.997-26.207 9.997-36.204-.001z\"><\/path><\/svg>\t\t\t\t\t\t<\/span>\n\t\t\t\t\t\t\t\t\t\t<span class=\"elementor-icon-list-text\">H\u00f4pital Beaujon (Clichy)<\/span>\n\t\t\t\t\t\t\t\t\t<\/li>\n\t\t\t\t\t\t\t\t<li class=\"elementor-icon-list-item\">\n\t\t\t\t\t\t\t\t\t\t\t<span class=\"elementor-icon-list-icon\">\n\t\t\t\t\t\t\t<svg aria-hidden=\"true\" class=\"e-font-icon-svg e-fas-check\" viewBox=\"0 0 512 512\" xmlns=\"http:\/\/www.w3.org\/2000\/svg\"><path d=\"M173.898 439.404l-166.4-166.4c-9.997-9.997-9.997-26.206 0-36.204l36.203-36.204c9.997-9.998 26.207-9.998 36.204 0L192 312.69 432.095 72.596c9.997-9.997 26.207-9.997 36.204 0l36.203 36.204c9.997 9.997 9.997 26.206 0 36.204l-294.4 294.401c-9.998 9.997-26.207 9.997-36.204-.001z\"><\/path><\/svg>\t\t\t\t\t\t<\/span>\n\t\t\t\t\t\t\t\t\t\t<span class=\"elementor-icon-list-text\">H\u00f4pital Henri-Mondor (Cr\u00e9teil)<\/span>\n\t\t\t\t\t\t\t\t\t<\/li>\n\t\t\t\t\t\t\t\t<li class=\"elementor-icon-list-item\">\n\t\t\t\t\t\t\t\t\t\t\t<span class=\"elementor-icon-list-icon\">\n\t\t\t\t\t\t\t<svg aria-hidden=\"true\" class=\"e-font-icon-svg e-fas-check\" viewBox=\"0 0 512 512\" xmlns=\"http:\/\/www.w3.org\/2000\/svg\"><path d=\"M173.898 439.404l-166.4-166.4c-9.997-9.997-9.997-26.206 0-36.204l36.203-36.204c9.997-9.998 26.207-9.998 36.204 0L192 312.69 432.095 72.596c9.997-9.997 26.207-9.997 36.204 0l36.203 36.204c9.997 9.997 9.997 26.206 0 36.204l-294.4 294.401c-9.998 9.997-26.207 9.997-36.204-.001z\"><\/path><\/svg>\t\t\t\t\t\t<\/span>\n\t\t\t\t\t\t\t\t\t\t<span class=\"elementor-icon-list-text\">H\u00f4pital Necker Enfants Malades (Paris)<\/span>\n\t\t\t\t\t\t\t\t\t<\/li>\n\t\t\t\t\t\t\t\t<li class=\"elementor-icon-list-item\">\n\t\t\t\t\t\t\t\t\t\t\t<span class=\"elementor-icon-list-icon\">\n\t\t\t\t\t\t\t<svg aria-hidden=\"true\" class=\"e-font-icon-svg e-fas-check\" viewBox=\"0 0 512 512\" xmlns=\"http:\/\/www.w3.org\/2000\/svg\"><path d=\"M173.898 439.404l-166.4-166.4c-9.997-9.997-9.997-26.206 0-36.204l36.203-36.204c9.997-9.998 26.207-9.998 36.204 0L192 312.69 432.095 72.596c9.997-9.997 26.207-9.997 36.204 0l36.203 36.204c9.997 9.997 9.997 26.206 0 36.204l-294.4 294.401c-9.998 9.997-26.207 9.997-36.204-.001z\"><\/path><\/svg>\t\t\t\t\t\t<\/span>\n\t\t\t\t\t\t\t\t\t\t<span class=\"elementor-icon-list-text\">Institut Curie (Paris)<\/span>\n\t\t\t\t\t\t\t\t\t<\/li>\n\t\t\t\t\t\t<\/ul>\n\t\t\t\t\t\t<\/div>\n\t\t\t\t\t<\/div>\n\t\t\t\t<\/div>\n\t\t<div class=\"elementor-element elementor-element-e18458d e-flex e-con-boxed e-con e-parent\" data-id=\"e18458d\" data-element_type=\"container\" data-e-type=\"container\">\n\t\t\t\t\t<div class=\"e-con-inner\">\n\t\t\t\t<div class=\"elementor-element elementor-element-0f28a37 elementor-widget elementor-widget-text-editor\" data-id=\"0f28a37\" data-element_type=\"widget\" data-e-type=\"widget\" data-widget_type=\"text-editor.default\">\n\t\t\t\t\t\t\t\t\t<p>Cette liste n&rsquo;est pas exhaustive. <br \/>Nous assurons \u00e9galement des transports m\u00e9dicaux conventionn\u00e9s vers de nombreux \u00e9tablissements de sant\u00e9, centres de dialyse, centres d&rsquo;oncologie, services de radioth\u00e9rapie, cliniques et h\u00f4pitaux d&rsquo;\u00cele-de-France.<\/p>\t\t\t\t\t\t\t\t<\/div>\n\t\t\t\t\t<\/div>\n\t\t\t\t<\/div>\n\t\t<div class=\"elementor-element elementor-element-f383f25 e-con e-atomic-element e-flexbox-base \" data-id=\"f383f25\" data-element_type=\"e-flexbox\" data-e-type=\"e-flexbox\" data-interaction-id=\"f383f25\">\n    \t\t\t<img loading=\"lazy\" decoding=\"async\" class=\"e-image-base \" data-interaction-id=\"ca430d6\" id=\"31\" src=\"https:\/\/nouveau.taxis-conventionnes-cpam-idf.fr\/wp-content\/uploads\/2026\/06\/etablissemnts-deservis-.png\" width=\"1536\" height=\"1024\" srcset=\"https:\/\/nouveau.taxis-conventionnes-cpam-idf.fr\/wp-content\/uploads\/2026\/06\/etablissemnts-deservis-.png 1536w, https:\/\/nouveau.taxis-conventionnes-cpam-idf.fr\/wp-content\/uploads\/2026\/06\/etablissemnts-deservis--300x200.png 300w, https:\/\/nouveau.taxis-conventionnes-cpam-idf.fr\/wp-content\/uploads\/2026\/06\/etablissemnts-deservis--1024x683.png 1024w, https:\/\/nouveau.taxis-conventionnes-cpam-idf.fr\/wp-content\/uploads\/2026\/06\/etablissemnts-deservis--768x512.png 768w\" alt=\"Principaux \u00e9tablissements desservis par notre taxi conventionn\u00e9 CPAM en \u00cele-de-France : Gustave-Roussy, Institut Curie, Piti\u00e9-Salp\u00eatri\u00e8re, Henri-Mondor et Beaujon.\"\/>\t\t\n<\/div>\n\t\t<\/div>\n\t\t","protected":false},"excerpt":{"rendered":"<p>Nos taxis conventionn\u00e9s assurent, sur r\u00e9servation pr\u00e9alable, les transports m\u00e9dicaux entre Paris, la petite couronne et plusieurs secteurs situ\u00e9s dans l\u2019Oise, le nord de la Seine-et-Marne ainsi que le secteur de Soissons. Nous pouvons venir chercher le patient \u00e0 son domicile pour le conduire vers un h\u00f4pital ou un centre de soins situ\u00e9 \u00e0 Paris [&hellip;]<\/p>\n","protected":false},"author":1,"featured_media":0,"parent":0,"menu_order":0,"comment_status":"closed","ping_status":"closed","template":"","meta":{"footnotes":""},"class_list":["post-30","page","type-page","status-publish","hentry"],"_links":{"self":[{"href":"https:\/\/nouveau.taxis-conventionnes-cpam-idf.fr\/index.php\/wp-json\/wp\/v2\/pages\/30","targetHints":{"allow":["GET"]}}],"collection":[{"href":"https:\/\/nouveau.taxis-conventionnes-cpam-idf.fr\/index.php\/wp-json\/wp\/v2\/pages"}],"about":[{"href":"https:\/\/nouveau.taxis-conventionnes-cpam-idf.fr\/index.php\/wp-json\/wp\/v2\/types\/page"}],"author":[{"embeddable":true,"href":"https:\/\/nouveau.taxis-conventionnes-cpam-idf.fr\/index.php\/wp-json\/wp\/v2\/users\/1"}],"replies":[{"embeddable":true,"href":"https:\/\/nouveau.taxis-conventionnes-cpam-idf.fr\/index.php\/wp-json\/wp\/v2\/comments?post=30"}],"version-history":[{"count":9,"href":"https:\/\/nouveau.taxis-conventionnes-cpam-idf.fr\/index.php\/wp-json\/wp\/v2\/pages\/30\/revisions"}],"predecessor-version":[{"id":367,"href":"https:\/\/nouveau.taxis-conventionnes-cpam-idf.fr\/index.php\/wp-json\/wp\/v2\/pages\/30\/revisions\/367"}],"wp:attachment":[{"href":"https:\/\/nouveau.taxis-conventionnes-cpam-idf.fr\/index.php\/wp-json\/wp\/v2\/media?parent=30"}],"curies":[{"name":"wp","href":"https:\/\/api.w.org\/{rel}","templated":true}]}}