{"id":303,"date":"2026-07-03T19:47:41","date_gmt":"2026-07-03T17:47:41","guid":{"rendered":"https:\/\/nouveau.taxis-conventionnes-cpam-idf.fr\/?page_id=303"},"modified":"2026-07-12T19:25:12","modified_gmt":"2026-07-12T17:25:12","slug":"axe-n2-ile-de-france-soissons","status":"publish","type":"page","link":"https:\/\/nouveau.taxis-conventionnes-cpam-idf.fr\/index.php\/axe-n2-ile-de-france-soissons\/","title":{"rendered":"Taxi conventionn\u00e9 CPAM sur l&rsquo;axe N2 entre l&rsquo;\u00cele-de-France et Soissons"},"content":{"rendered":"\t\t<div data-elementor-type=\"wp-page\" data-elementor-id=\"303\" class=\"elementor elementor-303\">\n\t\t\t\t<div class=\"elementor-element elementor-element-5135b63 e-flex e-con-boxed e-con e-parent\" data-id=\"5135b63\" data-element_type=\"container\" data-e-type=\"container\">\n\t\t\t\t\t<div class=\"e-con-inner\">\n\t\t\t\t<div class=\"elementor-element elementor-element-2522dec elementor-widget elementor-widget-text-editor\" data-id=\"2522dec\" data-element_type=\"widget\" data-e-type=\"widget\" data-widget_type=\"text-editor.default\">\n\t\t\t\t\t\t\t\t\t<p class=\"PDq2pG_selectionAnchorContainer\" data-start=\"725\" data-end=\"855\">Nos taxis conventionn\u00e9s CPAM assurent les transports m\u00e9dicaux sur l&rsquo;ensemble de l&rsquo;axe N2 entre l&rsquo;\u00cele-de-France, l&rsquo;Oise et l&rsquo;Aisne.<\/p><p data-start=\"860\" data-end=\"1031\">Nous intervenons notamment depuis Dammartin-en-Go\u00eble, Nanteuil-le-Haudouin, Villers-Cotter\u00eats et Soissons vers les principaux h\u00f4pitaux et centres de soins d&rsquo;\u00cele-de-France.<\/p><p data-start=\"1036\" data-end=\"1184\">Consultation, hospitalisation, dialyse, chimioth\u00e9rapie ou radioth\u00e9rapie : nous accompagnons les patients dans leurs d\u00e9placements m\u00e9dicaux prescrits.<\/p>\t\t\t\t\t\t\t\t<\/div>\n\t\t\t\t\t<\/div>\n\t\t\t\t<\/div>\n\t\t<div class=\"elementor-element elementor-element-16c2aa8 e-flex e-con-boxed e-con e-parent\" data-id=\"16c2aa8\" data-element_type=\"container\" data-e-type=\"container\">\n\t\t\t\t\t<div class=\"e-con-inner\">\n\t\t\t\t<div class=\"elementor-element elementor-element-cd40183 elementor-widget elementor-widget-image\" data-id=\"cd40183\" data-element_type=\"widget\" data-e-type=\"widget\" data-widget_type=\"image.default\">\n\t\t\t\t\t\t\t\t\t\t\t\t\t\t\t<img fetchpriority=\"high\" decoding=\"async\" width=\"1024\" height=\"683\" src=\"https:\/\/nouveau.taxis-conventionnes-cpam-idf.fr\/wp-content\/uploads\/2026\/07\/Axe-N2-1024x683.png\" class=\"attachment-large size-large wp-image-310\" alt=\"Transport conventionn\u00e9 CPAM sur l&apos;axe N2 entre l&apos;\u00cele-de-France, l&apos;Oise, l&apos;Aisne et Soissons.\" srcset=\"https:\/\/nouveau.taxis-conventionnes-cpam-idf.fr\/wp-content\/uploads\/2026\/07\/Axe-N2-1024x683.png 1024w, https:\/\/nouveau.taxis-conventionnes-cpam-idf.fr\/wp-content\/uploads\/2026\/07\/Axe-N2-300x200.png 300w, https:\/\/nouveau.taxis-conventionnes-cpam-idf.fr\/wp-content\/uploads\/2026\/07\/Axe-N2-768x512.png 768w, https:\/\/nouveau.taxis-conventionnes-cpam-idf.fr\/wp-content\/uploads\/2026\/07\/Axe-N2.png 1536w\" sizes=\"(max-width: 1024px) 100vw, 1024px\" \/>\t\t\t\t\t\t\t\t\t\t\t\t\t\t\t<\/div>\n\t\t\t\t\t<\/div>\n\t\t\t\t<\/div>\n\t\t<div class=\"elementor-element elementor-element-94b5b7d e-flex e-con-boxed e-con e-parent\" data-id=\"94b5b7d\" data-element_type=\"container\" data-e-type=\"container\">\n\t\t\t\t\t<div class=\"e-con-inner\">\n\t\t\t\t\t<h2 data-interaction-id=\"fc998b6\" class=\"e-heading-base\">Desservons-nous votre secteur sur l'axe N2 ?<\/h2>\n\t\t\t\t<div class=\"elementor-element elementor-element-b2f1b6e elementor-widget elementor-widget-text-editor\" data-id=\"b2f1b6e\" data-element_type=\"widget\" data-e-type=\"widget\" data-widget_type=\"text-editor.default\">\n\t\t\t\t\t\t\t\t\t<p class=\"PDq2pG_selectionAnchorContainer\" data-start=\"209\" data-end=\"389\">Nous organisons des transports conventionn\u00e9s CPAM sur r\u00e9servation depuis les principales communes situ\u00e9es le long de l&rsquo;axe N2 vers les h\u00f4pitaux et centres de soins d&rsquo;\u00cele-de-France.<\/p><p data-start=\"394\" data-end=\"496\">Nos trajets concernent notamment les patients r\u00e9sidant en Seine-et-Marne, dans l&rsquo;Oise et dans l&rsquo;Aisne.<\/p>\t\t\t\t\t\t\t\t<\/div>\n\t\t\t\t<div class=\"elementor-element elementor-element-0c73f3c elementor-widget elementor-widget-image\" data-id=\"0c73f3c\" data-element_type=\"widget\" data-e-type=\"widget\" data-widget_type=\"image.default\">\n\t\t\t\t\t\t\t\t\t\t\t\t\t\t\t<img decoding=\"async\" width=\"1024\" height=\"683\" src=\"https:\/\/nouveau.taxis-conventionnes-cpam-idf.fr\/wp-content\/uploads\/2026\/07\/Transport-conventionne-CPAM-Axe-N2-Ile-de-France-Soissons-1024x683.png\" class=\"attachment-large size-large wp-image-389\" alt=\"Transport conventionn\u00e9 CPAM sur l&apos;axe N2 entre Soissons, Villers-Cotter\u00eats, Cr\u00e9py-en-Valois et les h\u00f4pitaux d&apos;\u00cele-de-France\" srcset=\"https:\/\/nouveau.taxis-conventionnes-cpam-idf.fr\/wp-content\/uploads\/2026\/07\/Transport-conventionne-CPAM-Axe-N2-Ile-de-France-Soissons-1024x683.png 1024w, https:\/\/nouveau.taxis-conventionnes-cpam-idf.fr\/wp-content\/uploads\/2026\/07\/Transport-conventionne-CPAM-Axe-N2-Ile-de-France-Soissons-300x200.png 300w, https:\/\/nouveau.taxis-conventionnes-cpam-idf.fr\/wp-content\/uploads\/2026\/07\/Transport-conventionne-CPAM-Axe-N2-Ile-de-France-Soissons-768x512.png 768w, https:\/\/nouveau.taxis-conventionnes-cpam-idf.fr\/wp-content\/uploads\/2026\/07\/Transport-conventionne-CPAM-Axe-N2-Ile-de-France-Soissons.png 1536w\" sizes=\"(max-width: 1024px) 100vw, 1024px\" \/>\t\t\t\t\t\t\t\t\t\t\t\t\t\t\t<\/div>\n\t\t\t\t<div class=\"elementor-element elementor-element-3ec4546 elementor-widget elementor-widget-text-editor\" data-id=\"3ec4546\" data-element_type=\"widget\" data-e-type=\"widget\" data-widget_type=\"text-editor.default\">\n\t\t\t\t\t\t\t\t\t<p class=\"PDq2pG_selectionAnchorContainer\" data-start=\"209\" data-end=\"389\">Nous organisons des transports conventionn\u00e9s CPAM sur r\u00e9servation depuis les principales communes situ\u00e9es le long de l&rsquo;axe N2 vers les h\u00f4pitaux et centres de soins d&rsquo;\u00cele-de-France.<\/p><p data-start=\"394\" data-end=\"496\">Nos trajets concernent notamment les patients r\u00e9sidant en Seine-et-Marne, dans l&rsquo;Oise et dans l&rsquo;Aisne.<\/p>\t\t\t\t\t\t\t\t<\/div>\n\t\t\t\t\t<\/div>\n\t\t\t\t<\/div>\n\t\t<div class=\"elementor-element elementor-element-daf9d0d e-flex e-con-boxed e-con e-parent\" data-id=\"daf9d0d\" data-element_type=\"container\" data-e-type=\"container\">\n\t\t\t\t\t<div class=\"e-con-inner\">\n\t\t\t\t\t<h2 data-interaction-id=\"c728de1\" class=\"e-heading-base\">Vers quels h\u00f4pitaux transportons-nous nos patients ?<\/h2>\n\t\t\t\t<div class=\"elementor-element elementor-element-aa49c94 elementor-widget elementor-widget-text-editor\" data-id=\"aa49c94\" data-element_type=\"widget\" data-e-type=\"widget\" data-widget_type=\"text-editor.default\">\n\t\t\t\t\t\t\t\t\t<p class=\"PDq2pG_selectionAnchorContainer\" data-start=\"239\" data-end=\"410\">Depuis les communes situ\u00e9es le long de l&rsquo;axe N2, nous assurons r\u00e9guli\u00e8rement des transports conventionn\u00e9s CPAM vers les principaux \u00e9tablissements de sant\u00e9 d&rsquo;\u00cele-de-France.<\/p><p data-start=\"415\" data-end=\"576\">Ces trajets concernent aussi bien les consultations m\u00e9dicales que les hospitalisations, examens sp\u00e9cialis\u00e9s, s\u00e9ances de dialyse, chimioth\u00e9rapie ou radioth\u00e9rapie.<\/p>\t\t\t\t\t\t\t\t<\/div>\n\t\t\t\t<div class=\"elementor-element elementor-element-b9bb068 elementor-widget elementor-widget-image\" data-id=\"b9bb068\" data-element_type=\"widget\" data-e-type=\"widget\" data-widget_type=\"image.default\">\n\t\t\t\t\t\t\t\t\t\t\t\t\t\t\t<img decoding=\"async\" width=\"1024\" height=\"683\" src=\"https:\/\/nouveau.taxis-conventionnes-cpam-idf.fr\/wp-content\/uploads\/2026\/07\/transport-conventionne-cpam-hopitaux-axe-n2-soissons-ile-de-france-1024x683.png\" class=\"attachment-large size-large wp-image-390\" alt=\"Transport conventionn\u00e9 CPAM depuis Soissons, Villers-Cotter\u00eats, Cr\u00e9py-en-Valois et l&apos;axe N2 vers les h\u00f4pitaux d&apos;\u00cele-de-France\" srcset=\"https:\/\/nouveau.taxis-conventionnes-cpam-idf.fr\/wp-content\/uploads\/2026\/07\/transport-conventionne-cpam-hopitaux-axe-n2-soissons-ile-de-france-1024x683.png 1024w, https:\/\/nouveau.taxis-conventionnes-cpam-idf.fr\/wp-content\/uploads\/2026\/07\/transport-conventionne-cpam-hopitaux-axe-n2-soissons-ile-de-france-300x200.png 300w, https:\/\/nouveau.taxis-conventionnes-cpam-idf.fr\/wp-content\/uploads\/2026\/07\/transport-conventionne-cpam-hopitaux-axe-n2-soissons-ile-de-france-768x512.png 768w, https:\/\/nouveau.taxis-conventionnes-cpam-idf.fr\/wp-content\/uploads\/2026\/07\/transport-conventionne-cpam-hopitaux-axe-n2-soissons-ile-de-france.png 1536w\" sizes=\"(max-width: 1024px) 100vw, 1024px\" \/>\t\t\t\t\t\t\t\t\t\t\t\t\t\t\t<\/div>\n\t\t\t\t\t<\/div>\n\t\t\t\t<\/div>\n\t\t<div class=\"elementor-element elementor-element-3d47712 e-flex e-con-boxed e-con e-parent\" data-id=\"3d47712\" data-element_type=\"container\" data-e-type=\"container\">\n\t\t\t\t\t<div class=\"e-con-inner\">\n\t\t\t\t\t<h2 data-interaction-id=\"337e3ff\" class=\"e-heading-base\">Puis-je \u00eatre pris en charge par la CPAM ?<\/h2>\n\t\t\t\t<div class=\"elementor-element elementor-element-df28137 elementor-widget elementor-widget-text-editor\" data-id=\"df28137\" data-element_type=\"widget\" data-e-type=\"widget\" data-widget_type=\"text-editor.default\">\n\t\t\t\t\t\t\t\t\t<p>Dans certaines situations, l&rsquo;Assurance Maladie peut prendre en charge tout ou partie de votre transport m\u00e9dical lorsque celui-ci est prescrit par un professionnel de sant\u00e9.<\/p><p data-start=\"974\" data-end=\"1083\">Les conditions de prise en charge d\u00e9pendent notamment de votre situation m\u00e9dicale et du motif du d\u00e9placement.<\/p><p data-start=\"974\" data-end=\"1083\">consultez nos pages d\u00e9di\u00e9es :\u00a0<\/p><p data-start=\"974\" data-end=\"1083\"><a href=\"https:\/\/nouveau.taxis-conventionnes-cpam-idf.fr\/index.php\/qui-a-droit-a-un-taxi-conventionne-cpam\/\">Qui a le droit \u00e0 un taxi conventionn\u00e9 ?<\/a><\/p><p data-start=\"974\" data-end=\"1083\">\u00a0<\/p><p data-start=\"974\" data-end=\"1083\">\u00a0<\/p>\t\t\t\t\t\t\t\t<\/div>\n\t\t\t\t<div class=\"elementor-element elementor-element-49a52d5 elementor-widget elementor-widget-image\" data-id=\"49a52d5\" data-element_type=\"widget\" data-e-type=\"widget\" data-widget_type=\"image.default\">\n\t\t\t\t\t\t\t\t\t\t\t\t\t\t\t<img loading=\"lazy\" decoding=\"async\" width=\"1024\" height=\"683\" src=\"https:\/\/nouveau.taxis-conventionnes-cpam-idf.fr\/wp-content\/uploads\/2026\/07\/conditions-prise-en-charge-cpam-soissons-axe-n2-1024x683.png\" class=\"attachment-large size-large wp-image-391\" alt=\"Prise en charge CPAM d&apos;un transport conventionn\u00e9 depuis Soissons, Villers-Cotter\u00eats et l&apos;axe N2 vers les h\u00f4pitaux d&apos;\u00cele-de-France\" srcset=\"https:\/\/nouveau.taxis-conventionnes-cpam-idf.fr\/wp-content\/uploads\/2026\/07\/conditions-prise-en-charge-cpam-soissons-axe-n2-1024x683.png 1024w, https:\/\/nouveau.taxis-conventionnes-cpam-idf.fr\/wp-content\/uploads\/2026\/07\/conditions-prise-en-charge-cpam-soissons-axe-n2-300x200.png 300w, https:\/\/nouveau.taxis-conventionnes-cpam-idf.fr\/wp-content\/uploads\/2026\/07\/conditions-prise-en-charge-cpam-soissons-axe-n2-768x512.png 768w, https:\/\/nouveau.taxis-conventionnes-cpam-idf.fr\/wp-content\/uploads\/2026\/07\/conditions-prise-en-charge-cpam-soissons-axe-n2.png 1536w\" sizes=\"(max-width: 1024px) 100vw, 1024px\" \/>\t\t\t\t\t\t\t\t\t\t\t\t\t\t\t<\/div>\n\t\t\t\t\t<\/div>\n\t\t\t\t<\/div>\n\t\t<div class=\"elementor-element elementor-element-fde6108 e-flex e-con-boxed e-con e-parent\" data-id=\"fde6108\" data-element_type=\"container\" data-e-type=\"container\" data-settings=\"{&quot;background_background&quot;:&quot;classic&quot;}\">\n\t\t\t\t\t<div class=\"e-con-inner\">\n\t\t\t\t\t<h2 data-interaction-id=\"43fc594\" class=\"e-heading-base\">Transport sur r\u00e9servation<\/h2>\n\t\t\t\t<div class=\"elementor-element elementor-element-9cd4bd5 elementor-widget elementor-widget-text-editor\" data-id=\"9cd4bd5\" data-element_type=\"widget\" data-e-type=\"widget\" data-widget_type=\"text-editor.default\">\n\t\t\t\t\t\t\t\t\t<p class=\"PDq2pG_selectionAnchorContainer\" data-start=\"325\" data-end=\"480\">Les transports conventionn\u00e9s CPAM sont r\u00e9alis\u00e9s uniquement sur r\u00e9servation pr\u00e9alable afin d&rsquo;organiser votre prise en charge dans les meilleures conditions.<\/p><p data-start=\"482\" data-end=\"573\"><a href=\"https:\/\/nouveau.taxis-conventionnes-cpam-idf.fr\/index.php\/reservation-de-transport-conventionne-cpam\/\">\u27a1\ufe0f Utilisez le formulaire de r\u00e9servation en ligne ou le bouton d&rsquo;appel pr\u00e9sent sur le site.<\/a><\/p><p data-start=\"575\" data-end=\"634\">\u00a0<\/p>\t\t\t\t\t\t\t\t<\/div>\n\t\t\t\t\t<\/div>\n\t\t\t\t<\/div>\n\t\t<div class=\"elementor-element elementor-element-ab505ed e-con e-atomic-element e-flexbox-base \" data-id=\"ab505ed\" data-element_type=\"e-flexbox\" data-e-type=\"e-flexbox\" data-interaction-id=\"ab505ed\">\n    \t\t\t<h2 data-interaction-id=\"74a2d7d\" class=\"e-heading-base\">Pourquoi choisir un taxi conventionn\u00e9 sur l'axe N2 ?<\/h2>\n\t\t\n<\/div>\n<div class=\"elementor-element elementor-element-7af452f e-flex e-con-boxed e-con e-parent\" data-id=\"7af452f\" data-element_type=\"container\" data-e-type=\"container\">\n\t\t\t\t\t<div class=\"e-con-inner\">\n\t\t\t\t<div class=\"elementor-element elementor-element-0817db2 elementor-widget elementor-widget-text-editor\" data-id=\"0817db2\" data-element_type=\"widget\" data-e-type=\"widget\" data-widget_type=\"text-editor.default\">\n\t\t\t\t\t\t\t\t\t<p class=\"PDq2pG_selectionAnchorContainer\" data-start=\"494\" data-end=\"638\">L&rsquo;axe N2 relie directement plusieurs communes de Seine-et-Marne, de l&rsquo;Oise et de l&rsquo;Aisne aux principaux \u00e9tablissements de sant\u00e9 d&rsquo;\u00cele-de-France.<\/p><p data-start=\"643\" data-end=\"811\">Cette situation permet aux patients de b\u00e9n\u00e9ficier d&rsquo;un transport adapt\u00e9 vers leurs consultations, s\u00e9ances de radioth\u00e9rapie, chimioth\u00e9rapie, dialyse ou hospitalisations.<\/p><p data-start=\"816\" data-end=\"992\">Notre objectif est d&rsquo;assurer des trajets organis\u00e9s \u00e0 l&rsquo;avance, dans le respect des prescriptions m\u00e9dicales de transport et des r\u00e8gles de prise en charge de l&rsquo;Assurance Maladie.<\/p>\t\t\t\t\t\t\t\t<\/div>\n\t\t\t\t\t<\/div>\n\t\t\t\t<\/div>\n\t\t<div class=\"elementor-element elementor-element-63e846b3 e-flex e-con-boxed e-con e-parent\" data-id=\"63e846b3\" data-element_type=\"container\" data-e-type=\"container\" data-settings=\"{&quot;background_background&quot;:&quot;classic&quot;}\">\n\t\t\t\t\t<div class=\"e-con-inner\">\n\t\t\t\t\t<h2 data-interaction-id=\"48b93a1f\" class=\"e-heading-base\">Bon \u00e0 savoir<\/h2>\n\t\t\t\t<div class=\"elementor-element elementor-element-7ca38871 elementor-widget elementor-widget-text-editor\" data-id=\"7ca38871\" data-element_type=\"widget\" data-e-type=\"widget\" data-widget_type=\"text-editor.default\">\n\t\t\t\t\t\t\t\t\t<p class=\"PDq2pG_selectionAnchorContainer\" data-start=\"325\" data-end=\"480\">La prise en charge d&rsquo;un transport par l&rsquo;Assurance Maladie d\u00e9pend de votre situation m\u00e9dicale et de la prescription \u00e9tablie par votre professionnel de sant\u00e9.<\/p><p data-start=\"575\" data-end=\"634\">\u00a0<\/p>\t\t\t\t\t\t\t\t<\/div>\n\t\t\t\t\t<\/div>\n\t\t\t\t<\/div>\n\t\t<div class=\"elementor-element elementor-element-30c0521 e-con e-atomic-element e-flexbox-base \" data-id=\"30c0521\" data-element_type=\"e-flexbox\" data-e-type=\"e-flexbox\" data-interaction-id=\"30c0521\">\n    \t\t\t<h2 data-interaction-id=\"aaf9b71\" class=\"e-heading-base\">En savoir plus sur le transport conventionn\u00e9 CPAM<\/h2>\n\t\t\n<\/div>\n<div class=\"elementor-element elementor-element-ee273b4 e-flex e-con-boxed e-con e-parent\" data-id=\"ee273b4\" data-element_type=\"container\" data-e-type=\"container\">\n\t\t\t\t\t<div class=\"e-con-inner\">\n\t\t\t\t<div class=\"elementor-element elementor-element-74d24e7 elementor-widget elementor-widget-text-editor\" data-id=\"74d24e7\" data-element_type=\"widget\" data-e-type=\"widget\" data-widget_type=\"text-editor.default\">\n\t\t\t\t\t\t\t\t\t<ul data-start=\"365\" data-end=\"590\"><li data-section-id=\"10t7saf\" data-start=\"365\" data-end=\"416\"><a href=\"https:\/\/nouveau.taxis-conventionnes-cpam-idf.fr\/index.php\/qui-a-droit-a-un-taxi-conventionne-cpam\/\">Qui peut b\u00e9n\u00e9ficier d&rsquo;un taxi conventionn\u00e9 CPAM ?<\/a><\/li><li data-section-id=\"emuvwg\" data-start=\"417\" data-end=\"461\"><a href=\"https:\/\/nouveau.taxis-conventionnes-cpam-idf.fr\/index.php\/taxi-conventionne-cpam-conditions-prise-en-charge-et-demarches\/\">Comment obtenir une prise en charge CPAM ?<\/a><\/li><li data-section-id=\"dt7wa8\" data-start=\"462\" data-end=\"511\"><a href=\"https:\/\/nouveau.taxis-conventionnes-cpam-idf.fr\/index.php\/taxi-conventionne-cpam-conditions-prise-en-charge-et-demarches\/\">Quels transports m\u00e9dicaux sont pris en charge ?<\/a><\/li><li data-section-id=\"12pcvnj\" data-start=\"512\" data-end=\"549\"><a href=\"https:\/\/nouveau.taxis-conventionnes-cpam-idf.fr\/index.php\/hopitaux-desservis-par-nos-taxis-conventionnes-cpam-2\/\">H\u00f4pitaux desservis en \u00cele-de-France<\/a><\/li><li data-section-id=\"u06dp2\" data-start=\"550\" data-end=\"590\"><a href=\"https:\/\/nouveau.taxis-conventionnes-cpam-idf.fr\/index.php\/transport-medical-longue-distance-conventionne-cpam\/\">Transport conventionn\u00e9 longue distance<\/a><\/li><\/ul>\t\t\t\t\t\t\t\t<\/div>\n\t\t\t\t\t<\/div>\n\t\t\t\t<\/div>\n\t\t\t\t<\/div>\n\t\t","protected":false},"excerpt":{"rendered":"<p>Nos taxis conventionn\u00e9s CPAM assurent les transports m\u00e9dicaux sur l&rsquo;ensemble de l&rsquo;axe N2 entre l&rsquo;\u00cele-de-France, l&rsquo;Oise et l&rsquo;Aisne. Nous intervenons notamment depuis Dammartin-en-Go\u00eble, Nanteuil-le-Haudouin, Villers-Cotter\u00eats et Soissons vers les principaux h\u00f4pitaux et centres de soins d&rsquo;\u00cele-de-France. Consultation, hospitalisation, dialyse, chimioth\u00e9rapie ou radioth\u00e9rapie : nous accompagnons les patients dans leurs d\u00e9placements m\u00e9dicaux prescrits. Desservons-nous votre secteur [&hellip;]<\/p>\n","protected":false},"author":1,"featured_media":0,"parent":0,"menu_order":0,"comment_status":"closed","ping_status":"closed","template":"","meta":{"footnotes":""},"class_list":["post-303","page","type-page","status-publish","hentry"],"_links":{"self":[{"href":"https:\/\/nouveau.taxis-conventionnes-cpam-idf.fr\/index.php\/wp-json\/wp\/v2\/pages\/303","targetHints":{"allow":["GET"]}}],"collection":[{"href":"https:\/\/nouveau.taxis-conventionnes-cpam-idf.fr\/index.php\/wp-json\/wp\/v2\/pages"}],"about":[{"href":"https:\/\/nouveau.taxis-conventionnes-cpam-idf.fr\/index.php\/wp-json\/wp\/v2\/types\/page"}],"author":[{"embeddable":true,"href":"https:\/\/nouveau.taxis-conventionnes-cpam-idf.fr\/index.php\/wp-json\/wp\/v2\/users\/1"}],"replies":[{"embeddable":true,"href":"https:\/\/nouveau.taxis-conventionnes-cpam-idf.fr\/index.php\/wp-json\/wp\/v2\/comments?post=303"}],"version-history":[{"count":7,"href":"https:\/\/nouveau.taxis-conventionnes-cpam-idf.fr\/index.php\/wp-json\/wp\/v2\/pages\/303\/revisions"}],"predecessor-version":[{"id":394,"href":"https:\/\/nouveau.taxis-conventionnes-cpam-idf.fr\/index.php\/wp-json\/wp\/v2\/pages\/303\/revisions\/394"}],"wp:attachment":[{"href":"https:\/\/nouveau.taxis-conventionnes-cpam-idf.fr\/index.php\/wp-json\/wp\/v2\/media?parent=303"}],"curies":[{"name":"wp","href":"https:\/\/api.w.org\/{rel}","templated":true}]}}