{"id":316,"date":"2026-07-03T22:22:06","date_gmt":"2026-07-03T20:22:06","guid":{"rendered":"https:\/\/nouveau.taxis-conventionnes-cpam-idf.fr\/?page_id=316"},"modified":"2026-07-12T17:22:42","modified_gmt":"2026-07-12T15:22:42","slug":"transport-conventionne-cpam-entre-loise-et-lile-de-france-axe-a1","status":"publish","type":"page","link":"https:\/\/nouveau.taxis-conventionnes-cpam-idf.fr\/index.php\/transport-conventionne-cpam-entre-loise-et-les-hopitaux-dile-de-france\/transport-conventionne-cpam-entre-loise-et-lile-de-france-axe-a1\/","title":{"rendered":"Transport conventionn\u00e9 CPAM sur l&rsquo;Axe A1 entre l&rsquo;Oise et l&rsquo;\u00cele-de-France"},"content":{"rendered":"\t\t<div data-elementor-type=\"wp-page\" data-elementor-id=\"316\" class=\"elementor elementor-316\">\n\t\t\t\t<div class=\"elementor-element elementor-element-0f2fd3b e-flex e-con-boxed e-con e-parent\" data-id=\"0f2fd3b\" data-element_type=\"container\" data-e-type=\"container\">\n\t\t\t\t\t<div class=\"e-con-inner\">\n\t\t\t\t<div class=\"elementor-element elementor-element-413b5a4 elementor-widget elementor-widget-text-editor\" data-id=\"413b5a4\" data-element_type=\"widget\" data-e-type=\"widget\" data-widget_type=\"text-editor.default\">\n\t\t\t\t\t\t\t\t\t<p class=\"PDq2pG_selectionAnchorContainer\" data-start=\"141\" data-end=\"359\">Depuis l\u2019Oise, de nombreux patients se rendent chaque jour dans les h\u00f4pitaux et centres de soins d\u2019\u00cele-de-France pour leurs consultations, examens, hospitalisations, s\u00e9ances de dialyse, chimioth\u00e9rapie ou radioth\u00e9rapie.<\/p><p data-start=\"364\" data-end=\"556\">Nous assurons des transports conventionn\u00e9s CPAM sur r\u00e9servation depuis les principales villes situ\u00e9es le long de l\u2019axe A1, notamment Senlis, Chantilly, Creil, Pont-Sainte-Maxence et Compi\u00e8gne.<\/p><p data-start=\"561\" data-end=\"741\">Nos chauffeurs vous accompagnent vers les \u00e9tablissements de sant\u00e9 d\u2019\u00cele-de-France dans des conditions de confort, de ponctualit\u00e9 et de s\u00e9curit\u00e9 adapt\u00e9es \u00e0 votre situation m\u00e9dicale.<\/p>\t\t\t\t\t\t\t\t<\/div>\n\t\t\t\t\t<\/div>\n\t\t\t\t<\/div>\n\t\t<div class=\"elementor-element elementor-element-0c32814 e-flex e-con-boxed e-con e-parent\" data-id=\"0c32814\" data-element_type=\"container\" data-e-type=\"container\">\n\t\t\t\t\t<div class=\"e-con-inner\">\n\t\t\t\t<div class=\"elementor-element elementor-element-eaef35b elementor-widget elementor-widget-image\" data-id=\"eaef35b\" data-element_type=\"widget\" data-e-type=\"widget\" data-widget_type=\"image.default\">\n\t\t\t\t\t\t\t\t\t\t\t\t\t\t\t<img fetchpriority=\"high\" decoding=\"async\" width=\"1024\" height=\"683\" src=\"https:\/\/nouveau.taxis-conventionnes-cpam-idf.fr\/wp-content\/uploads\/2026\/07\/taxi-AXE-autouroute-A1-1024x683.png\" class=\"attachment-large size-large wp-image-319\" alt=\"Transport conventionn\u00e9 CPAM entre l&apos;Oise et l&apos;\u00cele-de-France via l&apos;axe A1 depuis Senlis, Chantilly, Creil, Pont-Sainte-Maxence et Compi\u00e8gne.\" srcset=\"https:\/\/nouveau.taxis-conventionnes-cpam-idf.fr\/wp-content\/uploads\/2026\/07\/taxi-AXE-autouroute-A1-1024x683.png 1024w, https:\/\/nouveau.taxis-conventionnes-cpam-idf.fr\/wp-content\/uploads\/2026\/07\/taxi-AXE-autouroute-A1-300x200.png 300w, https:\/\/nouveau.taxis-conventionnes-cpam-idf.fr\/wp-content\/uploads\/2026\/07\/taxi-AXE-autouroute-A1-768x512.png 768w, https:\/\/nouveau.taxis-conventionnes-cpam-idf.fr\/wp-content\/uploads\/2026\/07\/taxi-AXE-autouroute-A1.png 1536w\" sizes=\"(max-width: 1024px) 100vw, 1024px\" \/>\t\t\t\t\t\t\t\t\t\t\t\t\t\t\t<\/div>\n\t\t\t\t\t<\/div>\n\t\t\t\t<\/div>\n\t\t<div class=\"elementor-element elementor-element-3abf6bf e-flex e-con-boxed e-con e-parent\" data-id=\"3abf6bf\" data-element_type=\"container\" data-e-type=\"container\">\n\t\t\t\t\t<div class=\"e-con-inner\">\n\t\t\t\t<div class=\"elementor-element elementor-element-5059b0d elementor-widget elementor-widget-text-editor\" data-id=\"5059b0d\" data-element_type=\"widget\" data-e-type=\"widget\" data-widget_type=\"text-editor.default\">\n\t\t\t\t\t\t\t\t\t<p>Nous assurons des transports conventionn\u00e9s CPAM sur l\u2019axe A1 entre l\u2019Oise et les principaux h\u00f4pitaux d\u2019\u00cele-de-France.<\/p><p>Nos trajets concernent notamment les patients r\u00e9sidant \u00e0 Senlis, Chantilly, Creil, Pont-Sainte-Maxence et Compi\u00e8gne devant se rendre \u00e0 une consultation, un examen m\u00e9dical, une hospitalisation, une s\u00e9ance de dialyse, de chimioth\u00e9rapie ou de radioth\u00e9rapie.<\/p><p>Les transports sont r\u00e9alis\u00e9s uniquement sur r\u00e9servation pr\u00e9alable, selon les conditions de prise en charge d\u00e9finies par l\u2019Assurance Maladie et la prescription de votre m\u00e9decin.<\/p>\t\t\t\t\t\t\t\t<\/div>\n\t\t\t\t\t<\/div>\n\t\t\t\t<\/div>\n\t\t<div class=\"elementor-element elementor-element-56f0d8fd e-flex e-con-boxed e-con e-parent\" data-id=\"56f0d8fd\" data-element_type=\"container\" data-e-type=\"container\" data-settings=\"{&quot;background_background&quot;:&quot;classic&quot;}\">\n\t\t\t\t\t<div class=\"e-con-inner\">\n\t\t\t\t\t<h2 data-interaction-id=\"1e57d58d\" class=\"e-heading-base\">Villes de l'Oise r\u00e9guli\u00e8rement desservies sur l'axe A1<\/h2>\n\t\t\t\t<div class=\"elementor-element elementor-element-e0803a9 elementor-widget elementor-widget-text-editor\" data-id=\"e0803a9\" data-element_type=\"widget\" data-e-type=\"widget\" data-widget_type=\"text-editor.default\">\n\t\t\t\t\t\t\t\t\t<blockquote data-start=\"212\" data-end=\"723\"><p class=\"PDq2pG_selectionAnchorContainer\" data-start=\"214\" data-end=\"398\">Nous assurons des transports conventionn\u00e9s CPAM sur r\u00e9servation depuis les principales communes situ\u00e9es le long de l&rsquo;autoroute A1 vers les h\u00f4pitaux et centres de soins d&rsquo;\u00cele-de-France.<\/p><p data-start=\"403\" data-end=\"437\">Secteurs r\u00e9guli\u00e8rement desservis :<\/p><p data-start=\"442\" data-end=\"591\">\u2705 Senlis<br data-start=\"450\" data-end=\"453\" \/>\u2705 Chantilly<br data-start=\"466\" data-end=\"469\" \/>\u2705 Creil<br data-start=\"478\" data-end=\"481\" \/>\u2705 Pont-Sainte-Maxence<br data-start=\"504\" data-end=\"507\" \/>\u2705 Compi\u00e8gne<br data-start=\"520\" data-end=\"523\" \/>\u2705 Cr\u00e9py-en-Valois<br data-start=\"542\" data-end=\"545\" \/>\u2705 Nogent-sur-Oise<br data-start=\"564\" data-end=\"567\" \/>\u2705 Nanteuil-le-Haudouin<\/p><p data-start=\"596\" data-end=\"723\">Les trajets sont organis\u00e9s exclusivement sur r\u00e9servation selon les besoins du patient et la prescription m\u00e9dicale de transport.<\/p><\/blockquote>\t\t\t\t\t\t\t\t<\/div>\n\t\t\t\t\t<\/div>\n\t\t\t\t<\/div>\n\t\t<div class=\"elementor-element elementor-element-a3c41a2 e-con e-atomic-element e-flexbox-base \" data-id=\"a3c41a2\" data-element_type=\"e-flexbox\" data-e-type=\"e-flexbox\" data-interaction-id=\"a3c41a2\">\n    \t\t\t<h2 data-interaction-id=\"503667b\" class=\"e-heading-base\">Vers quels h\u00f4pitaux d'\u00cele-de-France transportons-nous nos patients ?<\/h2>\n\t\t\n<\/div>\n<div class=\"elementor-element elementor-element-31faac2 e-flex e-con-boxed e-con e-parent\" data-id=\"31faac2\" data-element_type=\"container\" data-e-type=\"container\">\n\t\t\t\t\t<div class=\"e-con-inner\">\n\t\t\t\t<div class=\"elementor-element elementor-element-0020d6a elementor-widget elementor-widget-text-editor\" data-id=\"0020d6a\" data-element_type=\"widget\" data-e-type=\"widget\" data-widget_type=\"text-editor.default\">\n\t\t\t\t\t\t\t\t\t<p class=\"PDq2pG_selectionAnchorContainer\" data-start=\"155\" data-end=\"334\">Depuis les villes de l&rsquo;Oise situ\u00e9es le long de l&rsquo;axe A1, nous assurons r\u00e9guli\u00e8rement des transports conventionn\u00e9s CPAM vers les principaux \u00e9tablissements de sant\u00e9 d&rsquo;\u00cele-de-France.<\/p><p data-start=\"339\" data-end=\"502\">Ces trajets concernent aussi bien les consultations m\u00e9dicales que les hospitalisations, examens sp\u00e9cialis\u00e9s, s\u00e9ances de dialyse, chimioth\u00e9rapies ou radioth\u00e9rapies.<\/p>\t\t\t\t\t\t\t\t<\/div>\n\t\t\t\t\t<\/div>\n\t\t\t\t<\/div>\n\t\t<div class=\"elementor-element elementor-element-43c83c65 e-flex e-con-boxed e-con e-parent\" data-id=\"43c83c65\" data-element_type=\"container\" data-e-type=\"container\" data-settings=\"{&quot;background_background&quot;:&quot;classic&quot;}\">\n\t\t\t\t\t<div class=\"e-con-inner\">\n\t\t\t\t<div class=\"elementor-element elementor-element-c3c5888 elementor-widget elementor-widget-text-editor\" data-id=\"c3c5888\" data-element_type=\"widget\" data-e-type=\"widget\" data-widget_type=\"text-editor.default\">\n\t\t\t\t\t\t\t\t\t<h3 data-section-id=\"ui8b80\" data-start=\"587\" data-end=\"620\">\ud83c\udfe5 Gustave Roussy \u2013 Villejuif<\/h3><p data-start=\"621\" data-end=\"733\">Centre de r\u00e9f\u00e9rence en canc\u00e9rologie accueillant de nombreux patients pour des traitements et suivis sp\u00e9cialis\u00e9s.<\/p><h3 data-section-id=\"zwrswb\" data-start=\"735\" data-end=\"756\">\ud83c\udfe5 Institut Curie<\/h3><p data-start=\"757\" data-end=\"854\">\u00c9tablissement sp\u00e9cialis\u00e9 dans la prise en charge du cancer avec plusieurs sites en \u00cele-de-France.<\/p><h3 data-section-id=\"16e53r\" data-start=\"856\" data-end=\"888\">\ud83c\udfe5 H\u00f4pital Piti\u00e9-Salp\u00eatri\u00e8re<\/h3><p data-start=\"889\" data-end=\"987\">L&rsquo;un des plus grands centres hospitaliers fran\u00e7ais, proposant de nombreuses sp\u00e9cialit\u00e9s m\u00e9dicales.<\/p><h3 data-section-id=\"icekwn\" data-start=\"989\" data-end=\"1010\">\ud83c\udfe5 H\u00f4pital Necker<\/h3><p data-start=\"1011\" data-end=\"1086\">R\u00e9f\u00e9rence nationale dans de nombreuses sp\u00e9cialit\u00e9s adultes et p\u00e9diatriques.<\/p><h3 data-section-id=\"p9w666\" data-start=\"1088\" data-end=\"1111\">\ud83c\udfe5 H\u00f4pital Avicenne<\/h3><p data-start=\"1112\" data-end=\"1210\">\u00c9tablissement de r\u00e9f\u00e9rence situ\u00e9 en Seine-Saint-Denis pour de nombreuses consultations et examens.<\/p><h3 data-section-id=\"ata0t2\" data-start=\"1212\" data-end=\"1233\">\ud83c\udfe5 H\u00f4pital Bichat<\/h3><p data-start=\"1234\" data-end=\"1321\">Centre hospitalier universitaire reconnu pour ses activit\u00e9s m\u00e9dicales et chirurgicales.<\/p>\t\t\t\t\t\t\t\t<\/div>\n\t\t\t\t\t<h2 data-interaction-id=\"4d1a5845\" class=\"e-heading-base\"><\/h2>\n\t\t\t\t\t<\/div>\n\t\t\t\t<\/div>\n\t\t<div class=\"elementor-element elementor-element-3c518abb e-flex e-con-boxed e-con e-parent\" data-id=\"3c518abb\" data-element_type=\"container\" data-e-type=\"container\" data-settings=\"{&quot;background_background&quot;:&quot;classic&quot;}\">\n\t\t\t\t\t<div class=\"e-con-inner\">\n\t\t\t\t\t<h2 data-interaction-id=\"97e1f9d\" class=\"e-heading-base\">Pourquoi l\u2019axe A1 est-il particuli\u00e8rement utilis\u00e9 pour les transports m\u00e9dicaux ?<\/h2>\n\t\t\t\t<div class=\"elementor-element elementor-element-74160db5 elementor-widget elementor-widget-text-editor\" data-id=\"74160db5\" data-element_type=\"widget\" data-e-type=\"widget\" data-widget_type=\"text-editor.default\">\n\t\t\t\t\t\t\t\t\t<p class=\"PDq2pG_selectionAnchorContainer\" data-start=\"279\" data-end=\"388\">L\u2019autoroute A1 constitue l\u2019un des principaux axes reliant l\u2019Oise aux \u00e9tablissements de sant\u00e9 d\u2019\u00cele-de-France.<\/p><p data-start=\"390\" data-end=\"672\">Chaque semaine, de nombreux patients r\u00e9sidant \u00e0 Senlis, Chantilly, Creil, Pont-Sainte-Maxence, Compi\u00e8gne ou encore Cr\u00e9py-en-Valois se rendent vers les h\u00f4pitaux et centres sp\u00e9cialis\u00e9s franciliens pour leurs consultations, examens m\u00e9dicaux, hospitalisations ou traitements programm\u00e9s.<\/p><p data-start=\"674\" data-end=\"827\">La proximit\u00e9 de l\u2019autoroute A1 permet d\u2019organiser des trajets directs vers les principaux \u00e9tablissements de sant\u00e9 tout en limitant les temps de parcours.<\/p>\t\t\t\t\t\t\t\t<\/div>\n\t\t\t\t\t<\/div>\n\t\t\t\t<\/div>\n\t\t<div class=\"elementor-element elementor-element-dae14fa e-con e-atomic-element e-flexbox-base \" data-id=\"dae14fa\" data-element_type=\"e-flexbox\" data-e-type=\"e-flexbox\" data-interaction-id=\"dae14fa\">\n    \t\t\t<img decoding=\"async\" class=\"e-image-base \" data-interaction-id=\"95203c3\" id=\"318\" src=\"https:\/\/nouveau.taxis-conventionnes-cpam-idf.fr\/wp-content\/uploads\/2026\/07\/AXE-A1.png\" width=\"1024\" height=\"1536\" srcset=\"https:\/\/nouveau.taxis-conventionnes-cpam-idf.fr\/wp-content\/uploads\/2026\/07\/AXE-A1.png 1024w, https:\/\/nouveau.taxis-conventionnes-cpam-idf.fr\/wp-content\/uploads\/2026\/07\/AXE-A1-200x300.png 200w, https:\/\/nouveau.taxis-conventionnes-cpam-idf.fr\/wp-content\/uploads\/2026\/07\/AXE-A1-683x1024.png 683w, https:\/\/nouveau.taxis-conventionnes-cpam-idf.fr\/wp-content\/uploads\/2026\/07\/AXE-A1-768x1152.png 768w\" alt=\"\"\/>\t\t\n<\/div>\n<div class=\"elementor-element elementor-element-2bc319f8 e-flex e-con-boxed e-con e-parent\" data-id=\"2bc319f8\" data-element_type=\"container\" data-e-type=\"container\" data-settings=\"{&quot;background_background&quot;:&quot;classic&quot;}\">\n\t\t\t\t\t<div class=\"e-con-inner\">\n\t\t\t\t\t<h2 data-interaction-id=\"289ee87a\" class=\"e-heading-base\">Les principales villes desservies sur l\u2019axe A1 sur r\u00e9servation<\/h2>\n\t\t\t\t<div class=\"elementor-element elementor-element-3514135d elementor-widget elementor-widget-text-editor\" data-id=\"3514135d\" data-element_type=\"widget\" data-e-type=\"widget\" data-widget_type=\"text-editor.default\">\n\t\t\t\t\t\t\t\t\t<p class=\"PDq2pG_selectionAnchorContainer\" data-start=\"259\" data-end=\"431\">Nous organisons r\u00e9guli\u00e8rement des transports conventionn\u00e9s CPAM depuis les communes situ\u00e9es le long de l\u2019autoroute A1 vers les h\u00f4pitaux et centres de soins d\u2019\u00cele-de-France.<\/p><h3 data-section-id=\"11niprh\" data-start=\"433\" data-end=\"469\">Secteurs r\u00e9guli\u00e8rement desservis<\/h3><ul data-start=\"471\" data-end=\"592\"><li data-section-id=\"6ca406\" data-start=\"471\" data-end=\"479\">Senlis<\/li><li data-section-id=\"1n3exvs\" data-start=\"480\" data-end=\"491\">Chantilly<\/li><li data-section-id=\"16xo6xl\" data-start=\"492\" data-end=\"499\">Creil<\/li><li data-section-id=\"1vvdas0\" data-start=\"500\" data-end=\"521\">Pont-Sainte-Maxence<\/li><li data-section-id=\"f5oefo\" data-start=\"522\" data-end=\"533\">Compi\u00e8gne<\/li><li data-section-id=\"1tuef6k\" data-start=\"534\" data-end=\"551\">Cr\u00e9py-en-Valois<\/li><li data-section-id=\"1gcubd0\" data-start=\"552\" data-end=\"574\">Nanteuil-le-Haudouin<\/li><li data-section-id=\"tj30tx\" data-start=\"575\" data-end=\"592\">Nogent-sur-Oise<\/li><\/ul><p data-start=\"594\" data-end=\"762\">Selon votre situation et votre prescription m\u00e9dicale de transport, nous pouvons organiser votre d\u00e9placement vers les principaux \u00e9tablissements de sant\u00e9 d\u2019\u00cele-de-France.<\/p>\t\t\t\t\t\t\t\t<\/div>\n\t\t\t\t\t<\/div>\n\t\t\t\t<\/div>\n\t\t<div class=\"elementor-element elementor-element-02a0d04 e-flex e-con-boxed e-con e-parent\" data-id=\"02a0d04\" data-element_type=\"container\" data-e-type=\"container\">\n\t\t\t\t\t<div class=\"e-con-inner\">\n\t\t\t\t\t<h2 data-interaction-id=\"f9661c1\" class=\"e-heading-base\">Questions fr\u00e9quentes sur les transports conventionn\u00e9s CPAM entre l'Oise et l'\u00cele-de-France<\/h2>\n\t\t\t\t<div class=\"elementor-element elementor-element-90430d8 elementor-widget elementor-widget-text-editor\" data-id=\"90430d8\" data-element_type=\"widget\" data-e-type=\"widget\" data-widget_type=\"text-editor.default\">\n\t\t\t\t\t\t\t\t\t<h3 class=\"PDq2pG_selectionAnchorContainer\" data-section-id=\"1ax5qwe\" data-start=\"423\" data-end=\"470\">Puis-je \u00eatre accompagn\u00e9 pendant le trajet ?<\/h3><p data-start=\"472\" data-end=\"670\">Dans la plupart des cas, un accompagnant peut \u00eatre transport\u00e9 avec le patient lorsqu&rsquo;il est n\u00e9cessaire ou lorsqu&rsquo;une place est disponible. N&rsquo;h\u00e9sitez pas \u00e0 nous le signaler lors de votre r\u00e9servation.<\/p><hr data-start=\"672\" data-end=\"675\" \/><h3 data-section-id=\"1o91jpe\" data-start=\"677\" data-end=\"719\">Acceptez-vous les fauteuils roulants ?<\/h3><p data-start=\"721\" data-end=\"883\">Oui. Lors de votre r\u00e9servation, indiquez-nous si vous utilisez un fauteuil roulant afin que nous puissions v\u00e9rifier que le v\u00e9hicule le plus adapt\u00e9 est disponible.<\/p><hr data-start=\"885\" data-end=\"888\" \/><h3 data-section-id=\"iucods\" data-start=\"890\" data-end=\"930\">Puis-je voyager avec une poussette ?<\/h3><p data-start=\"932\" data-end=\"1097\">Oui. Si vous voyagez avec un enfant ou du mat\u00e9riel m\u00e9dical, merci de le pr\u00e9ciser lors de la r\u00e9servation afin d&rsquo;organiser le transport dans les meilleures conditions.<\/p><hr data-start=\"1099\" data-end=\"1102\" \/><h3 data-section-id=\"e3mkwa\" data-start=\"1104\" data-end=\"1156\">Disposez-vous de si\u00e8ges auto ou de rehausseurs ?<\/h3><p data-start=\"1158\" data-end=\"1318\">Selon l&rsquo;\u00e2ge de l&rsquo;enfant transport\u00e9, un si\u00e8ge adapt\u00e9 peut \u00eatre n\u00e9cessaire. Pensez \u00e0 nous informer de l&rsquo;\u00e2ge et de la taille de l&rsquo;enfant lors de votre r\u00e9servation.<\/p><hr data-start=\"1320\" data-end=\"1323\" \/><h3 data-section-id=\"1j0g0q6\" data-start=\"1325\" data-end=\"1397\">Dois-je avancer les frais si je ne suis pas pris en charge \u00e0 100 % ?<\/h3><p data-start=\"1399\" data-end=\"1610\">La prise en charge d\u00e9pend de votre situation et des r\u00e8gles de l&rsquo;Assurance Maladie. Selon les cas, une partie du transport peut rester \u00e0 votre charge. Nous vous expliquerons les modalit\u00e9s avant votre d\u00e9placement.<\/p><hr data-start=\"1612\" data-end=\"1615\" \/><h3 data-section-id=\"ryt277\" data-start=\"1617\" data-end=\"1684\">Puis-je r\u00e9server plusieurs transports pour une s\u00e9rie de soins ?<\/h3><p data-start=\"1686\" data-end=\"1831\">Oui. Pour les traitements r\u00e9guliers comme la dialyse, la chimioth\u00e9rapie ou la radioth\u00e9rapie, plusieurs trajets peuvent \u00eatre organis\u00e9s \u00e0 l&rsquo;avance.<\/p><hr data-start=\"1833\" data-end=\"1836\" \/><h3 data-section-id=\"hbevoe\" data-start=\"1838\" data-end=\"1888\">Combien de temps \u00e0 l&rsquo;avance dois-je r\u00e9server ?<\/h3><p data-start=\"1890\" data-end=\"2063\">Plus la r\u00e9servation est effectu\u00e9e t\u00f4t, plus il est facile d&rsquo;organiser votre transport. En cas de rendez-vous connu \u00e0 l&rsquo;avance, nous conseillons de r\u00e9server d\u00e8s que possible.<\/p><hr data-start=\"2065\" data-end=\"2068\" \/><h3 data-section-id=\"tl0rtv\" data-start=\"2070\" data-end=\"2115\">Que dois-je pr\u00e9parer pour mon transport ?<\/h3><p data-start=\"2117\" data-end=\"2176\">Dans la plupart des situations, il est recommand\u00e9 d&rsquo;avoir :<\/p><ul data-start=\"2177\" data-end=\"2308\"><li data-section-id=\"171ihkb\" data-start=\"2177\" data-end=\"2199\">votre carte Vitale ;<\/li><li data-section-id=\"1qrhmhx\" data-start=\"2200\" data-end=\"2245\">votre attestation de droits si n\u00e9cessaire ;<\/li><li data-section-id=\"18un29o\" data-start=\"2246\" data-end=\"2308\">votre prescription m\u00e9dicale de transport (bon de transport).<\/li><\/ul>\t\t\t\t\t\t\t\t<\/div>\n\t\t\t\t\t<\/div>\n\t\t\t\t<\/div>\n\t\t<div class=\"elementor-element elementor-element-1f25f1f2 e-flex e-con-boxed e-con e-parent\" data-id=\"1f25f1f2\" data-element_type=\"container\" data-e-type=\"container\" data-settings=\"{&quot;background_background&quot;:&quot;classic&quot;}\">\n\t\t\t\t\t<div class=\"e-con-inner\">\n\t\t\t\t\t<h2 data-interaction-id=\"4a12e168\" class=\"e-heading-base\">En savoir plus sur le transport conventionn\u00e9 CPAM<\/h2>\n\t\t\t\t<div class=\"elementor-element elementor-element-5095604a elementor-widget elementor-widget-text-editor\" data-id=\"5095604a\" data-element_type=\"widget\" data-e-type=\"widget\" data-widget_type=\"text-editor.default\">\n\t\t\t\t\t\t\t\t\t<ul data-start=\"299\" data-end=\"520\"><li data-section-id=\"10t7saf\" data-start=\"299\" data-end=\"350\"><a href=\"https:\/\/nouveau.taxis-conventionnes-cpam-idf.fr\/index.php\/qui-a-droit-a-un-taxi-conventionne-cpam\/\">Qui peut b\u00e9n\u00e9ficier d&rsquo;un taxi conventionn\u00e9 CPAM ?<\/a><\/li><li data-section-id=\"emuvwg\" data-start=\"351\" data-end=\"395\">Comment obtenir une prise en charge CPAM ?<\/li><li data-section-id=\"dt7wa8\" data-start=\"396\" data-end=\"445\">Quels transports m\u00e9dicaux sont pris en charge ?<\/li><li data-section-id=\"12pcvnj\" data-start=\"446\" data-end=\"483\">H\u00f4pitaux desservis en \u00cele-de-France<\/li><li data-section-id=\"lbzlgs\" data-start=\"484\" data-end=\"520\"><a href=\"https:\/\/nouveau.taxis-conventionnes-cpam-idf.fr\/index.php\/transport-conventionne-cpam-entre-loise-et-les-hopitaux-dile-de-france\/\">Transport conventionn\u00e9 dans l&rsquo;Oise<\/a><\/li><\/ul><p data-start=\"522\" data-end=\"596\">\u00a0<\/p>\t\t\t\t\t\t\t\t<\/div>\n\t\t\t\t\t<\/div>\n\t\t\t\t<\/div>\n\t\t\t\t<\/div>\n\t\t","protected":false},"excerpt":{"rendered":"<p>Depuis l\u2019Oise, de nombreux patients se rendent chaque jour dans les h\u00f4pitaux et centres de soins d\u2019\u00cele-de-France pour leurs consultations, examens, hospitalisations, s\u00e9ances de dialyse, chimioth\u00e9rapie ou radioth\u00e9rapie. Nous assurons des transports conventionn\u00e9s CPAM sur r\u00e9servation depuis les principales villes situ\u00e9es le long de l\u2019axe A1, notamment Senlis, Chantilly, Creil, Pont-Sainte-Maxence et Compi\u00e8gne. Nos chauffeurs [&hellip;]<\/p>\n","protected":false},"author":1,"featured_media":0,"parent":239,"menu_order":0,"comment_status":"closed","ping_status":"closed","template":"","meta":{"footnotes":""},"class_list":["post-316","page","type-page","status-publish","hentry"],"_links":{"self":[{"href":"https:\/\/nouveau.taxis-conventionnes-cpam-idf.fr\/index.php\/wp-json\/wp\/v2\/pages\/316","targetHints":{"allow":["GET"]}}],"collection":[{"href":"https:\/\/nouveau.taxis-conventionnes-cpam-idf.fr\/index.php\/wp-json\/wp\/v2\/pages"}],"about":[{"href":"https:\/\/nouveau.taxis-conventionnes-cpam-idf.fr\/index.php\/wp-json\/wp\/v2\/types\/page"}],"author":[{"embeddable":true,"href":"https:\/\/nouveau.taxis-conventionnes-cpam-idf.fr\/index.php\/wp-json\/wp\/v2\/users\/1"}],"replies":[{"embeddable":true,"href":"https:\/\/nouveau.taxis-conventionnes-cpam-idf.fr\/index.php\/wp-json\/wp\/v2\/comments?post=316"}],"version-history":[{"count":8,"href":"https:\/\/nouveau.taxis-conventionnes-cpam-idf.fr\/index.php\/wp-json\/wp\/v2\/pages\/316\/revisions"}],"predecessor-version":[{"id":375,"href":"https:\/\/nouveau.taxis-conventionnes-cpam-idf.fr\/index.php\/wp-json\/wp\/v2\/pages\/316\/revisions\/375"}],"up":[{"embeddable":true,"href":"https:\/\/nouveau.taxis-conventionnes-cpam-idf.fr\/index.php\/wp-json\/wp\/v2\/pages\/239"}],"wp:attachment":[{"href":"https:\/\/nouveau.taxis-conventionnes-cpam-idf.fr\/index.php\/wp-json\/wp\/v2\/media?parent=316"}],"curies":[{"name":"wp","href":"https:\/\/api.w.org\/{rel}","templated":true}]}}