{"id":81,"date":"2026-06-25T15:08:49","date_gmt":"2026-06-25T15:08:49","guid":{"rendered":"https:\/\/nouveau.taxis-conventionnes-cpam-idf.fr\/?page_id=81"},"modified":"2026-07-11T13:56:57","modified_gmt":"2026-07-11T11:56:57","slug":"qui-a-droit-a-un-taxi-conventionne-cpam","status":"publish","type":"page","link":"https:\/\/nouveau.taxis-conventionnes-cpam-idf.fr\/index.php\/qui-a-droit-a-un-taxi-conventionne-cpam\/","title":{"rendered":"Qui a droit \u00e0 un taxi conventionn\u00e9 CPAM ?"},"content":{"rendered":"\t\t<div data-elementor-type=\"wp-page\" data-elementor-id=\"81\" class=\"elementor elementor-81\">\n\t\t\t\t<div class=\"elementor-element elementor-element-ebfb6be e-flex e-con-boxed e-con e-parent\" data-id=\"ebfb6be\" data-element_type=\"container\" data-e-type=\"container\">\n\t\t\t\t\t<div class=\"e-con-inner\">\n\t\t\t\t<div class=\"elementor-element elementor-element-1921659 elementor-widget elementor-widget-image\" data-id=\"1921659\" data-element_type=\"widget\" data-e-type=\"widget\" data-widget_type=\"image.default\">\n\t\t\t\t\t\t\t\t\t\t\t\t\t\t\t<img fetchpriority=\"high\" decoding=\"async\" width=\"1024\" height=\"576\" src=\"https:\/\/nouveau.taxis-conventionnes-cpam-idf.fr\/wp-content\/uploads\/2026\/07\/Qui-peut-prendre-un-taxi-conventionne--1024x576.png\" class=\"attachment-large size-large wp-image-342\" alt=\"Guide des situations pouvant ouvrir droit \u00e0 un taxi conventionn\u00e9 CPAM : ALD, chimioth\u00e9rapie, radioth\u00e9rapie, dialyse, hospitalisation, consultation sp\u00e9cialis\u00e9e et longue distance.\" srcset=\"https:\/\/nouveau.taxis-conventionnes-cpam-idf.fr\/wp-content\/uploads\/2026\/07\/Qui-peut-prendre-un-taxi-conventionne--1024x576.png 1024w, https:\/\/nouveau.taxis-conventionnes-cpam-idf.fr\/wp-content\/uploads\/2026\/07\/Qui-peut-prendre-un-taxi-conventionne--300x169.png 300w, https:\/\/nouveau.taxis-conventionnes-cpam-idf.fr\/wp-content\/uploads\/2026\/07\/Qui-peut-prendre-un-taxi-conventionne--768x432.png 768w, https:\/\/nouveau.taxis-conventionnes-cpam-idf.fr\/wp-content\/uploads\/2026\/07\/Qui-peut-prendre-un-taxi-conventionne--1536x864.png 1536w, https:\/\/nouveau.taxis-conventionnes-cpam-idf.fr\/wp-content\/uploads\/2026\/07\/Qui-peut-prendre-un-taxi-conventionne-.png 1672w\" sizes=\"(max-width: 1024px) 100vw, 1024px\" \/>\t\t\t\t\t\t\t\t\t\t\t\t\t\t\t<\/div>\n\t\t\t\t\t<\/div>\n\t\t\t\t<\/div>\n\t\t<div class=\"elementor-element elementor-element-1ba01dc e-flex e-con-boxed e-con e-parent\" data-id=\"1ba01dc\" data-element_type=\"container\" data-e-type=\"container\">\n\t\t\t\t\t<div class=\"e-con-inner\">\n\t\t\t\t<div class=\"elementor-element elementor-element-cc6150c elementor-widget elementor-widget-text-editor\" data-id=\"cc6150c\" data-element_type=\"widget\" data-e-type=\"widget\" data-widget_type=\"text-editor.default\">\n\t\t\t\t\t\t\t\t\t<p>Pour b\u00e9n\u00e9ficier d\u2019une prise en charge en taxi conventionn\u00e9, deux conditions doivent d\u2019abord \u00eatre distingu\u00e9es : <strong>la n\u00e9cessit\u00e9 m\u00e9dicale du transport<\/strong> et <strong>les droits du patient aupr\u00e8s de l\u2019Assurance Maladie<\/strong>.<\/p>\n<p>La premi\u00e8re \u00e9tape est la prescription m\u00e9dicale de transport, normalement \u00e9tablie avant le trajet. Le m\u00e9decin d\u00e9termine le mode de transport adapt\u00e9 \u00e0 l\u2019\u00e9tat de sant\u00e9 et au niveau d\u2019autonomie du patient. Lorsqu\u2019il prescrit un <strong>transport assis professionnalis\u00e9<\/strong>, le patient peut recourir \u00e0 un taxi conventionn\u00e9 ou \u00e0 un v\u00e9hicule sanitaire l\u00e9ger (VSL).<\/p>\n<p>La prescription ne garantit toutefois pas, \u00e0 elle seule, une prise en charge. Le d\u00e9placement doit \u00e9galement correspondre \u00e0 l\u2019une des situations pr\u00e9vues par l\u2019Assurance Maladie : transport li\u00e9 \u00e0 une hospitalisation, soins en rapport avec une ALD sous certaines conditions, accident du travail, longue distance de plus de 150 km, transports en s\u00e9rie ou autre situation r\u00e9glementaire.<\/p>\n<p>Pour une <strong>ALD exon\u00e9rante<\/strong>, le transport peut \u00eatre pris en charge \u00e0 100 % lorsqu\u2019il est en lien direct avec l\u2019affection reconnue, que l\u2019\u00e9tat du patient r\u00e9pond aux crit\u00e8res m\u00e9dicaux de prescription et qu\u2019une prescription a \u00e9t\u00e9 \u00e9tablie. Cela peut notamment concerner des consultations, examens ou traitements li\u00e9s \u00e0 la pathologie. Une ALD non exon\u00e9rante peut \u00e9galement permettre la prise en charge du transport, mais g\u00e9n\u00e9ralement au taux habituel de 55 %.<\/p>\n<p>Les transports li\u00e9s \u00e0 une entr\u00e9e ou \u00e0 une sortie d\u2019hospitalisation peuvent \u00eatre pris en charge m\u00eame si le patient n\u2019est pas reconnu en ALD. Les s\u00e9ances de chimioth\u00e9rapie, de radioth\u00e9rapie et d\u2019h\u00e9modialyse sont assimil\u00e9es \u00e0 une hospitalisation. En l\u2019absence d\u2019un motif ouvrant droit \u00e0 une prise en charge \u00e0 100 %, les frais de transport sont g\u00e9n\u00e9ralement rembours\u00e9s \u00e0 55 % du tarif conventionnel, la part restante pouvant \u00e9ventuellement \u00eatre couverte par la compl\u00e9mentaire sant\u00e9.<\/p>\n<p>Certains patients peuvent b\u00e9n\u00e9ficier d\u2019une prise en charge \u00e0 100 %, notamment pour les transports en rapport avec un accident du travail ou une maladie professionnelle, \u00e0 partir du sixi\u00e8me mois de grossesse et jusqu\u2019\u00e0 douze jours apr\u00e8s l\u2019accouchement, ou lorsqu\u2019ils sont titulaires de certaines pensions d\u2019invalidit\u00e9. Ces droits ne remplacent cependant pas la prescription m\u00e9dicale ni les conditions habituelles de prise en charge du trajet.<\/p>\n<p>Lorsqu\u2019une dispense d\u2019avance de frais ou le tiers payant est applicable, le taxi conventionn\u00e9 est directement r\u00e9gl\u00e9 par l\u2019Assurance Maladie pour la part prise en charge. Dans les autres situations, une somme peut rester \u00e0 r\u00e9gler par le patient.<\/p>\n<p>Enfin, une consultation m\u00e9dicale ordinaire n\u2019ouvre pas automatiquement droit \u00e0 un taxi conventionn\u00e9. Elle peut toutefois \u00eatre prise en charge lorsqu\u2019elle est li\u00e9e \u00e0 une ALD remplissant les conditions, \u00e0 un accident du travail, \u00e0 un transport de plus de 150 km ayant re\u00e7u l\u2019accord n\u00e9cessaire ou \u00e0 une autre situation pr\u00e9vue par la r\u00e9glementation.<\/p>\t\t\t\t\t\t\t\t<\/div>\n\t\t\t\t\t<\/div>\n\t\t\t\t<\/div>\n\t\t<div class=\"elementor-element elementor-element-4eb9e04 e-con e-atomic-element e-flexbox-base \" data-id=\"4eb9e04\" data-element_type=\"e-flexbox\" data-e-type=\"e-flexbox\" data-interaction-id=\"4eb9e04\">\n    \t\t\t<h2 data-interaction-id=\"a065794\" class=\"e-heading-base\">ALD : dans quels cas le taxi conventionn\u00e9 est-il pris en charge \u00e0 100 % ?<\/h2>\n\t\t\n<\/div>\n<div class=\"elementor-element elementor-element-40df559 e-flex e-con-boxed e-con e-parent\" data-id=\"40df559\" data-element_type=\"container\" data-e-type=\"container\">\n\t\t\t\t\t<div class=\"e-con-inner\">\n\t\t\t\t<div class=\"elementor-element elementor-element-55c1d7c elementor-widget elementor-widget-image\" data-id=\"55c1d7c\" data-element_type=\"widget\" data-e-type=\"widget\" data-widget_type=\"image.default\">\n\t\t\t\t\t\t\t\t\t\t\t\t\t\t\t<img decoding=\"async\" width=\"1024\" height=\"683\" src=\"https:\/\/nouveau.taxis-conventionnes-cpam-idf.fr\/wp-content\/uploads\/2026\/07\/Qui-a-droit-a-un-taxi-conventionne-CPAM--1024x683.png\" class=\"attachment-large size-large wp-image-343\" alt=\"Infographie expliquant les conditions de prise en charge d\u2019un taxi conventionn\u00e9 CPAM selon la prescription m\u00e9dicale, les droits du patient, l\u2019ALD, l\u2019hospitalisation, la grossesse, l\u2019invalidit\u00e9 et l\u2019accident du travail.\" srcset=\"https:\/\/nouveau.taxis-conventionnes-cpam-idf.fr\/wp-content\/uploads\/2026\/07\/Qui-a-droit-a-un-taxi-conventionne-CPAM--1024x683.png 1024w, https:\/\/nouveau.taxis-conventionnes-cpam-idf.fr\/wp-content\/uploads\/2026\/07\/Qui-a-droit-a-un-taxi-conventionne-CPAM--300x200.png 300w, https:\/\/nouveau.taxis-conventionnes-cpam-idf.fr\/wp-content\/uploads\/2026\/07\/Qui-a-droit-a-un-taxi-conventionne-CPAM--768x512.png 768w, https:\/\/nouveau.taxis-conventionnes-cpam-idf.fr\/wp-content\/uploads\/2026\/07\/Qui-a-droit-a-un-taxi-conventionne-CPAM-.png 1536w\" sizes=\"(max-width: 1024px) 100vw, 1024px\" \/>\t\t\t\t\t\t\t\t\t\t\t\t\t\t\t<\/div>\n\t\t\t\t\t<\/div>\n\t\t\t\t<\/div>\n\t\t<div class=\"elementor-element elementor-element-22ff77c e-flex e-con-boxed e-con e-parent\" data-id=\"22ff77c\" data-element_type=\"container\" data-e-type=\"container\">\n\t\t\t\t\t<div class=\"e-con-inner\">\n\t\t\t\t<div class=\"elementor-element elementor-element-895c829 elementor-widget elementor-widget-text-editor\" data-id=\"895c829\" data-element_type=\"widget\" data-e-type=\"widget\" data-widget_type=\"text-editor.default\">\n\t\t\t\t\t\t\t\t\t<p><strong>\u00catre reconnu en ALD ne donne pas automatiquement droit \u00e0 un taxi conventionn\u00e9.<\/strong> Pour que le transport soit pris en charge, plusieurs conditions doivent \u00eatre r\u00e9unies.<\/p>\n<p>Le patient doit \u00eatre reconnu en <strong>ALD exon\u00e9rante<\/strong>, le d\u00e9placement doit \u00eatre <strong>directement li\u00e9 \u00e0 cette affection<\/strong>, et son \u00e9tat de sant\u00e9 doit justifier le recours \u00e0 un transport prescrit par le m\u00e9decin. Celui-ci doit \u00e9tablir une prescription m\u00e9dicale avant le trajet et choisir le mode de transport adapt\u00e9 \u00e0 l\u2019autonomie du patient.<\/p>\n<p>Cela peut notamment concerner les d\u00e9placements pour une <strong>chimioth\u00e9rapie, une radioth\u00e9rapie, une immunoth\u00e9rapie<\/strong>, ainsi que les consultations, examens ou traitements directement li\u00e9s \u00e0 la pathologie reconnue en ALD.<\/p>\n<p>Lorsque toutes les conditions sont remplies, le transport peut \u00eatre pris en charge \u00e0 <strong>100 % sur la base du tarif conventionnel<\/strong>. Le taxi conventionn\u00e9 peut alors pratiquer le tiers payant et \u00eatre directement r\u00e9gl\u00e9 par l\u2019Assurance Maladie, sous r\u00e9serve des droits du patient et des r\u00e8gles applicables.<\/p>\n<p>Une <strong>ALD non exon\u00e9rante<\/strong> peut \u00e9galement permettre la prise en charge des transports li\u00e9s \u00e0 la maladie, mais le remboursement est alors g\u00e9n\u00e9ralement limit\u00e9 \u00e0 <strong>55 % du tarif conventionnel<\/strong>.<\/p>\t\t\t\t\t\t\t\t<\/div>\n\t\t\t\t\t<\/div>\n\t\t\t\t<\/div>\n\t\t<div class=\"elementor-element elementor-element-9ac7c59 e-con e-atomic-element e-flexbox-base \" data-id=\"9ac7c59\" data-element_type=\"e-flexbox\" data-e-type=\"e-flexbox\" data-interaction-id=\"9ac7c59\">\n    \t\t\t<h2 data-interaction-id=\"7eaf6ad\" class=\"e-heading-base\">Sans prise en charge \u00e0 100 % : dans quels cas le taxi conventionn\u00e9 peut-il \u00eatre rembours\u00e9 ?<\/h2>\n\t\t\n<\/div>\n<div class=\"elementor-element elementor-element-d8a0910 e-flex e-con-boxed e-con e-parent\" data-id=\"d8a0910\" data-element_type=\"container\" data-e-type=\"container\">\n\t\t\t\t\t<div class=\"e-con-inner\">\n\t\t\t\t<div class=\"elementor-element elementor-element-41bb877 elementor-widget elementor-widget-image\" data-id=\"41bb877\" data-element_type=\"widget\" data-e-type=\"widget\" data-widget_type=\"image.default\">\n\t\t\t\t\t\t\t\t\t\t\t\t\t\t\t<img decoding=\"async\" width=\"1024\" height=\"576\" src=\"https:\/\/nouveau.taxis-conventionnes-cpam-idf.fr\/wp-content\/uploads\/2026\/07\/prise-en-charge-55-pourcent-hospitalisation-taxi-conventionne-cpam-1024x576.png\" class=\"attachment-large size-large wp-image-348\" alt=\"Infographie expliquant les transports en taxi conventionn\u00e9 pris en charge \u00e0 55 % lors d\u2019une entr\u00e9e ou d\u2019une sortie d\u2019hospitalisation compl\u00e8te, partielle, ambulatoire ou en h\u00f4pital de jour.\" srcset=\"https:\/\/nouveau.taxis-conventionnes-cpam-idf.fr\/wp-content\/uploads\/2026\/07\/prise-en-charge-55-pourcent-hospitalisation-taxi-conventionne-cpam-1024x576.png 1024w, https:\/\/nouveau.taxis-conventionnes-cpam-idf.fr\/wp-content\/uploads\/2026\/07\/prise-en-charge-55-pourcent-hospitalisation-taxi-conventionne-cpam-300x169.png 300w, https:\/\/nouveau.taxis-conventionnes-cpam-idf.fr\/wp-content\/uploads\/2026\/07\/prise-en-charge-55-pourcent-hospitalisation-taxi-conventionne-cpam-768x432.png 768w, https:\/\/nouveau.taxis-conventionnes-cpam-idf.fr\/wp-content\/uploads\/2026\/07\/prise-en-charge-55-pourcent-hospitalisation-taxi-conventionne-cpam-1536x864.png 1536w, https:\/\/nouveau.taxis-conventionnes-cpam-idf.fr\/wp-content\/uploads\/2026\/07\/prise-en-charge-55-pourcent-hospitalisation-taxi-conventionne-cpam.png 1672w\" sizes=\"(max-width: 1024px) 100vw, 1024px\" \/>\t\t\t\t\t\t\t\t\t\t\t\t\t\t\t<\/div>\n\t\t\t\t\t<\/div>\n\t\t\t\t<\/div>\n\t\t<div class=\"elementor-element elementor-element-3ba312c e-flex e-con-boxed e-con e-parent\" data-id=\"3ba312c\" data-element_type=\"container\" data-e-type=\"container\">\n\t\t\t\t\t<div class=\"e-con-inner\">\n\t\t\t\t<div class=\"elementor-element elementor-element-1328b76 elementor-widget elementor-widget-text-editor\" data-id=\"1328b76\" data-element_type=\"widget\" data-e-type=\"widget\" data-widget_type=\"text-editor.default\">\n\t\t\t\t\t\t\t\t\t<p>Lorsqu\u2019un patient ne b\u00e9n\u00e9ficie pas d\u2019une prise en charge \u00e0 100 %, certains transports peuvent malgr\u00e9 tout \u00eatre rembours\u00e9s par l\u2019Assurance Maladie lorsqu\u2019ils sont prescrits dans le cadre d\u2019une hospitalisation.<\/p>\n<p>Cela concerne notamment les d\u00e9placements li\u00e9s \u00e0 une <strong>entr\u00e9e ou une sortie d\u2019hospitalisation<\/strong>, qu\u2019il s\u2019agisse d\u2019une hospitalisation compl\u00e8te avec nuit\u00e9e, d\u2019une hospitalisation partielle, d\u2019une hospitalisation ambulatoire ou d\u2019une prise en charge en h\u00f4pital de jour (HDJ).<\/p>\n<p>Dans ces situations, le m\u00e9decin doit \u00e9tablir une prescription m\u00e9dicale de transport et le mode de transport retenu doit \u00eatre adapt\u00e9 \u00e0 l\u2019\u00e9tat de sant\u00e9 du patient. Lorsque le transport assis professionnalis\u00e9 est justifi\u00e9, le patient peut utiliser un taxi conventionn\u00e9.<\/p>\n<p>Le taxi conventionn\u00e9 peut alors pratiquer le tiers payant sur la part prise en charge par l\u2019Assurance Maladie. Le patient reste g\u00e9n\u00e9ralement redevable de la part compl\u00e9mentaire, sauf s\u2019il b\u00e9n\u00e9ficie d\u2019une couverture permettant \u00e9galement sa prise en charge.<\/p>\n<p>En revanche, une consultation m\u00e9dicale simple n\u2019ouvre g\u00e9n\u00e9ralement pas droit \u00e0 une prise en charge du transport lorsqu\u2019aucun droit particulier \u00e0 100 % n\u2019est applicable.<\/p>\t\t\t\t\t\t\t\t<\/div>\n\t\t\t\t\t<\/div>\n\t\t\t\t<\/div>\n\t\t<div class=\"elementor-element elementor-element-15af459 e-con e-atomic-element e-flexbox-base \" data-id=\"15af459\" data-element_type=\"e-flexbox\" data-e-type=\"e-flexbox\" data-interaction-id=\"15af459\">\n    \t\t\t<h2 data-interaction-id=\"a0d10cb\" class=\"e-heading-base\">Grossesse, invalidit\u00e9 et accident du travail : le taxi conventionn\u00e9 est-il pris en charge \u00e0 100 % ?<\/h2>\n\t\t\n<\/div>\n<div class=\"elementor-element elementor-element-3c023f9 e-flex e-con-boxed e-con e-parent\" data-id=\"3c023f9\" data-element_type=\"container\" data-e-type=\"container\">\n\t\t\t\t\t<div class=\"e-con-inner\">\n\t\t\t\t<div class=\"elementor-element elementor-element-9a860c8 elementor-widget elementor-widget-image\" data-id=\"9a860c8\" data-element_type=\"widget\" data-e-type=\"widget\" data-widget_type=\"image.default\">\n\t\t\t\t\t\t\t\t\t\t\t\t\t\t\t<img loading=\"lazy\" decoding=\"async\" width=\"1024\" height=\"683\" src=\"https:\/\/nouveau.taxis-conventionnes-cpam-idf.fr\/wp-content\/uploads\/2026\/07\/prise-en-charge-100-pourcent-grossesse-invalidite-accident-travail-taxi-conventionne-1024x683.png\" class=\"attachment-large size-large wp-image-349\" alt=\"\" srcset=\"https:\/\/nouveau.taxis-conventionnes-cpam-idf.fr\/wp-content\/uploads\/2026\/07\/prise-en-charge-100-pourcent-grossesse-invalidite-accident-travail-taxi-conventionne-1024x683.png 1024w, https:\/\/nouveau.taxis-conventionnes-cpam-idf.fr\/wp-content\/uploads\/2026\/07\/prise-en-charge-100-pourcent-grossesse-invalidite-accident-travail-taxi-conventionne-300x200.png 300w, https:\/\/nouveau.taxis-conventionnes-cpam-idf.fr\/wp-content\/uploads\/2026\/07\/prise-en-charge-100-pourcent-grossesse-invalidite-accident-travail-taxi-conventionne-768x512.png 768w, https:\/\/nouveau.taxis-conventionnes-cpam-idf.fr\/wp-content\/uploads\/2026\/07\/prise-en-charge-100-pourcent-grossesse-invalidite-accident-travail-taxi-conventionne.png 1536w\" sizes=\"(max-width: 1024px) 100vw, 1024px\" \/>\t\t\t\t\t\t\t\t\t\t\t\t\t\t\t<\/div>\n\t\t\t\t\t<\/div>\n\t\t\t\t<\/div>\n\t\t<div class=\"elementor-element elementor-element-8ddcd0a e-flex e-con-boxed e-con e-parent\" data-id=\"8ddcd0a\" data-element_type=\"container\" data-e-type=\"container\">\n\t\t\t\t\t<div class=\"e-con-inner\">\n\t\t\t\t<div class=\"elementor-element elementor-element-0cb5e8d elementor-widget elementor-widget-text-editor\" data-id=\"0cb5e8d\" data-element_type=\"widget\" data-e-type=\"widget\" data-widget_type=\"text-editor.default\">\n\t\t\t\t\t\t\t\t\t<p>Certaines situations permettent une prise en charge \u00e0 100 % des transports prescrits par un m\u00e9decin.<\/p>\n<p>\u00c0 partir du sixi\u00e8me mois de grossesse et jusqu\u2019\u00e0 douze jours apr\u00e8s l\u2019accouchement, les transports m\u00e9dicalement justifi\u00e9s peuvent \u00eatre pris en charge \u00e0 100 % par l\u2019Assurance Maladie. Cela peut concerner des consultations, examens, hospitalisations ou soins li\u00e9s au suivi de la grossesse lorsqu\u2019une prescription m\u00e9dicale de transport a \u00e9t\u00e9 \u00e9tablie.<\/p>\n<p>Les personnes b\u00e9n\u00e9ficiant de certains droits li\u00e9s \u00e0 l\u2019invalidit\u00e9 peuvent \u00e9galement obtenir une prise en charge \u00e0 100 % de leurs transports lorsqu\u2019ils sont prescrits dans le cadre de soins, d\u2019examens ou d\u2019une hospitalisation en lien avec leur situation. Les conditions exactes d\u00e9pendent des droits ouverts aupr\u00e8s de l\u2019Assurance Maladie.<\/p>\n<p>Les transports li\u00e9s \u00e0 un accident du travail ou \u00e0 une maladie professionnelle sont \u00e9galement pris en charge \u00e0 100 % lorsqu\u2019ils sont prescrits et directement li\u00e9s \u00e0 l\u2019accident ou \u00e0 la pathologie reconnue.<\/p>\n<p>Dans tous les cas, la prescription m\u00e9dicale de transport reste indispensable. Le m\u00e9decin \u00e9value la situation du patient et d\u00e9termine le mode de transport le plus adapt\u00e9. Lorsque les conditions sont r\u00e9unies, le taxi conventionn\u00e9 peut pratiquer le tiers payant afin d\u2019\u00e9viter l\u2019avance des frais pris en charge par l\u2019Assurance Maladie.<\/p>\t\t\t\t\t\t\t\t<\/div>\n\t\t\t\t\t<\/div>\n\t\t\t\t<\/div>\n\t\t<div class=\"elementor-element elementor-element-e07a36c e-con e-atomic-element e-flexbox-base \" data-id=\"e07a36c\" data-element_type=\"e-flexbox\" data-e-type=\"e-flexbox\" data-interaction-id=\"e07a36c\">\n    \t\t\t<h2 data-interaction-id=\"564ec27\" class=\"e-heading-base\"><strong>Qui d\u00e9cide si je dois prendre un taxi conventionn\u00e9, un VSL ou une ambulance ?<\/strong> <\/h2>\n\t\t\n<\/div>\n<div class=\"elementor-element elementor-element-b32134a e-flex e-con-boxed e-con e-parent\" data-id=\"b32134a\" data-element_type=\"container\" data-e-type=\"container\">\n\t\t\t\t\t<div class=\"e-con-inner\">\n\t\t\t\t<div class=\"elementor-element elementor-element-910d541 elementor-widget elementor-widget-image\" data-id=\"910d541\" data-element_type=\"widget\" data-e-type=\"widget\" data-widget_type=\"image.default\">\n\t\t\t\t\t\t\t\t\t\t\t\t\t\t\t<img loading=\"lazy\" decoding=\"async\" width=\"1024\" height=\"683\" src=\"https:\/\/nouveau.taxis-conventionnes-cpam-idf.fr\/wp-content\/uploads\/2026\/07\/choix-taxi-conventionne-vsl-ambulance-prescription-medicale-1024x683.png\" class=\"attachment-large size-large wp-image-350\" alt=\"\" srcset=\"https:\/\/nouveau.taxis-conventionnes-cpam-idf.fr\/wp-content\/uploads\/2026\/07\/choix-taxi-conventionne-vsl-ambulance-prescription-medicale-1024x683.png 1024w, https:\/\/nouveau.taxis-conventionnes-cpam-idf.fr\/wp-content\/uploads\/2026\/07\/choix-taxi-conventionne-vsl-ambulance-prescription-medicale-300x200.png 300w, https:\/\/nouveau.taxis-conventionnes-cpam-idf.fr\/wp-content\/uploads\/2026\/07\/choix-taxi-conventionne-vsl-ambulance-prescription-medicale-768x512.png 768w, https:\/\/nouveau.taxis-conventionnes-cpam-idf.fr\/wp-content\/uploads\/2026\/07\/choix-taxi-conventionne-vsl-ambulance-prescription-medicale.png 1536w\" sizes=\"(max-width: 1024px) 100vw, 1024px\" \/>\t\t\t\t\t\t\t\t\t\t\t\t\t\t\t<\/div>\n\t\t\t\t\t<\/div>\n\t\t\t\t<\/div>\n\t\t<div class=\"elementor-element elementor-element-7aa4828 e-flex e-con-boxed e-con e-parent\" data-id=\"7aa4828\" data-element_type=\"container\" data-e-type=\"container\">\n\t\t\t\t\t<div class=\"e-con-inner\">\n\t\t\t\t<div class=\"elementor-element elementor-element-a23dac9 elementor-widget elementor-widget-text-editor\" data-id=\"a23dac9\" data-element_type=\"widget\" data-e-type=\"widget\" data-widget_type=\"text-editor.default\">\n\t\t\t\t\t\t\t\t\t<p>Contrairement \u00e0 une id\u00e9e re\u00e7ue, ce n\u2019est pas le patient qui choisit son moyen de transport m\u00e9dical. Le mode de transport est d\u00e9termin\u00e9 par le m\u00e9decin au moment de la prescription m\u00e9dicale de transport.<\/p>\n<p>Pour prendre sa d\u00e9cision, le m\u00e9decin \u00e9value notamment l\u2019\u00e9tat de sant\u00e9 du patient, son niveau d\u2019autonomie, sa capacit\u00e9 \u00e0 se d\u00e9placer seul, la n\u00e9cessit\u00e9 \u00e9ventuelle d\u2019une aide humaine ou d\u2019une surveillance m\u00e9dicale pendant le trajet.<\/p>\n<p>Lorsque le patient peut voyager assis sans surveillance m\u00e9dicale particuli\u00e8re, le m\u00e9decin peut prescrire un transport assis professionnalis\u00e9. Dans ce cas, le d\u00e9placement peut \u00eatre effectu\u00e9 en taxi conventionn\u00e9 ou en VSL selon l\u2019organisation retenue.<\/p>\n<p>Si l\u2019\u00e9tat de sant\u00e9 n\u00e9cessite une aide plus importante pour les d\u00e9placements, le recours \u00e0 un VSL peut \u00eatre privil\u00e9gi\u00e9. Lorsque le patient doit \u00eatre transport\u00e9 allong\u00e9, sous surveillance ou avec du mat\u00e9riel m\u00e9dical sp\u00e9cifique, une ambulance peut \u00eatre prescrite.<\/p>\n<p>Dans certaines situations, le m\u00e9decin peut \u00e9galement consid\u00e9rer qu\u2019un v\u00e9hicule personnel ou celui d\u2019un proche est suffisant.<\/p>\n<p>Le choix du mode de transport n\u2019a donc pas pour objectif de limiter les remboursements, mais de garantir la s\u00e9curit\u00e9 du patient et de lui assurer un transport adapt\u00e9 \u00e0 son \u00e9tat de sant\u00e9.<\/p>\t\t\t\t\t\t\t\t<\/div>\n\t\t\t\t\t<\/div>\n\t\t\t\t<\/div>\n\t\t<div class=\"elementor-element elementor-element-7f05dad e-con e-atomic-element e-flexbox-base \" data-id=\"7f05dad\" data-element_type=\"e-flexbox\" data-e-type=\"e-flexbox\" data-interaction-id=\"7f05dad\">\n    \t\t\t<h2 data-interaction-id=\"37aceb5\" class=\"e-heading-base\">Questions fr\u00e9quentes sur les taxis conventionn\u00e9s CPAM<\/h2>\n\t\t\n<\/div>\n<div class=\"elementor-element elementor-element-c6a0abe e-flex e-con-boxed e-con e-parent\" data-id=\"c6a0abe\" data-element_type=\"container\" data-e-type=\"container\">\n\t\t\t\t\t<div class=\"e-con-inner\">\n\t\t\t\t<div class=\"elementor-element elementor-element-cdd4fa3 elementor-widget elementor-widget-n-accordion\" data-id=\"cdd4fa3\" data-element_type=\"widget\" data-e-type=\"widget\" data-settings=\"{&quot;default_state&quot;:&quot;expanded&quot;,&quot;max_items_expended&quot;:&quot;one&quot;,&quot;n_accordion_animation_duration&quot;:{&quot;unit&quot;:&quot;ms&quot;,&quot;size&quot;:400,&quot;sizes&quot;:[]}}\" data-widget_type=\"nested-accordion.default\">\n\t\t\t\t\t\t\t<div class=\"e-n-accordion\" aria-label=\"Accordion. Open links with Enter or Space, close with Escape, and navigate with Arrow Keys\">\n\t\t\t\t\t\t<details id=\"e-n-accordion-item-2150\" class=\"e-n-accordion-item\" open>\n\t\t\t\t<summary class=\"e-n-accordion-item-title\" data-accordion-index=\"1\" tabindex=\"0\" aria-expanded=\"true\" aria-controls=\"e-n-accordion-item-2150\" >\n\t\t\t\t\t<span class='e-n-accordion-item-title-header'><div class=\"e-n-accordion-item-title-text\"> \u00catre \u00e0 100 % \u00e0 la CPAM donne-t-il automatiquement droit \u00e0 un taxi conventionn\u00e9 ? <\/div><\/span>\n\t\t\t\t\t\t\t<span class='e-n-accordion-item-title-icon'>\n\t\t\t<span class='e-opened' ><svg aria-hidden=\"true\" class=\"e-font-icon-svg e-fas-minus\" viewBox=\"0 0 448 512\" xmlns=\"http:\/\/www.w3.org\/2000\/svg\"><path d=\"M416 208H32c-17.67 0-32 14.33-32 32v32c0 17.67 14.33 32 32 32h384c17.67 0 32-14.33 32-32v-32c0-17.67-14.33-32-32-32z\"><\/path><\/svg><\/span>\n\t\t\t<span class='e-closed'><svg aria-hidden=\"true\" class=\"e-font-icon-svg e-fas-plus\" viewBox=\"0 0 448 512\" xmlns=\"http:\/\/www.w3.org\/2000\/svg\"><path d=\"M416 208H272V64c0-17.67-14.33-32-32-32h-32c-17.67 0-32 14.33-32 32v144H32c-17.67 0-32 14.33-32 32v32c0 17.67 14.33 32 32 32h144v144c0 17.67 14.33 32 32 32h32c17.67 0 32-14.33 32-32V304h144c17.67 0 32-14.33 32-32v-32c0-17.67-14.33-32-32-32z\"><\/path><\/svg><\/span>\n\t\t<\/span>\n\n\t\t\t\t\t\t<\/summary>\n\t\t\t\t<div role=\"region\" aria-labelledby=\"e-n-accordion-item-2150\" class=\"elementor-element elementor-element-5b1cfb1 e-con-full e-flex e-con e-child\" data-id=\"5b1cfb1\" data-element_type=\"container\" data-e-type=\"container\">\n\t\t\t\t<div class=\"elementor-element elementor-element-de74215 elementor-widget elementor-widget-text-editor\" data-id=\"de74215\" data-element_type=\"widget\" data-e-type=\"widget\" data-widget_type=\"text-editor.default\">\n\t\t\t\t\t\t\t\t\t<p>Non. Le fait d\u2019\u00eatre pris en charge \u00e0 100 % par l\u2019Assurance Maladie ne donne pas automatiquement droit \u00e0 un taxi conventionn\u00e9. Le transport doit \u00eatre m\u00e9dicalement justifi\u00e9 et faire l\u2019objet d\u2019une prescription m\u00e9dicale de transport. Le m\u00e9decin \u00e9value l\u2019\u00e9tat de sant\u00e9 du patient et d\u00e9termine si un transport sanitaire ou un transport assis professionnalis\u00e9 est n\u00e9cessaire.<\/p>\t\t\t\t\t\t\t\t<\/div>\n\t\t\t\t<\/div>\n\t\t\t\t\t<\/details>\n\t\t\t\t\t\t<details id=\"e-n-accordion-item-2151\" class=\"e-n-accordion-item\" >\n\t\t\t\t<summary class=\"e-n-accordion-item-title\" data-accordion-index=\"2\" tabindex=\"-1\" aria-expanded=\"false\" aria-controls=\"e-n-accordion-item-2151\" >\n\t\t\t\t\t<span class='e-n-accordion-item-title-header'><div class=\"e-n-accordion-item-title-text\"> Puis-je demander moi-m\u00eame un taxi conventionn\u00e9 \u00e0 mon m\u00e9decin ? <\/div><\/span>\n\t\t\t\t\t\t\t<span class='e-n-accordion-item-title-icon'>\n\t\t\t<span class='e-opened' ><svg aria-hidden=\"true\" class=\"e-font-icon-svg e-fas-minus\" viewBox=\"0 0 448 512\" xmlns=\"http:\/\/www.w3.org\/2000\/svg\"><path d=\"M416 208H32c-17.67 0-32 14.33-32 32v32c0 17.67 14.33 32 32 32h384c17.67 0 32-14.33 32-32v-32c0-17.67-14.33-32-32-32z\"><\/path><\/svg><\/span>\n\t\t\t<span class='e-closed'><svg aria-hidden=\"true\" class=\"e-font-icon-svg e-fas-plus\" viewBox=\"0 0 448 512\" xmlns=\"http:\/\/www.w3.org\/2000\/svg\"><path d=\"M416 208H272V64c0-17.67-14.33-32-32-32h-32c-17.67 0-32 14.33-32 32v144H32c-17.67 0-32 14.33-32 32v32c0 17.67 14.33 32 32 32h144v144c0 17.67 14.33 32 32 32h32c17.67 0 32-14.33 32-32V304h144c17.67 0 32-14.33 32-32v-32c0-17.67-14.33-32-32-32z\"><\/path><\/svg><\/span>\n\t\t<\/span>\n\n\t\t\t\t\t\t<\/summary>\n\t\t\t\t<div role=\"region\" aria-labelledby=\"e-n-accordion-item-2151\" class=\"elementor-element elementor-element-25f274f e-con-full e-flex e-con e-child\" data-id=\"25f274f\" data-element_type=\"container\" data-e-type=\"container\">\n\t\t\t\t<div class=\"elementor-element elementor-element-396af93 elementor-widget elementor-widget-text-editor\" data-id=\"396af93\" data-element_type=\"widget\" data-e-type=\"widget\" data-widget_type=\"text-editor.default\">\n\t\t\t\t\t\t\t\t\t<p>Vous pouvez bien s\u00fbr \u00e9voquer vos difficult\u00e9s de d\u00e9placement avec votre m\u00e9decin, mais ce n\u2019est pas le patient qui d\u00e9cide du mode de transport. Le m\u00e9decin doit \u00e9valuer votre \u00e9tat de sant\u00e9, votre autonomie et vos besoins \u00e9ventuels d\u2019assistance avant d\u2019\u00e9tablir une prescription m\u00e9dicale de transport. C\u2019est lui qui d\u00e9termine si un taxi conventionn\u00e9, un VSL, une ambulance ou un autre moyen de transport est le plus adapt\u00e9 \u00e0 votre situation.<\/p>\t\t\t\t\t\t\t\t<\/div>\n\t\t\t\t<\/div>\n\t\t\t\t\t<\/details>\n\t\t\t\t\t\t<details id=\"e-n-accordion-item-2152\" class=\"e-n-accordion-item\" >\n\t\t\t\t<summary class=\"e-n-accordion-item-title\" data-accordion-index=\"3\" tabindex=\"-1\" aria-expanded=\"false\" aria-controls=\"e-n-accordion-item-2152\" >\n\t\t\t\t\t<span class='e-n-accordion-item-title-header'><div class=\"e-n-accordion-item-title-text\"> Les consultations m\u00e9dicales sont-elles prises en charge en taxi conventionn\u00e9 ? <\/div><\/span>\n\t\t\t\t\t\t\t<span class='e-n-accordion-item-title-icon'>\n\t\t\t<span class='e-opened' ><svg aria-hidden=\"true\" class=\"e-font-icon-svg e-fas-minus\" viewBox=\"0 0 448 512\" xmlns=\"http:\/\/www.w3.org\/2000\/svg\"><path d=\"M416 208H32c-17.67 0-32 14.33-32 32v32c0 17.67 14.33 32 32 32h384c17.67 0 32-14.33 32-32v-32c0-17.67-14.33-32-32-32z\"><\/path><\/svg><\/span>\n\t\t\t<span class='e-closed'><svg aria-hidden=\"true\" class=\"e-font-icon-svg e-fas-plus\" viewBox=\"0 0 448 512\" xmlns=\"http:\/\/www.w3.org\/2000\/svg\"><path d=\"M416 208H272V64c0-17.67-14.33-32-32-32h-32c-17.67 0-32 14.33-32 32v144H32c-17.67 0-32 14.33-32 32v32c0 17.67 14.33 32 32 32h144v144c0 17.67 14.33 32 32 32h32c17.67 0 32-14.33 32-32V304h144c17.67 0 32-14.33 32-32v-32c0-17.67-14.33-32-32-32z\"><\/path><\/svg><\/span>\n\t\t<\/span>\n\n\t\t\t\t\t\t<\/summary>\n\t\t\t\t<div role=\"region\" aria-labelledby=\"e-n-accordion-item-2152\" class=\"elementor-element elementor-element-c411f61 e-con-full e-flex e-con e-child\" data-id=\"c411f61\" data-element_type=\"container\" data-e-type=\"container\">\n\t\t\t\t<div class=\"elementor-element elementor-element-84747db elementor-widget elementor-widget-text-editor\" data-id=\"84747db\" data-element_type=\"widget\" data-e-type=\"widget\" data-widget_type=\"text-editor.default\">\n\t\t\t\t\t\t\t\t\t<p>Cela d\u00e9pend de votre situation. Une consultation simple n\u2019ouvre pas automatiquement droit \u00e0 la prise en charge d\u2019un transport. En revanche, un transport peut \u00eatre pris en charge lorsqu\u2019il est prescrit dans le cadre d\u2019une affection de longue dur\u00e9e (ALD) r\u00e9pondant aux conditions de l\u2019Assurance Maladie, d\u2019un accident du travail, d\u2019une maladie professionnelle ou d\u2019une autre situation pr\u00e9vue par la r\u00e9glementation. Une prescription m\u00e9dicale de transport reste indispensable.<\/p>\t\t\t\t\t\t\t\t<\/div>\n\t\t\t\t<\/div>\n\t\t\t\t\t<\/details>\n\t\t\t\t\t\t<details id=\"e-n-accordion-item-2153\" class=\"e-n-accordion-item\" >\n\t\t\t\t<summary class=\"e-n-accordion-item-title\" data-accordion-index=\"4\" tabindex=\"-1\" aria-expanded=\"false\" aria-controls=\"e-n-accordion-item-2153\" >\n\t\t\t\t\t<span class='e-n-accordion-item-title-header'><div class=\"e-n-accordion-item-title-text\"> Ai-je besoin d\u2019un bon de transport pour r\u00e9server un taxi conventionn\u00e9 ? <\/div><\/span>\n\t\t\t\t\t\t\t<span class='e-n-accordion-item-title-icon'>\n\t\t\t<span class='e-opened' ><svg aria-hidden=\"true\" class=\"e-font-icon-svg e-fas-minus\" viewBox=\"0 0 448 512\" xmlns=\"http:\/\/www.w3.org\/2000\/svg\"><path d=\"M416 208H32c-17.67 0-32 14.33-32 32v32c0 17.67 14.33 32 32 32h384c17.67 0 32-14.33 32-32v-32c0-17.67-14.33-32-32-32z\"><\/path><\/svg><\/span>\n\t\t\t<span class='e-closed'><svg aria-hidden=\"true\" class=\"e-font-icon-svg e-fas-plus\" viewBox=\"0 0 448 512\" xmlns=\"http:\/\/www.w3.org\/2000\/svg\"><path d=\"M416 208H272V64c0-17.67-14.33-32-32-32h-32c-17.67 0-32 14.33-32 32v144H32c-17.67 0-32 14.33-32 32v32c0 17.67 14.33 32 32 32h144v144c0 17.67 14.33 32 32 32h32c17.67 0 32-14.33 32-32V304h144c17.67 0 32-14.33 32-32v-32c0-17.67-14.33-32-32-32z\"><\/path><\/svg><\/span>\n\t\t<\/span>\n\n\t\t\t\t\t\t<\/summary>\n\t\t\t\t<div role=\"region\" aria-labelledby=\"e-n-accordion-item-2153\" class=\"elementor-element elementor-element-b075b33 e-con-full e-flex e-con e-child\" data-id=\"b075b33\" data-element_type=\"container\" data-e-type=\"container\">\n\t\t\t\t<div class=\"elementor-element elementor-element-279eb06 elementor-widget elementor-widget-text-editor\" data-id=\"279eb06\" data-element_type=\"widget\" data-e-type=\"widget\" data-widget_type=\"text-editor.default\">\n\t\t\t\t\t\t\t\t\t<p data-pm-slice=\"1 1 []\">Oui. Pour qu\u2019un transport puisse \u00eatre pris en charge par l\u2019Assurance Maladie, une prescription m\u00e9dicale de transport est g\u00e9n\u00e9ralement n\u00e9cessaire. Ce document, souvent appel\u00e9 \u00ab bon de transport \u00bb, est \u00e9tabli par le m\u00e9decin lorsqu\u2019il estime qu\u2019un d\u00e9placement m\u00e9dical n\u00e9cessite un transport adapt\u00e9 \u00e0 l\u2019\u00e9tat de sant\u00e9 du patient. Sans prescription m\u00e9dicale, le transport ne peut g\u00e9n\u00e9ralement pas \u00eatre factur\u00e9 \u00e0 la CPAM.<\/p>\t\t\t\t\t\t\t\t<\/div>\n\t\t\t\t<\/div>\n\t\t\t\t\t<\/details>\n\t\t\t\t\t\t<details id=\"e-n-accordion-item-2154\" class=\"e-n-accordion-item\" >\n\t\t\t\t<summary class=\"e-n-accordion-item-title\" data-accordion-index=\"5\" tabindex=\"-1\" aria-expanded=\"false\" aria-controls=\"e-n-accordion-item-2154\" >\n\t\t\t\t\t<span class='e-n-accordion-item-title-header'><div class=\"e-n-accordion-item-title-text\"> Quelle est la diff\u00e9rence entre un taxi conventionn\u00e9, un VSL et une ambulance ? <\/div><\/span>\n\t\t\t\t\t\t\t<span class='e-n-accordion-item-title-icon'>\n\t\t\t<span class='e-opened' ><svg aria-hidden=\"true\" class=\"e-font-icon-svg e-fas-minus\" viewBox=\"0 0 448 512\" xmlns=\"http:\/\/www.w3.org\/2000\/svg\"><path d=\"M416 208H32c-17.67 0-32 14.33-32 32v32c0 17.67 14.33 32 32 32h384c17.67 0 32-14.33 32-32v-32c0-17.67-14.33-32-32-32z\"><\/path><\/svg><\/span>\n\t\t\t<span class='e-closed'><svg aria-hidden=\"true\" class=\"e-font-icon-svg e-fas-plus\" viewBox=\"0 0 448 512\" xmlns=\"http:\/\/www.w3.org\/2000\/svg\"><path d=\"M416 208H272V64c0-17.67-14.33-32-32-32h-32c-17.67 0-32 14.33-32 32v144H32c-17.67 0-32 14.33-32 32v32c0 17.67 14.33 32 32 32h144v144c0 17.67 14.33 32 32 32h32c17.67 0 32-14.33 32-32V304h144c17.67 0 32-14.33 32-32v-32c0-17.67-14.33-32-32-32z\"><\/path><\/svg><\/span>\n\t\t<\/span>\n\n\t\t\t\t\t\t<\/summary>\n\t\t\t\t<div role=\"region\" aria-labelledby=\"e-n-accordion-item-2154\" class=\"elementor-element elementor-element-11b123f e-flex e-con-boxed e-con e-child\" data-id=\"11b123f\" data-element_type=\"container\" data-e-type=\"container\">\n\t\t\t\t\t<div class=\"e-con-inner\">\n\t\t\t\t<div class=\"elementor-element elementor-element-f6a76a8 elementor-widget elementor-widget-text-editor\" data-id=\"f6a76a8\" data-element_type=\"widget\" data-e-type=\"widget\" data-widget_type=\"text-editor.default\">\n\t\t\t\t\t\t\t\t\t<p>Le taxi conventionn\u00e9 et le VSL sont destin\u00e9s aux patients pouvant voyager assis. Ils permettent d\u2019effectuer des d\u00e9placements m\u00e9dicaux lorsque l\u2019\u00e9tat de sant\u00e9 justifie un transport assis professionnalis\u00e9. L\u2019ambulance est r\u00e9serv\u00e9e aux patients dont l\u2019\u00e9tat n\u00e9cessite une surveillance, un transport allong\u00e9 ou une assistance m\u00e9dicale particuli\u00e8re pendant le trajet. Le choix entre ces diff\u00e9rents modes de transport est effectu\u00e9 par le m\u00e9decin lors de la prescription m\u00e9dicale.<\/p>\t\t\t\t\t\t\t\t<\/div>\n\t\t\t\t\t<\/div>\n\t\t\t\t<\/div>\n\t\t\t\t\t<\/details>\n\t\t\t\t\t\t<details id=\"e-n-accordion-item-2155\" class=\"e-n-accordion-item\" >\n\t\t\t\t<summary class=\"e-n-accordion-item-title\" data-accordion-index=\"6\" tabindex=\"-1\" aria-expanded=\"false\" aria-controls=\"e-n-accordion-item-2155\" >\n\t\t\t\t\t<span class='e-n-accordion-item-title-header'><div class=\"e-n-accordion-item-title-text\"> Qui paie le taxi conventionn\u00e9 CPAM ? <\/div><\/span>\n\t\t\t\t\t\t\t<span class='e-n-accordion-item-title-icon'>\n\t\t\t<span class='e-opened' ><svg aria-hidden=\"true\" class=\"e-font-icon-svg e-fas-minus\" viewBox=\"0 0 448 512\" xmlns=\"http:\/\/www.w3.org\/2000\/svg\"><path d=\"M416 208H32c-17.67 0-32 14.33-32 32v32c0 17.67 14.33 32 32 32h384c17.67 0 32-14.33 32-32v-32c0-17.67-14.33-32-32-32z\"><\/path><\/svg><\/span>\n\t\t\t<span class='e-closed'><svg aria-hidden=\"true\" class=\"e-font-icon-svg e-fas-plus\" viewBox=\"0 0 448 512\" xmlns=\"http:\/\/www.w3.org\/2000\/svg\"><path d=\"M416 208H272V64c0-17.67-14.33-32-32-32h-32c-17.67 0-32 14.33-32 32v144H32c-17.67 0-32 14.33-32 32v32c0 17.67 14.33 32 32 32h144v144c0 17.67 14.33 32 32 32h32c17.67 0 32-14.33 32-32V304h144c17.67 0 32-14.33 32-32v-32c0-17.67-14.33-32-32-32z\"><\/path><\/svg><\/span>\n\t\t<\/span>\n\n\t\t\t\t\t\t<\/summary>\n\t\t\t\t<div role=\"region\" aria-labelledby=\"e-n-accordion-item-2155\" class=\"elementor-element elementor-element-4a2af47 e-flex e-con-boxed e-con e-child\" data-id=\"4a2af47\" data-element_type=\"container\" data-e-type=\"container\">\n\t\t\t\t\t<div class=\"e-con-inner\">\n\t\t\t\t<div class=\"elementor-element elementor-element-6449685 elementor-widget elementor-widget-text-editor\" data-id=\"6449685\" data-element_type=\"widget\" data-e-type=\"widget\" data-widget_type=\"text-editor.default\">\n\t\t\t\t\t\t\t\t\t<p>Lorsque les conditions de prise en charge sont r\u00e9unies, le taxi conventionn\u00e9 est rembours\u00e9 par l\u2019Assurance Maladie selon les droits du patient. Dans de nombreuses situations, le taxi conventionn\u00e9 pratique le tiers payant et est directement r\u00e9gl\u00e9 par la CPAM pour la part prise en charge. Selon votre situation, une part compl\u00e9mentaire peut rester \u00e0 la charge de votre mutuelle ou du patient.<\/p>\t\t\t\t\t\t\t\t<\/div>\n\t\t\t\t\t<\/div>\n\t\t\t\t<\/div>\n\t\t\t\t\t<\/details>\n\t\t\t\t\t\t<details id=\"e-n-accordion-item-2156\" class=\"e-n-accordion-item\" >\n\t\t\t\t<summary class=\"e-n-accordion-item-title\" data-accordion-index=\"7\" tabindex=\"-1\" aria-expanded=\"false\" aria-controls=\"e-n-accordion-item-2156\" >\n\t\t\t\t\t<span class='e-n-accordion-item-title-header'><div class=\"e-n-accordion-item-title-text\"> Puis-je utiliser un taxi conventionn\u00e9 pour une hospitalisation ambulatoire ou un h\u00f4pital de jour ? <\/div><\/span>\n\t\t\t\t\t\t\t<span class='e-n-accordion-item-title-icon'>\n\t\t\t<span class='e-opened' ><svg aria-hidden=\"true\" class=\"e-font-icon-svg e-fas-minus\" viewBox=\"0 0 448 512\" xmlns=\"http:\/\/www.w3.org\/2000\/svg\"><path d=\"M416 208H32c-17.67 0-32 14.33-32 32v32c0 17.67 14.33 32 32 32h384c17.67 0 32-14.33 32-32v-32c0-17.67-14.33-32-32-32z\"><\/path><\/svg><\/span>\n\t\t\t<span class='e-closed'><svg aria-hidden=\"true\" class=\"e-font-icon-svg e-fas-plus\" viewBox=\"0 0 448 512\" xmlns=\"http:\/\/www.w3.org\/2000\/svg\"><path d=\"M416 208H272V64c0-17.67-14.33-32-32-32h-32c-17.67 0-32 14.33-32 32v144H32c-17.67 0-32 14.33-32 32v32c0 17.67 14.33 32 32 32h144v144c0 17.67 14.33 32 32 32h32c17.67 0 32-14.33 32-32V304h144c17.67 0 32-14.33 32-32v-32c0-17.67-14.33-32-32-32z\"><\/path><\/svg><\/span>\n\t\t<\/span>\n\n\t\t\t\t\t\t<\/summary>\n\t\t\t\t<div role=\"region\" aria-labelledby=\"e-n-accordion-item-2156\" class=\"elementor-element elementor-element-8f1f298 e-flex e-con-boxed e-con e-child\" data-id=\"8f1f298\" data-element_type=\"container\" data-e-type=\"container\">\n\t\t\t\t\t<div class=\"e-con-inner\">\n\t\t\t\t<div class=\"elementor-element elementor-element-c293076 elementor-widget elementor-widget-text-editor\" data-id=\"c293076\" data-element_type=\"widget\" data-e-type=\"widget\" data-widget_type=\"text-editor.default\">\n\t\t\t\t\t\t\t\t\t<p>Oui, sous r\u00e9serve qu\u2019une prescription m\u00e9dicale de transport ait \u00e9t\u00e9 \u00e9tablie et que votre \u00e9tat de sant\u00e9 justifie un transport pris en charge. Les hospitalisations ambulatoires et les prises en charge en h\u00f4pital de jour (HDJ) font partie des situations pouvant ouvrir droit \u00e0 la prise en charge d\u2019un transport m\u00e9dical lorsqu\u2019elles r\u00e9pondent aux conditions pr\u00e9vues par l\u2019Assurance Maladie.<\/p>\t\t\t\t\t\t\t\t<\/div>\n\t\t\t\t\t<\/div>\n\t\t\t\t<\/div>\n\t\t\t\t\t<\/details>\n\t\t\t\t\t\t<details id=\"e-n-accordion-item-2157\" class=\"e-n-accordion-item\" >\n\t\t\t\t<summary class=\"e-n-accordion-item-title\" data-accordion-index=\"8\" tabindex=\"-1\" aria-expanded=\"false\" aria-controls=\"e-n-accordion-item-2157\" >\n\t\t\t\t\t<span class='e-n-accordion-item-title-header'><div class=\"e-n-accordion-item-title-text\"> Comment savoir si mon transport sera pris en charge par la CPAM ? <\/div><\/span>\n\t\t\t\t\t\t\t<span class='e-n-accordion-item-title-icon'>\n\t\t\t<span class='e-opened' ><svg aria-hidden=\"true\" class=\"e-font-icon-svg e-fas-minus\" viewBox=\"0 0 448 512\" xmlns=\"http:\/\/www.w3.org\/2000\/svg\"><path d=\"M416 208H32c-17.67 0-32 14.33-32 32v32c0 17.67 14.33 32 32 32h384c17.67 0 32-14.33 32-32v-32c0-17.67-14.33-32-32-32z\"><\/path><\/svg><\/span>\n\t\t\t<span class='e-closed'><svg aria-hidden=\"true\" class=\"e-font-icon-svg e-fas-plus\" viewBox=\"0 0 448 512\" xmlns=\"http:\/\/www.w3.org\/2000\/svg\"><path d=\"M416 208H272V64c0-17.67-14.33-32-32-32h-32c-17.67 0-32 14.33-32 32v144H32c-17.67 0-32 14.33-32 32v32c0 17.67 14.33 32 32 32h144v144c0 17.67 14.33 32 32 32h32c17.67 0 32-14.33 32-32V304h144c17.67 0 32-14.33 32-32v-32c0-17.67-14.33-32-32-32z\"><\/path><\/svg><\/span>\n\t\t<\/span>\n\n\t\t\t\t\t\t<\/summary>\n\t\t\t\t<div role=\"region\" aria-labelledby=\"e-n-accordion-item-2157\" class=\"elementor-element elementor-element-1d488a4 e-flex e-con-boxed e-con e-child\" data-id=\"1d488a4\" data-element_type=\"container\" data-e-type=\"container\">\n\t\t\t\t\t<div class=\"e-con-inner\">\n\t\t\t\t<div class=\"elementor-element elementor-element-ac0b664 elementor-widget elementor-widget-text-editor\" data-id=\"ac0b664\" data-element_type=\"widget\" data-e-type=\"widget\" data-widget_type=\"text-editor.default\">\n\t\t\t\t\t\t\t\t\t<p>La meilleure solution est d\u2019en parler \u00e0 votre m\u00e9decin avant votre d\u00e9placement. C\u2019est lui qui d\u00e9termine si votre \u00e9tat de sant\u00e9 justifie une prescription m\u00e9dicale de transport. La prise en charge d\u00e9pend ensuite de votre situation m\u00e9dicale, du motif du d\u00e9placement et des droits ouverts aupr\u00e8s de l\u2019Assurance Maladie. En cas de doute, vous pouvez \u00e9galement contacter votre caisse d\u2019Assurance Maladie ou nous transmettre votre prescription afin que nous puissions vous orienter sur les d\u00e9marches \u00e0 effectuer.<\/p>\t\t\t\t\t\t\t\t<\/div>\n\t\t\t\t\t<\/div>\n\t\t\t\t<\/div>\n\t\t\t\t\t<\/details>\n\t\t\t\t\t<\/div>\n\t\t\t\t\t\t<\/div>\n\t\t\t\t\t<\/div>\n\t\t\t\t<\/div>\n\t\t<div class=\"elementor-element elementor-element-7a23964 e-flex e-con-boxed e-con e-parent\" data-id=\"7a23964\" data-element_type=\"container\" data-e-type=\"container\">\n\t\t\t\t\t<div class=\"e-con-inner\">\n\t\t\t\t\t<\/div>\n\t\t\t\t<\/div>\n\t\t<div class=\"elementor-element elementor-element-00cc219 e-con e-atomic-element e-flexbox-base \" data-id=\"00cc219\" data-element_type=\"e-flexbox\" data-e-type=\"e-flexbox\" data-interaction-id=\"00cc219\">\n    \t\t\t<h2 data-interaction-id=\"b66a6ac\" class=\"e-heading-base\">Vous avez un doute sur votre prise en charge ?<\/h2>\n\t\t\n<\/div>\n<div class=\"elementor-element elementor-element-c6e28b0 e-flex e-con-boxed e-con e-parent\" data-id=\"c6e28b0\" data-element_type=\"container\" data-e-type=\"container\">\n\t\t\t\t\t<div class=\"e-con-inner\">\n\t\t\t\t<div class=\"elementor-element elementor-element-6f3d50f elementor-widget elementor-widget-text-editor\" data-id=\"6f3d50f\" data-element_type=\"widget\" data-e-type=\"widget\" data-widget_type=\"text-editor.default\">\n\t\t\t\t\t\t\t\t\t<p>Vous ne savez pas si votre transport m\u00e9dical peut \u00eatre pris en charge par l\u2019Assurance Maladie ? Chaque situation est diff\u00e9rente et d\u00e9pend notamment de votre prescription m\u00e9dicale de transport, du motif du d\u00e9placement et de vos droits ouverts aupr\u00e8s de la CPAM.<\/p>\n<p>Notre \u00e9quipe peut vous aider \u00e0 v\u00e9rifier les documents n\u00e9cessaires \u00e0 votre transport et vous orienter sur les d\u00e9marches \u00e0 effectuer avant votre rendez-vous m\u00e9dical.<\/p>\n<p>Pour obtenir une r\u00e9ponse rapide, vous pouvez utiliser notre formulaire de r\u00e9servation ou nous contacter directement par t\u00e9l\u00e9phone.<\/p>\t\t\t\t\t\t\t\t<\/div>\n\t\t\t\t\t<\/div>\n\t\t\t\t<\/div>\n\t\t<div class=\"elementor-element elementor-element-ae32b1c e-con e-atomic-element e-flexbox-base \" data-id=\"ae32b1c\" data-element_type=\"e-flexbox\" data-e-type=\"e-flexbox\" data-interaction-id=\"ae32b1c\">\n    \t\t\t<a href=\"https:\/\/nouveau.taxis-conventionnes-cpam-idf.fr\/index.php\/reservation-de-transport-conventionne-cpam\/\" target=\"_self\" class=\"e-7045c97-4cd506a e-button-base\" data-interaction-id=\"7045c97\">\n\t\t\ud83d\udc49 V\u00e9rifier ma prise en charge\n\t<\/a>\t\t\n<\/div>\n\t\t<\/div>\n\t\t","protected":false},"excerpt":{"rendered":"<p>Pour b\u00e9n\u00e9ficier d\u2019une prise en charge en taxi conventionn\u00e9, deux conditions doivent d\u2019abord \u00eatre distingu\u00e9es : la n\u00e9cessit\u00e9 m\u00e9dicale du transport et les droits du patient aupr\u00e8s de l\u2019Assurance Maladie. La premi\u00e8re \u00e9tape est la prescription m\u00e9dicale de transport, normalement \u00e9tablie avant le trajet. Le m\u00e9decin d\u00e9termine le mode de transport adapt\u00e9 \u00e0 l\u2019\u00e9tat de [&hellip;]<\/p>\n","protected":false},"author":1,"featured_media":0,"parent":0,"menu_order":0,"comment_status":"closed","ping_status":"closed","template":"","meta":{"footnotes":""},"class_list":["post-81","page","type-page","status-publish","hentry"],"_links":{"self":[{"href":"https:\/\/nouveau.taxis-conventionnes-cpam-idf.fr\/index.php\/wp-json\/wp\/v2\/pages\/81","targetHints":{"allow":["GET"]}}],"collection":[{"href":"https:\/\/nouveau.taxis-conventionnes-cpam-idf.fr\/index.php\/wp-json\/wp\/v2\/pages"}],"about":[{"href":"https:\/\/nouveau.taxis-conventionnes-cpam-idf.fr\/index.php\/wp-json\/wp\/v2\/types\/page"}],"author":[{"embeddable":true,"href":"https:\/\/nouveau.taxis-conventionnes-cpam-idf.fr\/index.php\/wp-json\/wp\/v2\/users\/1"}],"replies":[{"embeddable":true,"href":"https:\/\/nouveau.taxis-conventionnes-cpam-idf.fr\/index.php\/wp-json\/wp\/v2\/comments?post=81"}],"version-history":[{"count":7,"href":"https:\/\/nouveau.taxis-conventionnes-cpam-idf.fr\/index.php\/wp-json\/wp\/v2\/pages\/81\/revisions"}],"predecessor-version":[{"id":353,"href":"https:\/\/nouveau.taxis-conventionnes-cpam-idf.fr\/index.php\/wp-json\/wp\/v2\/pages\/81\/revisions\/353"}],"wp:attachment":[{"href":"https:\/\/nouveau.taxis-conventionnes-cpam-idf.fr\/index.php\/wp-json\/wp\/v2\/media?parent=81"}],"curies":[{"name":"wp","href":"https:\/\/api.w.org\/{rel}","templated":true}]}}