{"id":9,"date":"2026-06-20T10:30:08","date_gmt":"2026-06-20T10:30:08","guid":{"rendered":"https:\/\/nouveau.taxis-conventionnes-cpam-idf.fr\/?page_id=9"},"modified":"2026-07-04T00:14:32","modified_gmt":"2026-07-03T22:14:32","slug":"taxi-conventionne-cpam-ile-de-france","status":"publish","type":"page","link":"https:\/\/nouveau.taxis-conventionnes-cpam-idf.fr\/","title":{"rendered":"Taxi Conventionn\u00e9 CPAM \u00cele-de-France"},"content":{"rendered":"\t\t<div data-elementor-type=\"wp-post\" data-elementor-id=\"9\" class=\"elementor elementor-9\">\n\t\t\t\t<div class=\"elementor-element elementor-element-3012381 e-con e-atomic-element e-flexbox-base \" data-id=\"3012381\" data-element_type=\"e-flexbox\" data-e-type=\"e-flexbox\" data-interaction-id=\"3012381\">\n    \t\t\t<img fetchpriority=\"high\" decoding=\"async\" class=\"e-image-base \" data-interaction-id=\"0113a7e\" id=\"327\" src=\"https:\/\/nouveau.taxis-conventionnes-cpam-idf.fr\/wp-content\/uploads\/2026\/07\/Votre-sante-notre-priorite.png\" width=\"1536\" height=\"1024\" srcset=\"https:\/\/nouveau.taxis-conventionnes-cpam-idf.fr\/wp-content\/uploads\/2026\/07\/Votre-sante-notre-priorite.png 1536w, https:\/\/nouveau.taxis-conventionnes-cpam-idf.fr\/wp-content\/uploads\/2026\/07\/Votre-sante-notre-priorite-300x200.png 300w, https:\/\/nouveau.taxis-conventionnes-cpam-idf.fr\/wp-content\/uploads\/2026\/07\/Votre-sante-notre-priorite-1024x683.png 1024w, https:\/\/nouveau.taxis-conventionnes-cpam-idf.fr\/wp-content\/uploads\/2026\/07\/Votre-sante-notre-priorite-768x512.png 768w\" alt=\"Chauffeur de taxi conventionn\u00e9 CPAM accompagnant une patiente devant un h\u00f4pital en \u00cele-de-France pour un rendez-vous m\u00e9dical.\"\/>\t\t\n<\/div>\n<div class=\"elementor-element elementor-element-d102016 e-flex e-con-boxed e-con e-parent\" data-id=\"d102016\" data-element_type=\"container\" data-e-type=\"container\">\n\t\t\t\t\t<div class=\"e-con-inner\">\n\t\t\t\t<div class=\"elementor-element elementor-element-3fcd798 elementor-widget elementor-widget-text-editor\" data-id=\"3fcd798\" data-element_type=\"widget\" data-e-type=\"widget\" data-widget_type=\"text-editor.default\">\n\t\t\t\t\t\t\t\t\t<p>Chaque jour, nous accompagnons des patients vers leurs rendez-vous m\u00e9dicaux en \u00cele-de-France.<\/p><p>Consultations, examens, hospitalisations, dialyse, chimioth\u00e9rapie ou radioth\u00e9rapie : notre priorit\u00e9 est de vous permettre de voyager dans les meilleures conditions de confort, de ponctualit\u00e9 et de s\u00e9curit\u00e9.<\/p><p>Parce qu&rsquo;un transport m\u00e9dical ne se r\u00e9sume pas \u00e0 un simple trajet, nous accordons une attention particuli\u00e8re \u00e0 l&rsquo;accompagnement et au respect de votre parcours de soins.<\/p>\t\t\t\t\t\t\t\t<\/div>\n\t\t\t\t\t<\/div>\n\t\t\t\t<\/div>\n\t\t<div class=\"elementor-element elementor-element-9c503e6 e-con e-atomic-element e-flexbox-base \" data-id=\"9c503e6\" data-element_type=\"e-flexbox\" data-e-type=\"e-flexbox\" data-interaction-id=\"9c503e6\">\n    \t\t\t<h2 data-interaction-id=\"46b76a9\" class=\"e-heading-base\">Un bout de chemin ensemble ...<\/h2>\n\t\t\n<\/div>\n<div class=\"elementor-element elementor-element-33a3b61 e-flex e-con-boxed e-con e-parent\" data-id=\"33a3b61\" data-element_type=\"container\" data-e-type=\"container\">\n\t\t\t\t\t<div class=\"e-con-inner\">\n\t\t\t\t<div class=\"elementor-element elementor-element-9178779 elementor-widget elementor-widget-text-editor\" data-id=\"9178779\" data-element_type=\"widget\" data-e-type=\"widget\" data-widget_type=\"text-editor.default\">\n\t\t\t\t\t\t\t\t\t<p>Lorsqu\u2019un rendez-vous m\u00e9dical important approche, il est parfois difficile de penser \u00e0 toute l\u2019organisation du d\u00e9placement. Notre r\u00f4le est de vous accompagner simplement \u00e0 chaque \u00e9tape de votre parcours de soins.<\/p><p>De la prescription m\u00e9dicale jusqu\u2019\u00e0 votre arriv\u00e9e \u00e0 l\u2019h\u00f4pital ou au centre de soins, nous mettons tout en \u0153uvre pour que votre transport se d\u00e9roule dans les meilleures conditions de confort, de s\u00e9curit\u00e9 et de s\u00e9r\u00e9nit\u00e9.<\/p>\t\t\t\t\t\t\t\t<\/div>\n\t\t\t\t\t<\/div>\n\t\t\t\t<\/div>\n\t\t<div class=\"elementor-element elementor-element-40a4dc0 e-flex e-con-boxed e-con e-parent\" data-id=\"40a4dc0\" data-element_type=\"container\" data-e-type=\"container\">\n\t\t\t\t\t<div class=\"e-con-inner\">\n\t\t\t\t<div class=\"elementor-element elementor-element-d91bd60 elementor-widget elementor-widget-image\" data-id=\"d91bd60\" data-element_type=\"widget\" data-e-type=\"widget\" data-widget_type=\"image.default\">\n\t\t\t\t\t\t\t\t\t\t\t\t\t\t\t<img decoding=\"async\" width=\"1024\" height=\"683\" src=\"http:\/\/nouveau.taxis-conventionnes-cpam-idf.fr\/wp-content\/uploads\/2026\/07\/Un-bout-de-chemin-ensemble--1024x683.png\" class=\"attachment-large size-large wp-image-329\" alt=\"Parcours de soins d\u2019un patient en taxi conventionn\u00e9 CPAM : prescription m\u00e9dicale, accord CPAM si n\u00e9cessaire, r\u00e9servation, prise en charge au domicile et arriv\u00e9e \u00e0 l\u2019h\u00f4pital.\" srcset=\"http:\/\/nouveau.taxis-conventionnes-cpam-idf.fr\/wp-content\/uploads\/2026\/07\/Un-bout-de-chemin-ensemble--1024x683.png 1024w, http:\/\/nouveau.taxis-conventionnes-cpam-idf.fr\/wp-content\/uploads\/2026\/07\/Un-bout-de-chemin-ensemble--300x200.png 300w, http:\/\/nouveau.taxis-conventionnes-cpam-idf.fr\/wp-content\/uploads\/2026\/07\/Un-bout-de-chemin-ensemble--768x512.png 768w, http:\/\/nouveau.taxis-conventionnes-cpam-idf.fr\/wp-content\/uploads\/2026\/07\/Un-bout-de-chemin-ensemble-.png 1536w\" sizes=\"(max-width: 1024px) 100vw, 1024px\" \/>\t\t\t\t\t\t\t\t\t\t\t\t\t\t\t<\/div>\n\t\t\t\t\t<\/div>\n\t\t\t\t<\/div>\n\t\t<div class=\"elementor-element elementor-element-0f5a9b7 e-flex e-con-boxed e-con e-parent\" data-id=\"0f5a9b7\" data-element_type=\"container\" data-e-type=\"container\">\n\t\t\t\t\t<div class=\"e-con-inner\">\n\t\t\t\t<div class=\"elementor-element elementor-element-f4eb229 elementor-widget elementor-widget-text-editor\" data-id=\"f4eb229\" data-element_type=\"widget\" data-e-type=\"widget\" data-widget_type=\"text-editor.default\">\n\t\t\t\t\t\t\t\t\t<p>Chaque situation est diff\u00e9rente. Certains patients se d\u00e9placent pour une consultation ponctuelle, d\u2019autres pour des traitements r\u00e9guliers comme la dialyse, la chimioth\u00e9rapie ou la radioth\u00e9rapie.<\/p><p>Notre objectif reste le m\u00eame : vous accompagner avec professionnalisme, ponctualit\u00e9 et bienveillance tout au long de votre parcours de soins.<\/p>\t\t\t\t\t\t\t\t<\/div>\n\t\t\t\t\t<\/div>\n\t\t\t\t<\/div>\n\t\t<div class=\"elementor-element elementor-element-22e3c42 e-con e-atomic-element e-flexbox-base \" data-id=\"22e3c42\" data-element_type=\"e-flexbox\" data-e-type=\"e-flexbox\" data-interaction-id=\"22e3c42\">\n    \t\t\t<h2 data-interaction-id=\"495d4c0\" class=\"e-heading-base\">Je vais \u00e0 l'h\u00f4pital pour...<\/h2>\n\t\t\n<\/div>\n<div class=\"elementor-element elementor-element-54a23e9 e-flex e-con-boxed e-con e-parent\" data-id=\"54a23e9\" data-element_type=\"container\" data-e-type=\"container\">\n\t\t\t\t\t<div class=\"e-con-inner\">\n\t\t\t\t<div class=\"elementor-element elementor-element-c911bd7 elementor-widget elementor-widget-text-editor\" data-id=\"c911bd7\" data-element_type=\"widget\" data-e-type=\"widget\" data-widget_type=\"text-editor.default\">\n\t\t\t\t\t\t\t\t\t<p>Chaque patient a son histoire, son traitement et ses besoins.<\/p><p>Qu&rsquo;il s&rsquo;agisse d&rsquo;une simple consultation, d&rsquo;un examen m\u00e9dical, d&rsquo;une hospitalisation ou d&rsquo;un traitement r\u00e9gulier, nous mettons tout en \u0153uvre pour vous accompagner dans les meilleures conditions de confort, de s\u00e9curit\u00e9 et de s\u00e9r\u00e9nit\u00e9.<\/p><p>Notre priorit\u00e9 est que vous puissiez vous concentrer sur votre sant\u00e9 pendant que nous nous occupons de votre transport.<\/p>\t\t\t\t\t\t\t\t<\/div>\n\t\t\t\t\t<\/div>\n\t\t\t\t<\/div>\n\t\t<div class=\"elementor-element elementor-element-a03b123 e-flex e-con-boxed e-con e-parent\" data-id=\"a03b123\" data-element_type=\"container\" data-e-type=\"container\">\n\t\t\t\t\t<div class=\"e-con-inner\">\n\t\t\t\t<div class=\"elementor-element elementor-element-7e2e773 elementor-widget elementor-widget-image\" data-id=\"7e2e773\" data-element_type=\"widget\" data-e-type=\"widget\" data-widget_type=\"image.default\">\n\t\t\t\t\t\t\t\t\t\t\t\t\t\t\t<img decoding=\"async\" width=\"1024\" height=\"683\" src=\"http:\/\/nouveau.taxis-conventionnes-cpam-idf.fr\/wp-content\/uploads\/2026\/07\/je-vais-a-l-hopital-pour-transport-conventionne-cpam-ile-de-france-1024x683.png\" class=\"attachment-large size-large wp-image-330\" alt=\"Transport conventionn\u00e9 CPAM pour les consultations, examens m\u00e9dicaux, hospitalisations, s\u00e9ances de dialyse, chimioth\u00e9rapie et radioth\u00e9rapie en \u00cele-de-France.\" srcset=\"http:\/\/nouveau.taxis-conventionnes-cpam-idf.fr\/wp-content\/uploads\/2026\/07\/je-vais-a-l-hopital-pour-transport-conventionne-cpam-ile-de-france-1024x683.png 1024w, http:\/\/nouveau.taxis-conventionnes-cpam-idf.fr\/wp-content\/uploads\/2026\/07\/je-vais-a-l-hopital-pour-transport-conventionne-cpam-ile-de-france-300x200.png 300w, http:\/\/nouveau.taxis-conventionnes-cpam-idf.fr\/wp-content\/uploads\/2026\/07\/je-vais-a-l-hopital-pour-transport-conventionne-cpam-ile-de-france-768x512.png 768w, http:\/\/nouveau.taxis-conventionnes-cpam-idf.fr\/wp-content\/uploads\/2026\/07\/je-vais-a-l-hopital-pour-transport-conventionne-cpam-ile-de-france.png 1536w\" sizes=\"(max-width: 1024px) 100vw, 1024px\" \/>\t\t\t\t\t\t\t\t\t\t\t\t\t\t\t<\/div>\n\t\t\t\t\t<\/div>\n\t\t\t\t<\/div>\n\t\t<div class=\"elementor-element elementor-element-89a4671 e-con e-atomic-element e-flexbox-base \" data-id=\"89a4671\" data-element_type=\"e-flexbox\" data-e-type=\"e-flexbox\" data-interaction-id=\"89a4671\">\n    \t\t\t<h3 data-interaction-id=\"3ddae74\" class=\"e-heading-base\">Un accompagnement adapt\u00e9 \u00e0 chaque situation m\u00e9dicale<\/h3>\n\t\t\n<\/div>\n<div class=\"elementor-element elementor-element-925f43f e-flex e-con-boxed e-con e-parent\" data-id=\"925f43f\" data-element_type=\"container\" data-e-type=\"container\">\n\t\t\t\t\t<div class=\"e-con-inner\">\n\t\t\t\t<div class=\"elementor-element elementor-element-b56dbdb elementor-widget elementor-widget-text-editor\" data-id=\"b56dbdb\" data-element_type=\"widget\" data-e-type=\"widget\" data-widget_type=\"text-editor.default\">\n\t\t\t\t\t\t\t\t\t<p>Nous transportons quotidiennement des patients se rendant dans les h\u00f4pitaux, cliniques et centres de soins d&rsquo;\u00cele-de-France.<\/p><p>Nos chauffeurs sont habitu\u00e9s aux contraintes li\u00e9es aux consultations sp\u00e9cialis\u00e9es, aux examens m\u00e9dicaux, aux hospitalisations ainsi qu&rsquo;aux traitements r\u00e9guliers comme la dialyse, la chimioth\u00e9rapie ou la radioth\u00e9rapie.<\/p><p>Parce que chaque parcours de soins est diff\u00e9rent, nous accordons une attention particuli\u00e8re \u00e0 l&rsquo;\u00e9coute, \u00e0 la ponctualit\u00e9 et au confort de chaque patient.<\/p>\t\t\t\t\t\t\t\t<\/div>\n\t\t\t\t\t<\/div>\n\t\t\t\t<\/div>\n\t\t<div class=\"elementor-element elementor-element-84462df e-flex e-con-boxed e-con e-parent\" data-id=\"84462df\" data-element_type=\"container\" data-e-type=\"container\">\n\t\t\t\t\t<div class=\"e-con-inner\">\n\t\t\t\t<div class=\"elementor-element elementor-element-37aefc3 elementor-widget elementor-widget-image\" data-id=\"37aefc3\" data-element_type=\"widget\" data-e-type=\"widget\" data-widget_type=\"image.default\">\n\t\t\t\t\t\t\t\t\t\t\t\t\t\t\t<img loading=\"lazy\" decoding=\"async\" width=\"1024\" height=\"683\" src=\"http:\/\/nouveau.taxis-conventionnes-cpam-idf.fr\/wp-content\/uploads\/2026\/07\/Dou-partez-vous-Transport-conventionne-CPAM-Ile-de-France-1024x683.png\" class=\"attachment-large size-large wp-image-331\" alt=\"Transport conventionn\u00e9 CPAM depuis l\u2019Oise, la Seine-et-Marne et l\u2019Aisne vers les h\u00f4pitaux et centres de soins d\u2019\u00cele-de-France.\" srcset=\"http:\/\/nouveau.taxis-conventionnes-cpam-idf.fr\/wp-content\/uploads\/2026\/07\/Dou-partez-vous-Transport-conventionne-CPAM-Ile-de-France-1024x683.png 1024w, http:\/\/nouveau.taxis-conventionnes-cpam-idf.fr\/wp-content\/uploads\/2026\/07\/Dou-partez-vous-Transport-conventionne-CPAM-Ile-de-France-300x200.png 300w, http:\/\/nouveau.taxis-conventionnes-cpam-idf.fr\/wp-content\/uploads\/2026\/07\/Dou-partez-vous-Transport-conventionne-CPAM-Ile-de-France-768x512.png 768w, http:\/\/nouveau.taxis-conventionnes-cpam-idf.fr\/wp-content\/uploads\/2026\/07\/Dou-partez-vous-Transport-conventionne-CPAM-Ile-de-France.png 1536w\" sizes=\"(max-width: 1024px) 100vw, 1024px\" \/>\t\t\t\t\t\t\t\t\t\t\t\t\t\t\t<\/div>\n\t\t\t\t\t<\/div>\n\t\t\t\t<\/div>\n\t\t<div class=\"elementor-element elementor-element-117dea6 e-con e-atomic-element e-flexbox-base \" data-id=\"117dea6\" data-element_type=\"e-flexbox\" data-e-type=\"e-flexbox\" data-interaction-id=\"117dea6\">\n    \t\t\t<h2 data-interaction-id=\"a5f2cff\" class=\"e-heading-base\">Un r\u00e9seau de transport adapt\u00e9 \u00e0 votre secteur<\/h2>\n\t\t\n<\/div>\n<div class=\"elementor-element elementor-element-6cf2ec7 e-flex e-con-boxed e-con e-parent\" data-id=\"6cf2ec7\" data-element_type=\"container\" data-e-type=\"container\">\n\t\t\t\t\t<div class=\"e-con-inner\">\n\t\t\t\t<div class=\"elementor-element elementor-element-18c353f elementor-widget elementor-widget-text-editor\" data-id=\"18c353f\" data-element_type=\"widget\" data-e-type=\"widget\" data-widget_type=\"text-editor.default\">\n\t\t\t\t\t\t\t\t\t<p class=\"PDq2pG_selectionAnchorContainer\" data-start=\"1038\" data-end=\"1217\">Que vous habitiez dans l\u2019Oise, en Seine-et-Marne ou sur l\u2019axe N2, nous organisons vos d\u00e9placements vers les h\u00f4pitaux et centres de soins d\u2019\u00cele-de-France sur r\u00e9servation pr\u00e9alable.<\/p><p data-start=\"1219\" data-end=\"1395\">Nos chauffeurs accompagnent chaque ann\u00e9e des patients se rendant \u00e0 des consultations, examens m\u00e9dicaux, hospitalisations, s\u00e9ances de dialyse, chimioth\u00e9rapies ou radioth\u00e9rapies.<\/p><p data-start=\"1397\" data-end=\"1528\"><strong data-start=\"1397\" data-end=\"1528\">Un seul objectif : vous permettre d&rsquo;effectuer votre parcours de soins dans les meilleures conditions de confort et de s\u00e9r\u00e9nit\u00e9.<\/strong><\/p>\t\t\t\t\t\t\t\t<\/div>\n\t\t\t\t\t<\/div>\n\t\t\t\t<\/div>\n\t\t<div class=\"elementor-element elementor-element-8ec228b e-flex e-con-boxed e-con e-parent\" data-id=\"8ec228b\" data-element_type=\"container\" data-e-type=\"container\">\n\t\t\t\t\t<div class=\"e-con-inner\">\n\t\t\t\t<div class=\"elementor-element elementor-element-14877e0 elementor-widget elementor-widget-image\" data-id=\"14877e0\" data-element_type=\"widget\" data-e-type=\"widget\" data-widget_type=\"image.default\">\n\t\t\t\t\t\t\t\t\t\t\t\t\t\t\t<img loading=\"lazy\" decoding=\"async\" width=\"1024\" height=\"683\" src=\"http:\/\/nouveau.taxis-conventionnes-cpam-idf.fr\/wp-content\/uploads\/2026\/07\/Des-professionnels-a-vos-cotes-\u2013-Taxi-conventionne-CPAM-Ile-de-France-1024x683.png\" class=\"attachment-large size-large wp-image-332\" alt=\"Chauffeur de taxi conventionn\u00e9 CPAM accompagnant un patient vers un rendez-vous m\u00e9dical en \u00cele-de-France dans des conditions de confort, de s\u00e9curit\u00e9 et de bienveillance.\" srcset=\"http:\/\/nouveau.taxis-conventionnes-cpam-idf.fr\/wp-content\/uploads\/2026\/07\/Des-professionnels-a-vos-cotes-\u2013-Taxi-conventionne-CPAM-Ile-de-France-1024x683.png 1024w, http:\/\/nouveau.taxis-conventionnes-cpam-idf.fr\/wp-content\/uploads\/2026\/07\/Des-professionnels-a-vos-cotes-\u2013-Taxi-conventionne-CPAM-Ile-de-France-300x200.png 300w, http:\/\/nouveau.taxis-conventionnes-cpam-idf.fr\/wp-content\/uploads\/2026\/07\/Des-professionnels-a-vos-cotes-\u2013-Taxi-conventionne-CPAM-Ile-de-France-768x512.png 768w, http:\/\/nouveau.taxis-conventionnes-cpam-idf.fr\/wp-content\/uploads\/2026\/07\/Des-professionnels-a-vos-cotes-\u2013-Taxi-conventionne-CPAM-Ile-de-France.png 1536w\" sizes=\"(max-width: 1024px) 100vw, 1024px\" \/>\t\t\t\t\t\t\t\t\t\t\t\t\t\t\t<\/div>\n\t\t\t\t\t<\/div>\n\t\t\t\t<\/div>\n\t\t<div class=\"elementor-element elementor-element-a5534df e-flex e-con-boxed e-con e-parent\" data-id=\"a5534df\" data-element_type=\"container\" data-e-type=\"container\">\n\t\t\t\t\t<div class=\"e-con-inner\">\n\t\t\t\t<div class=\"elementor-element elementor-element-f065e15 elementor-widget elementor-widget-text-editor\" data-id=\"f065e15\" data-element_type=\"widget\" data-e-type=\"widget\" data-widget_type=\"text-editor.default\">\n\t\t\t\t\t\t\t\t\t<h2 class=\"PDq2pG_selectionAnchorContainer\" data-section-id=\"1n6rmnr\" data-start=\"921\" data-end=\"964\">Des chauffeurs \u00e0 l&rsquo;\u00e9coute de vos besoins<\/h2><p data-start=\"966\" data-end=\"1064\">Au-del\u00e0 du simple transport, nous attachons une grande importance \u00e0 l&rsquo;accompagnement des patients.<\/p><p data-start=\"1066\" data-end=\"1246\">Chaque situation est diff\u00e9rente. Certains patients se rendent \u00e0 une consultation ponctuelle, d&rsquo;autres suivent un traitement r\u00e9gulier n\u00e9cessitant plusieurs d\u00e9placements par semaine.<\/p><p data-start=\"1248\" data-end=\"1412\">Nos chauffeurs conventionn\u00e9s vous accompagnent avec professionnalisme, discr\u00e9tion et bienveillance afin que chaque trajet se d\u00e9roule dans les meilleures conditions.<\/p><h3 data-section-id=\"tzwnx6\" data-start=\"1414\" data-end=\"1433\">Nos engagements<\/h3><p data-start=\"1435\" data-end=\"1466\">\u2705 Respect des horaires m\u00e9dicaux<\/p><p data-start=\"1468\" data-end=\"1506\">\u2705 V\u00e9hicules confortables et entretenus<\/p><p data-start=\"1508\" data-end=\"1537\">\u2705 Accompagnement personnalis\u00e9<\/p><p data-start=\"1539\" data-end=\"1576\">\u2705 Aide \u00e0 l&rsquo;installation si n\u00e9cessaire<\/p><p data-start=\"1578\" data-end=\"1609\">\u2705 Respect de la confidentialit\u00e9<\/p><p data-start=\"1611\" data-end=\"1661\">\u2705 Service sur r\u00e9servation adapt\u00e9 \u00e0 votre situation<\/p>\t\t\t\t\t\t\t\t<\/div>\n\t\t\t\t\t<\/div>\n\t\t\t\t<\/div>\n\t\t<div class=\"elementor-element elementor-element-4816e1b e-flex e-con-boxed e-con e-parent\" data-id=\"4816e1b\" data-element_type=\"container\" data-e-type=\"container\">\n\t\t\t\t\t<div class=\"e-con-inner\">\n\t\t\t\t<div class=\"elementor-element elementor-element-43361be elementor-widget elementor-widget-image\" data-id=\"43361be\" data-element_type=\"widget\" data-e-type=\"widget\" data-widget_type=\"image.default\">\n\t\t\t\t\t\t\t\t\t\t\t\t\t\t\t<img loading=\"lazy\" decoding=\"async\" width=\"1024\" height=\"683\" src=\"http:\/\/nouveau.taxis-conventionnes-cpam-idf.fr\/wp-content\/uploads\/2026\/07\/Nous-transportons-tous-les-patients-\u2013-Taxi-conventionne-CPAM-Ile-de-France-1024x683.png\" class=\"attachment-large size-large wp-image-333\" alt=\"Transport conventionn\u00e9 CPAM pour tous les profils de patients : personnes \u00e2g\u00e9es, enfants, femmes enceintes, personnes en situation de handicap et familles en \u00cele-de-France.\" srcset=\"http:\/\/nouveau.taxis-conventionnes-cpam-idf.fr\/wp-content\/uploads\/2026\/07\/Nous-transportons-tous-les-patients-\u2013-Taxi-conventionne-CPAM-Ile-de-France-1024x683.png 1024w, http:\/\/nouveau.taxis-conventionnes-cpam-idf.fr\/wp-content\/uploads\/2026\/07\/Nous-transportons-tous-les-patients-\u2013-Taxi-conventionne-CPAM-Ile-de-France-300x200.png 300w, http:\/\/nouveau.taxis-conventionnes-cpam-idf.fr\/wp-content\/uploads\/2026\/07\/Nous-transportons-tous-les-patients-\u2013-Taxi-conventionne-CPAM-Ile-de-France-768x512.png 768w, http:\/\/nouveau.taxis-conventionnes-cpam-idf.fr\/wp-content\/uploads\/2026\/07\/Nous-transportons-tous-les-patients-\u2013-Taxi-conventionne-CPAM-Ile-de-France.png 1536w\" sizes=\"(max-width: 1024px) 100vw, 1024px\" \/>\t\t\t\t\t\t\t\t\t\t\t\t\t\t\t<\/div>\n\t\t\t\t\t<\/div>\n\t\t\t\t<\/div>\n\t\t<div class=\"elementor-element elementor-element-52671ee e-flex e-con-boxed e-con e-parent\" data-id=\"52671ee\" data-element_type=\"container\" data-e-type=\"container\">\n\t\t\t\t\t<div class=\"e-con-inner\">\n\t\t\t\t<div class=\"elementor-element elementor-element-351bdb4 elementor-widget elementor-widget-text-editor\" data-id=\"351bdb4\" data-element_type=\"widget\" data-e-type=\"widget\" data-widget_type=\"text-editor.default\">\n\t\t\t\t\t\t\t\t\t<h1 class=\"PDq2pG_selectionAnchorContainer\" data-section-id=\"1hun48w\" data-start=\"973\" data-end=\"1016\">Un accompagnement adapt\u00e9 \u00e0 chaque patient<\/h1><p data-start=\"1018\" data-end=\"1057\">Chaque parcours de soins est diff\u00e9rent.<\/p><p data-start=\"1059\" data-end=\"1272\">Certains patients ont besoin d&rsquo;un transport ponctuel pour une consultation sp\u00e9cialis\u00e9e, d&rsquo;autres effectuent plusieurs d\u00e9placements chaque semaine pour des s\u00e9ances de dialyse, de chimioth\u00e9rapie ou de radioth\u00e9rapie.<\/p><p data-start=\"1274\" data-end=\"1303\">Nous accompagnons \u00e9galement :<\/p><p data-start=\"1305\" data-end=\"1371\">\u2705 Les personnes \u00e2g\u00e9es n\u00e9cessitant une aide pour leurs d\u00e9placements<\/p><p data-start=\"1373\" data-end=\"1486\">\u2705 Les enfants et adolescents se rendant \u00e0 des consultations sp\u00e9cialis\u00e9es, s\u00e9ances d&rsquo;orthophonie ou de r\u00e9\u00e9ducation<\/p><p data-start=\"1488\" data-end=\"1568\">\u2705 Les femmes enceintes devant se rendre \u00e0 des examens ou consultations m\u00e9dicales<\/p><p data-start=\"1570\" data-end=\"1610\">\u2705 Les personnes en situation de handicap<\/p><p data-start=\"1612\" data-end=\"1663\">\u2705 Les patients effectuant des traitements r\u00e9guliers<\/p><p data-start=\"1665\" data-end=\"1719\">\u2705 Les familles ayant besoin d&rsquo;un accompagnement adapt\u00e9<\/p><p data-start=\"1721\" data-end=\"1833\">Notre priorit\u00e9 est simple : offrir \u00e0 chaque patient un transport confortable, s\u00e9curis\u00e9 et organis\u00e9 avec s\u00e9rieux.<\/p>\t\t\t\t\t\t\t\t<\/div>\n\t\t\t\t\t<\/div>\n\t\t\t\t<\/div>\n\t\t\t\t<\/div>\n\t\t","protected":false},"excerpt":{"rendered":"<p>Chaque jour, nous accompagnons des patients vers leurs rendez-vous m\u00e9dicaux en \u00cele-de-France. Consultations, examens, hospitalisations, dialyse, chimioth\u00e9rapie ou radioth\u00e9rapie : notre priorit\u00e9 est de vous permettre de voyager dans les meilleures conditions de confort, de ponctualit\u00e9 et de s\u00e9curit\u00e9. Parce qu&rsquo;un transport m\u00e9dical ne se r\u00e9sume pas \u00e0 un simple trajet, nous accordons une attention [&hellip;]<\/p>\n","protected":false},"author":1,"featured_media":0,"parent":0,"menu_order":0,"comment_status":"closed","ping_status":"closed","template":"","meta":{"footnotes":""},"class_list":["post-9","page","type-page","status-publish","hentry"],"_links":{"self":[{"href":"https:\/\/nouveau.taxis-conventionnes-cpam-idf.fr\/index.php\/wp-json\/wp\/v2\/pages\/9","targetHints":{"allow":["GET"]}}],"collection":[{"href":"https:\/\/nouveau.taxis-conventionnes-cpam-idf.fr\/index.php\/wp-json\/wp\/v2\/pages"}],"about":[{"href":"https:\/\/nouveau.taxis-conventionnes-cpam-idf.fr\/index.php\/wp-json\/wp\/v2\/types\/page"}],"author":[{"embeddable":true,"href":"https:\/\/nouveau.taxis-conventionnes-cpam-idf.fr\/index.php\/wp-json\/wp\/v2\/users\/1"}],"replies":[{"embeddable":true,"href":"https:\/\/nouveau.taxis-conventionnes-cpam-idf.fr\/index.php\/wp-json\/wp\/v2\/comments?post=9"}],"version-history":[{"count":8,"href":"https:\/\/nouveau.taxis-conventionnes-cpam-idf.fr\/index.php\/wp-json\/wp\/v2\/pages\/9\/revisions"}],"predecessor-version":[{"id":336,"href":"https:\/\/nouveau.taxis-conventionnes-cpam-idf.fr\/index.php\/wp-json\/wp\/v2\/pages\/9\/revisions\/336"}],"wp:attachment":[{"href":"https:\/\/nouveau.taxis-conventionnes-cpam-idf.fr\/index.php\/wp-json\/wp\/v2\/media?parent=9"}],"curies":[{"name":"wp","href":"https:\/\/api.w.org\/{rel}","templated":true}]}}